{"id":225215,"date":"2026-04-26T14:47:57","date_gmt":"2026-04-26T12:47:57","guid":{"rendered":"https:\/\/europeancourt.org\/serveis\/tedh\/verificaci%c3%b3-dels-formularis-de-demanda-al-tedh-omplerts\/"},"modified":"2026-04-26T14:06:54","modified_gmt":"2026-04-26T12:06:54","slug":"verificaci%c3%b3-dels-formularis-de-demanda-al-tedh-omplerts","status":"publish","type":"page","link":"https:\/\/europeancourt.org\/ca\/serveis\/tedh\/verificaci%c3%b3-dels-formularis-de-demanda-al-tedh-omplerts\/","title":{"rendered":"Verificaci\u00f3 dels formularis de demanda al TEDH omplerts"},"content":{"rendered":"<div id=\"ec-checking-page\" class=\"checking-page\">\n<div class=\"checking-screen checking-screen-1\" id=\"ec-checking-screen-1\">\n<div class=\"mywpcf7cf\">Si em demaneu que revisi el formulari, comprovar\u00e9 si hi ha algun dels errors indicats m\u00e9s avall. Aquesta llista es basa en els requisits del TEDH i en la meva pr\u00e0ctica de preparar i revisar demandes.<\/div>\n<div class=\"checking-errors-frame\">\n<div class=\"checking-errors-scroll checking-richtext\">\n<p class=\"checking-group-heading\">I. Errors que poden impedir que el TEDH accepti la demanda<\/p>\n<p class=\"checking-item-heading\">1. Errors en l\u2019\u00fas del formulari de demanda<\/p>\n<ul class=\"vlist\">\n<li class=\"vitem\">S\u2019ha utilitzat una versi\u00f3 obsoleta del formulari; o<\/li>\n<li class=\"vitem\">la demanda s\u2019ha presentat sense utilitzar el formulari.<\/li>\n<\/ul>\n<p>Amb tot, hi pot haver excepcions. El TEDH nom\u00e9s pot acceptar una demanda presentada sense utilitzar el formulari en casos excepcionals, en particular si, en lloc del formulari vigent degudament emplenat, s\u2019ha presentat una petici\u00f3 de mesures provisionals urgents que, almenys a primera vista, sembli fonamentada. Ara b\u00e9, aquesta decisi\u00f3 dep\u00e8n completament del criteri del TEDH; per aix\u00f2 us recomano fermament que no compteu amb aquesta excepci\u00f3.<\/p>\n<p class=\"checking-item-heading\">2. Errors en omplir la secci\u00f3 \u00abA. Demandant\u00bb<\/p>\n<ul class=\"vlist\">\n<li class=\"vitem\">Si el demandant \u00e9s una persona f\u00edsica: els camps 1\u20139 no s\u2019han omplert o s\u2019han omplert incorrectament.<\/li>\n<li class=\"vitem\">Si el demandant \u00e9s una organitzaci\u00f3: els camps 10\u201316 no s\u2019han omplert o s\u2019han omplert incorrectament.<\/li>\n<li class=\"vitem\">Si hi ha diversos demandants:\n<ul class=\"vlist\">\n<li class=\"vitem\">les dades del segon demandant i de cada demandant seg\u00fcent no s\u2019han presentat en un full separat (amb els demandants numerats);<\/li>\n<li class=\"vitem\">si les seves demandes es basen en fets diferents: s\u2019ha presentat un sol formulari com\u00fa en lloc de formularis separats per a cada demandant.<\/li>\n<\/ul>\n<\/li>\n<li class=\"vitem\">Si hi ha m\u00e9s de deu demandants:\n<ul class=\"vlist\">\n<li class=\"vitem\">no s\u2019ha adjuntat al formulari una taula recapitulativa amb les dades de tots els demandants;<\/li>\n<li class=\"vitem\">si s\u2019ha designat un advocat com a representant: no s\u2019ha adjuntat al formulari la versi\u00f3 electr\u00f2nica de la taula.<\/li>\n<\/ul>\n<\/li>\n<\/ul>\n<p class=\"checking-item-heading\">3. Errors en omplir la secci\u00f3 \u00abB. Estat(s) contra el(s) qual(s) es presenta la demanda\u00bb<\/p>\n<ul class=\"vlist\">\n<li class=\"vitem\">Al camp 17 no s\u2019ha marcat la casella corresponent a cada Estat contra el qual es presenta la demanda.<\/li>\n<\/ul>\n<p class=\"checking-item-heading\">4. Errors en omplir la secci\u00f3 \u00abC. Representant(s) d\u2019un particular\u00bb<\/p>\n<ul class=\"vlist\">\n<li class=\"vitem\">Si el demandant \u00e9s una persona f\u00edsica i ha designat un representant:\n<ul class=\"vlist\">\n<li class=\"vitem\">els camps 34 i 36 no s\u2019han omplert o s\u2019han omplert incorrectament; o<\/li>\n<li class=\"vitem\">al camp 33 manca la signatura manuscrita del demandant; o<\/li>\n<li class=\"vitem\">al camp 35 manca la signatura manuscrita del representant;<\/li>\n<li class=\"vitem\">si el representant no \u00e9s advocat: els camps 18\u201325 no s\u2019han omplert o s\u2019han omplert incorrectament;<\/li>\n<li class=\"vitem\">si el representant \u00e9s advocat: els camps 26\u201332 no s\u2019han omplert o s\u2019han omplert incorrectament.<\/li>\n<\/ul>\n<\/li>\n<\/ul>\n<p>Tanmateix, hi pot haver excepcions. Es pot acceptar un poder en un full separat si s\u2019aporta una explicaci\u00f3 convincent de les dificultats pr\u00e0ctiques insuperables que van impedir omplir i signar la secci\u00f3 \u00abPoder\u00bb dins del mateix formulari. Per als camps 53\u201356, si el demandant \u00e9s una organitzaci\u00f3, tamb\u00e9 es pot acceptar un poder en un full separat si s\u2019aporta una explicaci\u00f3 convincent de dificultats pr\u00e0ctiques insuperables.<\/p>\n<p class=\"checking-item-heading\">5. Errors en omplir la secci\u00f3 \u00abD. Representant(s) d\u2019una organitzaci\u00f3\u00bb<\/p>\n<ul class=\"vlist\">\n<li class=\"vitem\">Independentment de si s\u2019ha omplert la secci\u00f3 D.2, els camps 38\u201345 no s\u2019han omplert o s\u2019han omplert incorrectament.<\/li>\n<li class=\"vitem\">\u0415\u0441\u043b\u0438 \u0437\u0430\u044f\u0432\u0438\u0442\u0435\u043b\u044c &ndash; \u043e\u0440\u0433\u0430\u043d\u0438\u0437\u0430\u0446\u0438\u044f \u0438 \u043d\u0430\u0437\u043d\u0430\u0447\u0438\u043b \u043f\u0440\u0435\u0434\u0441\u0442\u0430\u0432\u0438\u0442\u0435\u043b\u044f &ndash; \u0430\u0434\u0432\u043e\u043a\u0430\u0442\u0430 \u0438\u043b\u0438 \u044e\u0440\u0438\u0441\u0442\u0430:\n<ul class=\"vlist\">\n<li class=\"vitem\">els camps 46\u201352 no s\u2019han omplert o s\u2019han omplert incorrectament;<\/li>\n<li class=\"vitem\">\u0435\u0441\u043b\u0438 \u043f\u0440\u0435\u0434\u0441\u0442\u0430\u0432\u0438\u0442\u0435\u043b\u044c \u043f\u0440\u0438 \u044d\u0442\u043e\u043c \u043d\u0435 \u044f\u0432\u043b\u044f\u0435\u0442\u0441\u044f \u0434\u043e\u043b\u0436\u043d\u043e\u0441\u0442\u043d\u044b\u043c \u043b\u0438\u0446\u043e\u043c \u043e\u0440\u0433\u0430\u043d\u0438\u0437\u0430\u0446\u0438\u0438:\n<ul class=\"vlist\">\n<li class=\"vitem\">els camps 54 i 56 no s\u2019han omplert o s\u2019han omplert incorrectament; o<\/li>\n<li class=\"vitem\">al camp 53 manca la signatura manuscrita del representant oficial de l\u2019organitzaci\u00f3; o<\/li>\n<li class=\"vitem\">al camp 55 manca la signatura manuscrita de l\u2019advocat.<\/li>\n<\/ul>\n<\/li>\n<\/ul>\n<\/li>\n<\/ul>\n<p class=\"checking-item-heading\">6. Errors en omplir la secci\u00f3 \u00abE. Exposici\u00f3 dels fets\u00bb<\/p>\n<ul class=\"vlist\">\n<li class=\"vitem\">Als camps 58\u201360, els fets essencials de la violaci\u00f3 al\u00b7legada no s\u2019exposen completament, fins i tot quan l\u2019exposici\u00f3 continua fora d\u2019aquests camps.<\/li>\n<\/ul>\n<p>Si a la secci\u00f3 F del formulari s\u2019exposen diverses violacions al\u00b7legades, el compliment dels requisits dels punts 6\u20138 es comprova separadament per a cadascuna.<\/p>\n<p>Nota. Els fets clau normalment s\u2019identifiquen mitjan\u00e7ant una an\u00e0lisi sistem\u00e0tica de la jurisprud\u00e8ncia del TEDH. Aqu\u00ed i m\u00e9s avall, per jurisprud\u00e8ncia del TEDH s\u2019ent\u00e9n la jurisprud\u00e8ncia actual del TEDH sobre la q\u00fcesti\u00f3 de qu\u00e8 es tracti. L\u2019an\u00e0lisi sol comen\u00e7ar pels casos clau i continuar amb els casos als quals la base de dades de jurisprud\u00e8ncia del TEDH assigna una import\u00e0ncia alta o mitjana. Tamb\u00e9 pot ser \u00fatil estudiar casos d\u2019import\u00e0ncia baixa, sobretot respecte de l\u2019Estat demandat, per no passar per alt matisos rellevants. La base completa de jurisprud\u00e8ncia del TEDH nom\u00e9s est\u00e0 disponible en angl\u00e8s i franc\u00e8s; les traduccions a altres lleng\u00fces s\u00f3n sempre incompletes i sovint imprecises.<\/p>\n<p class=\"checking-item-heading\">7. Errors en omplir la secci\u00f3 \u00abF. Exposici\u00f3 de la violaci\u00f3\/les violacions del Conveni i\/o dels seus protocols al\u00b7legades, i dels arguments en qu\u00e8 es basa\u00bb<\/p>\n<ul class=\"vlist\">\n<li class=\"vitem\">Als camps 61\u201362:\n<ul class=\"vlist\">\n<li class=\"vitem\">a la columna esquerra no s\u2019indiquen els articles del Conveni o dels seus Protocols invocats pel demandant; o<\/li>\n<li class=\"vitem\">a la columna dreta no s\u2019explica per qu\u00e8 els fets exposats posen de manifest una violaci\u00f3 d\u2019aquests articles.<\/li>\n<\/ul>\n<\/li>\n<\/ul>\n<p>Nota. Una violaci\u00f3 al\u00b7legada que no s\u2019hagi exposat degudament als camps 61\u201362 pot considerar-se no plantejada. Les explicacions nom\u00e9s tenen sentit si concorden amb la jurisprud\u00e8ncia del TEDH.<\/p>\n<p class=\"checking-item-heading\">8. Errors en omplir la secci\u00f3 \u00abG. Respecte de les condicions d\u2019admissibilitat establertes a l\u2019article 35 \u00a7 1 del Conveni\u00bb<\/p>\n<ul class=\"vlist\">\n<li class=\"vitem\">Excepte quan el demandant hagi indicat expressament que no ha exercit cap via de recurs contra la violaci\u00f3, al camp 63 manca informaci\u00f3:\n<ul class=\"vlist\">\n<li class=\"vitem\">sobre les vies de recurs exercides; o<\/li>\n<li class=\"vitem\">sobre les decisions dictades arran del seu exercici, incloses les dates en qu\u00e8 es va dictar la decisi\u00f3 definitiva i les dates de notificaci\u00f3 o recepci\u00f3, els n\u00fameros d\u2019expedient, els \u00f2rgans que van dictar les decisions i els tipus de decisions.<\/li>\n<\/ul>\n<\/li>\n<li class=\"vitem\">Al camp 64 no s\u2019ha marcat ni \u00abS\u00ed\u00bb ni \u00abNo\u00bb.<\/li>\n<li class=\"vitem\">Si al camp 64 s\u2019ha marcat \u00abS\u00ed\u00bb, al camp 65:\n<ul class=\"vlist\">\n<li class=\"vitem\">no s\u2019indica quines vies de recurs no va exercir el demandant; o<\/li>\n<li class=\"vitem\">no s\u2019explica per qu\u00e8 no les va exercir.<\/li>\n<\/ul>\n<\/li>\n<\/ul>\n<p>Nota. La q\u00fcesti\u00f3 de quines vies de recurs calia exercir i quines es podien no exercir requereix, per regla general, estudiar la jurisprud\u00e8ncia del TEDH.<\/p>\n<p class=\"checking-item-heading\">9. Errors en omplir la secci\u00f3 \u00abH. Altres procediments internacionals d\u2019investigaci\u00f3 o de resoluci\u00f3\u00bb<\/p>\n<ul class=\"vlist\">\n<li class=\"vitem\">Si els greuges al\u00b7legats en aquesta demanda no s\u2019han presentat davant cap altra inst\u00e0ncia internacional d\u2019investigaci\u00f3 o de resoluci\u00f3 i el demandant no havia presentat anteriorment cap demanda davant el TEDH: als camps 66 i 68 no s\u2019ha marcat \u00abNo\u00bb.<\/li>\n<li class=\"vitem\">Si els greuges s\u2019han presentat davant alguna d\u2019aquestes altres inst\u00e0ncies:\n<ul class=\"vlist\">\n<li class=\"vitem\">al camp 66 no s\u2019ha marcat \u00abS\u00ed\u00bb; o<\/li>\n<li class=\"vitem\">al camp 67 no es descriu quins greuges es van presentar, davant de quina inst\u00e0ncia, i quan i quina decisi\u00f3 es va adoptar.<\/li>\n<\/ul>\n<\/li>\n<li class=\"vitem\">Si el demandant havia presentat anteriorment demandes davant el TEDH:\n<ul class=\"vlist\">\n<li class=\"vitem\">al camp 68 no s\u2019ha marcat \u00abS\u00ed\u00bb; o<\/li>\n<li class=\"vitem\">al camp 69 manquen els n\u00fameros d\u2019aquestes demandes.<\/li>\n<\/ul>\n<\/li>\n<\/ul>\n<p class=\"checking-item-heading\">10. Errors en omplir la secci\u00f3 \u00abI. Llista de documents annexos\u00bb<\/p>\n<ul class=\"vlist\">\n<li class=\"vitem\">No s\u2019ha indicat almenys un document annex:\n<ul class=\"vlist\">\n<li class=\"vitem\">al camp 70; o<\/li>\n<li class=\"vitem\">si no hi ha prou espai: en un full separat, continuant la numeraci\u00f3 iniciada al camp 70.<\/li>\n<\/ul>\n<\/li>\n<li class=\"vitem\">Manca la c\u00f2pia (escaneig o fotografia) de les decisions i altres documents seg\u00fcents, o b\u00e9 \u00e9s incompleta o il\u00b7legible:\n<ul class=\"vlist\">\n<li class=\"vitem\">totes les decisions i documents que reflecteixen les mesures impugnades;<\/li>\n<li class=\"vitem\">si el demandant ha exercit vies de recurs:\n<ul class=\"vlist\">\n<li class=\"vitem\">totes les decisions dictades en exercir-les, inclosos els documents separats amb la motivaci\u00f3, si es van dictar separadament;<\/li>\n<li class=\"vitem\">tots els escrits i recursos adre\u00e7ats a les autoritats nacionals que calguin per demostrar que la subst\u00e0ncia de cada greuge exposat al formulari va ser plantejada en l\u2019\u00e0mbit nacional;<\/li>\n<\/ul>\n<\/li>\n<li class=\"vitem\">si el demandant calcula el termini per adre\u00e7ar-se al TEDH a partir de la data de notificaci\u00f3 o recepci\u00f3 de la decisi\u00f3 definitiva: els documents que acreditin aquesta data;<\/li>\n<li class=\"vitem\">en cas de rec\u00f3rrer a altres procediments internacionals d\u2019investigaci\u00f3 o de resoluci\u00f3: els documents corresponents;<\/li>\n<li class=\"vitem\">si el demandant \u00e9s una organitzaci\u00f3: documents que acreditin les facultats del representant oficial de l\u2019organitzaci\u00f3.<\/li>\n<\/ul>\n<\/li>\n<\/ul>\n<p>Tanmateix, hi pot haver excepcions. No cal adjuntar la c\u00f2pia d\u2019una decisi\u00f3 o d\u2019un altre document si al formulari s\u2019explica que obtenir aquest document era pr\u00e0cticament impossible.<\/p>\n<p>Nota. Us recomano fermament:<\/p>\n<ul class=\"vlist\">\n<li class=\"vitem\">no adjuntar al formulari suports d\u2019informaci\u00f3 (CD-ROM, mem\u00f2ries USB, etc.) amb enregistraments d\u2019\u00e0udio i\/o v\u00eddeo o altres fitxers. Els fets clau basats en aquests materials s\u2019han d\u2019exposar amb paraules, indicant que aquests materials existeixen. Si cal, el TEDH els demanar\u00e0. En canvi, s\u00ed que es pot adjuntar el suport amb la versi\u00f3 electr\u00f2nica de la taula (vegeu el punt 2 anterior).<\/li>\n<li class=\"vitem\">ordenar els documents annexos cronol\u00f2gicament (o per procediments separats, si n\u2019hi ha m\u00e9s d\u2019un, i dins de cadascun, tamb\u00e9 cronol\u00f2gicament);<\/li>\n<li class=\"vitem\">numerar consecutivament totes les p\u00e0gines dels annexos i, a la part dreta del camp 70 (i al full addicional, si n\u2019hi ha), indicar les p\u00e0gines on es troba cada annex segons aquesta numeraci\u00f3.<\/li>\n<\/ul>\n<p class=\"checking-item-heading\">11. Errors en omplir la secci\u00f3 \u00abDeclaraci\u00f3 i signatura\u00bb<\/p>\n<ul class=\"vlist\">\n<li class=\"vitem\">Al camp 72 manca la data; o<\/li>\n<li class=\"vitem\">al camp 73 manca:\n<ul class=\"vlist\">\n<li class=\"vitem\">per a cada demandant que signa personalment el formulari: la signatura manuscrita del demandant; o<\/li>\n<li class=\"vitem\">per a cada demandant pel qual el formulari \u00e9s signat per un representant: la signatura manuscrita del representant.<\/li>\n<\/ul>\n<\/li>\n<\/ul>\n<p class=\"checking-item-heading\">12. Errors en omplir la secci\u00f3 \u00abDesignaci\u00f3 de l\u2019interlocutor\u00bb<\/p>\n<ul class=\"vlist\">\n<li class=\"vitem\">Si hi ha diversos demandants:\n<ul class=\"vlist\">\n<li class=\"vitem\">al camp 74 no s\u2019indiquen el cognom, el nom (i el patron\u00edmic, si n\u2019hi ha) i l\u2019adre\u00e7a d\u2019un \u00fanic interlocutor per a les comunicacions;<\/li>\n<li class=\"vitem\">si s\u2019ha designat un representant: al camp 74 consten les dades del demandant, no les del representant.<\/li>\n<\/ul>\n<\/li>\n<\/ul>\n<p class=\"checking-item-heading\">13. Errors en omplir el complement del formulari<\/p>\n<ul class=\"vlist\">\n<li class=\"vitem\">Si s\u2019adjunta un complement al formulari, aquest:\n<ul class=\"vlist\">\n<li class=\"vitem\">supera les 20 p\u00e0gines; o<\/li>\n<li class=\"vitem\">no compleix els requisits de format (fulls A4, marges d\u2019almenys 3,5 cent\u00edmetres d\u2019amplada, lletra d\u2019almenys 12 punts al cos principal i 10 punts a les notes a peu de p\u00e0gina, p\u00e0gines i par\u00e0grafs numerats consecutivament); o<\/li>\n<li class=\"vitem\">cont\u00e9 fets clau, l\u2019exposici\u00f3 de les violacions al\u00b7legades o informaci\u00f3 sobre l\u2019esgotament de les vies de recurs que no figuren a les seccions E, F i G.<\/li>\n<\/ul>\n<\/li>\n<\/ul>\n<p>Nota. El complement del formulari est\u00e0 destinat nom\u00e9s a informaci\u00f3 i explicacions addicionals m\u00e9s enll\u00e0 del que s\u2019ha d\u2019exposar a les seccions E, F i G. Pot contenir informaci\u00f3 m\u00e9s detallada sobre el procediment intern i sobre la manera com les autoritats nacionals van examinar els arguments que se\u2019ls van presentar. El complement tamb\u00e9 pot incloure circumst\u00e0ncies i arguments aclaridors sobre les violacions al\u00b7legades ja exposades al mateix formulari.<\/p>\n<p class=\"checking-item-heading\">14. Errors en tornar a enviar el formulari al TEDH<\/p>\n<ul class=\"vlist\">\n<li class=\"vitem\">Si, despr\u00e9s que el TEDH hagi refusat acceptar la demanda, torneu a enviar el formulari, el nou exemplar s\u2019ha d\u2019enviar amb c\u00f2pia de tots els documents als quals fa refer\u00e8ncia aquesta nova tramesa. \u00c9s un error enviar a part els documents o la informaci\u00f3 que falten, o no tornar a adjuntar c\u00f2pies dels documents que ja s\u2019havien enviat al TEDH.<\/li>\n<\/ul>\n<p>Nota. Encara que la manca d\u2019aquesta informaci\u00f3 no comporti necess\u00e0riament que la demanda no sigui acceptada, us recomano fermament el seg\u00fcent. Si el demandant ja s\u2019ha adre\u00e7at al TEDH pel mateix assumpte i ha rebut etiquetes amb codi de barres, enganxeu-ne una al requadre corresponent de la part superior esquerra de la primera p\u00e0gina del formulari. Si no teniu aquestes etiquetes, indiqueu almenys el n\u00famero que figura a la carta del TEDH al camp del n\u00famero de demanda, a la part superior dreta de la primera p\u00e0gina del formulari.<\/p>\n<p class=\"checking-group-heading\">II. Errors que augmenten el risc que la demanda, o una part d\u2019aquesta, sigui declarada inadmissible<\/p>\n<p class=\"checking-item-heading\">15. Errors de fons en l\u2019exposici\u00f3 de les violacions al\u00b7legades<\/p>\n<ul class=\"vlist\">\n<li class=\"vitem\">L\u2019exposici\u00f3 de la violaci\u00f3 al\u00b7legada \u00e9s cr\u00edticament contradict\u00f2ria. Si a la secci\u00f3 F del formulari s\u2019exposen diverses violacions al\u00b7legades, la contradicci\u00f3 cr\u00edtica dels punts 15\u201317 s\u2019avalua separadament per a cadascuna. Aqu\u00ed i m\u00e9s avall, l\u2019expressi\u00f3 \u00abcr\u00edticament contradict\u00f2ria\u00bb significa que, en una part essencial per a les conclusions del TEDH:\n<ul class=\"vlist\">\n<li class=\"vitem\">l\u2019exposici\u00f3 dels fets sobre la q\u00fcesti\u00f3 corresponent:\n<ul class=\"vlist\">\n<li class=\"vitem\">\u00e9s internament contradict\u00f2ria; o<\/li>\n<li class=\"vitem\">no concorda amb el contingut dels annexos del formulari; o<\/li>\n<\/ul>\n<\/li>\n<li class=\"vitem\">l\u2019exposici\u00f3 de la violaci\u00f3 al\u00b7legada o la informaci\u00f3 sobre el compliment de la condici\u00f3 d\u2019admissibilitat corresponent no concorda amb:\n<ul class=\"vlist\">\n<li class=\"vitem\">l\u2019exposici\u00f3 dels fets; o<\/li>\n<li class=\"vitem\">la jurisprud\u00e8ncia del TEDH.<\/li>\n<\/ul>\n<\/li>\n<\/ul>\n<\/li>\n<\/ul>\n<p>Nota. Encara que aix\u00f2 no comporti necess\u00e0riament que la demanda no sigui acceptada, us recomano fermament evitar abreviatures, s\u00edmbols i signes que puguin fer incomprensible el que s\u2019ha escrit al formulari.<\/p>\n<p class=\"checking-item-heading\">16. Errors de fons en exposar la informaci\u00f3 sobre les vies de recurs i el termini per adre\u00e7ar-se al TEDH<\/p>\n<ul class=\"vlist\">\n<li class=\"vitem\">S\u00f3n cr\u00edticament contradict\u00f2ries:\n<ul class=\"vlist\">\n<li class=\"vitem\">la informaci\u00f3 sobre l\u2019exercici de les vies de recurs o sobre els motius pels quals no s\u2019han exercit; o<\/li>\n<li class=\"vitem\">la informaci\u00f3 sobre el compliment del termini per adre\u00e7ar-se al TEDH.<\/li>\n<\/ul>\n<\/li>\n<\/ul>\n<p class=\"checking-item-heading\">17. Errors de fons en exposar la informaci\u00f3 sobre la resta de condicions d\u2019admissibilitat<\/p>\n<ul class=\"vlist\">\n<li class=\"vitem\">Al formulari s\u2019al\u00b7lega la violaci\u00f3 d\u2019un Protocol del Conveni que l\u2019Estat demandat no ha ratificat.<\/li>\n<li class=\"vitem\">Al formulari s\u2019al\u00b7lega una violaci\u00f3 per part d\u2019un Estat que no \u00e9s Part en el Conveni.<\/li>\n<li class=\"vitem\">Si hi ha dubtes raonables sobre el compliment d\u2019alguna de les condicions d\u2019admissibilitat seg\u00fcents, al formulari manca informaci\u00f3 sobre el compliment de la condici\u00f3 corresponent o la informaci\u00f3 existent \u00e9s cr\u00edticament contradict\u00f2ria:\n<ul class=\"vlist\">\n<li class=\"vitem\">l\u2019Estat demandat pot ser responsable de la violaci\u00f3 al\u00b7legada;<\/li>\n<li class=\"vitem\">el demandant t\u00e9 dret a adre\u00e7ar-se al TEDH en virtut de l\u2019article 34 del Conveni;<\/li>\n<li class=\"vitem\">el representant t\u00e9 dret a actuar sense poder si el formulari l\u2019ha signat el representant i el demandant no l\u2019ha signat ni al camp 73 ni a la secci\u00f3 \u00abPoder\u00bb;<\/li>\n<li class=\"vitem\">el demandant es trobava sota la jurisdicci\u00f3 de l\u2019Estat demandat;<\/li>\n<li class=\"vitem\">la violaci\u00f3 al\u00b7legada es va produir durant el per\u00edode de vig\u00e8ncia del Conveni respecte de l\u2019Estat demandat i, si els drets i llibertats estan reconeguts en un Protocol, durant el per\u00edode de vig\u00e8ncia del Protocol corresponent;<\/li>\n<li class=\"vitem\">el demandant tenia i mant\u00e9 la qualitat de v\u00edctima de la violaci\u00f3 al\u00b7legada;<\/li>\n<li class=\"vitem\">el demandant ha sofert un perjudici important;<\/li>\n<li class=\"vitem\">la demanda no \u00e9s substancialment la mateixa que una demanda ja examinada pel TEDH i no ha estat sotmesa a una altra inst\u00e0ncia internacional d\u2019investigaci\u00f3 o d\u2019arranjament.<\/li>\n<\/ul>\n<\/li>\n<li class=\"vitem\">La demanda presenta indicis d\u2019ab\u00fas del dret a rec\u00f3rrer al TEDH.<\/li>\n<\/ul>\n<\/div>\n<\/div>\n<div class=\"mywpcf7cf\">Un cop feta la revisi\u00f3, us enviar\u00e9 una llista dels errors detectats, amb explicacions.<\/div>\n<div class=\"mywpcf7cf\">Les meves explicacions us ajudaran a corregir gaireb\u00e9 tots els errors que cada any porten el TEDH a no acceptar m\u00e9s de 8.000 demandes. La meva experi\u00e8ncia indica que aquests errors es poden evitar: en 22 anys, el TEDH ha acceptat cadascuna de les m\u00e9s de 170 demandes que he preparat. Per aix\u00f2, si el vostre formulari ja cont\u00e9 errors d\u2019aquest tipus, els podr\u00e9 detectar i podreu presentar al TEDH un formulari sense aquests errors, amb les m\u00e0ximes possibilitats que la vostra demanda sigui acceptada. Si la demanda no \u00e9s acceptada, el TEDH no l\u2019examinar\u00e0 i, per a vosaltres, aquesta via quedar\u00e0 tancada. Tamb\u00e9 heu de tenir present que, si espereu a rebre el ref\u00fas per corregir el formulari, gaireb\u00e9 sempre fareu tard. Enviar el formulari al TEDH no susp\u00e8n el curs del termini breu per adre\u00e7ar-se al Tribunal. Quan l\u2019envieu, normalment ja n\u2019haur\u00e0 passat una part; la resta gaireb\u00e9 sempre s\u2019esgotar\u00e0 mentre el formulari arriba al TEDH, el Tribunal el comprova i us arriba per correu postal ordinari la notificaci\u00f3 del ref\u00fas. Per aix\u00f2, encara que en teoria el formulari es pugui corregir i tornar a presentar despr\u00e9s d\u2019haver rebut el ref\u00fas, a la pr\u00e0ctica gaireb\u00e9 mai no serveix de res: la demanda ser\u00e0 declarada inadmissible, en qualsevol cas, per haver estat presentada fora del termini per adre\u00e7ar-se al TEDH, encara que el Tribunal l\u2019arribi a acceptar.<\/div>\n<div class=\"mywpcf7cf\">Que la demanda sigui acceptada no vol dir que la seva admissibilitat ja estigui resolta. Aproximadament el 70% de les demandes s\u00f3n declarades completament inadmissibles pel TEDH poc despr\u00e9s de ser rebudes. De les restants, gaireb\u00e9 totes acaben sent declarades inadmissibles almenys en part, de vegades precisament en la part m\u00e9s important per al demandant. En molts casos, aix\u00f2 ve determinat per les circumst\u00e0ncies de l\u2019assumpte; en d\u2019altres, no. El formulari pot ometre fets importants, informaci\u00f3 completa sobre el compliment de les condicions d\u2019admissibilitat o una exposici\u00f3 completa de les violacions al\u00b7legades. A m\u00e9s, els fets exposats, la informaci\u00f3 sobre el compliment de les condicions d\u2019admissibilitat i l\u2019exposici\u00f3 de les violacions al\u00b7legades poden no ajustar-se a la jurisprud\u00e8ncia del TEDH, ser poc clars o incoherents, o contradir els annexos. Errors d\u2019aquesta mena poden portar f\u00e0cilment el TEDH a declarar la demanda inadmissible. Les meves explicacions us ajudaran a detectar-los i a entendre quina part de la demanda queda en risc. De vegades es poden corregir directament a partir de les meves explicacions. Per\u00f2, si n\u2019hi ha molts o alguns requereixen explicacions extenses, les tres hores incloses en el preu fix de la revisi\u00f3 d\u2019un formulari poden no bastar per explicar-los tots amb detall. En qualsevol cas, rebreu almenys una explicaci\u00f3 breu de cada error que jo detecti.<\/div>\n<div class=\"mywpcf7cf\">El preu de la revisi\u00f3 \u00e9s de 600 euros i el termini habitual no supera una setmana.<\/div>\n<div class=\"mywpcf7cf\">Si necessiteu els resultats m\u00e9s r\u00e0pid, <a href=\"mailto:oleg.anishchik@europeancourt.org?subject=Revisi\u00f3 de formularis de demanda emplenats per al TEDH: revisi\u00f3 urgent&amp;body=Podr\u00edeu fer una revisi\u00f3 urgent del formulari de demanda?\">escriviu-me<\/a> i pregunteu si \u00e9s possible una revisi\u00f3 urgent. Em comprometo a respondre a aquest missatge en un termini de 24 hores. Si la resposta \u00e9s positiva i envieu immediatament el formulari perqu\u00e8 el revisi, em comprometo a fer la revisi\u00f3 en les 24 hores seg\u00fcents.<\/div>\n<div class=\"mywpcf7cf\">Aquesta revisi\u00f3 no \u00e9s adequada per a vosaltres si almenys una d\u2019aquestes afirmacions \u00e9s certa en el vostre cas:<\/div>\n<ul class=\"checking-blocklist\">\n<li><label><input type=\"checkbox\" class=\"ec-checking-blocker\" \/><span>Puc detectar tots els errors del formulari pel meu compte.<\/span><\/label><\/li>\n<li>Despr\u00e9s de la revisi\u00f3, espero rebre un formulari corregit o explicacions detallades sobre com corregir cada error detectat.<\/li>\n<li>No estic disposat a fer escaneigs o fotografies n\u00edtides dels annexos en paper per presentar-los a revisi\u00f3 juntament amb el formulari.<\/li>\n<li>Nom\u00e9s necessito que es revisi una part dels errors, no tots.<\/li>\n<li><label><input type=\"checkbox\" class=\"ec-checking-blocker\" \/><span>Ara mateix m\u2019importa m\u00e9s estalviar-me el cost de la revisi\u00f3 que donar a la meva demanda les m\u00e0ximes possibilitats de ser acceptada i reduir el risc que la declarin inadmissible.<\/span><\/label><\/li>\n<\/ul>\n<div class=\"checking-load-wrap\">\n<div class=\"checking-load-button-row\"><button type=\"button\" class=\"mybutton blue\" id=\"ec-checking-load-form\">Enviar el formulari a revisi\u00f3<\/button><\/div>\n<div id=\"ec-checking-load-status\" class=\"checking-load-status\" role=\"status\" aria-live=\"polite\"><\/div>\n<\/div>\n<div class=\"mywpcf7cf mywpcf7cf-utility checking-utility-row\">\n<div class=\"mybutton red not-in-text-button is-disabled\" aria-disabled=\"true\">Torna a comen\u00e7ar<\/div>\n<div class=\"mybutton red not-in-text-button\" onclick=\"window.location.href='mailto:oleg.anishchik@europeancourt.org?subject=Revisi\u00f3 de formularis de demanda emplenats per al TEDH: error&amp;body=Descripci\u00f3 de l\u2019error:';\">Informa d\u2019un error<\/div>\n<\/div>\n<\/div>\n<div class=\"checking-form-shell\" id=\"ec-checking-form-shell\">\n<div id=\"ajax_content\" class=\"checking-ajax-content\" data-loaded=\"0\"><\/div>\n<\/div>\n<\/div>","protected":false},"excerpt":{"rendered":"Si em demaneu que revisi el formulari, comprovar\u00e9 si hi ha algun dels errors indicats m\u00e9s avall. Aquesta llista es basa en els requisits del TEDH i en la meva pr\u00e0ctica de preparar i&#46;&#46;&#46;","protected":false},"author":0,"featured_media":0,"parent":222205,"menu_order":0,"comment_status":"closed","ping_status":"closed","template":"","meta":{"footnotes":""},"categories":[],"tags":[],"class_list":["post-225215","page","type-page","status-publish","hentry"],"_links":{"self":[{"href":"https:\/\/europeancourt.org\/ca\/wp-json\/wp\/v2\/pages\/225215","targetHints":{"allow":["GET"]}}],"collection":[{"href":"https:\/\/europeancourt.org\/ca\/wp-json\/wp\/v2\/pages"}],"about":[{"href":"https:\/\/europeancourt.org\/ca\/wp-json\/wp\/v2\/types\/page"}],"replies":[{"embeddable":true,"href":"https:\/\/europeancourt.org\/ca\/wp-json\/wp\/v2\/comments?post=225215"}],"version-history":[{"count":1,"href":"https:\/\/europeancourt.org\/ca\/wp-json\/wp\/v2\/pages\/225215\/revisions"}],"predecessor-version":[{"id":225306,"href":"https:\/\/europeancourt.org\/ca\/wp-json\/wp\/v2\/pages\/225215\/revisions\/225306"}],"up":[{"embeddable":true,"href":"https:\/\/europeancourt.org\/ca\/wp-json\/wp\/v2\/pages\/222205"}],"wp:attachment":[{"href":"https:\/\/europeancourt.org\/ca\/wp-json\/wp\/v2\/media?parent=225215"}],"wp:term":[{"taxonomy":"category","embeddable":true,"href":"https:\/\/europeancourt.org\/ca\/wp-json\/wp\/v2\/categories?post=225215"},{"taxonomy":"post_tag","embeddable":true,"href":"https:\/\/europeancourt.org\/ca\/wp-json\/wp\/v2\/tags?post=225215"}],"curies":[{"name":"wp","href":"https:\/\/api.w.org\/{rel}","templated":true}]}}