{"id":225217,"date":"2026-04-26T14:48:47","date_gmt":"2026-04-26T12:48:47","guid":{"rendered":"https:\/\/europeancourt.org\/serveis\/tedh\/representaci%c3%b3-de-demandants-davant-el-tedh\/"},"modified":"2026-04-26T16:57:05","modified_gmt":"2026-04-26T14:57:05","slug":"representaci%c3%b3-de-demandants-davant-el-tedh","status":"publish","type":"page","link":"https:\/\/europeancourt.org\/ca\/serveis\/tedh\/representaci%c3%b3-de-demandants-davant-el-tedh\/","title":{"rendered":"Representaci\u00f3 de demandants davant el TEDH"},"content":{"rendered":"<div id=\"ec-representation-page\" class=\"ec-service-page ec-service-representation\" data-service=\"representation\">\n<div class=\"ec-service-screen ec-service-screen-1\">\n<div class=\"mywpcf7cf myshow myhide\">Aquest servei s\u2019ofereix nom\u00e9s per a demandes que ja han estat comunicades al govern de l\u2019Estat demandat i en qu\u00e8 el TEDH ha informat el demandant de la necessitat de presentar observacions escrites.<\/div>\n<div class=\"mywpcf7cf myshow myhide\">El cost de la representaci\u00f3 davant el TEDH dep\u00e8n del temps que calgui dedicar a preparar les respostes a les preguntes del TEDH, les r\u00e8pliques als arguments de l\u2019Estat demandat i, si escau, els aclariments sobre els fets i les pretensions de satisfacci\u00f3 equitable. La forquilla \u00e9s molt \u00e0mplia: des d\u2019uns quants centenars d\u2019euros, quan n\u2019hi ha prou amb dues o tres hores, fins a 10.000 euros o m\u00e9s, quan cal dedicar-hi desenes d\u2019hores.<\/div>\n<div class=\"mywpcf7cf myshow myhide\">El temps que caldr\u00e0 en el vostre cas i, per tant, el cost de la representaci\u00f3, nom\u00e9s els puc determinar examinant els documents. Envieu-me la demanda amb tots els annexos, aix\u00ed com tot el que s\u2019hagi enviat addicionalment al TEDH en relaci\u00f3 amb aquesta demanda i tot el que s\u2019hagi rebut del TEDH. Si necessito documents addicionals, us els demanar\u00e9.<\/div>\n<div class=\"mywpcf7cf myshow myhide\">Normalment responc a una sol\u00b7licitud de pressupost per a la representaci\u00f3 davant el TEDH en el termini d\u2019una setmana des que rebo tots els documents i tota la informaci\u00f3 necessaris. Si el termini fixat pel TEDH per presentar observacions o altres materials s\u2019acaba en els propers dies, escriviu-me i pregunteu-me si puc examinar la vostra sol\u00b7licitud amb urg\u00e8ncia. Em comprometo a respondre aquest missatge en el termini de 24 hores. Si confirmo que puc fer-ho i envieu immediatament els documents i la informaci\u00f3 necessaris, em comprometo a comunicar-vos la meva resposta a la sol\u00b7licitud en les 48 hores seg\u00fcents.<\/div>\n<div class=\"mywpcf7cf myshow myhide\">Juntament amb el pressupost del servei, per no perdre temps, us enviar\u00e9 el contracte i el formulari de poder emplenat per a la representaci\u00f3 davant el TEDH. Haureu d\u2019imprimir el poder, signar-lo i enviar-lo per correu postal a la meva adre\u00e7a a Fran\u00e7a. Podeu pagar el servei per transfer\u00e8ncia banc\u00e0ria al meu compte a Su\u00efssa o per altres mitjans, segons el pa\u00eds des d\u2019on es faci el pagament, un cop preparats els documents per al TEDH. Tanmateix, \u00e9s millor fer-ho abans d\u2019enviar-los al TEDH, perqu\u00e8 a les pretensions de satisfacci\u00f3 equitable s\u2019hi pugui adjuntar un document que acrediti el pagament: aix\u00ed \u00e9s molt m\u00e9s f\u00e0cil fonamentar la pretensi\u00f3 de reemborsament de les despeses ja suportades per la representaci\u00f3 del demandant davant el Tribunal.<\/div>\n<div class=\"mywpcf7cf myshow myhide\">Aquest servei no \u00e9s adequat per a vosaltres si, en el vostre cas, \u00e9s certa alguna d\u2019aquestes afirmacions:<\/div>\n<ul class=\"myshow myhide ec-service-blocker-list\"><li><label><input type=\"checkbox\" class=\"ec-service-blocker\" \/><span>La meva demanda encara no ha estat comunicada al govern de l\u2019Estat demandat, o b\u00e9 ha estat comunicada sense que es demanin observacions escrites.<\/span><\/label><\/li>\n<li><label><input type=\"checkbox\" class=\"ec-service-blocker\" \/><span>No estic disposat a presentar tots els documents necessaris.<\/span><\/label><\/li>\n<li><label><input type=\"checkbox\" class=\"ec-service-blocker\" \/><span>No estic disposat a gestionar el poder ni a enviar-lo per correu postal.<\/span><\/label><\/li>\n<li><label><input type=\"checkbox\" class=\"ec-service-blocker\" \/><span>No estic disposat a respondre preguntes d\u2019aclariment ni a presentar documents addicionals durant la feina, si calen.<\/span><\/label><\/li><\/ul>\n<div class=\"mywpcf7cf myshow myhide\"><button type=\"button\" class=\"mybutton blue\" id=\"load_ajax_form\" data-ec-service-load=\"representation\" data-blocked-message=\"Mentre tingueu marcada alguna d\u2019aquestes afirmacions, no podreu continuar. Si l\u2019heu marcada per error, desmarqueu-la.\">Presentar documents<\/button><\/div>\n<div class=\"mywpcf7cf myshow myhide\"><a class=\"mybutton blue not-in-text-button\" href=\"mailto:oleg.anishchik@europeancourt.org?subject=Voldria aclarir les condicions\">Voldria aclarir les condicions<\/a><\/div>\n<div id=\"ec-service-load-status\" class=\"ec-service-load-status\" aria-live=\"polite\"><\/div>\n<\/div>\n<div id=\"ajax_content\"><\/div>\n<\/div>\n<script>\n(function(){\n  if (window.ecServiceBlockerGuardReady) return;\n  window.ecServiceBlockerGuardReady = true;\n  document.addEventListener('click', function(event) {\n    var button = event.target && event.target.closest ? event.target.closest('[data-ec-service-load]') : null;\n    if (!button) return;\n    var root = button.closest('.ec-service-page');\n    if (!root || !root.querySelector('.ec-service-blocker:checked')) return;\n    event.preventDefault();\n    event.stopPropagation();\n    if (event.stopImmediatePropagation) event.stopImmediatePropagation();\n    var status = root.querySelector('.ec-service-load-status');\n    if (status) status.textContent = button.getAttribute('data-blocked-message') || '';\n  }, true);\n})();\n<\/script>","protected":false},"excerpt":{"rendered":"Aquest servei s\u2019ofereix nom\u00e9s per a demandes que ja han estat comunicades al govern de l\u2019Estat demandat i en qu\u00e8 el TEDH ha informat el demandant de la necessitat de presentar observacions escrites. El&#46;&#46;&#46;","protected":false},"author":0,"featured_media":0,"parent":222205,"menu_order":0,"comment_status":"closed","ping_status":"closed","template":"","meta":{"footnotes":""},"categories":[],"tags":[],"class_list":["post-225217","page","type-page","status-publish","hentry"],"_links":{"self":[{"href":"https:\/\/europeancourt.org\/ca\/wp-json\/wp\/v2\/pages\/225217","targetHints":{"allow":["GET"]}}],"collection":[{"href":"https:\/\/europeancourt.org\/ca\/wp-json\/wp\/v2\/pages"}],"about":[{"href":"https:\/\/europeancourt.org\/ca\/wp-json\/wp\/v2\/types\/page"}],"replies":[{"embeddable":true,"href":"https:\/\/europeancourt.org\/ca\/wp-json\/wp\/v2\/comments?post=225217"}],"version-history":[{"count":1,"href":"https:\/\/europeancourt.org\/ca\/wp-json\/wp\/v2\/pages\/225217\/revisions"}],"predecessor-version":[{"id":225565,"href":"https:\/\/europeancourt.org\/ca\/wp-json\/wp\/v2\/pages\/225217\/revisions\/225565"}],"up":[{"embeddable":true,"href":"https:\/\/europeancourt.org\/ca\/wp-json\/wp\/v2\/pages\/222205"}],"wp:attachment":[{"href":"https:\/\/europeancourt.org\/ca\/wp-json\/wp\/v2\/media?parent=225217"}],"wp:term":[{"taxonomy":"category","embeddable":true,"href":"https:\/\/europeancourt.org\/ca\/wp-json\/wp\/v2\/categories?post=225217"},{"taxonomy":"post_tag","embeddable":true,"href":"https:\/\/europeancourt.org\/ca\/wp-json\/wp\/v2\/tags?post=225217"}],"curies":[{"name":"wp","href":"https:\/\/api.w.org\/{rel}","templated":true}]}}