{"id":149521,"date":"2022-06-30T21:43:51","date_gmt":"2022-06-30T19:43:51","guid":{"rendered":"https:\/\/europeancourt.org\/dokumenter\/europar%c3%a5det\/den-europ%c3%a6iske-menneskerettighedskonvention\/protokol-nr12\/"},"modified":"2026-04-24T12:33:00","modified_gmt":"2026-04-24T10:33:00","slug":"protokol-nr12","status":"publish","type":"page","link":"https:\/\/europeancourt.org\/da\/dokumenter\/europar%c3%a5det\/den-europ%c3%a6iske-menneskerettighedskonvention\/protokol-nr12\/","title":{"rendered":"Protokol nr. 12 til Menneskerettighedskonventionen"},"content":{"rendered":"<div class=\"blueleft betweendivs\">Kun den <a title=\"Protokol nr. 12 til Konventionen til beskyttelse af menneskerettigheder og grundl\u00e6ggende frihedsrettigheder (p\u00e5 engelsk)\" href=\"https:\/\/europeancourt.org\/en\/documents\/council-of-europe\/convention-for-the-protection-of-human-rights\/protocol-no12\/\">engelske<\/a> og den <a title=\"Protokol nr. 12 til Konventionen til beskyttelse af menneskerettigheder og grundl\u00e6ggende frihedsrettigheder (p\u00e5 fransk)\" href=\"https:\/\/europeancourt.org\/fr\/documents\/conseil-de-leurope\/convention-europ%C3%A9enne-des-droits-de-lhomme\/protocole-no12\/\">franske<\/a> udgave af protokollen er autentiske. Denne overs\u00e6ttelse er ikke en officiel version.<\/div> \r\n<div class=\"betweendivs\"><a href=\"#\" class=\"mybutton blue\" onclick=\"openall();event.preventDefault();\">Udvid alle<\/a> <a href=\"#\" class=\"mybutton blue\" onclick=\"closeall();event.preventDefault();\">Skjul alle<\/a><\/div>\r\n<div class=\"su-accordion su-u-trim\">\r\n<div class=\"su-spoiler su-spoiler-style-default su-spoiler-icon-plus h-toaccordion includetocloseall su-spoiler-closed\" data-anchor=\"ratifikation\" data-scroll-offset=\"50\" data-anchor-in-url=\"yes\"><div class=\"su-spoiler-title\" tabindex=\"0\" role=\"button\"><span class=\"su-spoiler-icon\"><\/span><span class='ec-doc-table-title'>Undertegnelse, ratifikation, Ikrafttr\u00e6den, notifikationer, opsigelse, anvendelsesomr\u00e5der: notifikationer, kommunikation<\/span><\/div><div class=\"su-spoiler-content su-u-clearfix su-u-trim\">\r\n<div class=\"table-responsive\">\r\n<table id=\"myTable\">\r\n<thead>\r\n<tr>\r\n<th>Land<\/th>\r\n<th>Undertegnelse<\/th>\r\n<th>Ratifikation<\/th>\r\n<th>Ikrafttr\u00e6den<\/th>\r\n<th>Notifikationer og opsigelse<\/th>\r\n<th>Anvendelsesomr\u00e5der: notifikationer<\/th>\r\n<th>Kommunikation<\/th>\r\n<\/tr>\r\n<\/thead>\r\n<tbody>\r\n<tr>\r\n<td>Albanien<\/td>\r\n<td>26.05.2003<\/td>\r\n<td>26.11.2004<\/td>\r\n<td>01.04.2005<\/td>\r\n<td>[<a title=\"Notifikationer og opsigelse (p\u00e5 engelsk)\" href=\"https:\/\/www.coe.int\/en\/web\/conventions\/full-list?module=declarations-by-treaty&amp;numSte=177&amp;codeNature=1&amp;codePays=ALB\" target=\"_blank\" rel=\"noopener\">eng<\/a>] [<a title=\"Notifikationer og opsigelse (p\u00e5 fransk)\" href=\"https:\/\/www.coe.int\/fr\/web\/conventions\/full-list?module=declarations-by-treaty&amp;numSte=177&amp;codeNature=1&amp;codePays=ALB\" target=\"_blank\" rel=\"noopener\">fra<\/a>]<\/td>\r\n<td>[<a title=\"Anvendelsesomr\u00e5der: notifikationer (p\u00e5 engelsk)\" href=\"https:\/\/www.coe.int\/en\/web\/conventions\/full-list?module=declarations-by-treaty&amp;numSte=177&amp;codeNature=4&amp;codePays=ALB\" target=\"_blank\" rel=\"noopener\">eng<\/a>] [<a title=\"Anvendelsesomr\u00e5der: notifikationer (p\u00e5 fransk)\" href=\"https:\/\/www.coe.int\/fr\/web\/conventions\/full-list?module=declarations-by-treaty&amp;numSte=177&amp;codeNature=4&amp;codePays=ALB\" target=\"_blank\" rel=\"noopener\">fra<\/a>]<\/td>\r\n<td>[<a title=\"Kommunikation (p\u00e5 engelsk)\" href=\"https:\/\/www.coe.int\/en\/web\/conventions\/full-list?module=declarations-by-treaty&amp;numSte=177&amp;codeNature=5&amp;codePays=ALB\" target=\"_blank\" rel=\"noopener\">eng<\/a>] [<a title=\"Kommunikation (p\u00e5 fransk)\" href=\"https:\/\/www.coe.int\/fr\/web\/conventions\/full-list?module=declarations-by-treaty&amp;numSte=177&amp;codeNature=5&amp;codePays=ALB\" target=\"_blank\" rel=\"noopener\">fra<\/a>]<\/td>\r\n<\/tr>\r\n<tr>\r\n<td>Andorra<\/td>\r\n<td>31.05.2007<\/td>\r\n<td>06.05.2008<\/td>\r\n<td>01.09.2008<\/td>\r\n<td>[<a title=\"Notifikationer og opsigelse (p\u00e5 engelsk)\" href=\"https:\/\/www.coe.int\/en\/web\/conventions\/full-list?module=declarations-by-treaty&amp;numSte=177&amp;codeNature=1&amp;codePays=AND\" target=\"_blank\" rel=\"noopener\">eng<\/a>] [<a title=\"Notifikationer og opsigelse (p\u00e5 fransk)\" href=\"https:\/\/www.coe.int\/fr\/web\/conventions\/full-list?module=declarations-by-treaty&amp;numSte=177&amp;codeNature=1&amp;codePays=AND\" target=\"_blank\" rel=\"noopener\">fra<\/a>]<\/td>\r\n<td>[<a title=\"Anvendelsesomr\u00e5der: notifikationer (p\u00e5 engelsk)\" href=\"https:\/\/www.coe.int\/en\/web\/conventions\/full-list?module=declarations-by-treaty&amp;numSte=177&amp;codeNature=4&amp;codePays=AND\" target=\"_blank\" rel=\"noopener\">eng<\/a>] [<a title=\"Anvendelsesomr\u00e5der: notifikationer (p\u00e5 fransk)\" href=\"https:\/\/www.coe.int\/fr\/web\/conventions\/full-list?module=declarations-by-treaty&amp;numSte=177&amp;codeNature=4&amp;codePays=AND\" target=\"_blank\" rel=\"noopener\">fra<\/a>]<\/td>\r\n<td>[<a title=\"Kommunikation (p\u00e5 engelsk)\" href=\"https:\/\/www.coe.int\/en\/web\/conventions\/full-list?module=declarations-by-treaty&amp;numSte=177&amp;codeNature=5&amp;codePays=AND\" target=\"_blank\" rel=\"noopener\">eng<\/a>] [<a title=\"Kommunikation (p\u00e5 fransk)\" href=\"https:\/\/www.coe.int\/fr\/web\/conventions\/full-list?module=declarations-by-treaty&amp;numSte=177&amp;codeNature=5&amp;codePays=AND\" target=\"_blank\" rel=\"noopener\">fra<\/a>]<\/td>\r\n<\/tr>\r\n<tr>\r\n<td>Armenien<\/td>\r\n<td>18.06.2004<\/td>\r\n<td>17.12.2004<\/td>\r\n<td>01.04.2005<\/td>\r\n<td>[<a title=\"Notifikationer og opsigelse (p\u00e5 engelsk)\" href=\"https:\/\/www.coe.int\/en\/web\/conventions\/full-list?module=declarations-by-treaty&amp;numSte=177&amp;codeNature=1&amp;codePays=ARM\" target=\"_blank\" rel=\"noopener\">eng<\/a>] [<a title=\"Notifikationer og opsigelse (p\u00e5 fransk)\" href=\"https:\/\/www.coe.int\/fr\/web\/conventions\/full-list?module=declarations-by-treaty&amp;numSte=177&amp;codeNature=1&amp;codePays=ARM\" target=\"_blank\" rel=\"noopener\">fra<\/a>]<\/td>\r\n<td>[<a title=\"Anvendelsesomr\u00e5der: notifikationer (p\u00e5 engelsk)\" href=\"https:\/\/www.coe.int\/en\/web\/conventions\/full-list?module=declarations-by-treaty&amp;numSte=177&amp;codeNature=4&amp;codePays=ARM\" target=\"_blank\" rel=\"noopener\">eng<\/a>] [<a title=\"Anvendelsesomr\u00e5der: notifikationer (p\u00e5 fransk)\" href=\"https:\/\/www.coe.int\/fr\/web\/conventions\/full-list?module=declarations-by-treaty&amp;numSte=177&amp;codeNature=4&amp;codePays=ARM\" target=\"_blank\" rel=\"noopener\">fra<\/a>]<\/td>\r\n<td>[<a title=\"Kommunikation (p\u00e5 engelsk)\" href=\"https:\/\/www.coe.int\/en\/web\/conventions\/full-list?module=declarations-by-treaty&amp;numSte=177&amp;codeNature=5&amp;codePays=ARM\" target=\"_blank\" rel=\"noopener\">eng<\/a>] [<a title=\"Kommunikation (p\u00e5 fransk)\" href=\"https:\/\/www.coe.int\/fr\/web\/conventions\/full-list?module=declarations-by-treaty&amp;numSte=177&amp;codeNature=5&amp;codePays=ARM\" target=\"_blank\" rel=\"noopener\">fra<\/a>]<\/td>\r\n<\/tr>\r\n<tr>\r\n<td>\u00d8strig<\/td>\r\n<td>04.11.2000<\/td>\r\n<td>nej<\/td>\r\n<td>nej<\/td>\r\n<td><\/td>\r\n<td><\/td>\r\n<td><\/td>\r\n<\/tr>\r\n<tr>\r\n<td>Aserbajdsjan<\/td>\r\n<td>12.11.2003<\/td>\r\n<td>nej<\/td>\r\n<td>nej<\/td>\r\n<td><\/td>\r\n<td><\/td>\r\n<td><\/td>\r\n<\/tr>\r\n<tr>\r\n<td>Belgien<\/td>\r\n<td>04.11.2000<\/td>\r\n<td>nej<\/td>\r\n<td>nej<\/td>\r\n<td><\/td>\r\n<td><\/td>\r\n<td><\/td>\r\n<\/tr>\r\n<tr>\r\n<td>Bosnien-Hercegovina<\/td>\r\n<td>24.04.2002<\/td>\r\n<td>29.07.2003<\/td>\r\n<td>01.04.2005<\/td>\r\n<td>[<a title=\"Notifikationer og opsigelse (p\u00e5 engelsk)\" href=\"https:\/\/www.coe.int\/en\/web\/conventions\/full-list?module=declarations-by-treaty&amp;numSte=177&amp;codeNature=1&amp;codePays=BOS\" target=\"_blank\" rel=\"noopener\">eng<\/a>] [<a title=\"Notifikationer og opsigelse (p\u00e5 fransk)\" href=\"https:\/\/www.coe.int\/fr\/web\/conventions\/full-list?module=declarations-by-treaty&amp;numSte=177&amp;codeNature=1&amp;codePays=BOS\" target=\"_blank\" rel=\"noopener\">fra<\/a>]<\/td>\r\n<td>[<a title=\"Anvendelsesomr\u00e5der: notifikationer (p\u00e5 engelsk)\" href=\"https:\/\/www.coe.int\/en\/web\/conventions\/full-list?module=declarations-by-treaty&amp;numSte=177&amp;codeNature=4&amp;codePays=BOS\" target=\"_blank\" rel=\"noopener\">eng<\/a>] [<a title=\"Anvendelsesomr\u00e5der: notifikationer (p\u00e5 fransk)\" href=\"https:\/\/www.coe.int\/fr\/web\/conventions\/full-list?module=declarations-by-treaty&amp;numSte=177&amp;codeNature=4&amp;codePays=BOS\" target=\"_blank\" rel=\"noopener\">fra<\/a>]<\/td>\r\n<td>[<a title=\"Kommunikation (p\u00e5 engelsk)\" href=\"https:\/\/www.coe.int\/en\/web\/conventions\/full-list?module=declarations-by-treaty&amp;numSte=177&amp;codeNature=5&amp;codePays=BOS\" target=\"_blank\" rel=\"noopener\">eng<\/a>] [<a title=\"Kommunikation (p\u00e5 fransk)\" href=\"https:\/\/www.coe.int\/fr\/web\/conventions\/full-list?module=declarations-by-treaty&amp;numSte=177&amp;codeNature=5&amp;codePays=BOS\" target=\"_blank\" rel=\"noopener\">fra<\/a>]<\/td>\r\n<\/tr>\r\n<tr>\r\n<td>Bulgarien<\/td>\r\n<td>nej<\/td>\r\n<td>nej<\/td>\r\n<td>nej<\/td>\r\n<td><\/td>\r\n<td><\/td>\r\n<td><\/td>\r\n<\/tr>\r\n<tr>\r\n<td>Kroatien<\/td>\r\n<td>06.03.2002<\/td>\r\n<td>03.02.2003<\/td>\r\n<td>01.04.2005<\/td>\r\n<td>[<a title=\"Notifikationer og opsigelse (p\u00e5 engelsk)\" href=\"https:\/\/www.coe.int\/en\/web\/conventions\/full-list?module=declarations-by-treaty&amp;numSte=177&amp;codeNature=1&amp;codePays=CRO\" target=\"_blank\" rel=\"noopener\">eng<\/a>] [<a title=\"Notifikationer og opsigelse (p\u00e5 fransk)\" href=\"https:\/\/www.coe.int\/fr\/web\/conventions\/full-list?module=declarations-by-treaty&amp;numSte=177&amp;codeNature=1&amp;codePays=CRO\" target=\"_blank\" rel=\"noopener\">fra<\/a>]<\/td>\r\n<td>[<a title=\"Anvendelsesomr\u00e5der: notifikationer (p\u00e5 engelsk)\" href=\"https:\/\/www.coe.int\/en\/web\/conventions\/full-list?module=declarations-by-treaty&amp;numSte=177&amp;codeNature=4&amp;codePays=CRO\" target=\"_blank\" rel=\"noopener\">eng<\/a>] [<a title=\"Anvendelsesomr\u00e5der: notifikationer (p\u00e5 fransk)\" href=\"https:\/\/www.coe.int\/fr\/web\/conventions\/full-list?module=declarations-by-treaty&amp;numSte=177&amp;codeNature=4&amp;codePays=CRO\" target=\"_blank\" rel=\"noopener\">fra<\/a>]<\/td>\r\n<td>[<a title=\"Kommunikation (p\u00e5 engelsk)\" href=\"https:\/\/www.coe.int\/en\/web\/conventions\/full-list?module=declarations-by-treaty&amp;numSte=177&amp;codeNature=5&amp;codePays=CRO\" target=\"_blank\" rel=\"noopener\">eng<\/a>] [<a title=\"Kommunikation (p\u00e5 fransk)\" href=\"https:\/\/www.coe.int\/fr\/web\/conventions\/full-list?module=declarations-by-treaty&amp;numSte=177&amp;codeNature=5&amp;codePays=CRO\" target=\"_blank\" rel=\"noopener\">fra<\/a>]<\/td>\r\n<\/tr>\r\n<tr>\r\n<td>Cypern<\/td>\r\n<td>04.11.2000<\/td>\r\n<td>30.04.2002<\/td>\r\n<td>01.04.2005<\/td>\r\n<td>[<a title=\"Notifikationer og opsigelse (p\u00e5 engelsk)\" href=\"https:\/\/www.coe.int\/en\/web\/conventions\/full-list?module=declarations-by-treaty&amp;numSte=177&amp;codeNature=1&amp;codePays=CYP\" target=\"_blank\" rel=\"noopener\">eng<\/a>] [<a title=\"Notifikationer og opsigelse (p\u00e5 fransk)\" href=\"https:\/\/www.coe.int\/fr\/web\/conventions\/full-list?module=declarations-by-treaty&amp;numSte=177&amp;codeNature=1&amp;codePays=CYP\" target=\"_blank\" rel=\"noopener\">fra<\/a>]<\/td>\r\n<td>[<a title=\"Anvendelsesomr\u00e5der: notifikationer (p\u00e5 engelsk)\" href=\"https:\/\/www.coe.int\/en\/web\/conventions\/full-list?module=declarations-by-treaty&amp;numSte=177&amp;codeNature=4&amp;codePays=CYP\" target=\"_blank\" rel=\"noopener\">eng<\/a>] [<a title=\"Anvendelsesomr\u00e5der: notifikationer (p\u00e5 fransk)\" href=\"https:\/\/www.coe.int\/fr\/web\/conventions\/full-list?module=declarations-by-treaty&amp;numSte=177&amp;codeNature=4&amp;codePays=CYP\" target=\"_blank\" rel=\"noopener\">fra<\/a>]<\/td>\r\n<td>[<a title=\"Kommunikation (p\u00e5 engelsk)\" href=\"https:\/\/www.coe.int\/en\/web\/conventions\/full-list?module=declarations-by-treaty&amp;numSte=177&amp;codeNature=5&amp;codePays=CYP\" target=\"_blank\" rel=\"noopener\">eng<\/a>] [<a title=\"Kommunikation (p\u00e5 fransk)\" href=\"https:\/\/www.coe.int\/fr\/web\/conventions\/full-list?module=declarations-by-treaty&amp;numSte=177&amp;codeNature=5&amp;codePays=CYP\" target=\"_blank\" rel=\"noopener\">fra<\/a>]<\/td>\r\n<\/tr>\r\n<tr>\r\n<td>Tjekkiet<\/td>\r\n<td>04.11.2000<\/td>\r\n<td>nej<\/td>\r\n<td>nej<\/td>\r\n<td><\/td>\r\n<td><\/td>\r\n<td><\/td>\r\n<\/tr>\r\n<tr>\r\n<td>Danmark<\/td>\r\n<td>nej<\/td>\r\n<td>nej<\/td>\r\n<td>nej<\/td>\r\n<td><\/td>\r\n<td><\/td>\r\n<td><\/td>\r\n<\/tr>\r\n<tr>\r\n<td>Estland<\/td>\r\n<td>04.11.2000<\/td>\r\n<td>nej<\/td>\r\n<td>nej<\/td>\r\n<td><\/td>\r\n<td><\/td>\r\n<td><\/td>\r\n<\/tr>\r\n<tr>\r\n<td>Finland<\/td>\r\n<td>04.11.2000<\/td>\r\n<td>17.12.2004<\/td>\r\n<td>01.04.2005<\/td>\r\n<td>[<a title=\"Notifikationer og opsigelse (p\u00e5 engelsk)\" href=\"https:\/\/www.coe.int\/en\/web\/conventions\/full-list?module=declarations-by-treaty&amp;numSte=177&amp;codeNature=1&amp;codePays=FIN\" target=\"_blank\" rel=\"noopener\">eng<\/a>] [<a title=\"Notifikationer og opsigelse (p\u00e5 fransk)\" href=\"https:\/\/www.coe.int\/fr\/web\/conventions\/full-list?module=declarations-by-treaty&amp;numSte=177&amp;codeNature=1&amp;codePays=FIN\" target=\"_blank\" rel=\"noopener\">fra<\/a>]<\/td>\r\n<td>[<a title=\"Anvendelsesomr\u00e5der: notifikationer (p\u00e5 engelsk)\" href=\"https:\/\/www.coe.int\/en\/web\/conventions\/full-list?module=declarations-by-treaty&amp;numSte=177&amp;codeNature=4&amp;codePays=FIN\" target=\"_blank\" rel=\"noopener\">eng<\/a>] [<a title=\"Anvendelsesomr\u00e5der: notifikationer (p\u00e5 fransk)\" href=\"https:\/\/www.coe.int\/fr\/web\/conventions\/full-list?module=declarations-by-treaty&amp;numSte=177&amp;codeNature=4&amp;codePays=FIN\" target=\"_blank\" rel=\"noopener\">fra<\/a>]<\/td>\r\n<td>[<a title=\"Kommunikation (p\u00e5 engelsk)\" href=\"https:\/\/www.coe.int\/en\/web\/conventions\/full-list?module=declarations-by-treaty&amp;numSte=177&amp;codeNature=5&amp;codePays=FIN\" target=\"_blank\" rel=\"noopener\">eng<\/a>] [<a title=\"Kommunikation (p\u00e5 fransk)\" href=\"https:\/\/www.coe.int\/fr\/web\/conventions\/full-list?module=declarations-by-treaty&amp;numSte=177&amp;codeNature=5&amp;codePays=FIN\" target=\"_blank\" rel=\"noopener\">fra<\/a>]<\/td>\r\n<\/tr>\r\n<tr>\r\n<td>Frankrig<\/td>\r\n<td>nej<\/td>\r\n<td>nej<\/td>\r\n<td>nej<\/td>\r\n<td><\/td>\r\n<td><\/td>\r\n<td><\/td>\r\n<\/tr>\r\n<tr>\r\n<td>Georgien<\/td>\r\n<td>04.11.2000<\/td>\r\n<td>15.06.2001<\/td>\r\n<td>01.04.2005<\/td>\r\n<td>[<a title=\"Notifikationer og opsigelse (p\u00e5 engelsk)\" href=\"https:\/\/www.coe.int\/en\/web\/conventions\/full-list?module=declarations-by-treaty&amp;numSte=177&amp;codeNature=1&amp;codePays=GEO\" target=\"_blank\" rel=\"noopener\">eng<\/a>] [<a title=\"Notifikationer og opsigelse (p\u00e5 fransk)\" href=\"https:\/\/www.coe.int\/fr\/web\/conventions\/full-list?module=declarations-by-treaty&amp;numSte=177&amp;codeNature=1&amp;codePays=GEO\" target=\"_blank\" rel=\"noopener\">fra<\/a>]<\/td>\r\n<td>[<a title=\"Anvendelsesomr\u00e5der: notifikationer (p\u00e5 engelsk)\" href=\"https:\/\/www.coe.int\/en\/web\/conventions\/full-list?module=declarations-by-treaty&amp;numSte=177&amp;codeNature=4&amp;codePays=GEO\" target=\"_blank\" rel=\"noopener\">eng<\/a>] [<a title=\"Anvendelsesomr\u00e5der: notifikationer (p\u00e5 fransk)\" href=\"https:\/\/www.coe.int\/fr\/web\/conventions\/full-list?module=declarations-by-treaty&amp;numSte=177&amp;codeNature=4&amp;codePays=GEO\" target=\"_blank\" rel=\"noopener\">fra<\/a>]<\/td>\r\n<td>[<a title=\"Kommunikation (p\u00e5 engelsk)\" href=\"https:\/\/www.coe.int\/en\/web\/conventions\/full-list?module=declarations-by-treaty&amp;numSte=177&amp;codeNature=5&amp;codePays=GEO\" target=\"_blank\" rel=\"noopener\">eng<\/a>] [<a title=\"Kommunikation (p\u00e5 fransk)\" href=\"https:\/\/www.coe.int\/fr\/web\/conventions\/full-list?module=declarations-by-treaty&amp;numSte=177&amp;codeNature=5&amp;codePays=GEO\" target=\"_blank\" rel=\"noopener\">fra<\/a>]<\/td>\r\n<\/tr>\r\n<tr>\r\n<td>Tyskland<\/td>\r\n<td>04.11.2000<\/td>\r\n<td>nej<\/td>\r\n<td>nej<\/td>\r\n<td><\/td>\r\n<td><\/td>\r\n<td><\/td>\r\n<\/tr>\r\n<tr>\r\n<td>Gr\u00e6kenland<\/td>\r\n<td>04.11.2000<\/td>\r\n<td>nej<\/td>\r\n<td>nej<\/td>\r\n<td><\/td>\r\n<td><\/td>\r\n<td><\/td>\r\n<\/tr>\r\n<tr>\r\n<td>Ungarn<\/td>\r\n<td>04.11.2000<\/td>\r\n<td>nej<\/td>\r\n<td>nej<\/td>\r\n<td><\/td>\r\n<td><\/td>\r\n<td><\/td>\r\n<\/tr>\r\n<tr>\r\n<td>Island<\/td>\r\n<td>04.11.2000<\/td>\r\n<td>nej<\/td>\r\n<td>nej<\/td>\r\n<td><\/td>\r\n<td><\/td>\r\n<td><\/td>\r\n<\/tr>\r\n<tr>\r\n<td>Irland<\/td>\r\n<td>04.11.2000<\/td>\r\n<td>nej<\/td>\r\n<td>nej<\/td>\r\n<td><\/td>\r\n<td><\/td>\r\n<td><\/td>\r\n<\/tr>\r\n<tr>\r\n<td>Italien<\/td>\r\n<td>04.11.2000<\/td>\r\n<td>nej<\/td>\r\n<td>nej<\/td>\r\n<td><\/td>\r\n<td><\/td>\r\n<td><\/td>\r\n<\/tr>\r\n<tr>\r\n<td>Letland<\/td>\r\n<td>04.11.2000<\/td>\r\n<td>nej<\/td>\r\n<td>nej<\/td>\r\n<td><\/td>\r\n<td><\/td>\r\n<td><\/td>\r\n<\/tr>\r\n<tr>\r\n<td>Liechtenstein<\/td>\r\n<td>04.11.2000<\/td>\r\n<td>nej<\/td>\r\n<td>nej<\/td>\r\n<td><\/td>\r\n<td><\/td>\r\n<td><\/td>\r\n<\/tr>\r\n<tr>\r\n<td>Litauen<\/td>\r\n<td>nej<\/td>\r\n<td>nej<\/td>\r\n<td>nej<\/td>\r\n<td><\/td>\r\n<td><\/td>\r\n<td><\/td>\r\n<\/tr>\r\n<tr>\r\n<td>Luxembourg<\/td>\r\n<td>04.11.2000<\/td>\r\n<td>21.03.2006<\/td>\r\n<td>01.07.2006<\/td>\r\n<td>[<a title=\"Notifikationer og opsigelse (p\u00e5 engelsk)\" href=\"https:\/\/www.coe.int\/en\/web\/conventions\/full-list?module=declarations-by-treaty&amp;numSte=177&amp;codeNature=1&amp;codePays=LUX\" target=\"_blank\" rel=\"noopener\">eng<\/a>] [<a title=\"Notifikationer og opsigelse (p\u00e5 fransk)\" href=\"https:\/\/www.coe.int\/fr\/web\/conventions\/full-list?module=declarations-by-treaty&amp;numSte=177&amp;codeNature=1&amp;codePays=LUX\" target=\"_blank\" rel=\"noopener\">fra<\/a>]<\/td>\r\n<td>[<a title=\"Anvendelsesomr\u00e5der: notifikationer (p\u00e5 engelsk)\" href=\"https:\/\/www.coe.int\/en\/web\/conventions\/full-list?module=declarations-by-treaty&amp;numSte=177&amp;codeNature=4&amp;codePays=LUX\" target=\"_blank\" rel=\"noopener\">eng<\/a>] [<a title=\"Anvendelsesomr\u00e5der: notifikationer (p\u00e5 fransk)\" href=\"https:\/\/www.coe.int\/fr\/web\/conventions\/full-list?module=declarations-by-treaty&amp;numSte=177&amp;codeNature=4&amp;codePays=LUX\" target=\"_blank\" rel=\"noopener\">fra<\/a>]<\/td>\r\n<td>[<a title=\"Kommunikation (p\u00e5 engelsk)\" href=\"https:\/\/www.coe.int\/en\/web\/conventions\/full-list?module=declarations-by-treaty&amp;numSte=177&amp;codeNature=5&amp;codePays=LUX\" target=\"_blank\" rel=\"noopener\">eng<\/a>] [<a title=\"Kommunikation (p\u00e5 fransk)\" href=\"https:\/\/www.coe.int\/fr\/web\/conventions\/full-list?module=declarations-by-treaty&amp;numSte=177&amp;codeNature=5&amp;codePays=LUX\" target=\"_blank\" rel=\"noopener\">fra<\/a>]<\/td>\r\n<\/tr>\r\n<tr>\r\n<td>Malta<\/td>\r\n<td>08.12.2015<\/td>\r\n<td>08.12.2015<\/td>\r\n<td>01.04.2016<\/td>\r\n<td>[<a title=\"Notifikationer og opsigelse (p\u00e5 engelsk)\" href=\"https:\/\/www.coe.int\/en\/web\/conventions\/full-list?module=declarations-by-treaty&amp;numSte=177&amp;codeNature=1&amp;codePays=MAL\" target=\"_blank\" rel=\"noopener\">eng<\/a>] [<a title=\"Notifikationer og opsigelse (p\u00e5 fransk)\" href=\"https:\/\/www.coe.int\/fr\/web\/conventions\/full-list?module=declarations-by-treaty&amp;numSte=177&amp;codeNature=1&amp;codePays=MAL\" target=\"_blank\" rel=\"noopener\">fra<\/a>]<\/td>\r\n<td>[<a title=\"Anvendelsesomr\u00e5der: notifikationer (p\u00e5 engelsk)\" href=\"https:\/\/www.coe.int\/en\/web\/conventions\/full-list?module=declarations-by-treaty&amp;numSte=177&amp;codeNature=4&amp;codePays=MAL\" target=\"_blank\" rel=\"noopener\">eng<\/a>] [<a title=\"Anvendelsesomr\u00e5der: notifikationer (p\u00e5 fransk)\" href=\"https:\/\/www.coe.int\/fr\/web\/conventions\/full-list?module=declarations-by-treaty&amp;numSte=177&amp;codeNature=4&amp;codePays=MAL\" target=\"_blank\" rel=\"noopener\">fra<\/a>]<\/td>\r\n<td>[<a title=\"Kommunikation (p\u00e5 engelsk)\" href=\"https:\/\/www.coe.int\/en\/web\/conventions\/full-list?module=declarations-by-treaty&amp;numSte=177&amp;codeNature=5&amp;codePays=MAL\" target=\"_blank\" rel=\"noopener\">eng<\/a>] [<a title=\"Kommunikation (p\u00e5 fransk)\" href=\"https:\/\/www.coe.int\/fr\/web\/conventions\/full-list?module=declarations-by-treaty&amp;numSte=177&amp;codeNature=5&amp;codePays=MAL\" target=\"_blank\" rel=\"noopener\">fra<\/a>]<\/td>\r\n<\/tr>\r\n<tr>\r\n<td>Monaco<\/td>\r\n<td>nej<\/td>\r\n<td>nej<\/td>\r\n<td>nej<\/td>\r\n<td><\/td>\r\n<td><\/td>\r\n<td><\/td>\r\n<\/tr>\r\n<tr>\r\n<td>Montenegro<\/td>\r\n<td>03.04.2003<a class=\"paddingleft2px\" title=\"Datoer for undertegnelse og ratificering af statsunionen Serbien og Montenegro.\" href=\"#fn1\"><sup style=\"cursor:help\">1<\/sup><\/a><\/td>\r\n<td>03.03.2004<a class=\"paddingleft2px\" title=\"Datoer for undertegnelse og ratificering af statsunionen Serbien og Montenegro.\" href=\"#fn1\"><sup style=\"cursor:help\">1<\/sup><\/a><\/td>\r\n<td>06.06.2006<\/td>\r\n<td>[<a title=\"Notifikationer og opsigelse (p\u00e5 engelsk)\" href=\"https:\/\/www.coe.int\/en\/web\/conventions\/full-list?module=declarations-by-treaty&amp;numSte=177&amp;codeNature=1&amp;codePays=MOT\" target=\"_blank\" rel=\"noopener\">eng<\/a>] [<a title=\"Notifikationer og opsigelse (p\u00e5 fransk)\" href=\"https:\/\/www.coe.int\/fr\/web\/conventions\/full-list?module=declarations-by-treaty&amp;numSte=177&amp;codeNature=1&amp;codePays=MOT\" target=\"_blank\" rel=\"noopener\">fra<\/a>]<\/td>\r\n<td>[<a title=\"Anvendelsesomr\u00e5der: notifikationer (p\u00e5 engelsk)\" href=\"https:\/\/www.coe.int\/en\/web\/conventions\/full-list?module=declarations-by-treaty&amp;numSte=177&amp;codeNature=4&amp;codePays=MOT\" target=\"_blank\" rel=\"noopener\">eng<\/a>] [<a title=\"Anvendelsesomr\u00e5der: notifikationer (p\u00e5 fransk)\" href=\"https:\/\/www.coe.int\/fr\/web\/conventions\/full-list?module=declarations-by-treaty&amp;numSte=177&amp;codeNature=4&amp;codePays=MOT\" target=\"_blank\" rel=\"noopener\">fra<\/a>]<\/td>\r\n<td>[<a title=\"Kommunikation (p\u00e5 engelsk)\" href=\"https:\/\/www.coe.int\/en\/web\/conventions\/full-list?module=declarations-by-treaty&amp;numSte=177&amp;codeNature=5&amp;codePays=MOT\" target=\"_blank\" rel=\"noopener\">eng<\/a>] [<a title=\"Kommunikation (p\u00e5 fransk)\" href=\"https:\/\/www.coe.int\/fr\/web\/conventions\/full-list?module=declarations-by-treaty&amp;numSte=177&amp;codeNature=5&amp;codePays=MOT\" target=\"_blank\" rel=\"noopener\">fra<\/a>]<\/td>\r\n<\/tr>\r\n<tr>\r\n<td>Nederlandene<\/td>\r\n<td>04.11.2000<\/td>\r\n<td>28.07.2004<\/td>\r\n<td>01.04.2005<\/td>\r\n<td>[<a title=\"Notifikationer og opsigelse (p\u00e5 engelsk)\" href=\"https:\/\/www.coe.int\/en\/web\/conventions\/full-list?module=declarations-by-treaty&amp;numSte=177&amp;codeNature=1&amp;codePays=NET\" target=\"_blank\" rel=\"noopener\">eng<\/a>] [<a title=\"Notifikationer og opsigelse (p\u00e5 fransk)\" href=\"https:\/\/www.coe.int\/fr\/web\/conventions\/full-list?module=declarations-by-treaty&amp;numSte=177&amp;codeNature=1&amp;codePays=NET\" target=\"_blank\" rel=\"noopener\">fra<\/a>]<\/td>\r\n<td>[<a title=\"Anvendelsesomr\u00e5der: notifikationer (p\u00e5 engelsk)\" href=\"https:\/\/www.coe.int\/en\/web\/conventions\/full-list?module=declarations-by-treaty&amp;numSte=177&amp;codeNature=4&amp;codePays=NET\" target=\"_blank\" rel=\"noopener\">eng<\/a>] [<a title=\"Anvendelsesomr\u00e5der: notifikationer (p\u00e5 fransk)\" href=\"https:\/\/www.coe.int\/fr\/web\/conventions\/full-list?module=declarations-by-treaty&amp;numSte=177&amp;codeNature=4&amp;codePays=NET\" target=\"_blank\" rel=\"noopener\">fra<\/a>]<\/td>\r\n<td>[<a title=\"Kommunikation (p\u00e5 engelsk)\" href=\"https:\/\/www.coe.int\/en\/web\/conventions\/full-list?module=declarations-by-treaty&amp;numSte=177&amp;codeNature=5&amp;codePays=NET\" target=\"_blank\" rel=\"noopener\">eng<\/a>] [<a title=\"Kommunikation (p\u00e5 fransk)\" href=\"https:\/\/www.coe.int\/fr\/web\/conventions\/full-list?module=declarations-by-treaty&amp;numSte=177&amp;codeNature=5&amp;codePays=NET\" target=\"_blank\" rel=\"noopener\">fra<\/a>]<\/td>\r\n<\/tr>\r\n<tr>\r\n<td>Nordmakedonien<\/td>\r\n<td>04.11.2000<\/td>\r\n<td>13.07.2004<\/td>\r\n<td>01.04.2005<\/td>\r\n<td>[<a title=\"Notifikationer og opsigelse (p\u00e5 engelsk)\" href=\"https:\/\/www.coe.int\/en\/web\/conventions\/full-list?module=declarations-by-treaty&amp;numSte=177&amp;codeNature=1&amp;codePays=TFY\" target=\"_blank\" rel=\"noopener\">eng<\/a>] [<a title=\"Notifikationer og opsigelse (p\u00e5 fransk)\" href=\"https:\/\/www.coe.int\/fr\/web\/conventions\/full-list?module=declarations-by-treaty&amp;numSte=177&amp;codeNature=1&amp;codePays=TFY\" target=\"_blank\" rel=\"noopener\">fra<\/a>]<\/td>\r\n<td>[<a title=\"Anvendelsesomr\u00e5der: notifikationer (p\u00e5 engelsk)\" href=\"https:\/\/www.coe.int\/en\/web\/conventions\/full-list?module=declarations-by-treaty&amp;numSte=177&amp;codeNature=4&amp;codePays=TFY\" target=\"_blank\" rel=\"noopener\">eng<\/a>] [<a title=\"Anvendelsesomr\u00e5der: notifikationer (p\u00e5 fransk)\" href=\"https:\/\/www.coe.int\/fr\/web\/conventions\/full-list?module=declarations-by-treaty&amp;numSte=177&amp;codeNature=4&amp;codePays=TFY\" target=\"_blank\" rel=\"noopener\">fra<\/a>]<\/td>\r\n<td>[<a title=\"Kommunikation (p\u00e5 engelsk)\" href=\"https:\/\/www.coe.int\/en\/web\/conventions\/full-list?module=declarations-by-treaty&amp;numSte=177&amp;codeNature=5&amp;codePays=TFY\" target=\"_blank\" rel=\"noopener\">eng<\/a>] [<a title=\"Kommunikation (p\u00e5 fransk)\" href=\"https:\/\/www.coe.int\/fr\/web\/conventions\/full-list?module=declarations-by-treaty&amp;numSte=177&amp;codeNature=5&amp;codePays=TFY\" target=\"_blank\" rel=\"noopener\">fra<\/a>]<\/td>\r\n<\/tr>\r\n<tr>\r\n<td>Norge<\/td>\r\n<td>15.01.2003<\/td>\r\n<td>nej<\/td>\r\n<td>nej<\/td>\r\n<td><\/td>\r\n<td><\/td>\r\n<td><\/td>\r\n<\/tr>\r\n<tr>\r\n<td>Polen<\/td>\r\n<td>nej<\/td>\r\n<td>nej<\/td>\r\n<td>nej<\/td>\r\n<td><\/td>\r\n<td><\/td>\r\n<td><\/td>\r\n<\/tr>\r\n<tr>\r\n<td>Portugal<\/td>\r\n<td>04.11.2000<\/td>\r\n<td>16.01.2017<\/td>\r\n<td>01.05.2017<\/td>\r\n<td>[<a title=\"Notifikationer og opsigelse (p\u00e5 engelsk)\" href=\"https:\/\/www.coe.int\/en\/web\/conventions\/full-list?module=declarations-by-treaty&amp;numSte=177&amp;codeNature=1&amp;codePays=POR\" target=\"_blank\" rel=\"noopener\">eng<\/a>] [<a title=\"Notifikationer og opsigelse (p\u00e5 fransk)\" href=\"https:\/\/www.coe.int\/fr\/web\/conventions\/full-list?module=declarations-by-treaty&amp;numSte=177&amp;codeNature=1&amp;codePays=POR\" target=\"_blank\" rel=\"noopener\">fra<\/a>]<\/td>\r\n<td>[<a title=\"Anvendelsesomr\u00e5der: notifikationer (p\u00e5 engelsk)\" href=\"https:\/\/www.coe.int\/en\/web\/conventions\/full-list?module=declarations-by-treaty&amp;numSte=177&amp;codeNature=4&amp;codePays=POR\" target=\"_blank\" rel=\"noopener\">eng<\/a>] [<a title=\"Anvendelsesomr\u00e5der: notifikationer (p\u00e5 fransk)\" href=\"https:\/\/www.coe.int\/fr\/web\/conventions\/full-list?module=declarations-by-treaty&amp;numSte=177&amp;codeNature=4&amp;codePays=POR\" target=\"_blank\" rel=\"noopener\">fra<\/a>]<\/td>\r\n<td>[<a title=\"Kommunikation (p\u00e5 engelsk)\" href=\"https:\/\/www.coe.int\/en\/web\/conventions\/full-list?module=declarations-by-treaty&amp;numSte=177&amp;codeNature=5&amp;codePays=POR\" target=\"_blank\" rel=\"noopener\">eng<\/a>] [<a title=\"Kommunikation (p\u00e5 fransk)\" href=\"https:\/\/www.coe.int\/fr\/web\/conventions\/full-list?module=declarations-by-treaty&amp;numSte=177&amp;codeNature=5&amp;codePays=POR\" target=\"_blank\" rel=\"noopener\">fra<\/a>]<\/td>\r\n<\/tr>\r\n<tr>\r\n<td>Moldova<\/td>\r\n<td>04.11.2000<\/td>\r\n<td>nej<\/td>\r\n<td>nej<\/td>\r\n<td><\/td>\r\n<td><\/td>\r\n<td><\/td>\r\n<\/tr>\r\n<tr>\r\n<td>Rum\u00e6nien<\/td>\r\n<td>04.11.2000<\/td>\r\n<td>17.07.2006<\/td>\r\n<td>01.11.2006<\/td>\r\n<td>[<a title=\"Notifikationer og opsigelse (p\u00e5 engelsk)\" href=\"https:\/\/www.coe.int\/en\/web\/conventions\/full-list?module=declarations-by-treaty&amp;numSte=177&amp;codeNature=1&amp;codePays=ROM\" target=\"_blank\" rel=\"noopener\">eng<\/a>] [<a title=\"Notifikationer og opsigelse (p\u00e5 fransk)\" href=\"https:\/\/www.coe.int\/fr\/web\/conventions\/full-list?module=declarations-by-treaty&amp;numSte=177&amp;codeNature=1&amp;codePays=ROM\" target=\"_blank\" rel=\"noopener\">fra<\/a>]<\/td>\r\n<td>[<a title=\"Anvendelsesomr\u00e5der: notifikationer (p\u00e5 engelsk)\" href=\"https:\/\/www.coe.int\/en\/web\/conventions\/full-list?module=declarations-by-treaty&amp;numSte=177&amp;codeNature=4&amp;codePays=ROM\" target=\"_blank\" rel=\"noopener\">eng<\/a>] [<a title=\"Anvendelsesomr\u00e5der: notifikationer (p\u00e5 fransk)\" href=\"https:\/\/www.coe.int\/fr\/web\/conventions\/full-list?module=declarations-by-treaty&amp;numSte=177&amp;codeNature=4&amp;codePays=ROM\" target=\"_blank\" rel=\"noopener\">fra<\/a>]<\/td>\r\n<td>[<a title=\"Kommunikation (p\u00e5 engelsk)\" href=\"https:\/\/www.coe.int\/en\/web\/conventions\/full-list?module=declarations-by-treaty&amp;numSte=177&amp;codeNature=5&amp;codePays=ROM\" target=\"_blank\" rel=\"noopener\">eng<\/a>] [<a title=\"Kommunikation (p\u00e5 fransk)\" href=\"https:\/\/www.coe.int\/fr\/web\/conventions\/full-list?module=declarations-by-treaty&amp;numSte=177&amp;codeNature=5&amp;codePays=ROM\" target=\"_blank\" rel=\"noopener\">fra<\/a>]<\/td>\r\n<\/tr>\r\n<tr>\r\n<td>Rusland<\/td>\r\n<td>04.11.2000<a class=\"paddingleft2px\" title=\"I overensstemmelse med resolution CM\/Res(2022)3 vedtaget af Ministerudvalget den 23.03.2022 oph\u00f8rte Den Russiske F\u00f8deration med at v\u00e6re part i traktaten ETS nr. 5 den 16.09.2022. Den Russiske F\u00f8deration oph\u00f8rte derfor med at v\u00e6re underskriver af protokollen ogs\u00e5 den 16.09.2022.\" href=\"#fn2\"><sup style=\"cursor:help\">2<\/sup><\/a><\/td>\r\n<td>nej<\/td>\r\n<td>nej<\/td>\r\n<td><\/td>\r\n<td><\/td>\r\n<td><\/td>\r\n<\/tr>\r\n<tr>\r\n<td>San Marino<\/td>\r\n<td>04.11.2000<\/td>\r\n<td>25.04.2003<\/td>\r\n<td>01.04.2005<\/td>\r\n<td>[<a title=\"Notifikationer og opsigelse (p\u00e5 engelsk)\" href=\"https:\/\/www.coe.int\/en\/web\/conventions\/full-list?module=declarations-by-treaty&amp;numSte=177&amp;codeNature=1&amp;codePays=SAN\" target=\"_blank\" rel=\"noopener\">eng<\/a>] [<a title=\"Notifikationer og opsigelse (p\u00e5 fransk)\" href=\"https:\/\/www.coe.int\/fr\/web\/conventions\/full-list?module=declarations-by-treaty&amp;numSte=177&amp;codeNature=1&amp;codePays=SAN\" target=\"_blank\" rel=\"noopener\">fra<\/a>]<\/td>\r\n<td>[<a title=\"Anvendelsesomr\u00e5der: notifikationer (p\u00e5 engelsk)\" href=\"https:\/\/www.coe.int\/en\/web\/conventions\/full-list?module=declarations-by-treaty&amp;numSte=177&amp;codeNature=4&amp;codePays=SAN\" target=\"_blank\" rel=\"noopener\">eng<\/a>] [<a title=\"Anvendelsesomr\u00e5der: notifikationer (p\u00e5 fransk)\" href=\"https:\/\/www.coe.int\/fr\/web\/conventions\/full-list?module=declarations-by-treaty&amp;numSte=177&amp;codeNature=4&amp;codePays=SAN\" target=\"_blank\" rel=\"noopener\">fra<\/a>]<\/td>\r\n<td>[<a title=\"Kommunikation (p\u00e5 engelsk)\" href=\"https:\/\/www.coe.int\/en\/web\/conventions\/full-list?module=declarations-by-treaty&amp;numSte=177&amp;codeNature=5&amp;codePays=SAN\" target=\"_blank\" rel=\"noopener\">eng<\/a>] [<a title=\"Kommunikation (p\u00e5 fransk)\" href=\"https:\/\/www.coe.int\/fr\/web\/conventions\/full-list?module=declarations-by-treaty&amp;numSte=177&amp;codeNature=5&amp;codePays=SAN\" target=\"_blank\" rel=\"noopener\">fra<\/a>]<\/td>\r\n<\/tr>\r\n<tr>\r\n<td>Serbien<\/td>\r\n<td>03.04.2003<a class=\"paddingleft2px\" title=\"Datoer for undertegnelse og ratificering af statsunionen Serbien og Montenegro.\" href=\"#fn1\"><sup style=\"cursor:help\">1<\/sup><\/a><\/td>\r\n<td>03.03.2004<a class=\"paddingleft2px\" title=\"Datoer for undertegnelse og ratificering af statsunionen Serbien og Montenegro.\" href=\"#fn1\"><sup style=\"cursor:help\">1<\/sup><\/a><\/td>\r\n<td>01.04.2005<\/td>\r\n<td>[<a title=\"Notifikationer og opsigelse (p\u00e5 engelsk)\" href=\"https:\/\/www.coe.int\/en\/web\/conventions\/full-list?module=declarations-by-treaty&amp;numSte=177&amp;codeNature=1&amp;codePays=SAM\" target=\"_blank\" rel=\"noopener\">eng<\/a>] [<a title=\"Notifikationer og opsigelse (p\u00e5 fransk)\" href=\"https:\/\/www.coe.int\/fr\/web\/conventions\/full-list?module=declarations-by-treaty&amp;numSte=177&amp;codeNature=1&amp;codePays=SAM\" target=\"_blank\" rel=\"noopener\">fra<\/a>]<\/td>\r\n<td>[<a title=\"Anvendelsesomr\u00e5der: notifikationer (p\u00e5 engelsk)\" href=\"https:\/\/www.coe.int\/en\/web\/conventions\/full-list?module=declarations-by-treaty&amp;numSte=177&amp;codeNature=4&amp;codePays=SAM\" target=\"_blank\" rel=\"noopener\">eng<\/a>] [<a title=\"Anvendelsesomr\u00e5der: notifikationer (p\u00e5 fransk)\" href=\"https:\/\/www.coe.int\/fr\/web\/conventions\/full-list?module=declarations-by-treaty&amp;numSte=177&amp;codeNature=4&amp;codePays=SAM\" target=\"_blank\" rel=\"noopener\">fra<\/a>]<\/td>\r\n<td>[<a title=\"Kommunikation (p\u00e5 engelsk)\" href=\"https:\/\/www.coe.int\/en\/web\/conventions\/full-list?module=declarations-by-treaty&amp;numSte=177&amp;codeNature=5&amp;codePays=SAM\" target=\"_blank\" rel=\"noopener\">eng<\/a>] [<a title=\"Kommunikation (p\u00e5 fransk)\" href=\"https:\/\/www.coe.int\/fr\/web\/conventions\/full-list?module=declarations-by-treaty&amp;numSte=177&amp;codeNature=5&amp;codePays=SAM\" target=\"_blank\" rel=\"noopener\">fra<\/a>]<\/td>\r\n<\/tr>\r\n<tr>\r\n<td>Slovakiet<\/td>\r\n<td>04.11.2000<\/td>\r\n<td>nej<\/td>\r\n<td>nej<\/td>\r\n<td><\/td>\r\n<td><\/td>\r\n<td><\/td>\r\n<\/tr>\r\n<tr>\r\n<td>Slovenien<\/td>\r\n<td>07.03.2001<\/td>\r\n<td>07.07.2010<\/td>\r\n<td>01.11.2010<\/td>\r\n<td>[<a title=\"Notifikationer og opsigelse (p\u00e5 engelsk)\" href=\"https:\/\/www.coe.int\/en\/web\/conventions\/full-list?module=declarations-by-treaty&amp;numSte=177&amp;codeNature=1&amp;codePays=SLO\" target=\"_blank\" rel=\"noopener\">eng<\/a>] [<a title=\"Notifikationer og opsigelse (p\u00e5 fransk)\" href=\"https:\/\/www.coe.int\/fr\/web\/conventions\/full-list?module=declarations-by-treaty&amp;numSte=177&amp;codeNature=1&amp;codePays=SLO\" target=\"_blank\" rel=\"noopener\">fra<\/a>]<\/td>\r\n<td>[<a title=\"Anvendelsesomr\u00e5der: notifikationer (p\u00e5 engelsk)\" href=\"https:\/\/www.coe.int\/en\/web\/conventions\/full-list?module=declarations-by-treaty&amp;numSte=177&amp;codeNature=4&amp;codePays=SLO\" target=\"_blank\" rel=\"noopener\">eng<\/a>] [<a title=\"Anvendelsesomr\u00e5der: notifikationer (p\u00e5 fransk)\" href=\"https:\/\/www.coe.int\/fr\/web\/conventions\/full-list?module=declarations-by-treaty&amp;numSte=177&amp;codeNature=4&amp;codePays=SLO\" target=\"_blank\" rel=\"noopener\">fra<\/a>]<\/td>\r\n<td>[<a title=\"Kommunikation (p\u00e5 engelsk)\" href=\"https:\/\/www.coe.int\/en\/web\/conventions\/full-list?module=declarations-by-treaty&amp;numSte=177&amp;codeNature=5&amp;codePays=SLO\" target=\"_blank\" rel=\"noopener\">eng<\/a>] [<a title=\"Kommunikation (p\u00e5 fransk)\" href=\"https:\/\/www.coe.int\/fr\/web\/conventions\/full-list?module=declarations-by-treaty&amp;numSte=177&amp;codeNature=5&amp;codePays=SLO\" target=\"_blank\" rel=\"noopener\">fra<\/a>]<\/td>\r\n<\/tr>\r\n<tr>\r\n<td>Spanien<\/td>\r\n<td>04.10.2005<\/td>\r\n<td>13.02.2008<\/td>\r\n<td>01.06.2008<\/td>\r\n<td>[<a title=\"Notifikationer og opsigelse (p\u00e5 engelsk)\" href=\"https:\/\/www.coe.int\/en\/web\/conventions\/full-list?module=declarations-by-treaty&amp;numSte=177&amp;codeNature=1&amp;codePays=SPA\" target=\"_blank\" rel=\"noopener\">eng<\/a>] [<a title=\"Notifikationer og opsigelse (p\u00e5 fransk)\" href=\"https:\/\/www.coe.int\/fr\/web\/conventions\/full-list?module=declarations-by-treaty&amp;numSte=177&amp;codeNature=1&amp;codePays=SPA\" target=\"_blank\" rel=\"noopener\">fra<\/a>]<\/td>\r\n<td>[<a title=\"Anvendelsesomr\u00e5der: notifikationer (p\u00e5 engelsk)\" href=\"https:\/\/www.coe.int\/en\/web\/conventions\/full-list?module=declarations-by-treaty&amp;numSte=177&amp;codeNature=4&amp;codePays=SPA\" target=\"_blank\" rel=\"noopener\">eng<\/a>] [<a title=\"Anvendelsesomr\u00e5der: notifikationer (p\u00e5 fransk)\" href=\"https:\/\/www.coe.int\/fr\/web\/conventions\/full-list?module=declarations-by-treaty&amp;numSte=177&amp;codeNature=4&amp;codePays=SPA\" target=\"_blank\" rel=\"noopener\">fra<\/a>]<\/td>\r\n<td>[<a title=\"Kommunikation (p\u00e5 engelsk)\" href=\"https:\/\/www.coe.int\/en\/web\/conventions\/full-list?module=declarations-by-treaty&amp;numSte=177&amp;codeNature=5&amp;codePays=SPA\" target=\"_blank\" rel=\"noopener\">eng<\/a>] [<a title=\"Kommunikation (p\u00e5 fransk)\" href=\"https:\/\/www.coe.int\/fr\/web\/conventions\/full-list?module=declarations-by-treaty&amp;numSte=177&amp;codeNature=5&amp;codePays=SPA\" target=\"_blank\" rel=\"noopener\">fra<\/a>]<\/td>\r\n<\/tr>\r\n<tr>\r\n<td>Sverige<\/td>\r\n<td>nej<\/td>\r\n<td>nej<\/td>\r\n<td>nej<\/td>\r\n<td><\/td>\r\n<td><\/td>\r\n<td><\/td>\r\n<\/tr>\r\n<tr>\r\n<td>Schweiz<\/td>\r\n<td>nej<\/td>\r\n<td>nej<\/td>\r\n<td>nej<\/td>\r\n<td><\/td>\r\n<td><\/td>\r\n<td><\/td>\r\n<\/tr>\r\n<tr>\r\n<td>Tyrkiet<\/td>\r\n<td>18.04.2001<\/td>\r\n<td>nej<\/td>\r\n<td>nej<\/td>\r\n<td><\/td>\r\n<td><\/td>\r\n<td><\/td>\r\n<\/tr>\r\n<tr>\r\n<td>Ukraine<\/td>\r\n<td>04.11.2000<\/td>\r\n<td>27.03.2006<\/td>\r\n<td>01.07.2006<\/td>\r\n<td>[<a title=\"Notifikationer og opsigelse (p\u00e5 engelsk)\" href=\"https:\/\/www.coe.int\/en\/web\/conventions\/full-list?module=declarations-by-treaty&amp;numSte=177&amp;codeNature=1&amp;codePays=U\" target=\"_blank\" rel=\"noopener\">eng<\/a>] [<a title=\"Notifikationer og opsigelse (p\u00e5 fransk)\" href=\"https:\/\/www.coe.int\/fr\/web\/conventions\/full-list?module=declarations-by-treaty&amp;numSte=177&amp;codeNature=1&amp;codePays=U\" target=\"_blank\" rel=\"noopener\">fra<\/a>]<\/td>\r\n<td>[<a title=\"Anvendelsesomr\u00e5der: notifikationer (p\u00e5 engelsk)\" href=\"https:\/\/www.coe.int\/en\/web\/conventions\/full-list?module=declarations-by-treaty&amp;numSte=177&amp;codeNature=4&amp;codePays=U\" target=\"_blank\" rel=\"noopener\">eng<\/a>] [<a title=\"Anvendelsesomr\u00e5der: notifikationer (p\u00e5 fransk)\" href=\"https:\/\/www.coe.int\/fr\/web\/conventions\/full-list?module=declarations-by-treaty&amp;numSte=177&amp;codeNature=4&amp;codePays=U\" target=\"_blank\" rel=\"noopener\">fra<\/a>]<\/td>\r\n<td>[<a title=\"Kommunikation (p\u00e5 engelsk)\" href=\"https:\/\/www.coe.int\/en\/web\/conventions\/full-list?module=declarations-by-treaty&amp;numSte=177&amp;codeNature=5&amp;codePays=U\" target=\"_blank\" rel=\"noopener\">eng<\/a>] [<a title=\"Kommunikation (p\u00e5 fransk)\" href=\"https:\/\/www.coe.int\/fr\/web\/conventions\/full-list?module=declarations-by-treaty&amp;numSte=177&amp;codeNature=5&amp;codePays=U\" target=\"_blank\" rel=\"noopener\">fra<\/a>]<\/td>\r\n<\/tr>\r\n<tr>\r\n<td>Det Forenede Kongerige<\/td>\r\n<td>nej<\/td>\r\n<td>nej<\/td>\r\n<td>nej<\/td>\r\n<td><\/td>\r\n<td><\/td>\r\n<td><\/td>\r\n<\/tr>\r\n<\/tbody>\r\n<\/table>\r\n<\/div>\r\n<p class=\"marginbottomzero\" id=\"fn1\"><sup>1<\/sup> Datoer for undertegnelse og ratificering af statsunionen Serbien og Montenegro.<\/p>\r\n<p class=\"marginbottomzero\" id=\"fn2\"><sup>2<\/sup> I overensstemmelse med resolution CM\/Res(2022)3 vedtaget af Ministerudvalget den 23.03.2022 oph\u00f8rte Den Russiske F\u00f8deration med at v\u00e6re part i traktaten ETS nr. 5 den 16.09.2022. Den Russiske F\u00f8deration oph\u00f8rte derfor med at v\u00e6re underskriver af protokollen ogs\u00e5 den 16.09.2022.<\/p><\/div><\/div>\r\n<p style=\"text-align: right;\">ETS (STE) nr. 177<\/p>\r\n<h1 style=\"text-align: center;\"><span class=\"line_break\">Protokol nr. 12<\/span> <span class=\"line_break\">til Konventionen til beskyttelse af menneskerettigheder og grundl\u00e6ggende frihedsrettigheder<\/span><\/h1>\r\n<p style=\"text-align: center;\">Rom, 4.XI.2000<\/p>\r\n<div class=\"su-spoiler su-spoiler-style-default su-spoiler-icon-plus h-toaccordion includetocloseall su-spoiler-closed\" data-anchor=\"pr%C3%A6ambel\" data-scroll-offset=\"50\" data-anchor-in-url=\"yes\"><div class=\"su-spoiler-title\" tabindex=\"0\" role=\"button\"><span class=\"su-spoiler-icon\"><\/span><h2>Pr\u00e6ambel<\/h2><\/div><div class=\"su-spoiler-content su-u-clearfix su-u-trim\">\r\n<p>Europar\u00e5dets medlemsstater, der har undertegnet n\u00e6rv\u00e6rende protokol,<\/p>\r\n<p>under hensyntagen til det grundl\u00e6ggende princip, if\u00f8lge hvilket alle mennesker er lige foran loven og har ret til en lige beskyttelse gennem loven;<\/p>\r\n<p>besluttet p\u00e5 at tr\u00e6ffe nye forholdsregler til at fremme alles lighed gennem kollektiv sikring af et generelt forbud mod diskrimination gennem <a title=\"Konvention til beskyttelse af menneskerettigheder og grundl\u00e6ggende frihedsrettigheder\" href=\"https:\/\/europeancourt.org\/da\/dokumenter\/europar%c3%a5det\/den-europ%c3%a6iske-menneskerettighedskonvention\/\">Konventionen til beskyttelse af menneskerettighederne og de grundl\u00e6ggende frihedsrettigheder<\/a>, underskrevet i Rom den 4. november 1950 (herefter kaldet \u00bbKonventionen\u00ab);<\/p>\r\n<p>med fornyet bekr\u00e6ftelse at, at princippet om ikke-diskrimination ikke forhindrer Medlemsstaterne i at tr\u00e6ffe forholdsregler til at fremme fuld og reel lighed, p\u00e5 betingelse af, at forholdsreglerne beror p\u00e5 en objektiv og fornuftig begrundelse,<\/p>\r\n<p>er blevet enige om f\u00f8lgende:<\/p><\/div><\/div>\r\n<div class=\"su-spoiler su-spoiler-style-default su-spoiler-icon-plus h-toaccordion includetocloseall\" data-anchor=\"artikel-1\" data-scroll-offset=\"50\" data-anchor-in-url=\"yes\"><div class=\"su-spoiler-title\" tabindex=\"0\" role=\"button\"><span class=\"su-spoiler-icon\"><\/span><h2>Artikel 1<br>\r\nGenerelt forbud mod diskrimination<\/h2><\/div><div class=\"su-spoiler-content su-u-clearfix su-u-trim\">\r\n<p>1. Nydelsen af enhver i loven forudset ret skal sikres uden nogen diskrimination, navnlig p\u00e5 grund af k\u00f8n, race, hudfarve, sprog, religion, politiske meninger eller enhver anden mening, national eller social herkomst, tilh\u00f8righed til et nationalt mindretal, formue, f\u00f8dsel eller enhver anden situation.<\/p>\r\n<p>2. Ingen kan blive til genstand for diskrimination fra en offentlig myndighed, uanset hvilken, navnlig p\u00e5 grund af de i paragraf 1 n\u00e6vnte motiver.<\/p><\/div><\/div>\r\n<div class=\"su-spoiler su-spoiler-style-default su-spoiler-icon-plus h-toaccordion includetocloseall su-spoiler-closed\" data-anchor=\"artikel-2\" data-scroll-offset=\"50\" data-anchor-in-url=\"yes\"><div class=\"su-spoiler-title\" tabindex=\"0\" role=\"button\"><span class=\"su-spoiler-icon\"><\/span><h2>Artikel 2<br>\r\nAnvendelsesomr\u00e5der<\/h2><\/div><div class=\"su-spoiler-content su-u-clearfix su-u-trim\">\r\n<p>1. Enhver stat kan ved undertegnelsen eller ved aflevering af sit ratificerings-, accepterings- eller godkendelsesdokument angive det eller de omr\u00e5der, hvor n\u00e6rv\u00e6rende Protokol vil blive anvendt.<\/p>\r\n<p>2. Enhver stat kan p\u00e5 ethvert andet efterf\u00f8lgende tidspunkt ved erkl\u00e6ring til Europar\u00e5dets Generalsekret\u00e6r udvide anvendelsen af n\u00e6rv\u00e6rende Protokol til ethvert andet i erkl\u00e6ringen angivet omr\u00e5de. Protokollen vil tr\u00e6de i kraft i dette omr\u00e5de den f\u00f8rste dag i den m\u00e5ned, der f\u00f8lger udl\u00f8bet af en periode p\u00e5 tre m\u00e5neder efter datoen for Generalsekret\u00e6rens modtagelse af erkl\u00e6ringen.<\/p>\r\n<p>3. Enhver erkl\u00e6ring indbragt i kraft af de to f\u00f8rn\u00e6vnte paragraffer vil kunne tilbagetr\u00e6kkes eller \u00e6ndres, hvad ang\u00e5r ethvert i erkl\u00e6ringen angivet territorium, ved forkyndelse til Europar\u00e5dets Generalsekret\u00e6r. Tilbagetr\u00e6kningen eller \u00e6ndringen vil f\u00e5 virkning den f\u00f8rste dag i den m\u00e5ned, der f\u00f8lger udl\u00f8bet af en periode p\u00e5 tre m\u00e5neder efter datoen for Generalsekret\u00e6rens modtagelse af erkl\u00e6ringen.<\/p>\r\n<p>4. En erkl\u00e6ring afgivet i overensstemmelse med denne Artikel skal anses for afgivet i overensstemmelse med <a title=\"Artikel 56 i Konventionen til beskyttelse af menneskerettigheder og grundl\u00e6ggende frihedsrettigheder\" href=\"https:\/\/europeancourt.org\/da\/dokumenter\/europar%c3%a5det\/den-europ%c3%a6iske-menneskerettighedskonvention\/#artikel-56\">Artikel 56<\/a> stk. 1, i Konventionen.<\/p>\r\n<p>5. Enhver stat, der har indbragt en erkl\u00e6ring i overensstemmelse med paragraf 1 eller 2 i n\u00e6rv\u00e6rende artikel, kan p\u00e5 et ethvert efterf\u00f8lgende tidspunkt vedr\u00f8rende et eller flere af de i erkl\u00e6ringen betegnede omr\u00e5der erkl\u00e6re, at den accepterer Domstolens myndighed til at d\u00f8mme i klager fra fysiske personer, ikkeregerings- organisationer eller individuelle grupper, som forudset i <a title=\"Artikel 34 i Konventionen til beskyttelse af menneskerettigheder og grundl\u00e6ggende frihedsrettigheder\" href=\"https:\/\/europeancourt.org\/da\/dokumenter\/europar%c3%a5det\/den-europ%c3%a6iske-menneskerettighedskonvention\/#artikel-34\">Konventionens Artikel 34,<\/a> i henhold til artikel 1 i n\u00e6rv\u00e6rende Protokol.<\/p><\/div><\/div>\r\n<div class=\"su-spoiler su-spoiler-style-default su-spoiler-icon-plus h-toaccordion includetocloseall su-spoiler-closed\" data-anchor=\"artikel-3\" data-scroll-offset=\"50\" data-anchor-in-url=\"yes\"><div class=\"su-spoiler-title\" tabindex=\"0\" role=\"button\"><span class=\"su-spoiler-icon\"><\/span><h2>Artikel 3<br>\r\nForhold til Konventionen<\/h2><\/div><div class=\"su-spoiler-content su-u-clearfix su-u-trim\">\r\n<p>Medlemsstaterne betragter artikel 1 og 2 i n\u00e6rv\u00e6rende Protokol som supplerende artikler til <a title=\"Konvention til beskyttelse af menneskerettigheder og grundl\u00e6ggende frihedsrettigheder\" href=\"https:\/\/europeancourt.org\/da\/dokumenter\/europar%c3%a5det\/den-europ%c3%a6iske-menneskerettighedskonvention\/\">Konventionen<\/a>, og alle Konventionens bestemmelser finder derfor anvendelse.<\/p><\/div><\/div>\r\n<div class=\"su-spoiler su-spoiler-style-default su-spoiler-icon-plus h-toaccordion includetocloseall su-spoiler-closed\" data-anchor=\"artikel-4\" data-scroll-offset=\"50\" data-anchor-in-url=\"yes\"><div class=\"su-spoiler-title\" tabindex=\"0\" role=\"button\"><span class=\"su-spoiler-icon\"><\/span><h2>Artikel 4<br>\r\nUndertegnelse og ratifikation<\/h2><\/div><div class=\"su-spoiler-content su-u-clearfix su-u-trim\">\r\n<p>Denne protokol er \u00e5ben for undertegnelse af de af Europar\u00e5dets medlemsstater, som har undertegnet <a title=\"Konvention til beskyttelse af menneskerettigheder og grundl\u00e6ggende frihedsrettigheder\" href=\"https:\/\/europeancourt.org\/da\/dokumenter\/europar%c3%a5det\/den-europ%c3%a6iske-menneskerettighedskonvention\/\">Konventionen<\/a>. Den vil blive underkastet ratificering, acceptering eller godkendelse. En medlemsstat af Europar\u00e5det kan ikke ratificere, acceptere eller godkende n\u00e6rv\u00e6rende Protokol uden samtidig eller tidligere at have ratificeret Konventionen. Ratificerings-, accepterings- eller godkendelsesdokumenterne vil blive afleveret til Europar\u00e5dets Generalsekret\u00e6r.<\/p><\/div><\/div>\r\n<div class=\"su-spoiler su-spoiler-style-default su-spoiler-icon-plus h-toaccordion includetocloseall su-spoiler-closed\" data-anchor=\"artikel-5\" data-scroll-offset=\"50\" data-anchor-in-url=\"yes\"><div class=\"su-spoiler-title\" tabindex=\"0\" role=\"button\"><span class=\"su-spoiler-icon\"><\/span><h2>Artikel 5<br>\r\nIkrafttr\u00e6den<\/h2><\/div><div class=\"su-spoiler-content su-u-clearfix su-u-trim\">\r\n<p>1. N\u00e6rv\u00e6rende Protokol vil tr\u00e6de i kraft den f\u00f8rste dag i den m\u00e5ned, der f\u00f8lger udl\u00f8bet af en periode p\u00e5 tre m\u00e5neder efter den dato, hvor ti af i Europar\u00e5dets medlemsstater har udtrykt deres indvilligelse i at v\u00e6re bundet af n\u00e6rv\u00e6rende Protokol i overensstemmelse med bestemmelserne i Protokollens artikel 4.<\/p>\r\n<p>2. For enhver medlemsstat, der senere udtrykker sin indvilligelse i at v\u00e6re bundet af n\u00e6rv\u00e6rende Protokol, vil denne tr\u00e6de i kraft den f\u00f8rste dag i den m\u00e5ned, der f\u00f8lger udl\u00f8bet af en periode p\u00e5 tre m\u00e5neder efter den dato, hvor ratificerings-, accepterings- eller godkendelsesdokumentet afleveres.<\/p><\/div><\/div>\r\n<div class=\"su-spoiler su-spoiler-style-default su-spoiler-icon-plus h-toaccordion includetocloseall su-spoiler-closed\" data-anchor=\"artikel-6\" data-scroll-offset=\"50\" data-anchor-in-url=\"yes\"><div class=\"su-spoiler-title\" tabindex=\"0\" role=\"button\"><span class=\"su-spoiler-icon\"><\/span><h2>Artikel 6<br>\r\nDeponering<\/h2><\/div><div class=\"su-spoiler-content su-u-clearfix su-u-trim\">\r\n<p>Europar\u00e5dets generalsekret\u00e6r skal underrette alle Europar\u00e5dets medlemsstater om:<\/p>\r\n<p style=\"padding-left: 40px;\">a) enhver undertegnelse;<\/p>\r\n<p style=\"padding-left: 40px;\">b) enhver deponering af ratifikations-, accept- eller godkendelses-instrument;<\/p>\r\n<p style=\"padding-left: 40px;\">c) enhver dato for ikrafttr\u00e6den af n\u00e6rv\u00e6rende Protokol i overensstemmelse med dennes artikel 2 og 5;<\/p>\r\n<p style=\"padding-left: 40px;\">d) enhver anden handling, bekendtg\u00f8relse eller meddelelse i forbindelse med denne protokol.<\/p>\r\n<p>Til bekr\u00e6ftelse heraf har de nedenst\u00e5ende, som er beh\u00f8rigt befuldm\u00e6gtiget dertil, undertegnet denne protokol.<\/p>\r\n<p class=\"margin-top-two\">Udstedt I Rom, den 4. November 2000, p\u00e5 <a title=\"Protokol nr. 12 til Konventionen til beskyttelse af menneskerettigheder og grundl\u00e6ggende frihedsrettigheder (p\u00e5 fransk)\" href=\"https:\/\/europeancourt.org\/fr\/documents\/conseil-de-leurope\/convention-europ%C3%A9enne-des-droits-de-lhomme\/protocole-no12\/\">fransk<\/a> og <a title=\"Protokol nr. 12 til Konventionen til beskyttelse af menneskerettigheder og grundl\u00e6ggende frihedsrettigheder (p\u00e5 engelsk)\" href=\"https:\/\/europeancourt.org\/en\/documents\/council-of-europe\/convention-for-the-protection-of-human-rights\/protocol-no12\/\">engelsk<\/a>, med samme gyldighed for disse to tekster, i et unikt eksemplar, der vil blive henlagt i Europar\u00e5dets arkiver. Europar\u00e5dets generalsekret\u00e6r skal fremsende bekr\u00e6ftede genparter til hver af Europar\u00e5dets medlemsstater.<\/p><\/div><\/div>\r\n<\/div>","protected":false},"excerpt":{"rendered":"Kun den engelske og den franske udgave af protokollen er autentiske. Denne overs\u00e6ttelse er ikke en officiel version. Udvid alle Skjul alle","protected":false},"author":1,"featured_media":182691,"parent":40846,"menu_order":0,"comment_status":"closed","ping_status":"closed","template":"","meta":{"footnotes":""},"categories":[],"tags":[],"class_list":["post-149521","page","type-page","status-publish","has-post-thumbnail","hentry"],"_links":{"self":[{"href":"https:\/\/europeancourt.org\/da\/wp-json\/wp\/v2\/pages\/149521","targetHints":{"allow":["GET"]}}],"collection":[{"href":"https:\/\/europeancourt.org\/da\/wp-json\/wp\/v2\/pages"}],"about":[{"href":"https:\/\/europeancourt.org\/da\/wp-json\/wp\/v2\/types\/page"}],"author":[{"embeddable":true,"href":"https:\/\/europeancourt.org\/da\/wp-json\/wp\/v2\/users\/1"}],"replies":[{"embeddable":true,"href":"https:\/\/europeancourt.org\/da\/wp-json\/wp\/v2\/comments?post=149521"}],"version-history":[{"count":2,"href":"https:\/\/europeancourt.org\/da\/wp-json\/wp\/v2\/pages\/149521\/revisions"}],"predecessor-version":[{"id":225100,"href":"https:\/\/europeancourt.org\/da\/wp-json\/wp\/v2\/pages\/149521\/revisions\/225100"}],"up":[{"embeddable":true,"href":"https:\/\/europeancourt.org\/da\/wp-json\/wp\/v2\/pages\/40846"}],"wp:featuredmedia":[{"embeddable":true,"href":"https:\/\/europeancourt.org\/da\/wp-json\/wp\/v2\/media\/182691"}],"wp:attachment":[{"href":"https:\/\/europeancourt.org\/da\/wp-json\/wp\/v2\/media?parent=149521"}],"wp:term":[{"taxonomy":"category","embeddable":true,"href":"https:\/\/europeancourt.org\/da\/wp-json\/wp\/v2\/categories?post=149521"},{"taxonomy":"post_tag","embeddable":true,"href":"https:\/\/europeancourt.org\/da\/wp-json\/wp\/v2\/tags?post=149521"}],"curies":[{"name":"wp","href":"https:\/\/api.w.org\/{rel}","templated":true}]}}