{"id":225231,"date":"2026-04-26T14:47:57","date_gmt":"2026-04-26T12:47:57","guid":{"rendered":"https:\/\/europeancourt.org\/ydelser\/emrd\/verificering-af-udfyldte-emd-klageformularer\/"},"modified":"2026-04-26T14:08:48","modified_gmt":"2026-04-26T12:08:48","slug":"verificering-af-udfyldte-emd-klageformularer","status":"publish","type":"page","link":"https:\/\/europeancourt.org\/da\/ydelser\/emrd\/verificering-af-udfyldte-emd-klageformularer\/","title":{"rendered":"Verificering af udfyldte EMD-klageformularer"},"content":{"rendered":"<div id=\"ec-checking-page\" class=\"checking-page\">\n<div class=\"checking-screen checking-screen-1\" id=\"ec-checking-screen-1\">\n<div class=\"mywpcf7cf\">Hvis du beder mig om at kontrollere formularen, gennemg\u00e5r jeg den for at se, om den indeholder nogen af fejlene nedenfor. Listen bygger p\u00e5 EMD&#8217;s krav og p\u00e5 min egen praksis med at udarbejde og kontrollere klager.<\/div>\n<div class=\"checking-errors-frame\">\n<div class=\"checking-errors-scroll checking-richtext\">\n<p class=\"checking-group-heading\">I. Fejl, som kan f\u00f8re til, at EMD ikke antager klagen<\/p>\n<p class=\"checking-item-heading\">1. Fejl ved brugen af klageformularen<\/p>\n<ul class=\"vlist\">\n<li class=\"vitem\">der er brugt en for\u00e6ldet version af formularen; eller<\/li>\n<li class=\"vitem\">klagen er indgivet uden brug af formularen.<\/li>\n<\/ul>\n<p>Der er dog undtagelser. EMD kan kun helt undtagelsesvis antage en klage, der er indgivet uden brug af formularen, is\u00e6r hvis der i stedet for en udfyldt gyldig formular er indgivet en anmodning om en midlertidig foranstaltning, som i det mindste umiddelbart virker begrundet. Det beror dog helt p\u00e5 EMD&#8217;s sk\u00f8n, s\u00e5 jeg anbefaler p\u00e5 det kraftigste ikke at regne med denne undtagelse.<\/p>\n<p class=\"checking-item-heading\">2. Fejl ved udfyldelsen af afsnit \u00bbA. Klager\u00ab<\/p>\n<ul class=\"vlist\">\n<li class=\"vitem\">hvis klageren er en privatperson: felterne 1-9 er ikke udfyldt eller er udfyldt forkert.<\/li>\n<li class=\"vitem\">hvis klageren er en organisation: felterne 10-16 er ikke udfyldt eller er udfyldt forkert.<\/li>\n<li class=\"vitem\">hvis der er flere klagere:\n<ul class=\"vlist\">\n<li class=\"vitem\">oplysningerne om den anden og hver efterf\u00f8lgende klager er ikke givet p\u00e5 et s\u00e6rskilt ark med fortl\u00f8bende numre til klagerne;<\/li>\n<li class=\"vitem\">hvis klagernes sager bygger p\u00e5 forskellige faktiske omst\u00e6ndigheder: der er indsendt \u00e9n f\u00e6lles formular i stedet for en s\u00e6rskilt formular for hver klager.<\/li>\n<\/ul>\n<\/li>\n<li class=\"vitem\">hvis der er mere end ti klagere:\n<ul class=\"vlist\">\n<li class=\"vitem\">der er ikke vedlagt formularen en tabel med oplysninger om alle klagerne;<\/li>\n<li class=\"vitem\">hvis der er udpeget en advokat som repr\u00e6sentant: der er ikke vedlagt formularen en elektronisk version af tabellen.<\/li>\n<\/ul>\n<\/li>\n<\/ul>\n<p class=\"checking-item-heading\">3. Fejl ved udfyldelsen af afsnit \u00bbB. Stat(er), klagen er rettet mod\u00ab<\/p>\n<ul class=\"vlist\">\n<li class=\"vitem\">der er ikke sat kryds i felt 17 ved navnet p\u00e5 hver stat, klagen er rettet mod.<\/li>\n<\/ul>\n<p class=\"checking-item-heading\">4. Fejl ved udfyldelsen af afsnit \u00bbC. Den individuelle klagers repr\u00e6sentant(er)\u00ab<\/p>\n<ul class=\"vlist\">\n<li class=\"vitem\">hvis klageren er en privatperson og har udpeget en repr\u00e6sentant:\n<ul class=\"vlist\">\n<li class=\"vitem\">felterne 34 og 36 er ikke udfyldt eller er udfyldt forkert; eller<\/li>\n<li class=\"vitem\">der mangler klagerens egenh\u00e6ndige underskrift i felt 33; eller<\/li>\n<li class=\"vitem\">der mangler repr\u00e6sentantens egenh\u00e6ndige underskrift i felt 35;<\/li>\n<li class=\"vitem\">hvis repr\u00e6sentanten ikke er advokat: felterne 18-25 er ikke udfyldt eller er udfyldt forkert;<\/li>\n<li class=\"vitem\">hvis repr\u00e6sentanten er advokat: felterne 26-32 er ikke udfyldt eller er udfyldt forkert.<\/li>\n<\/ul>\n<\/li>\n<\/ul>\n<p>Der findes dog undtagelser. En s\u00e6rskilt fuldmagt kan blive accepteret, hvis der gives en overbevisende forklaring p\u00e5 uoverstigelige praktiske vanskeligheder, som gjorde det umuligt at udfylde og underskrive afsnittet \u00bbBemyndigelse\u00ab i selve formularen. For felterne 53-56 kan en s\u00e6rskilt fuldmagt ogs\u00e5 blive accepteret, hvis klageren er en organisation, og der gives en overbevisende forklaring p\u00e5 s\u00e5danne uoverstigelige praktiske vanskeligheder.<\/p>\n<p class=\"checking-item-heading\">5. Fejl ved udfyldelsen af afsnit \u00bbD. Den klagende organisations repr\u00e6sentant(er)\u00ab<\/p>\n<ul class=\"vlist\">\n<li class=\"vitem\">uanset om afsnit D.2 er udfyldt, er felterne 38-45 ikke udfyldt eller er udfyldt forkert.<\/li>\n<li class=\"vitem\">\u0415\u0441\u043b\u0438 \u0437\u0430\u044f\u0432\u0438\u0442\u0435\u043b\u044c &ndash; \u043e\u0440\u0433\u0430\u043d\u0438\u0437\u0430\u0446\u0438\u044f \u0438 \u043d\u0430\u0437\u043d\u0430\u0447\u0438\u043b \u043f\u0440\u0435\u0434\u0441\u0442\u0430\u0432\u0438\u0442\u0435\u043b\u044f &ndash; \u0430\u0434\u0432\u043e\u043a\u0430\u0442\u0430 \u0438\u043b\u0438 \u044e\u0440\u0438\u0441\u0442\u0430:\n<ul class=\"vlist\">\n<li class=\"vitem\">felterne 46-52 er ikke udfyldt eller er udfyldt forkert;<\/li>\n<li class=\"vitem\">\u0435\u0441\u043b\u0438 \u043f\u0440\u0435\u0434\u0441\u0442\u0430\u0432\u0438\u0442\u0435\u043b\u044c \u043f\u0440\u0438 \u044d\u0442\u043e\u043c \u043d\u0435 \u044f\u0432\u043b\u044f\u0435\u0442\u0441\u044f \u0434\u043e\u043b\u0436\u043d\u043e\u0441\u0442\u043d\u044b\u043c \u043b\u0438\u0446\u043e\u043c \u043e\u0440\u0433\u0430\u043d\u0438\u0437\u0430\u0446\u0438\u0438:\n<ul class=\"vlist\">\n<li class=\"vitem\">felterne 54 og 56 er ikke udfyldt eller er udfyldt forkert; eller<\/li>\n<li class=\"vitem\">der mangler den klagende organisations egenh\u00e6ndige underskrift i felt 53; eller<\/li>\n<li class=\"vitem\">der mangler repr\u00e6sentantens egenh\u00e6ndige underskrift i felt 55.<\/li>\n<\/ul>\n<\/li>\n<\/ul>\n<\/li>\n<\/ul>\n<p class=\"checking-item-heading\">6. Fejl ved udfyldelsen af afsnit \u00bbE. Redeg\u00f8relse for sagens omst\u00e6ndigheder\u00ab<\/p>\n<ul class=\"vlist\">\n<li class=\"vitem\">i felterne 58-60 er de faktiske omst\u00e6ndigheder, der er afg\u00f8rende for den p\u00e5st\u00e5ede kr\u00e6nkelse, ikke beskrevet fuldst\u00e6ndigt, herunder n\u00e5r redeg\u00f8relsen forts\u00e6tter uden for disse felter.<\/li>\n<\/ul>\n<p>hvis der i afsnit F i formularen er anf\u00f8rt flere kr\u00e6nkelser, vurderes opfyldelsen af kravene i punkt 6-8 s\u00e6rskilt for hver af dem.<\/p>\n<p>Bem\u00e6rk. De faktiske omst\u00e6ndigheder, der er afg\u00f8rende for kr\u00e6nkelsen, fastl\u00e6gges som regel ved en systematisk analyse af EMD&#8217;s praksis. Her og nedenfor betyder EMD&#8217;s praksis den aktuelle praksis om det p\u00e5g\u00e6ldende sp\u00f8rgsm\u00e5l. Analysen begynder normalt med n\u00f8glesager og g\u00e5r derefter videre til sager, der i EMD&#8217;s praksisdatabase er markeret med h\u00f8j eller middel betydning. Det kan ogs\u00e5 v\u00e6re nyttigt at se p\u00e5 sager med lav betydning, is\u00e6r om den indklagede stat, s\u00e5 vigtige nuancer ikke overses. Den fulde database over EMD&#8217;s praksis findes kun p\u00e5 engelsk og fransk, og overs\u00e6ttelser til andre sprog er altid ufuldst\u00e6ndige og ofte upr\u00e6cise.<\/p>\n<p class=\"checking-item-heading\">7. Fejl ved udfyldelsen af afsnit \u00bbF. Erkl\u00e6ring om p\u00e5st\u00e5et kr\u00e6nkelse (p\u00e5st\u00e5ede kr\u00e6nkelser) af Konventionen og\/eller Protokollerne og de p\u00e5g\u00e6ldende argumenter\u00ab<\/p>\n<ul class=\"vlist\">\n<li class=\"vitem\">i felterne 61-62:\n<ul class=\"vlist\">\n<li class=\"vitem\">er de artikler i Konventionen eller dens Protokoller, som klageren p\u00e5ber\u00e5ber sig, ikke angivet i venstre kolonne; eller<\/li>\n<li class=\"vitem\">er det ikke forklaret i h\u00f8jre kolonne, hvorfor de beskrevne faktiske omst\u00e6ndigheder viser, at disse artikler er kr\u00e6nket.<\/li>\n<\/ul>\n<\/li>\n<\/ul>\n<p>Bem\u00e6rk. En kr\u00e6nkelse, som ikke er beskrevet korrekt i felterne 61-62, kan blive anset for ikke at v\u00e6re p\u00e5ber\u00e5bt. Forklaringer giver kun mening, hvis de stemmer overens med EMD&#8217;s praksis.<\/p>\n<p class=\"checking-item-heading\">8. Fejl ved udfyldelsen af afsnit \u00bbG. Opfyldelse af antagelseskravene beskrevet i Artikel 35 \u00a7 1 i Konventionen\u00ab<\/p>\n<ul class=\"vlist\">\n<li class=\"vitem\">bortset fra tilf\u00e6lde, hvor klageren udtrykkeligt har oplyst, at der ikke er brugt nogen klagemuligheder mod kr\u00e6nkelsen, mangler der i felt 63 oplysninger:\n<ul class=\"vlist\">\n<li class=\"vitem\">om de klagemuligheder, der er benyttet; eller<\/li>\n<li class=\"vitem\">om de afg\u00f8relser, der er truffet efter brugen af dem, herunder datoerne for den endelige afg\u00f8relse, dens forkyndelse eller modtagelse, sagsnumre, de organer der traf afg\u00f8relserne, og afg\u00f8relsestypen.<\/li>\n<\/ul>\n<\/li>\n<li class=\"vitem\">der er ikke sat kryds ved hverken \u00bbJa\u00ab eller \u00bbNej\u00ab i felt 64.<\/li>\n<li class=\"vitem\">hvis der er sat kryds ved \u00bbJa\u00ab i felt 64, er det i felt 65:\n<ul class=\"vlist\">\n<li class=\"vitem\">ikke angivet, hvilke klagemuligheder klageren ikke har benyttet; eller<\/li>\n<li class=\"vitem\">ikke forklaret, hvorfor klageren ikke har benyttet dem.<\/li>\n<\/ul>\n<\/li>\n<\/ul>\n<p>Bem\u00e6rk. Sp\u00f8rgsm\u00e5let om, hvilke klagemuligheder der skulle have v\u00e6ret benyttet, og hvilke der kunne undlades, kr\u00e6ver som udgangspunkt, at man unders\u00f8ger EMD&#8217;s praksis.<\/p>\n<p class=\"checking-item-heading\">9. Fejl ved udfyldelsen af afsnit \u00bbH. Oplysninger om andre internationale sagsforl\u00f8b\u00ab<\/p>\n<ul class=\"vlist\">\n<li class=\"vitem\">hvis klagen ikke har v\u00e6ret indbragt i en anden international sag med unders\u00f8gelse eller voldgift, og klageren heller ikke tidligere har indgivet klager til EMD: er der ikke sat kryds ved \u00bbNej\u00ab i felterne 66 og 68.<\/li>\n<li class=\"vitem\">hvis klagen har v\u00e6ret indbragt i en s\u00e5dan anden international sag:\n<ul class=\"vlist\">\n<li class=\"vitem\">er der ikke sat kryds ved \u00bbJa\u00ab i felt 66; eller<\/li>\n<li class=\"vitem\">er det ikke beskrevet i felt 67, hvilke klager der blev indgivet, hvor de blev indgivet, og hvorn\u00e5r og hvilken afg\u00f8relse der blev truffet.<\/li>\n<\/ul>\n<\/li>\n<li class=\"vitem\">hvis klageren tidligere har indgivet klager til EMD:\n<ul class=\"vlist\">\n<li class=\"vitem\">er der ikke sat kryds ved \u00bbJa\u00ab i felt 68; eller<\/li>\n<li class=\"vitem\">mangler numrene p\u00e5 disse klager i felt 69.<\/li>\n<\/ul>\n<\/li>\n<\/ul>\n<p class=\"checking-item-heading\">10. Fejl ved udfyldelsen af afsnit \u00bbI. Bilagsliste\u00ab<\/p>\n<ul class=\"vlist\">\n<li class=\"vitem\">mindst \u00e9t bilag er ikke angivet:\n<ul class=\"vlist\">\n<li class=\"vitem\">i felt 70; eller<\/li>\n<li class=\"vitem\">hvis der ikke er plads nok d\u00e9r: p\u00e5 et s\u00e6rskilt ark, der forts\u00e6tter den nummerering, som begynder i felt 70.<\/li>\n<\/ul>\n<\/li>\n<li class=\"vitem\">der mangler en kopi, scan eller et foto af f\u00f8lgende afg\u00f8relser og andre dokumenter, eller ogs\u00e5 er den ufuldst\u00e6ndig eller ul\u00e6selig:\n<ul class=\"vlist\">\n<li class=\"vitem\">alle afg\u00f8relser og dokumenter, der viser de foranstaltninger, der klages over;<\/li>\n<li class=\"vitem\">hvis klageren har benyttet klagemuligheder:\n<ul class=\"vlist\">\n<li class=\"vitem\">alle afg\u00f8relser, der er truffet i den forbindelse, herunder s\u00e6rskilte dokumenter med begrundelsen, hvis de blev udstedt separat;<\/li>\n<li class=\"vitem\">alle indl\u00e6g til nationale myndigheder, der er n\u00f8dvendige for at vise, at kernen i hver kr\u00e6nkelse, der er beskrevet i formularen, blev rejst p\u00e5 nationalt plan;<\/li>\n<\/ul>\n<\/li>\n<li class=\"vitem\">hvis klageren regner fristen for at indgive klagen til EMD fra datoen for forkyndelsen eller modtagelsen af den endelige afg\u00f8relse: dokumenter, der bekr\u00e6fter denne dato;<\/li>\n<li class=\"vitem\">hvis klagen har v\u00e6ret indbragt i andre internationale unders\u00f8gelses- eller voldgiftssager: de relevante dokumenter;<\/li>\n<li class=\"vitem\">hvis klageren er en organisation: dokumenter, der bekr\u00e6fter organisationens repr\u00e6sentants bemyndigelse.<\/li>\n<\/ul>\n<\/li>\n<\/ul>\n<p>Der findes dog undtagelser. En kopi af en afg\u00f8relse eller et andet dokument beh\u00f8ver ikke at blive vedlagt, hvis det i formularen forklares, at det i praksis var umuligt at f\u00e5 fat i dokumentet.<\/p>\n<p>Bem\u00e6rk. Jeg anbefaler p\u00e5 det kraftigste f\u00f8lgende:<\/p>\n<ul class=\"vlist\">\n<li class=\"vitem\">vedl\u00e6g ikke datamedier som CD-ROM&#8217;er, USB-n\u00f8gler og lignende med lydoptagelser, videooptagelser eller andre filer sammen med formularen. De faktiske omst\u00e6ndigheder, der bygger p\u00e5 s\u00e5dant materiale, skal beskrives med ord, og det skal angives, at materialet findes. Hvis det bliver n\u00f8dvendigt, vil EMD anmode om materialet s\u00e6rskilt. Et datamedie med den elektroniske version af tabellen, jf. punkt 2 ovenfor, kan derimod godt vedl\u00e6gges.<\/li>\n<li class=\"vitem\">ordne bilagene kronologisk eller, hvis der er flere sagsforl\u00f8b, efter hvert enkelt forl\u00f8b og inden for hvert forl\u00f8b kronologisk;<\/li>\n<li class=\"vitem\">s\u00e6tte fortl\u00f8bende sidenumre p\u00e5 alle bilag og i h\u00f8jre del af felt 70, og p\u00e5 det ekstra ark hvis et s\u00e5dant bruges, angive de sider, hvor hvert bilag findes, efter denne nummerering.<\/li>\n<\/ul>\n<p class=\"checking-item-heading\">11. Fejl ved udfyldelsen af afsnit \u00bbErkl\u00e6ring og underskrift\u00ab<\/p>\n<ul class=\"vlist\">\n<li class=\"vitem\">der mangler en dato i felt 72; eller<\/li>\n<li class=\"vitem\">der mangler f\u00f8lgende i felt 73:\n<ul class=\"vlist\">\n<li class=\"vitem\">for hver klager, der underskriver formularen personligt: klagerens egenh\u00e6ndige underskrift; eller<\/li>\n<li class=\"vitem\">for hver klager, hvis formular underskrives af en repr\u00e6sentant: repr\u00e6sentantens egenh\u00e6ndige underskrift.<\/li>\n<\/ul>\n<\/li>\n<\/ul>\n<p class=\"checking-item-heading\">12. Fejl ved udfyldelsen af afsnit \u00bbBekr\u00e6ftelse p\u00e5 korrespondent\u00ab<\/p>\n<ul class=\"vlist\">\n<li class=\"vitem\">hvis der er flere klagere:\n<ul class=\"vlist\">\n<li class=\"vitem\">er efternavn, fornavn(e) og adresse p\u00e5 \u00e9n korrespondent ikke angivet i felt 74;<\/li>\n<li class=\"vitem\">hvis der er udpeget en repr\u00e6sentant: st\u00e5r klagerens oplysninger i felt 74 i stedet for repr\u00e6sentantens.<\/li>\n<\/ul>\n<\/li>\n<\/ul>\n<p class=\"checking-item-heading\">13. Fejl i till\u00e6gget til formularen<\/p>\n<ul class=\"vlist\">\n<li class=\"vitem\">hvis der er vedlagt et till\u00e6g til formularen, er det:\n<ul class=\"vlist\">\n<li class=\"vitem\">l\u00e6ngere end 20 sider; eller<\/li>\n<li class=\"vitem\">ikke i overensstemmelse med formkravene &#8211; A4-ark, margener p\u00e5 mindst 3,5 cm, skrift p\u00e5 mindst 12 punkt i hovedteksten og 10 punkt i fodnoter, fortl\u00f8bende sidenummerering og fortl\u00f8bende nummerering af afsnit; eller<\/li>\n<li class=\"vitem\">indeholder till\u00e6gget faktiske omst\u00e6ndigheder, redeg\u00f8relse for kr\u00e6nkelser eller oplysninger om udt\u00f8mmelsen af klagemuligheder, som mangler i afsnit E, F og G.<\/li>\n<\/ul>\n<\/li>\n<\/ul>\n<p>Bem\u00e6rk. Till\u00e6gget til formularen er kun beregnet til supplerende oplysninger og forklaringer ud over det, der skal st\u00e5 i afsnit E, F og G. Det kan indeholde mere detaljerede oplysninger om det nationale sagsforl\u00f8b og om, hvordan de nationale myndigheder har vurderet de anbringender, der blev forelagt dem. Till\u00e6gget kan ogs\u00e5 indeholde pr\u00e6ciserende omst\u00e6ndigheder og argumenter om kr\u00e6nkelser, der allerede er beskrevet i selve formularen.<\/p>\n<p class=\"checking-item-heading\">14. Fejl ved genindsendelse af formularen til EMD<\/p>\n<ul class=\"vlist\">\n<li class=\"vitem\">Hvis formularen sendes ind igen, efter at EMD ikke har antaget klagen, skal den nye indsendelse ledsages af kopier af alle de dokumenter, der henvises til. Det er en fejl at sende manglende dokumenter eller oplysninger s\u00e6rskilt eller at undlade at vedl\u00e6gge kopier af dokumenter, som allerede tidligere er sendt til EMD.<\/li>\n<\/ul>\n<p>Bem\u00e6rk. Selv om manglen p\u00e5 disse oplysninger ikke n\u00f8dvendigvis betyder, at klagen ikke bliver antaget, anbefaler jeg p\u00e5 det kraftigste f\u00f8lgende. Hvis klageren allerede har henvendt sig til EMD om det samme sp\u00f8rgsm\u00e5l og har modtaget stregkodeetiketter, skal en s\u00e5dan etiket s\u00e6ttes i det relevante felt \u00f8verst til venstre p\u00e5 formularens f\u00f8rste side. Hvis der ikke findes s\u00e5danne etiketter, skal du i det mindste angive nummeret fra EMD&#8217;s brev i feltet til klagenummer \u00f8verst til h\u00f8jre p\u00e5 formularens f\u00f8rste side.<\/p>\n<p class=\"checking-group-heading\">II. Fejl, der \u00f8ger risikoen for, at klagen eller en del af den bliver afvist<\/p>\n<p class=\"checking-item-heading\">15. Indholdsm\u00e6ssige fejl i redeg\u00f8relsen for de p\u00e5st\u00e5ede kr\u00e6nkelser<\/p>\n<ul class=\"vlist\">\n<li class=\"vitem\">Redeg\u00f8relsen for en kr\u00e6nkelse er kritisk modstridende. Hvis der i formularens afsnit F er anf\u00f8rt flere kr\u00e6nkelser, vurderes kritisk modstrid efter punkt 15-17 s\u00e6rskilt for hver af dem. Her og nedenfor betyder \u00bbkritisk modstridende\u00ab, at f\u00f8lgende er tilf\u00e6ldet i den del, der er v\u00e6sentlig for EMD&#8217;s konklusioner:\n<ul class=\"vlist\">\n<li class=\"vitem\">redeg\u00f8relsen for de faktiske omst\u00e6ndigheder i det p\u00e5g\u00e6ldende sp\u00f8rgsm\u00e5l:\n<ul class=\"vlist\">\n<li class=\"vitem\">er indbyrdes modstridende; eller<\/li>\n<li class=\"vitem\">stemmer ikke overens med bilagene til formularen; eller<\/li>\n<\/ul>\n<\/li>\n<li class=\"vitem\">redeg\u00f8relsen for den p\u00e5st\u00e5ede kr\u00e6nkelse eller oplysningerne om opfyldelsen af det relevante antagelseskrav stemmer ikke overens med:\n<ul class=\"vlist\">\n<li class=\"vitem\">redeg\u00f8relsen for de faktiske omst\u00e6ndigheder; eller<\/li>\n<li class=\"vitem\">EMD&#8217;s praksis.<\/li>\n<\/ul>\n<\/li>\n<\/ul>\n<\/li>\n<\/ul>\n<p>Bem\u00e6rk. Selv om det ikke n\u00f8dvendigvis betyder, at klagen ikke bliver antaget, anbefaler jeg p\u00e5 det kraftigste at undg\u00e5 forkortelser, symboler og tegn, som kan g\u00f8re formularen sv\u00e6r at forst\u00e5.<\/p>\n<p class=\"checking-item-heading\">16. Indholdsm\u00e6ssige fejl i oplysningerne om klagemulighederne og fristen for at indbringe sagen for EMD<\/p>\n<ul class=\"vlist\">\n<li class=\"vitem\">f\u00f8lgende er kritisk modstridende:\n<ul class=\"vlist\">\n<li class=\"vitem\">oplysningerne om brugen af klagemuligheder eller om grundene til, at de ikke er benyttet; eller<\/li>\n<li class=\"vitem\">oplysningerne om overholdelsen af fristen for at indbringe sagen for EMD.<\/li>\n<\/ul>\n<\/li>\n<\/ul>\n<p class=\"checking-item-heading\">17. Indholdsm\u00e6ssige fejl i oplysningerne om de \u00f8vrige antagelseskrav<\/p>\n<ul class=\"vlist\">\n<li class=\"vitem\">formularen p\u00e5ber\u00e5ber sig en kr\u00e6nkelse af en protokol til Konventionen, som den indklagede stat ikke har ratificeret.<\/li>\n<li class=\"vitem\">formularen p\u00e5ber\u00e5ber sig en kr\u00e6nkelse beg\u00e5et af en stat, som ikke er part i Konventionen.<\/li>\n<li class=\"vitem\">hvis der opst\u00e5r rimelig tvivl om, hvorvidt nogen af f\u00f8lgende antagelseskrav er opfyldt, mangler formularen oplysninger om opfyldelsen af det p\u00e5g\u00e6ldende krav, eller ogs\u00e5 er de oplysninger, der er givet, kritisk modstridende:\n<ul class=\"vlist\">\n<li class=\"vitem\">den indklagede stat kan v\u00e6re ansvarlig for den beskrevne kr\u00e6nkelse;<\/li>\n<li class=\"vitem\">klageren har ret til at klage til EMD efter artikel 34 i Konventionen;<\/li>\n<li class=\"vitem\">repr\u00e6sentanten har ret til at handle uden fuldmagt, hvis formularen er underskrevet af repr\u00e6sentanten, og klageren ikke har underskrevet den hverken i felt 73 eller i afsnittet \u00bbBemyndigelse\u00ab;<\/li>\n<li class=\"vitem\">klageren var under den indklagede stats jurisdiktion;<\/li>\n<li class=\"vitem\">den beskrevne kr\u00e6nkelse fandt sted, mens Konventionen gjaldt for den indklagede stat, og &#8211; hvis rettighederne og frihederne er fastsat i en Protokol &#8211; mens den relevante Protokol var i kraft for denne stat;<\/li>\n<li class=\"vitem\">klageren havde og har fortsat status som offer for kr\u00e6nkelsen;<\/li>\n<li class=\"vitem\">klageren har lidt v\u00e6sentlig skade;<\/li>\n<li class=\"vitem\">klagen er ikke i det v\u00e6sentlige identisk med en sag, som EMD allerede har behandlet, og er ikke genstand for en anden international unders\u00f8gelses- eller voldgiftssag.<\/li>\n<\/ul>\n<\/li>\n<li class=\"vitem\">klagen viser tegn p\u00e5 misbrug af retten til at klage til EMD.<\/li>\n<\/ul>\n<\/div>\n<\/div>\n<div class=\"mywpcf7cf\">Efter kontrollen sender jeg dig en liste over de fejl, jeg har fundet, med forklaringer.<\/div>\n<div class=\"mywpcf7cf\">Mine forklaringer hj\u00e6lper dig med at rette n\u00e6sten alle de fejl, som hvert \u00e5r f\u00f8rer til, at mere end 8.000 klager ikke bliver antaget af EMD. Min erfaring viser, at de fejl kan undg\u00e5s: I l\u00f8bet af 22 \u00e5r har EMD antaget hver eneste af de mere end 170 klager, jeg har udarbejdet. Hvis din formular allerede indeholder s\u00e5danne fejl, kan jeg finde dem, s\u00e5 du kan sende formularen til EMD uden dem og dermed give din klage den bedst mulige chance for at blive antaget af Domstolen. Hvis klagen ikke bliver antaget, bliver den ikke unders\u00f8gt af Domstolen, og s\u00e5 kan du heller ikke f\u00e5 medhold. Det er ogs\u00e5 vigtigt at forst\u00e5, at det n\u00e6sten altid er for sent at rette formularen, hvis du f\u00f8rst venter p\u00e5 afslaget. At sende formularen til EMD standser ikke den korte frist for at indbringe sagen for Domstolen. N\u00e5r formularen bliver sendt, er en del af fristen som regel allerede g\u00e5et, og resten vil n\u00e6sten altid udl\u00f8be, mens formularen er p\u00e5 vej til EMD, bliver gennemg\u00e5et af Domstolen, og afslaget kommer med almindelig brevpost. Derfor er det i praksis n\u00e6sten altid nyttesl\u00f8st, selv om formularen teoretisk kan rettes og sendes ind igen efter afslaget: klagen vil under alle omst\u00e6ndigheder blive afvist som indgivet efter fristens udl\u00f8b, ogs\u00e5 hvis den f\u00f8rst bliver antaget af Domstolen.<\/div>\n<div class=\"mywpcf7cf\">At en klage bliver antaget, betyder ikke, at sp\u00f8rgsm\u00e5let om dens antagelighed allerede er afgjort. Omkring 70 % af klagerne bliver afvist i deres helhed kort efter, at EMD har modtaget dem. N\u00e6sten alle de \u00f8vrige klager bliver mindst delvist afvist, nogle gange netop i den del, der er vigtigst for klageren. I mange tilf\u00e6lde skyldes det sagens faktiske omst\u00e6ndigheder. Men det er ikke altid forklaringen. Formularen kan mangle vigtige faktiske oplysninger, en fyldestg\u00f8rende redeg\u00f8relse for, hvordan antagelseskravene er opfyldt, eller en klar beskrivelse af de p\u00e5st\u00e5ede kr\u00e6nkelser. Og selv n\u00e5r de dele er med, kan de v\u00e6re uklare, usammenh\u00e6ngende, i strid med EMD&#8217;s praksis eller i modstrid med bilagene. Fejl af den slags giver EMD gode grunde til at afvise klagen. Mine forklaringer g\u00f8r det lettere at f\u00e5 \u00f8je p\u00e5 dem og forst\u00e5, hvilken del af klagen de truer. Nogle af fejlene kan rettes direkte ud fra mine forklaringer. Men hvis der er mange af dem, eller hvis nogle kr\u00e6ver l\u00e6ngere forklaringer, r\u00e6kker de tre timer, der er inkluderet i den faste pris for kontrol af \u00e9n formular, m\u00e5ske ikke til en detaljeret gennemgang af hver enkelt. Du vil dog som minimum f\u00e5 en kort forklaring p\u00e5 hver fejl, jeg finder.<\/div>\n<div class=\"mywpcf7cf\">Prisen for kontrollen er 600 euro, og den tager normalt h\u00f8jst en uge.<\/div>\n<div class=\"mywpcf7cf\">Hvis du har brug for resultatet hurtigere, <a href=\"mailto:oleg.anishchik@europeancourt.org?subject=Gennemgang af klageformularen til EMD: Hastekontrol&amp;body=Kan du foretage en hastekontrol af klageformularen?\">skriv til mig<\/a> og sp\u00f8rg, om en hastekontrol er mulig. Jeg lover at besvare en s\u00e5dan e-mail inden for 24 timer. Hvis jeg svarer ja, og formularen straks bliver sendt til kontrol, lover jeg at gennemf\u00f8re den inden for de n\u00e6ste 24 timer.<\/div>\n<div class=\"mywpcf7cf\">Denne kontrol er tydeligvis ikke noget for dig, hvis du \u00e6rligt kan sige ja til bare \u00e9t af disse udsagn:<\/div>\n<ul class=\"checking-blocklist\">\n<li><label><input type=\"checkbox\" class=\"ec-checking-blocker\" \/><span>Jeg kan selv finde alle fejl i formularen.<\/span><\/label><\/li>\n<li>Jeg regner med, at jeg efter kontrollen f\u00e5r en rettet formular eller en detaljeret forklaring p\u00e5, hvordan hver enkelt fejl skal rettes.<\/li>\n<li>Jeg er ikke parat til at lave tydelige scanninger eller fotos af papirbilagene, s\u00e5 de kan sendes til kontrol sammen med formularen.<\/li>\n<li>Jeg har kun brug for at f\u00e5 kontrolleret en del af fejlene, ikke dem alle.<\/li>\n<li><label><input type=\"checkbox\" class=\"ec-checking-blocker\" \/><span>Jeg vil lige nu hellere spare udgiften til kontrollen end give min klage den bedst mulige chance for at blive antaget og mindske risikoen for, at den bliver afvist.<\/span><\/label><\/li>\n<\/ul>\n<div class=\"checking-load-wrap\">\n<div class=\"checking-load-button-row\"><button type=\"button\" class=\"mybutton blue\" id=\"ec-checking-load-form\">Send formularen til kontrol<\/button><\/div>\n<div id=\"ec-checking-load-status\" class=\"checking-load-status\" role=\"status\" aria-live=\"polite\"><\/div>\n<\/div>\n<div class=\"mywpcf7cf mywpcf7cf-utility checking-utility-row\">\n<div class=\"mybutton red not-in-text-button is-disabled\" aria-disabled=\"true\">Start forfra<\/div>\n<div class=\"mybutton red not-in-text-button\" onclick=\"window.location.href='mailto:oleg.anishchik@europeancourt.org?subject=Gennemgang af klageformularen til EMD: Fejl&amp;body=Fejlbeskrivelse:';\">Rapporter en fejl<\/div>\n<\/div>\n<\/div>\n<div class=\"checking-form-shell\" id=\"ec-checking-form-shell\">\n<div id=\"ajax_content\" class=\"checking-ajax-content\" data-loaded=\"0\"><\/div>\n<\/div>\n<\/div>","protected":false},"excerpt":{"rendered":"Hvis du beder mig om at kontrollere formularen, gennemg\u00e5r jeg den for at se, om den indeholder nogen af fejlene nedenfor. Listen bygger p\u00e5 EMD&#8217;s krav og p\u00e5 min egen praksis med at udarbejde&#46;&#46;&#46;","protected":false},"author":0,"featured_media":0,"parent":222226,"menu_order":0,"comment_status":"closed","ping_status":"closed","template":"","meta":{"footnotes":""},"categories":[],"tags":[],"class_list":["post-225231","page","type-page","status-publish","hentry"],"_links":{"self":[{"href":"https:\/\/europeancourt.org\/da\/wp-json\/wp\/v2\/pages\/225231","targetHints":{"allow":["GET"]}}],"collection":[{"href":"https:\/\/europeancourt.org\/da\/wp-json\/wp\/v2\/pages"}],"about":[{"href":"https:\/\/europeancourt.org\/da\/wp-json\/wp\/v2\/types\/page"}],"replies":[{"embeddable":true,"href":"https:\/\/europeancourt.org\/da\/wp-json\/wp\/v2\/comments?post=225231"}],"version-history":[{"count":1,"href":"https:\/\/europeancourt.org\/da\/wp-json\/wp\/v2\/pages\/225231\/revisions"}],"predecessor-version":[{"id":225310,"href":"https:\/\/europeancourt.org\/da\/wp-json\/wp\/v2\/pages\/225231\/revisions\/225310"}],"up":[{"embeddable":true,"href":"https:\/\/europeancourt.org\/da\/wp-json\/wp\/v2\/pages\/222226"}],"wp:attachment":[{"href":"https:\/\/europeancourt.org\/da\/wp-json\/wp\/v2\/media?parent=225231"}],"wp:term":[{"taxonomy":"category","embeddable":true,"href":"https:\/\/europeancourt.org\/da\/wp-json\/wp\/v2\/categories?post=225231"},{"taxonomy":"post_tag","embeddable":true,"href":"https:\/\/europeancourt.org\/da\/wp-json\/wp\/v2\/tags?post=225231"}],"curies":[{"name":"wp","href":"https:\/\/api.w.org\/{rel}","templated":true}]}}