{"id":222209,"date":"2024-01-08T15:08:29","date_gmt":"2024-01-08T14:08:29","guid":{"rendered":"https:\/\/europeancourt.org\/teenused\/eik\/"},"modified":"2026-04-29T03:20:09","modified_gmt":"2026-04-29T01:20:09","slug":"eik","status":"publish","type":"page","link":"https:\/\/europeancourt.org\/et\/teenused\/eik\/","title":{"rendered":"EIK"},"content":{"rendered":"<ul>\r\n\t\t<li><a href=\"https:\/\/europeancourt.org\/et\/teenused\/eik\/eiki-avalduste-ettevalmistamine\/\" title=\"EIKi avalduste ettevalmistamine\">EIKi avalduste ettevalmistamine<\/a><\/li>\r\n\r\n\t<li><a href=\"https:\/\/europeancourt.org\/et\/teenused\/eik\/t%c3%a4idetud-eik-avalduse-vormide-kontrollimine\/\" title=\"T\u00e4idetud EIK avalduse vormide kontrollimine\">T\u00e4idetud EIK avalduse vormide kontrollimine<\/a><\/li>\r\n\r\n\t<li><a href=\"https:\/\/europeancourt.org\/et\/teenused\/eik\/kaebajate-esindamine-eiks\/\" title=\"Kaebajate esindamine EIKs\">Kaebajate esindamine EIKs<\/a><\/li>\n<li><a href=\"https:\/\/europeancourt.org\/et\/teenused\/eik\/leia-avalduse-number-registreering-v%c3%b5i-otsus\/\" title=\"Leia EIKi avalduse number, registreering v\u00f5i otsus\">Leia EIKi avalduse number, registreering v\u00f5i otsus<\/a><\/li>\r\n\r\n\t<li><a href=\"https:\/\/europeancourt.org\/et\/%c3%b5igusn%c3%b5ustamine-ja-kontaktid\/\" title=\"\u00d5igusn\u00f5ustamine ja kontaktid\">\u00d5igusn\u00f5ustamine ja kontaktid<\/a><\/li>\r\n\r\n<\/ul>\r\n\r\n","protected":false},"excerpt":{"rendered":"EIKi avalduste ettevalmistamine T\u00e4idetud EIK avalduse vormide kontrollimine Kaebajate esindamine EIKs Leia EIKi avalduse number, registreering v\u00f5i otsus \u00d5igusn\u00f5ustamine ja kontaktid","protected":false},"author":1,"featured_media":222468,"parent":222170,"menu_order":0,"comment_status":"closed","ping_status":"closed","template":"","meta":{"footnotes":""},"categories":[],"tags":[],"class_list":["post-222209","page","type-page","status-publish","has-post-thumbnail","hentry"],"_links":{"self":[{"href":"https:\/\/europeancourt.org\/et\/wp-json\/wp\/v2\/pages\/222209","targetHints":{"allow":["GET"]}}],"collection":[{"href":"https:\/\/europeancourt.org\/et\/wp-json\/wp\/v2\/pages"}],"about":[{"href":"https:\/\/europeancourt.org\/et\/wp-json\/wp\/v2\/types\/page"}],"author":[{"embeddable":true,"href":"https:\/\/europeancourt.org\/et\/wp-json\/wp\/v2\/users\/1"}],"replies":[{"embeddable":true,"href":"https:\/\/europeancourt.org\/et\/wp-json\/wp\/v2\/comments?post=222209"}],"version-history":[{"count":4,"href":"https:\/\/europeancourt.org\/et\/wp-json\/wp\/v2\/pages\/222209\/revisions"}],"predecessor-version":[{"id":226382,"href":"https:\/\/europeancourt.org\/et\/wp-json\/wp\/v2\/pages\/222209\/revisions\/226382"}],"up":[{"embeddable":true,"href":"https:\/\/europeancourt.org\/et\/wp-json\/wp\/v2\/pages\/222170"}],"wp:featuredmedia":[{"embeddable":true,"href":"https:\/\/europeancourt.org\/et\/wp-json\/wp\/v2\/media\/222468"}],"wp:attachment":[{"href":"https:\/\/europeancourt.org\/et\/wp-json\/wp\/v2\/media?parent=222209"}],"wp:term":[{"taxonomy":"category","embeddable":true,"href":"https:\/\/europeancourt.org\/et\/wp-json\/wp\/v2\/categories?post=222209"},{"taxonomy":"post_tag","embeddable":true,"href":"https:\/\/europeancourt.org\/et\/wp-json\/wp\/v2\/tags?post=222209"}],"curies":[{"name":"wp","href":"https:\/\/api.w.org\/{rel}","templated":true}]}}