{"id":143090,"date":"2022-06-23T10:51:39","date_gmt":"2022-06-23T08:51:39","guid":{"rendered":"https:\/\/europeancourt.org\/en\/documents\/conseil-de-leurope\/cedh\/"},"modified":"2026-07-23T01:19:40","modified_gmt":"2026-07-23T01:19:40","slug":"cedh","status":"publish","type":"page","link":"https:\/\/europeancourt.org\/fr\/documents\/conseil-de-leurope\/cedh\/","title":{"rendered":"CEDH"},"content":{"rendered":"<ul>\n<li><a href=\"https:\/\/europeancourt.org\/fr\/documents\/conseil-de-leurope\/cedh\/instruction-demandes-mesures-provisoires\/\" title=\"Demandes de mesures provisoires \u2013 Instruction pratique\">Demandes de mesures provisoires \u2013 Instruction pratique<\/a><ul>\r\n<li><a href=\"https:\/\/europeancourt.org\/fr\/documents\/conseil-de-leurope\/cedh\/instruction-demandes-mesures-provisoires\/contacter-cour\/\" title=\"Comment contacter la Cour pour soumettre une demande de mesure provisoire\">Comment contacter la Cour pour soumettre une demande de mesure provisoire<\/a><\/li>\r\n<\/ul><\/li>\r\n\r\n<li><a href=\"https:\/\/europeancourt.org\/fr\/documents\/conseil-de-leurope\/cedh\/r%c3%a8glement-article-47\/\" title=\"Article 47 du r\u00e8glement de la Cour europ\u00e9enne des droits de l\u2019homme\">R\u00e8glement de la Cour \u2013 Article 47<\/a><\/li>\n<li><a href=\"https:\/\/europeancourt.org\/fr\/documents\/conseil-de-leurope\/cedh\/instruction-lintroduction-de-linstance\/\" title=\"L\u2019introduction de l\u2019instance \u2013 Instruction pratiques\">L\u2019introduction de l\u2019instance \u2013 Instruction pratiques<\/a><\/li>\n<li><a href=\"https:\/\/europeancourt.org\/fr\/documents\/conseil-de-leurope\/cedh\/formulaire-de-requ%c3%aate\/\" title=\"Formulaire de requ\u00eate \u00e0 la Cour europ\u00e9enne des droits de l\u2019homme\">Formulaire de requ\u00eate<\/a><ul>\n<li><a href=\"https:\/\/europeancourt.org\/fr\/documents\/conseil-de-leurope\/cedh\/formulaire-de-requ%c3%aate\/comment-remplir\/\" title=\"Comment remplir le formulaire de requ\u00eate\">Comment remplir le formulaire de requ\u00eate<\/a><\/li>\n<\/ul><\/li>\n\n<li><a href=\"https:\/\/europeancourt.org\/fr\/documents\/conseil-de-leurope\/cedh\/formulaire-de-pouvoir\/\" title=\"Formulaire de pouvoir pour la Cour europ\u00e9enne des droits de l\u2019homme\">Formulaire de pouvoir<\/a><\/li>\n<li><a href=\"https:\/\/europeancourt.org\/downloads\/fr\/Tableau_recapitulant_les_noms_et_coordonnees_de_chaque_requerant_aupres_de_la_CEDH_FRA.XLSX\" title=\"Tableau r\u00e9capitulant les noms et coordonn\u00e9es de chaque requ\u00e9rant aupr\u00e8s de la Cour europ\u00e9enne des droits de l\u2019homme\">Addendum pour requ\u00e9rants multiples<\/a><\/li>\n\n<li class=\"ec-turkiye-special-measures-index\"><a href=\"https:\/\/europeancourt.org\/fr\/documents\/conseil-de-leurope\/cedh\/mesures-sp%C3%A9ciales-pour-la-gestion-d-un-afflux-important-de-requ%C3%AAtes-contre-la-t%C3%BCrkiye-se-rapportant-au-licenciement-de-fonctionnaires\/\" title=\"Mesures sp\u00e9ciales pour la gestion d\u2019un afflux important de requ\u00eates contre la T\u00fcrkiye se rapportant au licenciement de fonctionnaires\">Mesures sp\u00e9ciales pour la gestion d\u2019un afflux important de requ\u00eates contre la T\u00fcrkiye se rapportant au licenciement de fonctionnaires<\/a><ul>\n<li><a href=\"https:\/\/europeancourt.org\/fr\/documents\/conseil-de-leurope\/cedh\/mesures-sp%C3%A9ciales-pour-la-gestion-d-un-afflux-important-de-requ%C3%AAtes-contre-la-t%C3%BCrkiye-se-rapportant-au-licenciement-de-fonctionnaires\/page-de-couverture\/\" title=\"Page de couverture\">Page de couverture<\/a><\/li>\n<\/ul><\/li>\n<li class=\"ec-ecomms-manual-index\"><a href=\"https:\/\/europeancourt.org\/fr\/documents\/conseil-de-leurope\/cedh\/manuel-de-l-utilisateur-du-service-de-communication-%C3%A9lectronique-ecomms\/\" title=\"Manuel de l\u2019utilisateur du service de communication \u00e9lectronique (eComms)\">Manuel de l\u2019utilisateur du service de communication \u00e9lectronique (eComms)<\/a><\/li>\n<\/ul>","protected":false},"excerpt":{"rendered":"Demandes de mesures provisoires \u2013 Instruction pratique Comment contacter la Cour pour soumettre une demande de mesure provisoire R\u00e8glement de la Cour \u2013 Article 47 L\u2019introduction de l\u2019instance \u2013 Instruction pratiques Formulaire de requ\u00eate&#46;&#46;&#46;","protected":false},"author":1,"featured_media":192044,"parent":116020,"menu_order":0,"comment_status":"closed","ping_status":"closed","template":"","meta":{"footnotes":""},"categories":[],"tags":[],"class_list":["post-143090","page","type-page","status-publish","has-post-thumbnail","hentry"],"_links":{"self":[{"href":"https:\/\/europeancourt.org\/fr\/wp-json\/wp\/v2\/pages\/143090","targetHints":{"allow":["GET"]}}],"collection":[{"href":"https:\/\/europeancourt.org\/fr\/wp-json\/wp\/v2\/pages"}],"about":[{"href":"https:\/\/europeancourt.org\/fr\/wp-json\/wp\/v2\/types\/page"}],"author":[{"embeddable":true,"href":"https:\/\/europeancourt.org\/fr\/wp-json\/wp\/v2\/users\/1"}],"replies":[{"embeddable":true,"href":"https:\/\/europeancourt.org\/fr\/wp-json\/wp\/v2\/comments?post=143090"}],"version-history":[{"count":2,"href":"https:\/\/europeancourt.org\/fr\/wp-json\/wp\/v2\/pages\/143090\/revisions"}],"predecessor-version":[{"id":237603,"href":"https:\/\/europeancourt.org\/fr\/wp-json\/wp\/v2\/pages\/143090\/revisions\/237603"}],"up":[{"embeddable":true,"href":"https:\/\/europeancourt.org\/fr\/wp-json\/wp\/v2\/pages\/116020"}],"wp:featuredmedia":[{"embeddable":true,"href":"https:\/\/europeancourt.org\/fr\/wp-json\/wp\/v2\/media\/192044"}],"wp:attachment":[{"href":"https:\/\/europeancourt.org\/fr\/wp-json\/wp\/v2\/media?parent=143090"}],"wp:term":[{"taxonomy":"category","embeddable":true,"href":"https:\/\/europeancourt.org\/fr\/wp-json\/wp\/v2\/categories?post=143090"},{"taxonomy":"post_tag","embeddable":true,"href":"https:\/\/europeancourt.org\/fr\/wp-json\/wp\/v2\/tags?post=143090"}],"curies":[{"name":"wp","href":"https:\/\/api.w.org\/{rel}","templated":true}]}}