{"id":225282,"date":"2026-04-26T14:48:47","date_gmt":"2026-04-26T12:48:47","guid":{"rendered":"https:\/\/europeancourt.org\/services\/cedh\/repr%c3%a9sentation-des-requ%c3%a9rants-devant-la-cedh\/"},"modified":"2026-04-26T17:02:09","modified_gmt":"2026-04-26T15:02:09","slug":"repr%c3%a9sentation-des-requ%c3%a9rants-devant-la-cedh","status":"publish","type":"page","link":"https:\/\/europeancourt.org\/fr\/services\/cedh\/repr%c3%a9sentation-des-requ%c3%a9rants-devant-la-cedh\/","title":{"rendered":"Repr\u00e9sentation des requ\u00e9rants devant la CEDH"},"content":{"rendered":"<div id=\"ec-representation-page\" class=\"ec-service-page ec-service-representation\" data-service=\"representation\">\n<div class=\"ec-service-screen ec-service-screen-1\">\n<div class=\"mywpcf7cf myshow myhide\">Ce service concerne uniquement les requ\u00eates d\u00e9j\u00e0 communiqu\u00e9es pour lesquelles la CEDH a inform\u00e9 le requ\u00e9rant qu\u2019il devait pr\u00e9senter des observations \u00e9crites.<\/div>\n<div class=\"mywpcf7cf myshow myhide\">Le co\u00fbt de la repr\u00e9sentation devant la CEDH d\u00e9pend du temps n\u00e9cessaire pour pr\u00e9parer les r\u00e9ponses aux questions de la CEDH, r\u00e9pondre aux arguments de l\u2019\u00c9tat d\u00e9fendeur et, si n\u00e9cessaire, pr\u00e9parer des pr\u00e9cisions factuelles et des demandes de satisfaction \u00e9quitable. La fourchette peut \u00eatre tr\u00e8s large : de quelques centaines d\u2019euros lorsque deux ou trois heures suffisent, \u00e0 10 000 euros ou plus lorsque plusieurs dizaines d\u2019heures sont n\u00e9cessaires.<\/div>\n<div class=\"mywpcf7cf myshow myhide\">Je ne peux d\u00e9terminer le temps n\u00e9cessaire dans votre cas, et donc le co\u00fbt de la repr\u00e9sentation, qu\u2019\u00e0 partir des documents. Veuillez fournir la requ\u00eate avec toutes ses annexes, ainsi que tous les \u00e9l\u00e9ments compl\u00e9mentaires envoy\u00e9s \u00e0 la CEDH \u00e0 son sujet et tout ce qui a \u00e9t\u00e9 re\u00e7u de la CEDH. Si j\u2019ai besoin de documents suppl\u00e9mentaires, je vous les demanderai.<\/div>\n<div class=\"mywpcf7cf myshow myhide\">En g\u00e9n\u00e9ral, je r\u00e9ponds \u00e0 une demande d\u2019estimation du co\u00fbt de la repr\u00e9sentation devant la CEDH dans un d\u00e9lai d\u2019une semaine apr\u00e8s r\u00e9ception de tous les documents et renseignements n\u00e9cessaires. Si le d\u00e9lai fix\u00e9 par la CEDH pour la pr\u00e9sentation d\u2019observations ou d\u2019autres \u00e9l\u00e9ments expire dans les prochains jours, \u00e9crivez-moi pour me demander si je peux examiner votre demande en urgence. Je m\u2019engage \u00e0 r\u00e9pondre \u00e0 ce message dans les 24 heures. Si je confirme que je le peux et que vous me transmettez imm\u00e9diatement les documents et renseignements n\u00e9cessaires, je m\u2019engage \u00e0 vous communiquer ma r\u00e9ponse \u00e0 votre demande d\u2019estimation du co\u00fbt dans les 48 heures suivantes.<\/div>\n<div class=\"mywpcf7cf myshow myhide\">Lorsque je vous indiquerai le co\u00fbt du service, je vous enverrai aussi, pour \u00e9viter toute perte de temps, le contrat et un formulaire de pouvoir d\u00e9j\u00e0 rempli pour la repr\u00e9sentation devant la CEDH. Le pouvoir devra \u00eatre imprim\u00e9, sign\u00e9 et envoy\u00e9 par courrier postal \u00e0 mon adresse en France. Le service peut \u00eatre r\u00e9gl\u00e9 par virement bancaire sur mon compte en Suisse ou par d\u2019autres moyens, selon le pays depuis lequel le paiement est effectu\u00e9, apr\u00e8s la pr\u00e9paration des documents destin\u00e9s \u00e0 la CEDH. Il est toutefois pr\u00e9f\u00e9rable de le r\u00e9gler avant leur envoi \u00e0 la CEDH, afin de pouvoir joindre aux demandes de satisfaction \u00e9quitable un justificatif de paiement : il sera alors beaucoup plus simple de justifier la demande de remboursement des frais d\u00e9j\u00e0 expos\u00e9s pour la repr\u00e9sentation du requ\u00e9rant devant la Cour.<\/div>\n<div class=\"mywpcf7cf myshow myhide\">Ce service n\u2019est clairement pas adapt\u00e9 \u00e0 votre situation si vous pouvez vous reconna\u00eetre dans l\u2019une des affirmations suivantes :<\/div>\n<ul class=\"myshow myhide ec-service-blocker-list\"><li><label><input type=\"checkbox\" class=\"ec-service-blocker\" \/><span>Ma requ\u00eate n\u2019a pas encore \u00e9t\u00e9 communiqu\u00e9e au Gouvernement par la CEDH, ou elle a \u00e9t\u00e9 communiqu\u00e9e sans demande d\u2019observations \u00e9crites.<\/span><\/label><\/li>\n<li><label><input type=\"checkbox\" class=\"ec-service-blocker\" \/><span>Je ne suis pas pr\u00eat \u00e0 fournir tous les documents n\u00e9cessaires.<\/span><\/label><\/li>\n<li><label><input type=\"checkbox\" class=\"ec-service-blocker\" \/><span>Je ne suis pas pr\u00eat \u00e0 imprimer, signer et envoyer le pouvoir par courrier postal.<\/span><\/label><\/li>\n<li><label><input type=\"checkbox\" class=\"ec-service-blocker\" \/><span>Je ne suis pas pr\u00eat, au cours du travail, \u00e0 r\u00e9pondre aux demandes de pr\u00e9cisions et \u00e0 fournir des documents suppl\u00e9mentaires si n\u00e9cessaire.<\/span><\/label><\/li><\/ul>\n<div class=\"mywpcf7cf myshow myhide\"><button type=\"button\" class=\"mybutton blue\" id=\"load_ajax_form\" data-ec-service-load=\"representation\" data-blocked-message=\"Tant que l\u2019une des affirmations est coch\u00e9e, vous ne pouvez pas passer \u00e0 l\u2019\u00e9tape suivante. Si vous avez coch\u00e9 une case par erreur, d\u00e9cochez-la.\">Transmettre les documents<\/button><\/div>\n<div class=\"mywpcf7cf myshow myhide\"><a class=\"mybutton blue not-in-text-button\" href=\"mailto:oleg.anishchik@europeancourt.org?subject=Je souhaiterais obtenir des pr\u00e9cisions sur les conditions\">Je souhaiterais obtenir des pr\u00e9cisions sur les conditions<\/a><\/div>\n<div id=\"ec-service-load-status\" class=\"ec-service-load-status\" aria-live=\"polite\"><\/div>\n<\/div>\n<div id=\"ajax_content\"><\/div>\n<\/div>\n<script>\n(function(){\n  if (window.ecServiceBlockerGuardReady) return;\n  window.ecServiceBlockerGuardReady = true;\n  document.addEventListener('click', function(event) {\n    var button = event.target && event.target.closest ? event.target.closest('[data-ec-service-load]') : null;\n    if (!button) return;\n    var root = button.closest('.ec-service-page');\n    if (!root || !root.querySelector('.ec-service-blocker:checked')) return;\n    event.preventDefault();\n    event.stopPropagation();\n    if (event.stopImmediatePropagation) event.stopImmediatePropagation();\n    var status = root.querySelector('.ec-service-load-status');\n    if (status) status.textContent = button.getAttribute('data-blocked-message') || '';\n  }, true);\n})();\n<\/script>","protected":false},"excerpt":{"rendered":"Ce service concerne uniquement les requ\u00eates d\u00e9j\u00e0 communiqu\u00e9es pour lesquelles la CEDH a inform\u00e9 le requ\u00e9rant qu\u2019il devait pr\u00e9senter des observations \u00e9crites. Le co\u00fbt de la repr\u00e9sentation devant la CEDH d\u00e9pend du temps n\u00e9cessaire&#46;&#46;&#46;","protected":false},"author":0,"featured_media":0,"parent":177155,"menu_order":0,"comment_status":"closed","ping_status":"closed","template":"","meta":{"footnotes":""},"categories":[],"tags":[],"class_list":["post-225282","page","type-page","status-publish","hentry"],"_links":{"self":[{"href":"https:\/\/europeancourt.org\/fr\/wp-json\/wp\/v2\/pages\/225282","targetHints":{"allow":["GET"]}}],"collection":[{"href":"https:\/\/europeancourt.org\/fr\/wp-json\/wp\/v2\/pages"}],"about":[{"href":"https:\/\/europeancourt.org\/fr\/wp-json\/wp\/v2\/types\/page"}],"replies":[{"embeddable":true,"href":"https:\/\/europeancourt.org\/fr\/wp-json\/wp\/v2\/comments?post=225282"}],"version-history":[{"count":1,"href":"https:\/\/europeancourt.org\/fr\/wp-json\/wp\/v2\/pages\/225282\/revisions"}],"predecessor-version":[{"id":225592,"href":"https:\/\/europeancourt.org\/fr\/wp-json\/wp\/v2\/pages\/225282\/revisions\/225592"}],"up":[{"embeddable":true,"href":"https:\/\/europeancourt.org\/fr\/wp-json\/wp\/v2\/pages\/177155"}],"wp:attachment":[{"href":"https:\/\/europeancourt.org\/fr\/wp-json\/wp\/v2\/media?parent=225282"}],"wp:term":[{"taxonomy":"category","embeddable":true,"href":"https:\/\/europeancourt.org\/fr\/wp-json\/wp\/v2\/categories?post=225282"},{"taxonomy":"post_tag","embeddable":true,"href":"https:\/\/europeancourt.org\/fr\/wp-json\/wp\/v2\/tags?post=225282"}],"curies":[{"name":"wp","href":"https:\/\/api.w.org\/{rel}","templated":true}]}}