{"id":225294,"date":"2026-04-26T14:47:47","date_gmt":"2026-04-26T12:47:47","guid":{"rendered":"https:\/\/europeancourt.org\/szolg%c3%a1ltat%c3%a1sok\/ejeb\/az-ejeb-hez-beny%c3%bajtott-k%c3%a9relmek-el%c5%91k%c3%a9sz%c3%adt%c3%a9se\/"},"modified":"2026-04-26T17:05:39","modified_gmt":"2026-04-26T15:05:39","slug":"az-ejeb-hez-beny%c3%bajtott-k%c3%a9relmek-el%c5%91k%c3%a9sz%c3%adt%c3%a9se","status":"publish","type":"page","link":"https:\/\/europeancourt.org\/hu\/szolg%c3%a1ltat%c3%a1sok\/ejeb\/az-ejeb-hez-beny%c3%bajtott-k%c3%a9relmek-el%c5%91k%c3%a9sz%c3%adt%c3%a9se\/","title":{"rendered":"Az EJEB-hez beny\u00fajtott k\u00e9relmek el\u0151k\u00e9sz\u00edt\u00e9se"},"content":{"rendered":"<div id=\"ec-preparation-page\" class=\"ec-service-page ec-service-preparation\" data-service=\"preparation\">\n<div class=\"ec-service-screen ec-service-screen-1\">\n<div class=\"mywpcf7cf myshow myhide\">Az EJEB-hez beny\u00fajtand\u00f3 k\u00e9relem el\u0151k\u00e9sz\u00edt\u00e9s\u00e9nek d\u00edja att\u00f3l f\u00fcgg, mennyi id\u0151t vesz ig\u00e9nybe a jogi munka. A d\u00edj nagyon sz\u00e9les tartom\u00e1nyban mozoghat: n\u00e9h\u00e1ny sz\u00e1z eur\u00f3, ha a munka k\u00e9t-h\u00e1rom \u00f3r\u00e1ba belef\u00e9r, illetve 10 000 eur\u00f3 vagy m\u00e9g t\u00f6bb, ha t\u00f6bb t\u00edz \u00f3r\u00e1ra van sz\u00fcks\u00e9g. Ennyi id\u0151re az\u00e9rt van sz\u00fcks\u00e9g, mert \u00e1t kell tanulm\u00e1nyozni a dokumentumokat, ki kell v\u00e1lasztani a l\u00e9nyeges t\u00e9nyeket, minden lehets\u00e9ges panasz tekintet\u00e9ben k\u00fcl\u00f6n-k\u00fcl\u00f6n \u2013 \u00e9rdemi \u00e9s elfogadhat\u00f3s\u00e1gi szempontb\u00f3l \u2013 fel kell kutatni \u00e9s elemezni kell az EJEB aktu\u00e1lis gyakorlat\u00e1t, ezen az alapon meg kell fogalmazni a panaszokat, meg kell indokolni az egyes jogs\u00e9rt\u00e9seket \u00e9s az elfogadhat\u00f3s\u00e1gi felt\u00e9telek teljes\u00edt\u00e9s\u00e9t, majd mindezt r\u00f6viden, \u00e9rthet\u0151en \u00e9s ellentmond\u00e1smentesen el\u0151 kell adni a k\u00e9relmez\u0151i \u0171rlapon.<\/div>\n<div class=\"mywpcf7cf myshow myhide\">Hogy az \u00d6n \u00fcgy\u00e9ben mennyi id\u0151re lesz sz\u00fcks\u00e9g, \u00e9s ennek megfelel\u0151en mennyi lesz a k\u00e9relem el\u0151k\u00e9sz\u00edt\u00e9s\u00e9nek d\u00edja, csak a dokumentumok alapj\u00e1n tudom meg\u00e1llap\u00edtani. K\u00fcldje el mindazokat a hat\u00e1rozatokat, amelyekkel szemben panaszt k\u00edv\u00e1n tenni, azokat az egy\u00e9b iratokat, amelyekb\u0151l a panaszolt int\u00e9zked\u00e9sek kit\u0171nnek, a nemzeti hat\u00f3s\u00e1gokhoz \u2013 ide\u00e9rtve a b\u00edr\u00f3s\u00e1gokat is \u2013 beny\u00fajtott valamennyi olyan beadv\u00e1nyt, amelyben e panaszok l\u00e9nyeg\u00e9t el\u0151terjesztett\u00e9k, valamint az ezekre adott \u00f6sszes hat\u00e1rozatot. Ha az \u00fcgy valamennyi irata m\u00e1r elektronikus form\u00e1ban rendelkez\u00e9s\u00e9re \u00e1ll, legjobb, ha mindet egyszerre k\u00fcldi el. Ne tartson att\u00f3l, hogy f\u00f6l\u00f6sleges iratot k\u00fcld, vagy hogy valamit kihagy: ha az elk\u00fcld\u00f6tt anyagok \u00e1ttekint\u00e9se ut\u00e1n tov\u00e1bbi dokumentumokra lesz sz\u00fcks\u00e9gem, k\u00fcl\u00f6n k\u00e9rni fogom \u0151ket.<\/div>\n<div class=\"mywpcf7cf myshow myhide\">\u00c1ltal\u00e1ban az \u00f6sszes sz\u00fcks\u00e9ges dokumentum \u00e9s inform\u00e1ci\u00f3 be\u00e9rkez\u00e9se ut\u00e1n egy h\u00e9ten bel\u00fcl v\u00e1laszolok arra a megkeres\u00e9sre, hogy mennyibe ker\u00fclne az EJEB-k\u00e9relem el\u0151k\u00e9sz\u00edt\u00e9se. Ha az EJEB-hez fordul\u00e1s hat\u00e1rideje n\u00e9h\u00e1ny napon bel\u00fcl lej\u00e1r, \u00edrjon nekem, \u00e9s k\u00e9rdezze meg, hogy s\u00fcrg\u0151sen meg tudom-e vizsg\u00e1lni a megkeres\u00e9s\u00e9t. Az ilyen lev\u00e9lre 24 \u00f3r\u00e1n bel\u00fcl v\u00e1laszolok. Ha meger\u0151s\u00edtem, hogy erre van lehet\u0151s\u00e9g, \u00e9s \u00d6n azonnal elk\u00fcldi a sz\u00fcks\u00e9ges dokumentumokat \u00e9s inform\u00e1ci\u00f3kat, a d\u00edjra vonatkoz\u00f3 v\u00e1laszomat a k\u00f6vetkez\u0151 48 \u00f3r\u00e1n bel\u00fcl k\u00f6zl\u00f6m.<\/div>\n<div class=\"mywpcf7cf myshow myhide\">Ha arra a k\u00f6vetkeztet\u00e9sre jutok, hogy az EJEB-hez fordul\u00e1snak vannak \u00e9szszer\u0171 kil\u00e1t\u00e1sai, k\u00f6zl\u00f6m \u00d6nnel a k\u00e9relem el\u0151k\u00e9sz\u00edt\u00e9s\u00e9nek pontos d\u00edj\u00e1t, figyelembe v\u00e9ve azokat a panaszokat, amelyeket \u00e9rdemes el\u0151terjeszteni, \u00e9s nagyon r\u00f6viden azt is meg\u00edrom, mivel kapcsolatban nincs \u00e9rtelme panaszt tenni. Ezzel egyidej\u0171leg elk\u00fcld\u00f6m \u00d6nnek a k\u00e9relem el\u0151k\u00e9sz\u00edt\u00e9s\u00e9r\u0151l sz\u00f3l\u00f3 szerz\u0151d\u00e9st. A szolg\u00e1ltat\u00e1s d\u00edja banki \u00e1tutal\u00e1ssal fizethet\u0151 a sv\u00e1jci banksz\u00e1ml\u00e1mra, vagy a fizet\u00e9s orsz\u00e1g\u00e1t\u00f3l f\u00fcgg\u0151en m\u00e1s m\u00f3don. A k\u00e9relem el\u0151k\u00e9sz\u00edt\u00e9s\u00e9nek hat\u00e1rideje mindig olyan lesz, hogy a k\u00e9relmet az EJEB-hez fordul\u00e1s hat\u00e1ridej\u00e9n bel\u00fcl be lehessen ny\u00fajtani. A munka eredm\u00e9nyek\u00e9nt e-mailben megkapja a kit\u00f6lt\u00f6tt k\u00e9relmez\u0151i \u0171rlapot, az ahhoz \u00f6ssze\u00e1ll\u00edtott mell\u00e9kleteket, valamint magyar\u00e1zatot arra, hogyan kell mindezt helyesen kinyomtatni, al\u00e1\u00edrni \u00e9s elk\u00fcldeni az EJEB-nek. Az EJEB el\u0151tti k\u00e9pviselet \u00e9s az \u00fcgyben v\u00e9gzett b\u00e1rmely m\u00e1s munka nem tartozik bele a k\u00e9relem el\u0151k\u00e9sz\u00edt\u00e9s\u00e9nek d\u00edj\u00e1ba. Ha arra a k\u00f6vetkeztet\u00e9sre jutok, hogy az EJEB-hez fordul\u00e1snak nincsenek \u00e9szszer\u0171 kil\u00e1t\u00e1sai, csak ezt k\u00f6zl\u00f6m \u00d6nnel.<\/div>\n<div class=\"mywpcf7cf myshow myhide\">Ez a szolg\u00e1ltat\u00e1s egy\u00e9rtelm\u0171en nem \u00d6nnek val\u00f3, ha az al\u00e1bbi \u00e1ll\u00edt\u00e1sok k\u00f6z\u00fcl ak\u00e1r egy is igaz \u00d6nre:<\/div>\n<ul class=\"myshow myhide ec-service-blocker-list\"><li><label><input type=\"checkbox\" class=\"ec-service-blocker\" \/><span>M\u00e1r van kit\u00f6lt\u00f6tt k\u00e9relmez\u0151i \u0171rlapom, \u00e9s csak azt kell ellen\u0151rizni, hogy vannak-e benne hib\u00e1k.<\/span><\/label><\/li>\n<li><label><input type=\"checkbox\" class=\"ec-service-blocker\" \/><span>Nem v\u00e1llalom, hogy elk\u00fcld\u00f6m az \u00fcgyh\u00f6z sz\u00fcks\u00e9ges \u00f6sszes dokumentumot.<\/span><\/label><\/li>\n<li><label><input type=\"checkbox\" class=\"ec-service-blocker\" \/><span>Arra sz\u00e1m\u00edtok, hogy minden panaszomr\u00f3l r\u00e9szletes magyar\u00e1zatot kapok, akkor is, ha az adott panasz tekintet\u00e9ben az EJEB-hez fordul\u00e1snak nincsenek \u00e9szszer\u0171 kil\u00e1t\u00e1sai.<\/span><\/label><\/li>\n<li><label><input type=\"checkbox\" class=\"ec-service-blocker\" \/><span>Arra sz\u00e1m\u00edtok, hogy a k\u00e9relem akkor is elk\u00e9sz\u00fcl, ha az EJEB-hez fordul\u00e1snak nincsenek \u00e9szszer\u0171 kil\u00e1t\u00e1sai.<\/span><\/label><\/li>\n<li><label><input type=\"checkbox\" class=\"ec-service-blocker\" \/><span>Panaszaim sz\u00e1ma \u00e9s a n\u00e1lam m\u00e1r megl\u00e9v\u0151 \u00fcgyiratok mennyis\u00e9ge alapj\u00e1n sz\u00e1momra nyilv\u00e1nval\u00f3, hogy a k\u00e9relem el\u0151k\u00e9sz\u00edt\u00e9s\u00e9hez l\u00e9nyegesen t\u00f6bb id\u0151re lesz sz\u00fcks\u00e9g, mint amennyit k\u00e9sz vagyok megfizetni.<\/span><\/label><\/li>\n<li><label><input type=\"checkbox\" class=\"ec-service-blocker\" \/><span>Magam is ki tudom t\u00f6lteni a k\u00e9relmez\u0151i \u0171rlapot az EJEB valamennyi k\u00f6vetelm\u00e9ny\u00e9nek megfelel\u0151en, \u00e9s abban az \u00fcgy irataival, valamint az \u00fcgyemre alkalmazand\u00f3 aktu\u00e1lis EJEB-gyakorlattal teljes \u00f6sszhangban el\u0151 tudom adni az \u00f6sszes l\u00e9nyeges t\u00e9nyt, jogs\u00e9rt\u00e9st \u00e9s az egyes jogs\u00e9rt\u00e9sekre vonatkoz\u00f3 elfogadhat\u00f3s\u00e1gi felt\u00e9telek teljes\u00edt\u00e9s\u00e9vel kapcsolatos inform\u00e1ci\u00f3kat.<\/span><\/label><\/li><\/ul>\n<div class=\"mywpcf7cf myshow myhide\"><button type=\"button\" class=\"mybutton blue\" id=\"load_ajax_form\" data-ec-service-load=\"preparation\" data-blocked-message=\"Am\u00edg b\u00e1rmelyik \u00e1ll\u00edt\u00e1s be van jel\u00f6lve, nem lehet tov\u00e1bbl\u00e9pni. Ha v\u00e9letlen\u00fcl jel\u00f6lte be, t\u00f6r\u00f6lje a jel\u00f6l\u00e9st.\">Dokumentumok elk\u00fcld\u00e9se<\/button><\/div>\n<div class=\"mywpcf7cf myshow myhide\"><a class=\"mybutton blue not-in-text-button\" href=\"mailto:oleg.anishchik@europeancourt.org?subject=A felt\u00e9teleket szeretn\u00e9m pontos\u00edtani\">A felt\u00e9teleket szeretn\u00e9m pontos\u00edtani<\/a><\/div>\n<div id=\"ec-service-load-status\" class=\"ec-service-load-status\" aria-live=\"polite\"><\/div>\n<\/div>\n<div id=\"ajax_content\"><\/div>\n<\/div>\n<script>\n(function(){\n  if (window.ecServiceBlockerGuardReady) return;\n  window.ecServiceBlockerGuardReady = true;\n  document.addEventListener('click', function(event) {\n    var button = event.target && event.target.closest ? event.target.closest('[data-ec-service-load]') : null;\n    if (!button) return;\n    var root = button.closest('.ec-service-page');\n    if (!root || !root.querySelector('.ec-service-blocker:checked')) return;\n    event.preventDefault();\n    event.stopPropagation();\n    if (event.stopImmediatePropagation) event.stopImmediatePropagation();\n    var status = root.querySelector('.ec-service-load-status');\n    if (status) status.textContent = button.getAttribute('data-blocked-message') || '';\n  }, true);\n})();\n<\/script>","protected":false},"excerpt":{"rendered":"Az EJEB-hez beny\u00fajtand\u00f3 k\u00e9relem el\u0151k\u00e9sz\u00edt\u00e9s\u00e9nek d\u00edja att\u00f3l f\u00fcgg, mennyi id\u0151t vesz ig\u00e9nybe a jogi munka. A d\u00edj nagyon sz\u00e9les tartom\u00e1nyban mozoghat: n\u00e9h\u00e1ny sz\u00e1z eur\u00f3, ha a munka k\u00e9t-h\u00e1rom \u00f3r\u00e1ba belef\u00e9r, illetve 10 000 eur\u00f3&#46;&#46;&#46;","protected":false},"author":0,"featured_media":0,"parent":222213,"menu_order":0,"comment_status":"closed","ping_status":"closed","template":"","meta":{"footnotes":""},"categories":[],"tags":[],"class_list":["post-225294","page","type-page","status-publish","hentry"],"_links":{"self":[{"href":"https:\/\/europeancourt.org\/hu\/wp-json\/wp\/v2\/pages\/225294","targetHints":{"allow":["GET"]}}],"collection":[{"href":"https:\/\/europeancourt.org\/hu\/wp-json\/wp\/v2\/pages"}],"about":[{"href":"https:\/\/europeancourt.org\/hu\/wp-json\/wp\/v2\/types\/page"}],"replies":[{"embeddable":true,"href":"https:\/\/europeancourt.org\/hu\/wp-json\/wp\/v2\/comments?post=225294"}],"version-history":[{"count":1,"href":"https:\/\/europeancourt.org\/hu\/wp-json\/wp\/v2\/pages\/225294\/revisions"}],"predecessor-version":[{"id":225597,"href":"https:\/\/europeancourt.org\/hu\/wp-json\/wp\/v2\/pages\/225294\/revisions\/225597"}],"up":[{"embeddable":true,"href":"https:\/\/europeancourt.org\/hu\/wp-json\/wp\/v2\/pages\/222213"}],"wp:attachment":[{"href":"https:\/\/europeancourt.org\/hu\/wp-json\/wp\/v2\/media?parent=225294"}],"wp:term":[{"taxonomy":"category","embeddable":true,"href":"https:\/\/europeancourt.org\/hu\/wp-json\/wp\/v2\/categories?post=225294"},{"taxonomy":"post_tag","embeddable":true,"href":"https:\/\/europeancourt.org\/hu\/wp-json\/wp\/v2\/tags?post=225294"}],"curies":[{"name":"wp","href":"https:\/\/api.w.org\/{rel}","templated":true}]}}