{"id":225296,"date":"2026-04-26T14:47:57","date_gmt":"2026-04-26T12:47:57","guid":{"rendered":"https:\/\/europeancourt.org\/szolg%c3%a1ltat%c3%a1sok\/ejeb\/a-kit%c3%b6lt%c3%b6tt-ejeb-k%c3%a9relmi-%c5%b1rlapok-ellen%c5%91rz%c3%a9se\/"},"modified":"2026-04-26T14:28:23","modified_gmt":"2026-04-26T12:28:23","slug":"a-kit%c3%b6lt%c3%b6tt-ejeb-k%c3%a9relmi-%c5%b1rlapok-ellen%c5%91rz%c3%a9se","status":"publish","type":"page","link":"https:\/\/europeancourt.org\/hu\/szolg%c3%a1ltat%c3%a1sok\/ejeb\/a-kit%c3%b6lt%c3%b6tt-ejeb-k%c3%a9relmi-%c5%b1rlapok-ellen%c5%91rz%c3%a9se\/","title":{"rendered":"A kit\u00f6lt\u00f6tt EJEB-k\u00e9relmi \u0171rlapok ellen\u0151rz\u00e9se"},"content":{"rendered":"<div id=\"ec-checking-page\" class=\"checking-page\">\n<div class=\"checking-screen checking-screen-1\" id=\"ec-checking-screen-1\">\n<div class=\"mywpcf7cf\">Ha k\u00e9ri, hogy ellen\u0151rizzem az \u0171rlapot, meg\u00e1llap\u00edtom, el\u0151fordul-e benne az al\u00e1bbi hib\u00e1k valamelyike. A lista az EJEB k\u00f6vetelm\u00e9nyein, valamint a k\u00e9relmek el\u0151k\u00e9sz\u00edt\u00e9s\u00e9ben \u00e9s ellen\u0151rz\u00e9s\u00e9ben szerzett saj\u00e1t tapasztalatomon alapul.<\/div>\n<div class=\"checking-errors-frame\">\n<div class=\"checking-errors-scroll checking-richtext\">\n<p class=\"checking-group-heading\">I. Olyan hib\u00e1k, amelyek miatt az EJEB nem fogadja el a k\u00e9relmet<\/p>\n<p class=\"checking-item-heading\">1. Hib\u00e1k a k\u00e9relmez\u0151i \u0171rlap haszn\u00e1lat\u00e1val kapcsolatban<\/p>\n<ul class=\"vlist\">\n<li class=\"vitem\">Az \u0171rlap elavult v\u00e1ltozat\u00e1t haszn\u00e1lt\u00e1k; vagy<\/li>\n<li class=\"vitem\">a k\u00e9relmet nem \u0171rlapon ny\u00fajtott\u00e1k be.<\/li>\n<\/ul>\n<p>Vannak azonban kiv\u00e9telek. Az EJEB csak kiv\u00e9teles esetben fogadhat el \u0171rlap n\u00e9lk\u00fcl beny\u00fajtott k\u00e9relmet, k\u00fcl\u00f6n\u00f6sen akkor, ha a kit\u00f6lt\u00f6tt, hat\u00e1lyos \u0171rlap helyett s\u00fcrg\u0151s ideiglenes int\u00e9zked\u00e9s ir\u00e1nti k\u00e9relmet ny\u00fajtottak be, \u00e9s az legal\u00e1bb els\u0151 r\u00e1n\u00e9z\u00e9sre megalapozottnak t\u0171nik. Err\u0151l azonban teljes eg\u00e9sz\u00e9ben az EJEB saj\u00e1t m\u00e9rlegel\u00e9se alapj\u00e1n d\u00f6nt, ez\u00e9rt hat\u00e1rozottan azt tan\u00e1csolom, hogy ne alapozzon erre a kiv\u00e9telre.<\/p>\n<p class=\"checking-item-heading\">2. Hib\u00e1k az \u201eA. A k\u00e9relmez\u0151\u201d pont kit\u00f6lt\u00e9s\u00e9n\u00e9l<\/p>\n<ul class=\"vlist\">\n<li class=\"vitem\">Ha a k\u00e9relmez\u0151 term\u00e9szetes szem\u00e9ly: az 1\u20139. mez\u0151 nincs kit\u00f6ltve, vagy hib\u00e1san van kit\u00f6ltve.<\/li>\n<li class=\"vitem\">Ha a k\u00e9relmez\u0151 szervezet: a 10\u201316. mez\u0151 nincs kit\u00f6ltve, vagy hib\u00e1san van kit\u00f6ltve.<\/li>\n<li class=\"vitem\">Ha t\u00f6bb k\u00e9relmez\u0151 van:\n<ul class=\"vlist\">\n<li class=\"vitem\">a m\u00e1sodik \u00e9s minden tov\u00e1bbi k\u00e9relmez\u0151 adatait nem k\u00fcl\u00f6n lapon adt\u00e1k meg (a k\u00e9relmez\u0151k sorsz\u00e1moz\u00e1s\u00e1val);<\/li>\n<li class=\"vitem\">ha a k\u00e9relmez\u0151k panaszai k\u00fcl\u00f6nb\u00f6z\u0151 t\u00e9nyeken alapulnak: k\u00e9relmez\u0151nk\u00e9nt k\u00fcl\u00f6n \u0171rlap helyett egyetlen k\u00f6z\u00f6s \u0171rlapot ny\u00fajtottak be.<\/li>\n<\/ul>\n<\/li>\n<li class=\"vitem\">Ha t\u00edzn\u00e9l t\u00f6bb k\u00e9relmez\u0151 van:\n<ul class=\"vlist\">\n<li class=\"vitem\">az \u0171rlaphoz nem csatolt\u00e1k az \u00f6sszes k\u00e9relmez\u0151 adatait tartalmaz\u00f3 t\u00e1bl\u00e1zatot;<\/li>\n<li class=\"vitem\">ha k\u00e9pvisel\u0151k\u00e9nt \u00fcgyv\u00e9det b\u00edztak meg: az \u0171rlaphoz nem csatolt\u00e1k a t\u00e1bl\u00e1zat elektronikus v\u00e1ltozat\u00e1t.<\/li>\n<\/ul>\n<\/li>\n<\/ul>\n<p class=\"checking-item-heading\">3. Hib\u00e1k a \u201eB. \u00c1llam(ok), amely(ek) ellen a k\u00e9relem ir\u00e1nyul\u201d pont kit\u00f6lt\u00e9s\u00e9n\u00e9l<\/p>\n<ul class=\"vlist\">\n<li class=\"vitem\">A 17. mez\u0151ben nincs bejel\u00f6lve minden olyan \u00e1llam neve, amely ellen a k\u00e9relmet el\u0151terjesztik.<\/li>\n<\/ul>\n<p class=\"checking-item-heading\">4. Hib\u00e1k a \u201eC. Az egy\u00e9ni k\u00e9relmez\u0151 k\u00e9pvisel\u0151je\u201d pont kit\u00f6lt\u00e9s\u00e9n\u00e9l<\/p>\n<ul class=\"vlist\">\n<li class=\"vitem\">Ha a k\u00e9relmez\u0151 term\u00e9szetes szem\u00e9ly, \u00e9s k\u00e9pvisel\u0151t b\u00edzott meg:\n<ul class=\"vlist\">\n<li class=\"vitem\">a 34. \u00e9s 36. mez\u0151 nincs kit\u00f6ltve, vagy hib\u00e1san van kit\u00f6ltve; vagy<\/li>\n<li class=\"vitem\">a 33. mez\u0151ben nincs ott a k\u00e9relmez\u0151 saj\u00e1t kez\u0171 al\u00e1\u00edr\u00e1sa; vagy<\/li>\n<li class=\"vitem\">a 35. mez\u0151ben nincs ott a k\u00e9pvisel\u0151 saj\u00e1t kez\u0171 al\u00e1\u00edr\u00e1sa;<\/li>\n<li class=\"vitem\">ha a k\u00e9pvisel\u0151 nem \u00fcgyv\u00e9d: a 18\u201325. mez\u0151 nincs kit\u00f6ltve, vagy hib\u00e1san van kit\u00f6ltve;<\/li>\n<li class=\"vitem\">ha a k\u00e9pvisel\u0151 \u00fcgyv\u00e9d: a 26\u201332. mez\u0151 nincs kit\u00f6ltve, vagy hib\u00e1san van kit\u00f6ltve.<\/li>\n<\/ul>\n<\/li>\n<\/ul>\n<p>Vannak azonban kiv\u00e9telek. K\u00fcl\u00f6n meghatalmaz\u00e1s elfogadhat\u00f3 lehet, ha meggy\u0151z\u0151 magyar\u00e1zatot adnak azokra a lek\u00fczdhetetlen gyakorlati neh\u00e9zs\u00e9gekre, amelyek miatt mag\u00e1n az \u0171rlapon nem lehetett kit\u00f6lteni \u00e9s al\u00e1\u00edrni a \u201eMeghatalmaz\u00e1s\u201d pontot. Ha a k\u00e9relmez\u0151 szervezet, az 53\u201356. mez\u0151 eset\u00e9ben k\u00fcl\u00f6n meghatalmaz\u00e1s szint\u00e9n elfogadhat\u00f3 lehet ilyen meggy\u0151z\u0151 magyar\u00e1zat mellett.<\/p>\n<p class=\"checking-item-heading\">5. Hib\u00e1k a \u201eD. A k\u00e9relmez\u0151 szervezet k\u00e9pvisel\u0151je\u201d pont kit\u00f6lt\u00e9s\u00e9n\u00e9l<\/p>\n<ul class=\"vlist\">\n<li class=\"vitem\">F\u00fcggetlen\u00fcl att\u00f3l, hogy a D.2. pont ki van-e t\u00f6ltve, a 38\u201345. mez\u0151 nincs kit\u00f6ltve, vagy hib\u00e1san van kit\u00f6ltve.<\/li>\n<li class=\"vitem\">\u0415\u0441\u043b\u0438 \u0437\u0430\u044f\u0432\u0438\u0442\u0435\u043b\u044c &ndash; \u043e\u0440\u0433\u0430\u043d\u0438\u0437\u0430\u0446\u0438\u044f \u0438 \u043d\u0430\u0437\u043d\u0430\u0447\u0438\u043b \u043f\u0440\u0435\u0434\u0441\u0442\u0430\u0432\u0438\u0442\u0435\u043b\u044f &ndash; \u0430\u0434\u0432\u043e\u043a\u0430\u0442\u0430 \u0438\u043b\u0438 \u044e\u0440\u0438\u0441\u0442\u0430:\n<ul class=\"vlist\">\n<li class=\"vitem\">a 46\u201352. mez\u0151 nincs kit\u00f6ltve, vagy hib\u00e1san van kit\u00f6ltve;<\/li>\n<li class=\"vitem\">\u0435\u0441\u043b\u0438 \u043f\u0440\u0435\u0434\u0441\u0442\u0430\u0432\u0438\u0442\u0435\u043b\u044c \u043f\u0440\u0438 \u044d\u0442\u043e\u043c \u043d\u0435 \u044f\u0432\u043b\u044f\u0435\u0442\u0441\u044f \u0434\u043e\u043b\u0436\u043d\u043e\u0441\u0442\u043d\u044b\u043c \u043b\u0438\u0446\u043e\u043c \u043e\u0440\u0433\u0430\u043d\u0438\u0437\u0430\u0446\u0438\u0438:\n<ul class=\"vlist\">\n<li class=\"vitem\">az 54. \u00e9s 56. mez\u0151 nincs kit\u00f6ltve, vagy hib\u00e1san van kit\u00f6ltve; vagy<\/li>\n<li class=\"vitem\">az 53. mez\u0151ben nincs ott a szervezet tiszts\u00e9gvisel\u0151j\u00e9nek saj\u00e1t kez\u0171 al\u00e1\u00edr\u00e1sa; vagy<\/li>\n<li class=\"vitem\">az 55. mez\u0151ben nincs ott a k\u00e9pvisel\u0151 saj\u00e1t kez\u0171 al\u00e1\u00edr\u00e1sa.<\/li>\n<\/ul>\n<\/li>\n<\/ul>\n<\/li>\n<\/ul>\n<p class=\"checking-item-heading\">6. Hib\u00e1k az \u201eE. A t\u00e9nyek le\u00edr\u00e1sa\u201d pont kit\u00f6lt\u00e9s\u00e9n\u00e9l<\/p>\n<ul class=\"vlist\">\n<li class=\"vitem\">Az 58\u201360. mez\u0151ben a jogs\u00e9rt\u00e9s szempontj\u00e1b\u00f3l l\u00e9nyeges t\u00e9nyek nincsenek teljes k\u00f6r\u0171en el\u0151adva, akkor sem, ha az el\u0151ad\u00e1s e mez\u0151k\u00f6n k\u00edv\u00fcl folytat\u00f3dik.<\/li>\n<\/ul>\n<p>Ha az \u0171rlap F. pontj\u00e1ban t\u00f6bb \u00e1ll\u00edtott jogs\u00e9rt\u00e9st adnak el\u0151, a 6\u20138. pont k\u00f6vetelm\u00e9nyeinek teljes\u00fcl\u00e9s\u00e9t mindegyikre k\u00fcl\u00f6n kell ellen\u0151rizni.<\/p>\n<p>Megjegyz\u00e9s. A l\u00e9nyeges t\u00e9nyeket rendszerint az EJEB gyakorlat\u00e1nak m\u00f3dszeres elemz\u00e9s\u00e9vel lehet azonos\u00edtani. Itt \u00e9s a tov\u00e1bbiakban az EJEB gyakorlat\u00e1n az adott k\u00e9rd\u00e9sre vonatkoz\u00f3 aktu\u00e1lis EJEB-gyakorlatot \u00e9rtem. Az elemz\u00e9s \u00e1ltal\u00e1ban a kiemelt \u00fcgyekkel kezd\u0151dik, majd azokkal az \u00fcgyekkel folytat\u00f3dik, amelyeket az EJEB esetjogi adatb\u00e1zisa magas vagy k\u00f6zepes jelent\u0151s\u00e9g\u0171k\u00e9nt jel\u00f6l. \u00c9rdemes lehet az alacsony jelent\u0151s\u00e9g\u0171k\u00e9nt jel\u00f6lt \u00fcgyeket is \u00e1ttekinteni, k\u00fcl\u00f6n\u00f6sen a panaszolt \u00e1llamra vonatkoz\u00f3kat, hogy ne maradjanak ki fontos r\u00e9szletek. Az EJEB teljes esetjogi adatb\u00e1zisa csak angolul \u00e9s franci\u00e1ul \u00e9rhet\u0151 el; a m\u00e1s nyelv\u0171 ford\u00edt\u00e1sok mindig hi\u00e1nyosak \u00e9s gyakran pontatlanok.<\/p>\n<p class=\"checking-item-heading\">7. Hib\u00e1k az \u201eF. A k\u00e9relmez\u0151 \u00e1ltal \u00e1ll\u00edtott egyezm\u00e9ny- (ill. jegyz\u0151k\u00f6nyv-) s\u00e9rt\u00e9s(ek) \u00e9s az az(oka)t al\u00e1t\u00e1maszt\u00f3 \u00e9rvek\u201d pont kit\u00f6lt\u00e9s\u00e9n\u00e9l<\/p>\n<ul class=\"vlist\">\n<li class=\"vitem\">A 61\u201362. mez\u0151ben:\n<ul class=\"vlist\">\n<li class=\"vitem\">a bal oldali oszlopban nincsenek felt\u00fcntetve azok az egyezm\u00e9nyi vagy jegyz\u0151k\u00f6nyvi cikkek, amelyekre a k\u00e9relmez\u0151 hivatkozik; vagy<\/li>\n<li class=\"vitem\">a jobb oldali oszlopban nincs megmagyar\u00e1zva, hogy az el\u0151adott t\u00e9nyek mi\u00e9rt tan\u00fas\u00edtj\u00e1k e cikkek megs\u00e9rt\u00e9s\u00e9t.<\/li>\n<\/ul>\n<\/li>\n<\/ul>\n<p>Megjegyz\u00e9s. Ha egy \u00e1ll\u00edtott jogs\u00e9rt\u00e9st a 61\u201362. mez\u0151ben nem megfelel\u0151en adnak el\u0151, azt \u00fagy tekinthetik, mintha nem is terjesztett\u00e9k volna el\u0151. A magyar\u00e1zatoknak csak akkor van \u00e9rtelm\u00fck, ha \u00f6sszhangban \u00e1llnak az EJEB gyakorlat\u00e1val.<\/p>\n<p class=\"checking-item-heading\">8. Hib\u00e1k a \u201eG. Az Egyezm\u00e9ny 35. Cikk (1) bekezd\u00e9se szerinti elfogadhat\u00f3s\u00e1gi k\u00f6vetelm\u00e9nyeknek val\u00f3 megfelel\u00e9s\u201d pont kit\u00f6lt\u00e9s\u00e9n\u00e9l<\/p>\n<ul class=\"vlist\">\n<li class=\"vitem\">Azon esetek kiv\u00e9tel\u00e9vel, amikor a k\u00e9relmez\u0151 kifejezetten jelezte, hogy a jogs\u00e9rt\u00e9ssel szemben semmilyen jogorvoslatot nem vett ig\u00e9nybe, a 63. mez\u0151b\u0151l hi\u00e1nyoznak az al\u00e1bbi inform\u00e1ci\u00f3k:\n<ul class=\"vlist\">\n<li class=\"vitem\">az ig\u00e9nybe vett jogorvoslatokr\u00f3l; vagy<\/li>\n<li class=\"vitem\">az ig\u00e9nybev\u00e9tel\u00fck nyom\u00e1n hozott d\u00f6nt\u00e9sekr\u0151l (bele\u00e9rtve a v\u00e9gs\u0151 hat\u00e1rozat meghozatal\u00e1nak, valamint k\u00e9zbes\u00edt\u00e9s\u00e9nek vagy \u00e1tv\u00e9tel\u00e9nek d\u00e1tum\u00e1t, az \u00fcgysz\u00e1mokat, a d\u00f6nt\u00e9st hoz\u00f3 szerveket \u00e9s a d\u00f6nt\u00e9sek t\u00edpus\u00e1t).<\/li>\n<\/ul>\n<\/li>\n<li class=\"vitem\">A 64. mez\u0151ben sem az \u201eIgen\u201d, sem a \u201eNem\u201d nincs bejel\u00f6lve.<\/li>\n<li class=\"vitem\">Ha a 64. mez\u0151ben az \u201eIgen\u201d van bejel\u00f6lve, a 65. mez\u0151ben:\n<ul class=\"vlist\">\n<li class=\"vitem\">nincs megjel\u00f6lve, mely jogorvoslatokat nem vette ig\u00e9nybe a k\u00e9relmez\u0151; vagy<\/li>\n<li class=\"vitem\">nincs megmagyar\u00e1zva, mi\u00e9rt nem vette \u0151ket ig\u00e9nybe.<\/li>\n<\/ul>\n<\/li>\n<\/ul>\n<p>Megjegyz\u00e9s. Annak meg\u00edt\u00e9l\u00e9se, hogy mely jogorvoslatokat kellett ig\u00e9nybe venni, \u00e9s melyeket lehetett mell\u0151zni, f\u0151szab\u00e1ly szerint az EJEB gyakorlat\u00e1nak vizsg\u00e1lat\u00e1t ig\u00e9nyli.<\/p>\n<p class=\"checking-item-heading\">9. Hib\u00e1k a \u201eH. Egy\u00e9b nemzetk\u00f6zi kivizsg\u00e1l\u00e1si, ill. rendez\u00e9si elj\u00e1r\u00e1sok\u201d pont kit\u00f6lt\u00e9s\u00e9n\u00e9l<\/p>\n<ul class=\"vlist\">\n<li class=\"vitem\">Ha a k\u00e9relmez\u0151 a fenti panaszokkal kapcsolatban nem vett ig\u00e9nybe m\u00e1s nemzetk\u00f6zi kivizsg\u00e1l\u00e1si vagy rendez\u00e9si elj\u00e1r\u00e1st, \u00e9s kor\u00e1bban nem ny\u00fajtott be k\u00e9relmet az EJEB-hez: a 66. \u00e9s 68. mez\u0151ben nincs bejel\u00f6lve a \u201eNem\u201d.<\/li>\n<li class=\"vitem\">Ha a k\u00e9relmez\u0151 ilyen m\u00e1s elj\u00e1r\u00e1st vett ig\u00e9nybe:\n<ul class=\"vlist\">\n<li class=\"vitem\">a 66. mez\u0151ben nincs bejel\u00f6lve az \u201eIgen\u201d; vagy<\/li>\n<li class=\"vitem\">a 67. mez\u0151ben nincs le\u00edrva, milyen panaszokkal kapcsolatban mely nemzetk\u00f6zi szervhez fordultak, mikor, \u00e9s milyen d\u00f6nt\u00e9s sz\u00fcletett.<\/li>\n<\/ul>\n<\/li>\n<li class=\"vitem\">Ha a k\u00e9relmez\u0151 kor\u00e1bban ny\u00fajtott be k\u00e9relmet az EJEB-hez:\n<ul class=\"vlist\">\n<li class=\"vitem\">a 68. mez\u0151ben nincs bejel\u00f6lve az \u201eIgen\u201d; vagy<\/li>\n<li class=\"vitem\">a 69. mez\u0151b\u0151l hi\u00e1nyoznak e k\u00e9relmek iktat\u00e1si sz\u00e1mai.<\/li>\n<\/ul>\n<\/li>\n<\/ul>\n<p class=\"checking-item-heading\">10. Hib\u00e1k az \u201eI. Csatolt iratok list\u00e1ja\u201d pont kit\u00f6lt\u00e9s\u00e9n\u00e9l<\/p>\n<ul class=\"vlist\">\n<li class=\"vitem\">Legal\u00e1bb egy csatolt irat nincs felt\u00fcntetve:\n<ul class=\"vlist\">\n<li class=\"vitem\">a 70. mez\u0151ben; vagy<\/li>\n<li class=\"vitem\">ha ott nincs el\u00e9g hely: k\u00fcl\u00f6n lapon, a 70. mez\u0151ben megkezdett sz\u00e1moz\u00e1s folytat\u00e1s\u00e1val.<\/li>\n<\/ul>\n<\/li>\n<li class=\"vitem\">Az al\u00e1bbi hat\u00e1rozatok \u00e9s egy\u00e9b iratok m\u00e1solata (szkennelt p\u00e9ld\u00e1nya vagy f\u00e9nyk\u00e9pe) hi\u00e1nyzik, hi\u00e1nyos vagy olvashatatlan:\n<ul class=\"vlist\">\n<li class=\"vitem\">minden olyan hat\u00e1rozat \u00e9s irat, amely a panaszolt int\u00e9zked\u00e9seket tartalmazza;<\/li>\n<li class=\"vitem\">ha a k\u00e9relmez\u0151 jogorvoslatokat vett ig\u00e9nybe:\n<ul class=\"vlist\">\n<li class=\"vitem\">az ig\u00e9nybev\u00e9tel\u00fck sor\u00e1n hozott \u00f6sszes hat\u00e1rozat, bele\u00e9rtve a k\u00fcl\u00f6n indokol\u00e1st tartalmaz\u00f3 iratokat is, ha azokat k\u00fcl\u00f6n adt\u00e1k ki;<\/li>\n<li class=\"vitem\">a nemzeti hat\u00f3s\u00e1gokhoz beny\u00fajtott minden olyan beadv\u00e1ny, amely sz\u00fcks\u00e9ges annak igazol\u00e1s\u00e1hoz, hogy az \u0171rlapon el\u0151adott minden egyes jogs\u00e9rt\u00e9s l\u00e9nyege nemzeti szinten is felmer\u00fclt;<\/li>\n<\/ul>\n<\/li>\n<li class=\"vitem\">ha a k\u00e9relmez\u0151 az EJEB-hez fordul\u00e1s hat\u00e1ridej\u00e9t a v\u00e9gs\u0151 hat\u00e1rozat k\u00e9zbes\u00edt\u00e9s\u00e9nek vagy \u00e1tv\u00e9tel\u00e9nek napj\u00e1t\u00f3l sz\u00e1m\u00edtja: e d\u00e1tumot igazol\u00f3 iratok;<\/li>\n<li class=\"vitem\">m\u00e1s nemzetk\u00f6zi kivizsg\u00e1l\u00e1si vagy rendez\u00e9si elj\u00e1r\u00e1s ig\u00e9nybev\u00e9tele eset\u00e9n: a vonatkoz\u00f3 iratok;<\/li>\n<li class=\"vitem\">ha a k\u00e9relmez\u0151 szervezet: a szervezet tiszts\u00e9gvisel\u0151j\u00e9nek jogosults\u00e1g\u00e1t igazol\u00f3 iratok.<\/li>\n<\/ul>\n<\/li>\n<\/ul>\n<p>Vannak azonban kiv\u00e9telek. A hat\u00e1rozat vagy m\u00e1s irat m\u00e1solat\u00e1t nem kell csatolni, ha az \u0171rlapon meg van magyar\u00e1zva, hogy az irat beszerz\u00e9se gyakorlatilag lehetetlen volt.<\/p>\n<p>Megjegyz\u00e9s. Hat\u00e1rozottan javaslom:<\/p>\n<ul class=\"vlist\">\n<li class=\"vitem\">ne csatoljon az \u0171rlaphoz adathordoz\u00f3kat (CD-ROM-ot, pendrive-ot stb.) hang- \u00e9s\/vagy videofelv\u00e9telekkel vagy m\u00e1s f\u00e1jlokkal. Az ilyen anyagokon alapul\u00f3 l\u00e9nyeges t\u00e9nyeket sz\u00f6vegesen kell el\u0151adni, az anyagok l\u00e9tez\u00e9s\u00e9nek megjel\u00f6l\u00e9s\u00e9vel. Sz\u00fcks\u00e9g eset\u00e9n az EJEB k\u00fcl\u00f6n be fogja k\u00e9rni \u0151ket. A t\u00e1bl\u00e1zat elektronikus v\u00e1ltozat\u00e1t tartalmaz\u00f3 adathordoz\u00f3 (l\u00e1sd a fenti 2. pontot) viszont csatolhat\u00f3.<\/li>\n<li class=\"vitem\">a csatolt iratokat id\u0151rendben rendezze (vagy, ha t\u00f6bb elj\u00e1r\u00e1s volt, elj\u00e1r\u00e1sonk\u00e9nt, \u00e9s azon bel\u00fcl id\u0151rendben);<\/li>\n<li class=\"vitem\">a csatolt iratok minden oldal\u00e1t folyamatos sorsz\u00e1mmal l\u00e1ssa el, \u00e9s a 70. mez\u0151 jobb oldal\u00e1n (valamint az esetleges kieg\u00e9sz\u00edt\u0151 lapon) e sz\u00e1moz\u00e1s szerint adja meg, mely oldalakon tal\u00e1lhat\u00f3 az egyes csatolm\u00e1ny.<\/li>\n<\/ul>\n<p class=\"checking-item-heading\">11. Hib\u00e1k a \u201eNyilatkozat \u00e9s al\u00e1\u00edr\u00e1s\u201d r\u00e9sz kit\u00f6lt\u00e9s\u00e9n\u00e9l<\/p>\n<ul class=\"vlist\">\n<li class=\"vitem\">A 72. mez\u0151b\u0151l hi\u00e1nyzik a d\u00e1tum; vagy<\/li>\n<li class=\"vitem\">a 73. mez\u0151b\u0151l hi\u00e1nyzik:\n<ul class=\"vlist\">\n<li class=\"vitem\">minden olyan k\u00e9relmez\u0151 eset\u00e9ben, aki szem\u00e9lyesen \u00edrja al\u00e1 az \u0171rlapot: a k\u00e9relmez\u0151 saj\u00e1t kez\u0171 al\u00e1\u00edr\u00e1sa; vagy<\/li>\n<li class=\"vitem\">minden olyan k\u00e9relmez\u0151 eset\u00e9ben, aki helyett a k\u00e9pvisel\u0151 \u00edrja al\u00e1 az \u0171rlapot: a k\u00e9pvisel\u0151 saj\u00e1t kez\u0171 al\u00e1\u00edr\u00e1sa.<\/li>\n<\/ul>\n<\/li>\n<\/ul>\n<p class=\"checking-item-heading\">12. Hib\u00e1k a \u201eKapcsolattart\u00f3 a levelez\u00e9shez\u201d r\u00e9sz kit\u00f6lt\u00e9s\u00e9n\u00e9l<\/p>\n<ul class=\"vlist\">\n<li class=\"vitem\">Ha t\u00f6bb k\u00e9relmez\u0151 van:\n<ul class=\"vlist\">\n<li class=\"vitem\">a 74. mez\u0151ben nincs megadva egyetlen kapcsolattart\u00f3 szem\u00e9ly vezet\u00e9kneve, ut\u00f3neve (\u00e9s ha van, apai neve) \u00e9s c\u00edme;<\/li>\n<li class=\"vitem\">ha k\u00e9pvisel\u0151t b\u00edztak meg: a 74. mez\u0151ben a k\u00e9relmez\u0151 adatai szerepelnek, nem a k\u00e9pvisel\u0151\u00e9i.<\/li>\n<\/ul>\n<\/li>\n<\/ul>\n<p class=\"checking-item-heading\">13. Hib\u00e1k az \u0171rlaphoz csatolt kieg\u00e9sz\u00edt\u00e9s elk\u00e9sz\u00edt\u00e9s\u00e9n\u00e9l<\/p>\n<ul class=\"vlist\">\n<li class=\"vitem\">Ha az \u0171rlaphoz kieg\u00e9sz\u00edt\u00e9s van csatolva, az:\n<ul class=\"vlist\">\n<li class=\"vitem\">meghaladja a 20 oldalt; vagy<\/li>\n<li class=\"vitem\">nem felel meg a formai k\u00f6vetelm\u00e9nyeknek (A4-es lapok, legal\u00e1bb 3,5 cm sz\u00e9les marg\u00f3k, legal\u00e1bb 12 pontos bet\u0171m\u00e9ret a f\u0151sz\u00f6vegben \u00e9s 10 pontos a l\u00e1bjegyzetekben, folyamatosan sz\u00e1mozott oldalak \u00e9s bekezd\u00e9sek); vagy<\/li>\n<li class=\"vitem\">olyan l\u00e9nyeges t\u00e9nyeket, az \u00e1ll\u00edtott jogs\u00e9rt\u00e9sek el\u0151ad\u00e1s\u00e1t vagy a jogorvoslatok kimer\u00edt\u00e9s\u00e9re vonatkoz\u00f3 inform\u00e1ci\u00f3t tartalmaz, amely nem szerepel az E., F. \u00e9s G. pontban.<\/li>\n<\/ul>\n<\/li>\n<\/ul>\n<p>Megjegyz\u00e9s. Az \u0171rlaphoz csatolt kieg\u00e9sz\u00edt\u00e9s kiz\u00e1r\u00f3lag az E., F. \u00e9s G. pontban el\u0151adand\u00f3 adatokon fel\u00fcli tov\u00e1bbi inform\u00e1ci\u00f3kra \u00e9s magyar\u00e1zatokra szolg\u00e1l. Tartalmazhat r\u00e9szletesebb adatokat a hazai elj\u00e1r\u00e1sr\u00f3l \u00e9s arr\u00f3l, hogyan vizsg\u00e1lt\u00e1k meg a nemzeti hat\u00f3s\u00e1gok az el\u00e9j\u00fck terjesztett \u00e9rveket. A kieg\u00e9sz\u00edt\u00e9s pontos\u00edt\u00f3 k\u00f6r\u00fclm\u00e9nyeket \u00e9s \u00e9rveket is tartalmazhat az \u0171rlapon m\u00e1r el\u0151adott jogs\u00e9rt\u00e9sekkel kapcsolatban.<\/p>\n<p class=\"checking-item-heading\">14. Hib\u00e1k az \u0171rlap EJEB-hez t\u00f6rt\u00e9n\u0151 ism\u00e9telt elk\u00fcld\u00e9sekor<\/p>\n<ul class=\"vlist\">\n<li class=\"vitem\">Ha az EJEB nem fogadta el a k\u00e9relmet, \u00e9s az \u0171rlapot ism\u00e9t elk\u00fcldik, az \u00faj p\u00e9ld\u00e1nyhoz csatolni kell a megism\u00e9telt beny\u00fajt\u00e1sban hivatkozott valamennyi irat m\u00e1solat\u00e1t. Hiba, ha a hi\u00e1nyz\u00f3 iratokat vagy inform\u00e1ci\u00f3kat k\u00fcl\u00f6n k\u00fcldik el, vagy nem csatolj\u00e1k \u00fajra a kor\u00e1bban m\u00e1r az EJEB-nek megk\u00fcld\u00f6tt iratok m\u00e1solatait.<\/li>\n<\/ul>\n<p>Megjegyz\u00e9s. B\u00e1r ezeknek az adatoknak a hi\u00e1nya \u00f6nmag\u00e1ban nem felt\u00e9tlen\u00fcl j\u00e1r azzal, hogy a k\u00e9relmet nem fogadj\u00e1k el, hat\u00e1rozottan javaslom a k\u00f6vetkez\u0151t. Ha a k\u00e9relmez\u0151 ugyanebben az \u00fcgyben m\u00e1r fordult az EJEB-hez, \u00e9s vonalk\u00f3dos c\u00edmk\u00e9ket kapott, ragasszon egy ilyen c\u00edmk\u00e9t az \u0171rlap els\u0151 oldal\u00e1nak bal fels\u0151 r\u00e9sz\u00e9n tal\u00e1lhat\u00f3 megfelel\u0151 mez\u0151be. Ha ilyen c\u00edmk\u00e9je nincs, legal\u00e1bb az EJEB level\u00e9ben szerepl\u0151 sz\u00e1mot \u00edrja be az els\u0151 oldal jobb fels\u0151 r\u00e9sz\u00e9n l\u00e9v\u0151 k\u00e9relemsz\u00e1m-mez\u0151be.<\/p>\n<p class=\"checking-group-heading\">II. Hib\u00e1k, amelyek n\u00f6velik annak kock\u00e1zat\u00e1t, hogy a k\u00e9relmet vagy annak egy r\u00e9sz\u00e9t elfogadhatatlannak nyilv\u00e1n\u00edts\u00e1k<\/p>\n<p class=\"checking-item-heading\">15. \u00c9rdemi hib\u00e1k az \u00e1ll\u00edtott jogs\u00e9rt\u00e9sek el\u0151ad\u00e1s\u00e1ban<\/p>\n<ul class=\"vlist\">\n<li class=\"vitem\">Az \u00e1ll\u00edtott jogs\u00e9rt\u00e9s el\u0151ad\u00e1sa s\u00falyosan ellentmond\u00e1sos. Ha az \u0171rlap F. pontj\u00e1ban t\u00f6bb \u00e1ll\u00edtott jogs\u00e9rt\u00e9st adnak el\u0151, a 15\u201317. pont szerinti s\u00falyos ellentmond\u00e1soss\u00e1got mindegyikn\u00e9l k\u00fcl\u00f6n kell \u00e9rt\u00e9kelni. Itt \u00e9s al\u00e1bb a \u201es\u00falyosan ellentmond\u00e1sos\u201d azt jelenti, hogy az EJEB k\u00f6vetkeztet\u00e9sei szempontj\u00e1b\u00f3l l\u00e9nyeges r\u00e9szben:\n<ul class=\"vlist\">\n<li class=\"vitem\">az adott k\u00e9rd\u00e9sre vonatkoz\u00f3 t\u00e9nyel\u0151ad\u00e1s:\n<ul class=\"vlist\">\n<li class=\"vitem\">bels\u0151 ellentmond\u00e1st tartalmaz; vagy<\/li>\n<li class=\"vitem\">nem felel meg az \u0171rlaphoz csatolt iratok tartalm\u00e1nak; vagy<\/li>\n<\/ul>\n<\/li>\n<li class=\"vitem\">az \u00e1ll\u00edtott jogs\u00e9rt\u00e9s el\u0151ad\u00e1sa vagy az adott elfogadhat\u00f3s\u00e1gi felt\u00e9tel teljes\u00edt\u00e9s\u00e9re vonatkoz\u00f3 inform\u00e1ci\u00f3 nem felel meg:\n<ul class=\"vlist\">\n<li class=\"vitem\">a t\u00e9nyel\u0151ad\u00e1snak; vagy<\/li>\n<li class=\"vitem\">az EJEB gyakorlat\u00e1nak.<\/li>\n<\/ul>\n<\/li>\n<\/ul>\n<\/li>\n<\/ul>\n<p>Megjegyz\u00e9s. B\u00e1r ez \u00f6nmag\u00e1ban nem felt\u00e9tlen\u00fcl j\u00e1r azzal, hogy a k\u00e9relmet nem fogadj\u00e1k el, hat\u00e1rozottan javaslom, hogy ker\u00fclje azokat a r\u00f6vid\u00edt\u00e9seket, jeleket \u00e9s szimb\u00f3lumokat, amelyek miatt az \u0171rlapon \u00edrt sz\u00f6veg f\u00e9lre\u00e9rthet\u0151v\u00e9 v\u00e1lhat.<\/p>\n<p class=\"checking-item-heading\">16. \u00c9rdemi hib\u00e1k a jogorvoslatokra \u00e9s az EJEB-hez fordul\u00e1s hat\u00e1ridej\u00e9re vonatkoz\u00f3 inform\u00e1ci\u00f3k el\u0151ad\u00e1s\u00e1ban<\/p>\n<ul class=\"vlist\">\n<li class=\"vitem\">S\u00falyosan ellentmond\u00e1sos:\n<ul class=\"vlist\">\n<li class=\"vitem\">a jogorvoslatok ig\u00e9nybev\u00e9tel\u00e9re vagy ig\u00e9nybev\u00e9tel\u00fck elmarad\u00e1s\u00e1nak okaira vonatkoz\u00f3 inform\u00e1ci\u00f3; vagy<\/li>\n<li class=\"vitem\">az EJEB-hez fordul\u00e1s hat\u00e1ridej\u00e9nek betart\u00e1s\u00e1ra vonatkoz\u00f3 inform\u00e1ci\u00f3.<\/li>\n<\/ul>\n<\/li>\n<\/ul>\n<p class=\"checking-item-heading\">17. \u00c9rdemi hib\u00e1k az egy\u00e9b elfogadhat\u00f3s\u00e1gi felt\u00e9telekre vonatkoz\u00f3 inform\u00e1ci\u00f3k el\u0151ad\u00e1s\u00e1ban<\/p>\n<ul class=\"vlist\">\n<li class=\"vitem\">Az \u0171rlapon olyan jegyz\u0151k\u00f6nyv megs\u00e9rt\u00e9s\u00e9t \u00e1ll\u00edtj\u00e1k, amelyet a panaszolt \u00e1llam nem ratifik\u00e1lt.<\/li>\n<li class=\"vitem\">Az \u0171rlapon olyan \u00e1llam \u00e1ltal elk\u00f6vetett jogs\u00e9rt\u00e9st \u00e1ll\u00edtanak, amely nem r\u00e9szes fele az Egyezm\u00e9nynek.<\/li>\n<li class=\"vitem\">Ha \u00e9sszer\u0171 k\u00e9ts\u00e9g mer\u00fcl fel az al\u00e1bbi elfogadhat\u00f3s\u00e1gi felt\u00e9telek b\u00e1rmelyik\u00e9nek teljes\u00fcl\u00e9s\u00e9vel kapcsolatban, az \u0171rlapb\u00f3l hi\u00e1nyzik az adott felt\u00e9tel teljes\u00fcl\u00e9s\u00e9re vonatkoz\u00f3 inform\u00e1ci\u00f3, vagy a megl\u00e9v\u0151 inform\u00e1ci\u00f3 s\u00falyosan ellentmond\u00e1sos:\n<ul class=\"vlist\">\n<li class=\"vitem\">a panaszolt \u00e1llam felel\u0151ss\u00e9ggel tartozhat az el\u0151adott jogs\u00e9rt\u00e9s\u00e9rt;<\/li>\n<li class=\"vitem\">a k\u00e9relmez\u0151 jogosult az Egyezm\u00e9ny 34. Cikke alapj\u00e1n az EJEB-hez fordulni;<\/li>\n<li class=\"vitem\">a k\u00e9pvisel\u0151 meghatalmaz\u00e1s n\u00e9lk\u00fcl is elj\u00e1rhat, ha az \u0171rlapot a k\u00e9pvisel\u0151 \u00edrta al\u00e1, a k\u00e9relmez\u0151 pedig sem a 73. mez\u0151ben, sem a \u201eMeghatalmaz\u00e1s\u201d pontban nem \u00edrta al\u00e1;<\/li>\n<li class=\"vitem\">a k\u00e9relmez\u0151 a panaszolt \u00e1llam joghat\u00f3s\u00e1ga alatt \u00e1llt;<\/li>\n<li class=\"vitem\">az el\u0151adott jogs\u00e9rt\u00e9s az Egyezm\u00e9nynek a panaszolt \u00e1llamra n\u00e9zve hat\u00e1lyos id\u0151szak\u00e1ban t\u00f6rt\u00e9nt, \u00e9s ha a jogokat \u00e9s szabads\u00e1gokat valamely jegyz\u0151k\u00f6nyv r\u00f6gz\u00edti, az adott jegyz\u0151k\u00f6nyv hat\u00e1ly\u00e1nak id\u0151szak\u00e1ban;<\/li>\n<li class=\"vitem\">a k\u00e9relmez\u0151nek volt \u00e9s tov\u00e1bbra is fenn\u00e1ll az \u00e1ldozati st\u00e1tusza;<\/li>\n<li class=\"vitem\">a k\u00e9relmez\u0151t jelent\u0151s h\u00e1tr\u00e1ny \u00e9rte;<\/li>\n<li class=\"vitem\">a k\u00e9relem l\u00e9nyeg\u00e9ben nem azonos egy, az EJEB \u00e1ltal m\u00e1r megvizsg\u00e1lt \u00fcggyel, \u00e9s nem k\u00e9pezi m\u00e1s nemzetk\u00f6zi kivizsg\u00e1l\u00e1si vagy rendez\u00e9si elj\u00e1r\u00e1s t\u00e1rgy\u00e1t.<\/li>\n<\/ul>\n<\/li>\n<li class=\"vitem\">A k\u00e9relemben az EJEB-hez fordul\u00e1s jog\u00e1val val\u00f3 vissza\u00e9l\u00e9s jelei mutatkoznak.<\/li>\n<\/ul>\n<\/div>\n<\/div>\n<div class=\"mywpcf7cf\">Az ellen\u0151rz\u00e9s ut\u00e1n elk\u00fcld\u00f6m \u00d6nnek a felt\u00e1rt hib\u00e1k list\u00e1j\u00e1t a hozz\u00e1juk tartoz\u00f3 magyar\u00e1zatokkal egy\u00fctt.<\/div>\n<div class=\"mywpcf7cf\">Az \u00e1ltalam adott magyar\u00e1zatok alapj\u00e1n szinte minden olyan hiba kijav\u00edthat\u00f3, amely miatt az EJEB \u00e9vente t\u00f6bb mint 8 000 k\u00e9relmet nem fogad el. Tapasztalatom szerint ezek a hib\u00e1k elker\u00fclhet\u0151k: 22 \u00e9v alatt az EJEB az \u00e1ltalam el\u0151k\u00e9sz\u00edtett t\u00f6bb mint 170 k\u00e9relem mindegyik\u00e9t elfogadta. Ha teh\u00e1t ilyen hib\u00e1k vannak az \u00d6n \u0171rlapj\u00e1ban, fel tudom t\u00e1rni \u0151ket, \u00d6n pedig ezek n\u00e9lk\u00fcl k\u00fcldheti be az \u0171rlapot az EJEB-hez, ezzel a lehet\u0151 legnagyobbra n\u00f6velve annak es\u00e9ly\u00e9t, hogy k\u00e9relm\u00e9t elfogadj\u00e1k. Ha a k\u00e9relmet nem fogadj\u00e1k el, a B\u00edr\u00f3s\u00e1g nem vizsg\u00e1lja meg, vagyis a k\u00e9relem m\u00e1r ezen a ponton elakad. Azt is fontos meg\u00e9rteni, hogy ha megv\u00e1rja az elutas\u00edt\u00e1st, \u00e9s csak ut\u00e1na jav\u00edtja az \u0171rlapot, szinte mindig k\u00e9s\u0151 lesz. Az \u0171rlap elk\u00fcld\u00e9se az EJEB-hez nem f\u00fcggeszti fel a B\u00edr\u00f3s\u00e1ghoz fordul\u00e1s r\u00f6vid hat\u00e1ridej\u00e9t. Mire elk\u00fcldi az \u0171rlapot, a hat\u00e1rid\u0151 egy r\u00e9sze rendszerint m\u00e1r letelt, a fennmarad\u00f3 r\u00e9sz pedig szinte mindig lej\u00e1r, mire az \u0171rlap eljut az EJEB-hez, a B\u00edr\u00f3s\u00e1g ellen\u0151rzi, majd \u00d6n rendes postai lev\u00e9lben megkapja az elutas\u00edt\u00e1sr\u00f3l sz\u00f3l\u00f3 \u00e9rtes\u00edt\u00e9st. Ez\u00e9rt b\u00e1r elm\u00e9letileg az elutas\u00edt\u00e1s ut\u00e1n is ki lehet jav\u00edtani \u00e9s \u00fajra be lehet ny\u00fajtani az \u0171rlapot, a gyakorlatban ez szinte mindig \u00e9rtelmetlen: a k\u00e9relmet akkor is elfogadhatatlannak fogj\u00e1k nyilv\u00e1n\u00edtani az EJEB-hez fordul\u00e1s hat\u00e1ridej\u00e9nek elmulaszt\u00e1sa miatt, ha a B\u00edr\u00f3s\u00e1g egy\u00e9bk\u00e9nt elfogadn\u00e1.<\/div>\n<div class=\"mywpcf7cf\">Att\u00f3l m\u00e9g, hogy a B\u00edr\u00f3s\u00e1g elfogadja a k\u00e9relmet, az elfogadhat\u00f3s\u00e1g k\u00e9rd\u00e9se nincs eld\u00f6ntve. Az EJEB a k\u00e9relmek k\u00f6r\u00fclbel\u00fcl 70%-\u00e1t r\u00f6viddel a be\u00e9rkez\u00e9s\u00fck ut\u00e1n teljes eg\u00e9sz\u00e9ben elfogadhatatlannak nyilv\u00e1n\u00edtja. Szinte az \u00f6sszes t\u00f6bbi k\u00e9relmet legal\u00e1bb r\u00e9szben elfogadhatatlannak nyilv\u00e1n\u00edtja, olykor \u00e9ppen abban a r\u00e9szben, amely a k\u00e9relmez\u0151nek a legfontosabb. Sokszor ez magukb\u00f3l az \u00fcgy k\u00f6r\u00fclm\u00e9nyeib\u0151l k\u00f6vetkezik, de nem mindig. El\u0151fordulhat, hogy az \u0171rlapb\u00f3l fontos t\u00e9nyek, az elfogadhat\u00f3s\u00e1gi felt\u00e9telek teljes\u00edt\u00e9s\u00e9re vonatkoz\u00f3 teljes k\u00f6r\u0171 inform\u00e1ci\u00f3k vagy az \u00e1ll\u00edtott jogs\u00e9rt\u00e9sek teljes el\u0151ad\u00e1sa hi\u00e1nyzik. Az is lehet, hogy az el\u0151adott t\u00e9nyek, az elfogadhat\u00f3s\u00e1gi felt\u00e9telek teljes\u00edt\u00e9s\u00e9re vonatkoz\u00f3 inform\u00e1ci\u00f3k vagy az \u00e1ll\u00edtott jogs\u00e9rt\u00e9sek el\u0151ad\u00e1sa nincs \u00f6sszhangban az EJEB gyakorlat\u00e1val, hom\u00e1lyos, k\u00f6vetkezetlen vagy ellentmond a csatolt iratoknak. Az ilyen hib\u00e1k k\u00f6nnyen ahhoz vezetnek, hogy az EJEB elfogadhatatlannak nyilv\u00e1n\u00edtja a k\u00e9relmet. A magyar\u00e1zataim seg\u00edtenek felismerni ezeket a hib\u00e1kat, \u00e9s meg\u00e9rteni, hogy a k\u00e9relem mely r\u00e9sz\u00e9t vesz\u00e9lyeztetik. N\u00e9melyik ilyen hiba k\u00f6zvetlen\u00fcl a magyar\u00e1zataim alapj\u00e1n kijav\u00edthat\u00f3. Ha azonban sok van bel\u0151l\u00fck, vagy n\u00e9melyikhez terjedelmes magyar\u00e1zat kellene, el\u0151fordulhat, hogy az egy \u0171rlap ellen\u0151rz\u00e9s\u00e9nek fix d\u00edj\u00e1ban foglalt h\u00e1rom \u00f3ra nem el\u00e9g ahhoz, hogy mindegyikr\u0151l r\u00e9szletesen \u00edrjak. Minden \u00e1ltalam felt\u00e1rt hib\u00e1hoz azonban legal\u00e1bb r\u00f6vid magyar\u00e1zatot kap.<\/div>\n<div class=\"mywpcf7cf\">Az ellen\u0151rz\u00e9s d\u00edja 600 eur\u00f3, \u00e9s rendszerint legfeljebb egy h\u00e9t alatt k\u00e9sz\u00fcl el.<\/div>\n<div class=\"mywpcf7cf\">Ha az eredm\u00e9nyekre enn\u00e9l gyorsabban van sz\u00fcks\u00e9ge, <a href=\"mailto:oleg.anishchik@europeancourt.org?subject=Kit\u00f6lt\u00f6tt EJEB-k\u00e9relmez\u0151i \u0171rlapok ellen\u0151rz\u00e9se: s\u00fcrg\u0151s ellen\u0151rz\u00e9s&amp;body=El tudja v\u00e9gezni s\u00fcrg\u0151sen a k\u00e9relmez\u0151i \u0171rlap ellen\u0151rz\u00e9s\u00e9t?\">\u00edrjon nekem<\/a> \u00e9s k\u00e9rdezze meg, el tudom-e v\u00e1llalni a s\u00fcrg\u0151s ellen\u0151rz\u00e9st. Az ilyen e-mailre 24 \u00f3r\u00e1n bel\u00fcl v\u00e1laszolok. Ha igennel v\u00e1laszolok, \u00e9s az \u0171rlapot azonnal elk\u00fcldi ellen\u0151rz\u00e9sre, a k\u00f6vetkez\u0151 24 \u00f3r\u00e1n bel\u00fcl elv\u00e9gzem az ellen\u0151rz\u00e9st.<\/div>\n<div class=\"mywpcf7cf\">Ez az ellen\u0151rz\u00e9s egy\u00e9rtelm\u0171en nem \u00d6nnek val\u00f3, ha az al\u00e1bbi \u00e1ll\u00edt\u00e1sok k\u00f6z\u00fcl ak\u00e1r egy is igaz \u00d6nre:<\/div>\n<ul class=\"checking-blocklist\">\n<li><label><input type=\"checkbox\" class=\"ec-checking-blocker\" \/><span>Magam is meg tudom tal\u00e1lni az \u00f6sszes hib\u00e1t az \u0171rlapon.<\/span><\/label><\/li>\n<li>Arra sz\u00e1m\u00edtok, hogy az ellen\u0151rz\u00e9s ut\u00e1n jav\u00edtott \u0171rlapot kapok, vagy r\u00e9szletes magyar\u00e1zatot minden felt\u00e1rt hiba kijav\u00edt\u00e1s\u00e1hoz.<\/li>\n<li>Nem \u00e1llok k\u00e9szen arra, hogy j\u00f3l olvashat\u00f3 szkennelt m\u00e1solatokat vagy f\u00e9nyk\u00e9peket k\u00e9sz\u00edtsek a pap\u00edralap\u00fa mell\u00e9kletekr\u0151l, \u00e9s azokat az \u0171rlappal egy\u00fctt ellen\u0151rz\u00e9sre beny\u00fajtsam.<\/li>\n<li>Csak a hib\u00e1k egy r\u00e9sz\u00e9t szeretn\u00e9m ellen\u0151riztetni, nem az \u00f6sszeset.<\/li>\n<li><label><input type=\"checkbox\" class=\"ec-checking-blocker\" \/><span>Most fontosabb nekem, hogy megsp\u00f3roljam az ellen\u0151rz\u00e9s d\u00edj\u00e1t, mint hogy a lehet\u0151 legnagyobbra n\u00f6veljem a k\u00e9relmem elfogad\u00e1s\u00e1nak es\u00e9ly\u00e9t, \u00e9s cs\u00f6kkentsem annak kock\u00e1zat\u00e1t, hogy a k\u00e9relmemet elfogadhatatlannak nyilv\u00e1n\u00edts\u00e1k.<\/span><\/label><\/li>\n<\/ul>\n<div class=\"checking-load-wrap\">\n<div class=\"checking-load-button-row\"><button type=\"button\" class=\"mybutton blue\" id=\"ec-checking-load-form\">\u0170rlap elk\u00fcld\u00e9se ellen\u0151rz\u00e9sre<\/button><\/div>\n<div id=\"ec-checking-load-status\" class=\"checking-load-status\" role=\"status\" aria-live=\"polite\"><\/div>\n<\/div>\n<div class=\"mywpcf7cf mywpcf7cf-utility checking-utility-row\">\n<div class=\"mybutton red not-in-text-button is-disabled\" aria-disabled=\"true\">\u00dajrakezd\u00e9s<\/div>\n<div class=\"mybutton red not-in-text-button\" onclick=\"window.location.href='mailto:oleg.anishchik@europeancourt.org?subject=Kit\u00f6lt\u00f6tt EJEB-k\u00e9relmez\u0151i \u0171rlapok ellen\u0151rz\u00e9se: hiba&amp;body=Hibale\u00edr\u00e1s:';\">Hiba bejelent\u00e9se<\/div>\n<\/div>\n<\/div>\n<div class=\"checking-form-shell\" id=\"ec-checking-form-shell\">\n<div id=\"ajax_content\" class=\"checking-ajax-content\" data-loaded=\"0\"><\/div>\n<\/div>\n<\/div>","protected":false},"excerpt":{"rendered":"Ha k\u00e9ri, hogy ellen\u0151rizzem az \u0171rlapot, meg\u00e1llap\u00edtom, el\u0151fordul-e benne az al\u00e1bbi hib\u00e1k valamelyike. A lista az EJEB k\u00f6vetelm\u00e9nyein, valamint a k\u00e9relmek el\u0151k\u00e9sz\u00edt\u00e9s\u00e9ben \u00e9s ellen\u0151rz\u00e9s\u00e9ben szerzett saj\u00e1t tapasztalatomon alapul. I. Olyan hib\u00e1k, amelyek miatt az&#46;&#46;&#46;","protected":false},"author":0,"featured_media":0,"parent":222213,"menu_order":0,"comment_status":"closed","ping_status":"closed","template":"","meta":{"footnotes":""},"categories":[],"tags":[],"class_list":["post-225296","page","type-page","status-publish","hentry"],"_links":{"self":[{"href":"https:\/\/europeancourt.org\/hu\/wp-json\/wp\/v2\/pages\/225296","targetHints":{"allow":["GET"]}}],"collection":[{"href":"https:\/\/europeancourt.org\/hu\/wp-json\/wp\/v2\/pages"}],"about":[{"href":"https:\/\/europeancourt.org\/hu\/wp-json\/wp\/v2\/types\/page"}],"replies":[{"embeddable":true,"href":"https:\/\/europeancourt.org\/hu\/wp-json\/wp\/v2\/comments?post=225296"}],"version-history":[{"count":1,"href":"https:\/\/europeancourt.org\/hu\/wp-json\/wp\/v2\/pages\/225296\/revisions"}],"predecessor-version":[{"id":225333,"href":"https:\/\/europeancourt.org\/hu\/wp-json\/wp\/v2\/pages\/225296\/revisions\/225333"}],"up":[{"embeddable":true,"href":"https:\/\/europeancourt.org\/hu\/wp-json\/wp\/v2\/pages\/222213"}],"wp:attachment":[{"href":"https:\/\/europeancourt.org\/hu\/wp-json\/wp\/v2\/media?parent=225296"}],"wp:term":[{"taxonomy":"category","embeddable":true,"href":"https:\/\/europeancourt.org\/hu\/wp-json\/wp\/v2\/categories?post=225296"},{"taxonomy":"post_tag","embeddable":true,"href":"https:\/\/europeancourt.org\/hu\/wp-json\/wp\/v2\/tags?post=225296"}],"curies":[{"name":"wp","href":"https:\/\/api.w.org\/{rel}","templated":true}]}}