{"id":225298,"date":"2026-04-26T14:48:47","date_gmt":"2026-04-26T12:48:47","guid":{"rendered":"https:\/\/europeancourt.org\/szolg%c3%a1ltat%c3%a1sok\/ejeb\/a-k%c3%a9relmez%c5%91k-k%c3%a9pviselete-az-ejeb-el%c5%91tt\/"},"modified":"2026-04-26T17:05:48","modified_gmt":"2026-04-26T15:05:48","slug":"a-k%c3%a9relmez%c5%91k-k%c3%a9pviselete-az-ejeb-el%c5%91tt","status":"publish","type":"page","link":"https:\/\/europeancourt.org\/hu\/szolg%c3%a1ltat%c3%a1sok\/ejeb\/a-k%c3%a9relmez%c5%91k-k%c3%a9pviselete-az-ejeb-el%c5%91tt\/","title":{"rendered":"A k\u00e9relmez\u0151k k\u00e9pviselete az EJEB el\u0151tt"},"content":{"rendered":"<div id=\"ec-representation-page\" class=\"ec-service-page ec-service-representation\" data-service=\"representation\">\n<div class=\"ec-service-screen ec-service-screen-1\">\n<div class=\"mywpcf7cf myshow myhide\">Ez a szolg\u00e1ltat\u00e1s csak olyan k\u00e9relmekre vonatkozik, amelyeket az EJEB m\u00e1r megk\u00fcld\u00f6tt az \u00e9rintett Korm\u00e1nynak \u00e9szrev\u00e9telez\u00e9sre, \u00e9s amelyekben az EJEB \u00e9rtes\u00edtette a k\u00e9relmez\u0151t, hogy \u00edr\u00e1sbeli \u00e9szrev\u00e9teleket kell beny\u00fajtania.<\/div>\n<div class=\"mywpcf7cf myshow myhide\">Az EJEB el\u0151tti k\u00e9pviselet d\u00edja att\u00f3l f\u00fcgg, mennyi id\u0151t ig\u00e9nyel az EJEB k\u00e9rd\u00e9seire adand\u00f3 v\u00e1laszok \u00e9s az \u00e9rintett Korm\u00e1ny \u00e9rveire adott v\u00e1lasz\u00e9szrev\u00e9telek elk\u00e9sz\u00edt\u00e9se, valamint sz\u00fcks\u00e9g eset\u00e9n a t\u00e9nyek pontos\u00edt\u00e1sa \u00e9s az igazs\u00e1gos el\u00e9gt\u00e9tel ir\u00e1nti ig\u00e9nyek el\u0151k\u00e9sz\u00edt\u00e9se. A d\u00edj nagyon sz\u00e9les tartom\u00e1nyban mozoghat: n\u00e9h\u00e1ny sz\u00e1z eur\u00f3, ha a munka k\u00e9t-h\u00e1rom \u00f3r\u00e1ba belef\u00e9r, illetve 10 000 eur\u00f3 vagy m\u00e9g t\u00f6bb, ha t\u00f6bb t\u00edz \u00f3r\u00e1ra van sz\u00fcks\u00e9g.<\/div>\n<div class=\"mywpcf7cf myshow myhide\">Hogy az \u00d6n \u00fcgy\u00e9ben mennyi id\u0151re lesz sz\u00fcks\u00e9g, \u00e9s ennek megfelel\u0151en mennyi lesz a k\u00e9pviselet d\u00edja, csak a dokumentumok alapj\u00e1n tudom meg\u00e1llap\u00edtani. K\u00fcldje el a k\u00e9relmet valamennyi mell\u00e9klet\u00e9vel egy\u00fctt, tov\u00e1bb\u00e1 mindent, amit az \u00fcgyben k\u00e9s\u0151bb az EJEB-nek megk\u00fcldtek, \u00e9s mindent, ami az EJEB-t\u0151l \u00e9rkezett. Ha tov\u00e1bbi dokumentumokra lesz sz\u00fcks\u00e9gem, k\u00fcl\u00f6n k\u00e9rni fogom \u0151ket.<\/div>\n<div class=\"mywpcf7cf myshow myhide\">\u00c1ltal\u00e1ban az \u00f6sszes sz\u00fcks\u00e9ges dokumentum \u00e9s inform\u00e1ci\u00f3 be\u00e9rkez\u00e9se ut\u00e1n egy h\u00e9ten bel\u00fcl v\u00e1laszolok arra a megkeres\u00e9sre, hogy mennyibe ker\u00fclne az EJEB el\u0151tti k\u00e9pviselet. Ha az EJEB \u00e1ltal az \u00edr\u00e1sbeli \u00e9szrev\u00e9telek vagy m\u00e1s iratok beny\u00fajt\u00e1s\u00e1ra kit\u0171z\u00f6tt hat\u00e1rid\u0151 n\u00e9h\u00e1ny napon bel\u00fcl lej\u00e1r, \u00edrjon nekem, \u00e9s k\u00e9rdezze meg, hogy s\u00fcrg\u0151sen meg tudom-e vizsg\u00e1lni a megkeres\u00e9s\u00e9t. Az ilyen lev\u00e9lre 24 \u00f3r\u00e1n bel\u00fcl v\u00e1laszolok. Ha meger\u0151s\u00edtem, hogy erre van lehet\u0151s\u00e9g, \u00e9s \u00d6n azonnal elk\u00fcldi a sz\u00fcks\u00e9ges dokumentumokat \u00e9s inform\u00e1ci\u00f3kat, a d\u00edjra vonatkoz\u00f3 v\u00e1laszomat a k\u00f6vetkez\u0151 48 \u00f3r\u00e1n bel\u00fcl k\u00f6zl\u00f6m.<\/div>\n<div class=\"mywpcf7cf myshow myhide\">Hogy ne vesszen id\u0151, a szolg\u00e1ltat\u00e1s d\u00edj\u00e1nak k\u00f6zl\u00e9s\u00e9vel egy\u00fctt elk\u00fcld\u00f6m \u00d6nnek a szerz\u0151d\u00e9st \u00e9s az EJEB el\u0151tti k\u00e9pviseletre vonatkoz\u00f3, kit\u00f6lt\u00f6tt meghatalmaz\u00e1si \u0171rlapot. A meghatalmaz\u00e1st ki kell nyomtatnia, al\u00e1 kell \u00edrnia, \u00e9s pap\u00edralapon post\u00e1n el kell k\u00fcldenie a franciaorsz\u00e1gi c\u00edmemre. A szolg\u00e1ltat\u00e1s d\u00edj\u00e1t az EJEB-nek sz\u00e1nt dokumentumok el\u0151k\u00e9sz\u00edt\u00e9se ut\u00e1n banki \u00e1tutal\u00e1ssal fizetheti meg a sv\u00e1jci banksz\u00e1ml\u00e1mra, vagy a fizet\u00e9s orsz\u00e1g\u00e1t\u00f3l f\u00fcgg\u0151en m\u00e1s m\u00f3don. C\u00e9lszer\u0171 azonban a d\u00edjat m\u00e9g a dokumentumok EJEB-nek val\u00f3 elk\u00fcld\u00e9se el\u0151tt megfizetni, hogy az igazs\u00e1gos el\u00e9gt\u00e9tel ir\u00e1nti ig\u00e9nyekhez csatolni lehessen a fizet\u00e9st igazol\u00f3 dokumentumot: \u00edgy sokkal k\u00f6nnyebb megindokolni a k\u00e9relmez\u0151 B\u00edr\u00f3s\u00e1g el\u0151tti k\u00e9pviselet\u00e9vel kapcsolatban m\u00e1r felmer\u00fclt k\u00f6lts\u00e9gek megt\u00e9r\u00edt\u00e9s\u00e9re ir\u00e1nyul\u00f3 ig\u00e9nyt.<\/div>\n<div class=\"mywpcf7cf myshow myhide\">Ez a szolg\u00e1ltat\u00e1s egy\u00e9rtelm\u0171en nem \u00d6nnek val\u00f3, ha az al\u00e1bbi \u00e1ll\u00edt\u00e1sok k\u00f6z\u00fcl ak\u00e1r egy is igaz \u00d6nre:<\/div>\n<ul class=\"myshow myhide ec-service-blocker-list\"><li><label><input type=\"checkbox\" class=\"ec-service-blocker\" \/><span>A k\u00e9relmemet az EJEB m\u00e9g nem k\u00fcldte meg az \u00e9rintett Korm\u00e1nynak \u00e9szrev\u00e9telez\u00e9sre, vagy megk\u00fcldte, de \u00edr\u00e1sbeli \u00e9szrev\u00e9telek beny\u00fajt\u00e1s\u00e1t nem k\u00e9rte.<\/span><\/label><\/li>\n<li><label><input type=\"checkbox\" class=\"ec-service-blocker\" \/><span>Nem v\u00e1llalom, hogy elk\u00fcld\u00f6m az \u00f6sszes sz\u00fcks\u00e9ges dokumentumot.<\/span><\/label><\/li>\n<li><label><input type=\"checkbox\" class=\"ec-service-blocker\" \/><span>Nem v\u00e1llalom, hogy int\u00e9zem a meghatalmaz\u00e1st, \u00e9s pap\u00edralapon post\u00e1n elk\u00fcld\u00f6m.<\/span><\/label><\/li>\n<li><label><input type=\"checkbox\" class=\"ec-service-blocker\" \/><span>Nem v\u00e1llalom, hogy a munka sor\u00e1n v\u00e1laszolok a pontos\u00edt\u00f3 k\u00e9rd\u00e9sekre, \u00e9s sz\u00fcks\u00e9g eset\u00e9n tov\u00e1bbi dokumentumokat k\u00fcld\u00f6k.<\/span><\/label><\/li><\/ul>\n<div class=\"mywpcf7cf myshow myhide\"><button type=\"button\" class=\"mybutton blue\" id=\"load_ajax_form\" data-ec-service-load=\"representation\" data-blocked-message=\"Am\u00edg b\u00e1rmelyik \u00e1ll\u00edt\u00e1s be van jel\u00f6lve, nem lehet tov\u00e1bbl\u00e9pni. Ha v\u00e9letlen\u00fcl jel\u00f6lte be, t\u00f6r\u00f6lje a jel\u00f6l\u00e9st.\">Dokumentumok elk\u00fcld\u00e9se<\/button><\/div>\n<div class=\"mywpcf7cf myshow myhide\"><a class=\"mybutton blue not-in-text-button\" href=\"mailto:oleg.anishchik@europeancourt.org?subject=A felt\u00e9teleket szeretn\u00e9m pontos\u00edtani\">A felt\u00e9teleket szeretn\u00e9m pontos\u00edtani<\/a><\/div>\n<div id=\"ec-service-load-status\" class=\"ec-service-load-status\" aria-live=\"polite\"><\/div>\n<\/div>\n<div id=\"ajax_content\"><\/div>\n<\/div>\n<script>\n(function(){\n  if (window.ecServiceBlockerGuardReady) return;\n  window.ecServiceBlockerGuardReady = true;\n  document.addEventListener('click', function(event) {\n    var button = event.target && event.target.closest ? event.target.closest('[data-ec-service-load]') : null;\n    if (!button) return;\n    var root = button.closest('.ec-service-page');\n    if (!root || !root.querySelector('.ec-service-blocker:checked')) return;\n    event.preventDefault();\n    event.stopPropagation();\n    if (event.stopImmediatePropagation) event.stopImmediatePropagation();\n    var status = root.querySelector('.ec-service-load-status');\n    if (status) status.textContent = button.getAttribute('data-blocked-message') || '';\n  }, true);\n})();\n<\/script>","protected":false},"excerpt":{"rendered":"Ez a szolg\u00e1ltat\u00e1s csak olyan k\u00e9relmekre vonatkozik, amelyeket az EJEB m\u00e1r megk\u00fcld\u00f6tt az \u00e9rintett Korm\u00e1nynak \u00e9szrev\u00e9telez\u00e9sre, \u00e9s amelyekben az EJEB \u00e9rtes\u00edtette a k\u00e9relmez\u0151t, hogy \u00edr\u00e1sbeli \u00e9szrev\u00e9teleket kell beny\u00fajtania. Az EJEB el\u0151tti k\u00e9pviselet d\u00edja att\u00f3l&#46;&#46;&#46;","protected":false},"author":0,"featured_media":0,"parent":222213,"menu_order":0,"comment_status":"closed","ping_status":"closed","template":"","meta":{"footnotes":""},"categories":[],"tags":[],"class_list":["post-225298","page","type-page","status-publish","hentry"],"_links":{"self":[{"href":"https:\/\/europeancourt.org\/hu\/wp-json\/wp\/v2\/pages\/225298","targetHints":{"allow":["GET"]}}],"collection":[{"href":"https:\/\/europeancourt.org\/hu\/wp-json\/wp\/v2\/pages"}],"about":[{"href":"https:\/\/europeancourt.org\/hu\/wp-json\/wp\/v2\/types\/page"}],"replies":[{"embeddable":true,"href":"https:\/\/europeancourt.org\/hu\/wp-json\/wp\/v2\/comments?post=225298"}],"version-history":[{"count":2,"href":"https:\/\/europeancourt.org\/hu\/wp-json\/wp\/v2\/pages\/225298\/revisions"}],"predecessor-version":[{"id":225598,"href":"https:\/\/europeancourt.org\/hu\/wp-json\/wp\/v2\/pages\/225298\/revisions\/225598"}],"up":[{"embeddable":true,"href":"https:\/\/europeancourt.org\/hu\/wp-json\/wp\/v2\/pages\/222213"}],"wp:attachment":[{"href":"https:\/\/europeancourt.org\/hu\/wp-json\/wp\/v2\/media?parent=225298"}],"wp:term":[{"taxonomy":"category","embeddable":true,"href":"https:\/\/europeancourt.org\/hu\/wp-json\/wp\/v2\/categories?post=225298"},{"taxonomy":"post_tag","embeddable":true,"href":"https:\/\/europeancourt.org\/hu\/wp-json\/wp\/v2\/tags?post=225298"}],"curies":[{"name":"wp","href":"https:\/\/api.w.org\/{rel}","templated":true}]}}