{"id":225347,"date":"2026-04-26T14:47:57","date_gmt":"2026-04-26T12:47:57","guid":{"rendered":"https:\/\/europeancourt.org\/%c3%bej%c3%b3nusta\/mde\/sta%c3%b0festing-%c3%a1-%c3%batfylltum-mde-k%c3%a6ruey%c3%b0ubl%c3%b6%c3%b0um\/"},"modified":"2026-04-26T14:32:40","modified_gmt":"2026-04-26T12:32:40","slug":"sta%c3%b0festing-%c3%a1-%c3%batfylltum-mde-k%c3%a6ruey%c3%b0ubl%c3%b6%c3%b0um","status":"publish","type":"page","link":"https:\/\/europeancourt.org\/is\/%c3%bej%c3%b3nusta\/mde\/sta%c3%b0festing-%c3%a1-%c3%batfylltum-mde-k%c3%a6ruey%c3%b0ubl%c3%b6%c3%b0um\/","title":{"rendered":"Sta\u00f0festing \u00e1 \u00fatfylltum MDE k\u00e6ruey\u00f0ubl\u00f6\u00f0um"},"content":{"rendered":"<div id=\"ec-checking-page\" class=\"checking-page\">\n<div class=\"checking-screen checking-screen-1\" id=\"ec-checking-screen-1\">\n<div class=\"mywpcf7cf\">Ef \u00fe\u00fa bi\u00f0ur mig a\u00f0 fara yfir k\u00e6ruey\u00f0ubla\u00f0i\u00f0 kanna \u00e9g hvort \u00fear s\u00e9 a\u00f0 finna einhver af mist\u00f6kunum sem talin eru upp h\u00e9r fyrir ne\u00f0an. Listinn byggist \u00e1 kr\u00f6fum Mannr\u00e9ttindad\u00f3mst\u00f3lsins og reynslu minni af undirb\u00faningi og yfirfer\u00f0 k\u00e6ra.<\/div>\n<div class=\"checking-errors-frame\">\n<div class=\"checking-errors-scroll checking-richtext\">\n<p class=\"checking-group-heading\">I. Mist\u00f6k sem geta leitt til \u00feess a\u00f0 Mannr\u00e9ttindad\u00f3mst\u00f3llinn taki k\u00e6runa ekki til sko\u00f0unar<\/p>\n<p class=\"checking-item-heading\">1. Mist\u00f6k vi\u00f0 notkun k\u00e6ruey\u00f0ubla\u00f0sins<\/p>\n<ul class=\"vlist\">\n<li class=\"vitem\">Notu\u00f0 er \u00farelt \u00fatg\u00e1fa af k\u00e6ruey\u00f0ubla\u00f0inu; e\u00f0a<\/li>\n<li class=\"vitem\">k\u00e6ran er l\u00f6g\u00f0 fram \u00e1n \u00feess a\u00f0 k\u00e6ruey\u00f0ubla\u00f0i\u00f0 s\u00e9 nota\u00f0.<\/li>\n<\/ul>\n<p>Undantekningar geta \u00fe\u00f3 komi\u00f0 til greina. Mannr\u00e9ttindad\u00f3mst\u00f3llinn tekur k\u00e6ru sem l\u00f6g\u00f0 er fram \u00e1n k\u00e6ruey\u00f0ubla\u00f0s a\u00f0eins til sko\u00f0unar \u00ed undantekningartilvikum, einkum ef \u00ed sta\u00f0 \u00fatfyllts og gilds k\u00e6ruey\u00f0ubla\u00f0s hefur veri\u00f0 l\u00f6g\u00f0 fram bei\u00f0ni um br\u00e1\u00f0abirg\u00f0ar\u00e1\u00f0stafanir sem vir\u00f0ist r\u00f6kstudd vi\u00f0 fyrstu s\u00fdn. \u00deetta mat er \u00fe\u00f3 alfari\u00f0 \u00e1 valdi d\u00f3mst\u00f3lsins og \u00fev\u00ed r\u00e1\u00f0legg \u00e9g eindregi\u00f0 a\u00f0 treysta ekki \u00e1 \u00feessa undantekningu.<\/p>\n<p class=\"checking-item-heading\">2. Mist\u00f6k vi\u00f0 \u00fatfyllingu li\u00f0ar \u201eA. K\u00e6randinn\u201c<\/p>\n<ul class=\"vlist\">\n<li class=\"vitem\">Ef k\u00e6randi er einstaklingur: reitir 1\u20139 eru ekki fylltir \u00fat e\u00f0a eru rangt fylltir \u00fat.<\/li>\n<li class=\"vitem\">Ef k\u00e6randi er samt\u00f6k: reitir 10\u201316 eru ekki fylltir \u00fat e\u00f0a eru rangt fylltir \u00fat.<\/li>\n<li class=\"vitem\">Ef k\u00e6rendur eru fleiri en einn:\n<ul class=\"vlist\">\n<li class=\"vitem\">uppl\u00fdsingar um annan og hvern s\u00ed\u00f0ari k\u00e6randa eru ekki lag\u00f0ar fram \u00e1 s\u00e9rst\u00f6ku bla\u00f0i \u00fear sem k\u00e6rendum eru gefin ra\u00f0n\u00famer;<\/li>\n<li class=\"vitem\">ef k\u00e6rur fleiri en eins k\u00e6randa byggjast \u00e1 mismunandi m\u00e1lav\u00f6xtum: lagt er fram eitt sameiginlegt k\u00e6ruey\u00f0ubla\u00f0 \u00ed sta\u00f0 s\u00e9rstaks ey\u00f0ubla\u00f0s fyrir hvern k\u00e6randa.<\/li>\n<\/ul>\n<\/li>\n<li class=\"vitem\">Ef k\u00e6rendur eru fleiri en t\u00edu:\n<ul class=\"vlist\">\n<li class=\"vitem\">tafla me\u00f0 uppl\u00fdsingum um alla k\u00e6rendur fylgir ekki k\u00e6ruey\u00f0ubla\u00f0inu;<\/li>\n<li class=\"vitem\">ef fyrirsvarsma\u00f0ur er l\u00f6gma\u00f0ur: rafr\u00e6n \u00fatg\u00e1fa t\u00f6flunnar fylgir ekki k\u00e6ruey\u00f0ubla\u00f0inu.<\/li>\n<\/ul>\n<\/li>\n<\/ul>\n<p class=\"checking-item-heading\">3. Mist\u00f6k vi\u00f0 \u00fatfyllingu li\u00f0ar \u201eB. R\u00edki sem k\u00e6ran beinist gegn\u201c<\/p>\n<ul class=\"vlist\">\n<li class=\"vitem\">\u00cd reit 17 er ekki haka\u00f0 vi\u00f0 heiti hvers r\u00edkis sem k\u00e6ran beinist gegn.<\/li>\n<\/ul>\n<p class=\"checking-item-heading\">4. Mist\u00f6k vi\u00f0 \u00fatfyllingu li\u00f0ar \u201eC. Fyrirsvarsma\u00f0ur (fyrirsvarsmenn) k\u00e6randa sem er einstaklingur\u201c<\/p>\n<ul class=\"vlist\">\n<li class=\"vitem\">Ef k\u00e6randi er einstaklingur og hefur tilnefnt fyrirsvarsmann:\n<ul class=\"vlist\">\n<li class=\"vitem\">reitir 34 og 36 eru ekki fylltir \u00fat e\u00f0a eru rangt fylltir \u00fat; e\u00f0a<\/li>\n<li class=\"vitem\">\u00ed reit 33 vantar eiginhandarundirskrift k\u00e6randa; e\u00f0a<\/li>\n<li class=\"vitem\">\u00ed reit 35 vantar eiginhandarundirskrift fyrirsvarsmanns;<\/li>\n<li class=\"vitem\">ef fyrirsvarsma\u00f0urinn er ekki l\u00f6gma\u00f0ur: reitir 18\u201325 eru ekki fylltir \u00fat e\u00f0a eru rangt fylltir \u00fat;<\/li>\n<li class=\"vitem\">ef fyrirsvarsma\u00f0urinn er l\u00f6gma\u00f0ur: reitir 26\u201332 eru ekki fylltir \u00fat e\u00f0a eru rangt fylltir \u00fat.<\/li>\n<\/ul>\n<\/li>\n<\/ul>\n<p>Undantekningar geta \u00fe\u00f3 komi\u00f0 til greina. A\u00f0skili\u00f0 umbo\u00f0sey\u00f0ubla\u00f0 getur veri\u00f0 sam\u00feykkt ef sannf\u00e6randi sk\u00fdring er gefin \u00e1 \u00f3yfirst\u00edganlegum hagn\u00fdtum erfi\u00f0leikum sem komu \u00ed veg fyrir a\u00f0 li\u00f0urinn \u201eUmbo\u00f0\u201c \u00ed k\u00e6ruey\u00f0ubla\u00f0inu v\u00e6ri fylltur \u00fat og undirrita\u00f0ur. A\u00f0 \u00fev\u00ed er var\u00f0ar reiti 53\u201356, \u00feegar k\u00e6randi er samt\u00f6k, getur a\u00f0skili\u00f0 umbo\u00f0sey\u00f0ubla\u00f0 einnig veri\u00f0 sam\u00feykkt ef sannf\u00e6randi sk\u00fdring er gefin \u00e1 sl\u00edkum \u00f3yfirst\u00edganlegum hagn\u00fdtum erfi\u00f0leikum.<\/p>\n<p class=\"checking-item-heading\">5. Mist\u00f6k vi\u00f0 \u00fatfyllingu li\u00f0ar \u201eD. Fyrirsvarsma\u00f0ur (fyrirsvarsmenn) k\u00e6randa sem er \u201esamt\u00f6k\u201c\u201c<\/p>\n<ul class=\"vlist\">\n<li class=\"vitem\">\u00d3h\u00e1\u00f0 \u00fev\u00ed hvort li\u00f0ur D.2 hefur veri\u00f0 fylltur \u00fat eru reitir 38\u201345 ekki fylltir \u00fat e\u00f0a eru rangt fylltir \u00fat.<\/li>\n<li class=\"vitem\">\u0415\u0441\u043b\u0438 \u0437\u0430\u044f\u0432\u0438\u0442\u0435\u043b\u044c &ndash; \u043e\u0440\u0433\u0430\u043d\u0438\u0437\u0430\u0446\u0438\u044f \u0438 \u043d\u0430\u0437\u043d\u0430\u0447\u0438\u043b \u043f\u0440\u0435\u0434\u0441\u0442\u0430\u0432\u0438\u0442\u0435\u043b\u044f &ndash; \u0430\u0434\u0432\u043e\u043a\u0430\u0442\u0430 \u0438\u043b\u0438 \u044e\u0440\u0438\u0441\u0442\u0430:\n<ul class=\"vlist\">\n<li class=\"vitem\">reitir 46\u201352 eru ekki fylltir \u00fat e\u00f0a eru rangt fylltir \u00fat;<\/li>\n<li class=\"vitem\">\u0435\u0441\u043b\u0438 \u043f\u0440\u0435\u0434\u0441\u0442\u0430\u0432\u0438\u0442\u0435\u043b\u044c \u043f\u0440\u0438 \u044d\u0442\u043e\u043c \u043d\u0435 \u044f\u0432\u043b\u044f\u0435\u0442\u0441\u044f \u0434\u043e\u043b\u0436\u043d\u043e\u0441\u0442\u043d\u044b\u043c \u043b\u0438\u0446\u043e\u043c \u043e\u0440\u0433\u0430\u043d\u0438\u0437\u0430\u0446\u0438\u0438:\n<ul class=\"vlist\">\n<li class=\"vitem\">reitir 54 og 56 eru ekki fylltir \u00fat e\u00f0a eru rangt fylltir \u00fat; e\u00f0a<\/li>\n<li class=\"vitem\">\u00ed reit 53 vantar eiginhandarundirskrift fulltr\u00faa samtakanna; e\u00f0a<\/li>\n<li class=\"vitem\">\u00ed reit 55 vantar eiginhandarundirskrift fyrirsvarsmanns.<\/li>\n<\/ul>\n<\/li>\n<\/ul>\n<\/li>\n<\/ul>\n<p class=\"checking-item-heading\">6. Mist\u00f6k vi\u00f0 \u00fatfyllingu li\u00f0ar \u201eE. L\u00fdsing \u00e1 m\u00e1lav\u00f6xtum\u201c<\/p>\n<ul class=\"vlist\">\n<li class=\"vitem\">\u00cd reitum 58\u201360 eru helstu m\u00e1lavextir sem skipta m\u00e1li fyrir hi\u00f0 meinta brot ekki settir fram a\u00f0 fullu, \u00fear \u00e1 me\u00f0al \u00feegar framsetningin heldur \u00e1fram utan \u00feessara reita.<\/li>\n<\/ul>\n<p>Ef fleiri en eitt meint brot er sett fram \u00ed li\u00f0 F \u00e1 k\u00e6ruey\u00f0ubla\u00f0inu er fari\u00f0 s\u00e9rstaklega yfir hvort kr\u00f6fur \u00ed li\u00f0um 6\u20138 s\u00e9u uppfylltar fyrir hvert \u00feeirra.<\/p>\n<p>Athugasemd. Helstu m\u00e1lavextir eru a\u00f0 jafna\u00f0i fundnir me\u00f0 kerfisbundinni greiningu \u00e1 d\u00f3maframkv\u00e6md Mannr\u00e9ttindad\u00f3mst\u00f3lsins. H\u00e9r og h\u00e9r \u00e1 eftir er me\u00f0 d\u00f3maframkv\u00e6md Mannr\u00e9ttindad\u00f3mst\u00f3lsins \u00e1tt vi\u00f0 gildandi d\u00f3maframkv\u00e6md hans um vi\u00f0komandi \u00e1litaefni. Sl\u00edk greining byrjar yfirleitt \u00e1 lykilm\u00e1lum og tekur s\u00ed\u00f0an til m\u00e1la sem hafa h\u00e1tt e\u00f0a me\u00f0alh\u00e1tt mikilv\u00e6gi \u00ed gagnagrunni Mannr\u00e9ttindad\u00f3mst\u00f3lsins yfir d\u00f3maframkv\u00e6md. \u00dea\u00f0 getur l\u00edka veri\u00f0 gagnlegt a\u00f0 sko\u00f0a m\u00e1l sem hafa l\u00e1gt mikilv\u00e6gi \u00ed gagnagrunninum, einkum m\u00e1l gegn vi\u00f0komandi r\u00edki, til a\u00f0 missa ekki af mikilv\u00e6gum bl\u00e6brig\u00f0um. Heildargagnagrunnur d\u00f3maframkv\u00e6mdar Mannr\u00e9ttindad\u00f3mst\u00f3lsins er a\u00f0eins a\u00f0gengilegur \u00e1 ensku og fr\u00f6nsku; \u00fe\u00fd\u00f0ingar \u00e1 \u00f6nnur tungum\u00e1l eru alltaf \u00f3fullkomnar og oft \u00f3n\u00e1kv\u00e6mar.<\/p>\n<p class=\"checking-item-heading\">7. Mist\u00f6k vi\u00f0 \u00fatfyllingu li\u00f0ar \u201eF. Yfirl\u00fdsing um meint brot \u00e1 s\u00e1ttm\u00e1lanum og\/e\u00f0a samningsvi\u00f0aukum og vi\u00f0eigandi r\u00f6k\u201c<\/p>\n<ul class=\"vlist\">\n<li class=\"vitem\">\u00cd reitum 61\u201362:\n<ul class=\"vlist\">\n<li class=\"vitem\">\u00ed vinstri d\u00e1lki eru ekki tilgreindar \u00fe\u00e6r greinar mannr\u00e9ttindas\u00e1ttm\u00e1lans e\u00f0a samningsvi\u00f0auka sem k\u00e6randi v\u00edsar til; e\u00f0a<\/li>\n<li class=\"vitem\">\u00ed h\u00e6gri d\u00e1lki er ekki \u00fatsk\u00fdrt hvers vegna \u00feeir m\u00e1lavextir sem settir eru fram fela \u00ed s\u00e9r brot \u00e1 \u00feessum greinum.<\/li>\n<\/ul>\n<\/li>\n<\/ul>\n<p>Athugasemd. Meint brot sem er ekki sett fram me\u00f0 vi\u00f0eigandi h\u00e6tti \u00ed reitum 61\u201362 getur talist ekki hafa veri\u00f0 bori\u00f0 upp. Sk\u00fdringar koma a\u00f0eins a\u00f0 gagni ef \u00fe\u00e6r samr\u00e6mast d\u00f3maframkv\u00e6md Mannr\u00e9ttindad\u00f3mst\u00f3lsins.<\/p>\n<p class=\"checking-item-heading\">8. Mist\u00f6k vi\u00f0 \u00fatfyllingu li\u00f0ar \u201eG. Uppl\u00fdsingar um uppfyllingu skilyr\u00f0a me\u00f0fer\u00f0arh\u00e6fis samkv\u00e6mt 1. mgr. 35. gr. mannr\u00e9ttindas\u00e1ttm\u00e1lans\u201c<\/p>\n<ul class=\"vlist\">\n<li class=\"vitem\">A\u00f0 undanskildum tilvikum \u00fear sem k\u00e6randi tekur sk\u00fdrt fram a\u00f0 hann hafi ekki n\u00fdtt nein r\u00e9ttar\u00farr\u00e6\u00f0i vegna brotsins vantar \u00ed reit 63 uppl\u00fdsingar:\n<ul class=\"vlist\">\n<li class=\"vitem\">um \u00feau r\u00e9ttar\u00farr\u00e6\u00f0i sem voru n\u00fdtt; e\u00f0a<\/li>\n<li class=\"vitem\">um \u00fe\u00e6r \u00e1kvar\u00f0anir sem teknar voru \u00ed kj\u00f6lfar \u00feess a\u00f0 \u00feau voru n\u00fdtt, \u00fear \u00e1 me\u00f0al dagsetningar lokad\u00f3ms, dagsetningu birtingar e\u00f0a m\u00f3tt\u00f6ku hans, m\u00e1lsn\u00famer, \u00fe\u00e1 a\u00f0ila sem t\u00f3ku \u00e1kvar\u00f0anirnar og tegundir \u00e1kvar\u00f0ana.<\/li>\n<\/ul>\n<\/li>\n<li class=\"vitem\">\u00cd reit 64 er hvorki haka\u00f0 vi\u00f0 \u201eJ\u00e1\u201c n\u00e9 \u201eNei\u201c.<\/li>\n<li class=\"vitem\">Ef haka\u00f0 er vi\u00f0 \u201eJ\u00e1\u201c \u00ed reit 64, \u00fe\u00e1 vantar \u00ed reit 65:\n<ul class=\"vlist\">\n<li class=\"vitem\">uppl\u00fdsingu um hva\u00f0a r\u00e9ttar\u00farr\u00e6\u00f0i k\u00e6randi n\u00fdtti ekki; e\u00f0a<\/li>\n<li class=\"vitem\">\u00fatsk\u00fdringu \u00e1 \u00fev\u00ed hvers vegna k\u00e6randi n\u00fdtti \u00feau ekki.<\/li>\n<\/ul>\n<\/li>\n<\/ul>\n<p>Athugasemd. \u00dea\u00f0 hva\u00f0a r\u00e9ttar\u00farr\u00e6\u00f0i \u00feurfti a\u00f0 n\u00fdta og hva\u00f0a \u00farr\u00e6\u00f0i m\u00e1tti l\u00e1ta \u00f3notu\u00f0 krefst almennt athugunar \u00e1 d\u00f3maframkv\u00e6md Mannr\u00e9ttindad\u00f3mst\u00f3lsins.<\/p>\n<p class=\"checking-item-heading\">9. Mist\u00f6k vi\u00f0 \u00fatfyllingu li\u00f0ar \u201eH. A\u00f0rar m\u00e1lsme\u00f0fer\u00f0ir til ranns\u00f3knar e\u00f0a \u00farlausnar \u00e1 al\u00fej\u00f3\u00f0avettvangi\u201c<\/p>\n<ul class=\"vlist\">\n<li class=\"vitem\">Ef k\u00e6ruefni\u00f0 hefur ekki veri\u00f0 lagt fyrir a\u00f0ra m\u00e1lsme\u00f0fer\u00f0 til ranns\u00f3knar e\u00f0a \u00farlausnar \u00e1 al\u00fej\u00f3\u00f0avettvangi og k\u00e6randi hefur ekki \u00e1\u00f0ur lagt fram k\u00e6ru til Mannr\u00e9ttindad\u00f3mst\u00f3lsins: \u00ed reitum 66 og 68 er ekki haka\u00f0 vi\u00f0 \u201eNei\u201c.<\/li>\n<li class=\"vitem\">Ef k\u00e6ruefni\u00f0 hefur veri\u00f0 lagt fyrir sl\u00edka al\u00fej\u00f3\u00f0lega m\u00e1lsme\u00f0fer\u00f0:\n<ul class=\"vlist\">\n<li class=\"vitem\">\u00ed reit 66 er ekki haka\u00f0 vi\u00f0 \u201eJ\u00e1\u201c; e\u00f0a<\/li>\n<li class=\"vitem\">\u00ed reit 67 er ekki l\u00fdst hva\u00f0a k\u00e6ruefni voru l\u00f6g\u00f0 fram, hvert \u00feau voru l\u00f6g\u00f0, hven\u00e6r \u00fea\u00f0 var gert og hva\u00f0a \u00e1kv\u00f6r\u00f0un var tekin.<\/li>\n<\/ul>\n<\/li>\n<li class=\"vitem\">Ef k\u00e6randi hefur \u00e1\u00f0ur lagt fram k\u00e6rur til Mannr\u00e9ttindad\u00f3mst\u00f3lsins:\n<ul class=\"vlist\">\n<li class=\"vitem\">\u00ed reit 68 er ekki haka\u00f0 vi\u00f0 \u201eJ\u00e1\u201c; e\u00f0a<\/li>\n<li class=\"vitem\">\u00ed reit 69 vantar n\u00famer \u00feessara k\u00e6ra.<\/li>\n<\/ul>\n<\/li>\n<\/ul>\n<p class=\"checking-item-heading\">10. Mist\u00f6k vi\u00f0 \u00fatfyllingu li\u00f0ar \u201eI. Skr\u00e1 yfir fylgiskj\u00f6l\u201c<\/p>\n<ul class=\"vlist\">\n<li class=\"vitem\">A\u00f0 minnsta kosti eitt fylgiskjal er ekki skr\u00e1\u00f0:\n<ul class=\"vlist\">\n<li class=\"vitem\">\u00ed reit 70; e\u00f0a<\/li>\n<li class=\"vitem\">ef \u00fear er ekki n\u00f3g pl\u00e1ss: \u00e1 s\u00e9rst\u00f6ku framhaldsbla\u00f0i me\u00f0 \u00e1framhaldandi n\u00famerar\u00f6\u00f0 fr\u00e1 reit 70.<\/li>\n<\/ul>\n<\/li>\n<li class=\"vitem\">Afrit (sk\u00f6nnun e\u00f0a lj\u00f3smynd) af eftirfarandi \u00e1kv\u00f6r\u00f0unum og \u00f6\u00f0rum skj\u00f6lum vantar, er \u00f3fullkomi\u00f0 e\u00f0a \u00f3l\u00e6silegt:\n<ul class=\"vlist\">\n<li class=\"vitem\">allar \u00e1kvar\u00f0anir og \u00f6ll skj\u00f6l \u00fear sem \u00fe\u00e6r r\u00e1\u00f0stafanir sem k\u00e6rt er yfir koma fram;<\/li>\n<li class=\"vitem\">ef k\u00e6randi hefur n\u00fdtt r\u00e9ttar\u00farr\u00e6\u00f0i:\n<ul class=\"vlist\">\n<li class=\"vitem\">allar \u00e1kvar\u00f0anir sem teknar voru vi\u00f0 n\u00fdtingu \u00feeirra, \u00fear \u00e1 me\u00f0al s\u00e9rst\u00f6k skj\u00f6l me\u00f0 r\u00f6kstu\u00f0ningi ef \u00feau voru gefin \u00fat s\u00e9rstaklega;<\/li>\n<li class=\"vitem\">\u00f6ll erindi til innlendra yfirvalda sem nau\u00f0synleg eru til a\u00f0 s\u00fdna fram \u00e1 a\u00f0 kjarni hvers meints brots sem sett er fram \u00ed k\u00e6ruey\u00f0ubla\u00f0inu hafi veri\u00f0 borinn upp \u00e1 landsv\u00edsu;<\/li>\n<\/ul>\n<\/li>\n<li class=\"vitem\">ef k\u00e6randi reiknar frestinn til a\u00f0 leita til Mannr\u00e9ttindad\u00f3mst\u00f3lsins fr\u00e1 degi birtingar e\u00f0a m\u00f3tt\u00f6ku lokad\u00f3ms: skj\u00f6l sem sta\u00f0festa \u00feann dag;<\/li>\n<li class=\"vitem\">ef leita\u00f0 hefur veri\u00f0 til annarrar m\u00e1lsme\u00f0fer\u00f0ar til ranns\u00f3knar e\u00f0a \u00farlausnar \u00e1 al\u00fej\u00f3\u00f0avettvangi: vi\u00f0eigandi skj\u00f6l;<\/li>\n<li class=\"vitem\">ef k\u00e6randi er samt\u00f6k: skj\u00f6l sem sta\u00f0festa heimild fulltr\u00faa samtakanna.<\/li>\n<\/ul>\n<\/li>\n<\/ul>\n<p>Undantekningar geta \u00fe\u00f3 komi\u00f0 til greina. Ekki \u00fearf a\u00f0 leggja fram afrit af \u00e1kv\u00f6r\u00f0un e\u00f0a \u00f6\u00f0ru skjali ef \u00fatsk\u00fdrt er \u00ed k\u00e6ruey\u00f0ubla\u00f0inu a\u00f0 n\u00e1nast \u00f3m\u00f6gulegt hafi veri\u00f0 a\u00f0 afla skjalsins.<\/p>\n<p>Athugasemd. \u00c9g r\u00e1\u00f0legg eindregi\u00f0:<\/p>\n<ul class=\"vlist\">\n<li class=\"vitem\">a\u00f0 leggja ekki gagnami\u00f0la (CD-ROM, minnislykla o.s.frv.) me\u00f0 hlj\u00f3\u00f0- og\/e\u00f0a mynduppt\u00f6kum e\u00f0a \u00f6\u00f0rum skr\u00e1m me\u00f0 k\u00e6ruey\u00f0ubla\u00f0inu. Helstu m\u00e1lavextir sem byggjast \u00e1 sl\u00edku efni ver\u00f0a a\u00f0 vera settir fram me\u00f0 or\u00f0um og v\u00edsa\u00f0 til \u00feess a\u00f0 efni\u00f0 s\u00e9 til. Ef \u00fe\u00f6rf er \u00e1 mun Mannr\u00e9ttindad\u00f3mst\u00f3llinn \u00f3ska eftir \u00fev\u00ed. Gagnami\u00f0il me\u00f0 rafr\u00e6nni \u00fatg\u00e1fu t\u00f6flunnar (sj\u00e1 li\u00f0 2 h\u00e9r a\u00f0 framan) m\u00e1 hins vegar leggja fram.<\/li>\n<li class=\"vitem\">a\u00f0 ra\u00f0a fylgiskj\u00f6lunum \u00ed t\u00edmar\u00f6\u00f0 e\u00f0a eftir einst\u00f6kum m\u00e1lsme\u00f0fer\u00f0um ef \u00fe\u00e6r eru fleiri en ein, og innan hverrar \u00feeirra \u00ed t\u00edmar\u00f6\u00f0;<\/li>\n<li class=\"vitem\">a\u00f0 n\u00famera allar bla\u00f0s\u00ed\u00f0ur fylgiskjalanna \u00ed samfelldri r\u00f6\u00f0 og tilgreina, h\u00e6gra megin \u00ed reit 70 og \u00e1 framhaldsbla\u00f0i ef \u00fea\u00f0 er nota\u00f0, \u00fe\u00e6r bla\u00f0s\u00ed\u00f0ur \u00fear sem hvert fylgiskjal er a\u00f0 finna samkv\u00e6mt \u00feeirri n\u00famerar\u00f6\u00f0.<\/li>\n<\/ul>\n<p class=\"checking-item-heading\">11. Mist\u00f6k vi\u00f0 \u00fatfyllingu li\u00f0ar \u201eYfirl\u00fdsing og undirskrift\u201c<\/p>\n<ul class=\"vlist\">\n<li class=\"vitem\">\u00cd reit 72 vantar dagsetningu; e\u00f0a<\/li>\n<li class=\"vitem\">\u00ed reit 73 vantar:\n<ul class=\"vlist\">\n<li class=\"vitem\">fyrir hvern k\u00e6randa sem undirritar k\u00e6ruey\u00f0ubla\u00f0i\u00f0 sj\u00e1lfur: eiginhandarundirskrift k\u00e6randa; e\u00f0a<\/li>\n<li class=\"vitem\">fyrir hvern k\u00e6randa sem fyrirsvarsma\u00f0ur undirritar k\u00e6ruey\u00f0ubla\u00f0i\u00f0 fyrir: eiginhandarundirskrift fyrirsvarsmanns.<\/li>\n<\/ul>\n<\/li>\n<\/ul>\n<p class=\"checking-item-heading\">12. Mist\u00f6k vi\u00f0 \u00fatfyllingu li\u00f0ar \u201eSta\u00f0festing \u00e1 samskiptafulltr\u00faa\u201c<\/p>\n<ul class=\"vlist\">\n<li class=\"vitem\">Ef k\u00e6rendur eru fleiri en einn:\n<ul class=\"vlist\">\n<li class=\"vitem\">\u00ed reit 74 eru ekki tilgreind kenninafn, eiginnafn og, ef vi\u00f0 \u00e1, millinafn, \u00e1samt heimilisfangi eins samskiptafulltr\u00faa;<\/li>\n<li class=\"vitem\">ef fyrirsvarsma\u00f0ur hefur veri\u00f0 tilnefndur: \u00ed reit 74 eru tilgreindar uppl\u00fdsingar k\u00e6randa en ekki fyrirsvarsmanns.<\/li>\n<\/ul>\n<\/li>\n<\/ul>\n<p class=\"checking-item-heading\">13. Mist\u00f6k vi\u00f0 \u00fatfyllingu vi\u00f0auka vi\u00f0 k\u00e6ruey\u00f0ubla\u00f0i\u00f0<\/p>\n<ul class=\"vlist\">\n<li class=\"vitem\">Ef vi\u00f0auki fylgir k\u00e6ruey\u00f0ubla\u00f0inu:\n<ul class=\"vlist\">\n<li class=\"vitem\">hann er lengri en 20 bla\u00f0s\u00ed\u00f0ur; e\u00f0a<\/li>\n<li class=\"vitem\">hann uppfyllir ekki formkr\u00f6fur: A4-bl\u00f6\u00f0, sp\u00e1ss\u00edur a\u00f0 minnsta kosti 3,5 sent\u00edmetrar \u00e1 breidd, letur a\u00f0 minnsta kosti 12 punkta \u00ed meginm\u00e1li og 10 punkta \u00ed ne\u00f0anm\u00e1lsgreinum, bla\u00f0s\u00ed\u00f0ur og m\u00e1lsgreinar n\u00famera\u00f0ar \u00ed r\u00f6\u00f0; e\u00f0a<\/li>\n<li class=\"vitem\">hann inniheldur helstu m\u00e1lavexti, l\u00fdsingu \u00e1 meintum brotum e\u00f0a uppl\u00fdsingar um t\u00e6mingu r\u00e9ttar\u00farr\u00e6\u00f0a sem vantar \u00ed li\u00f0i E, F og G.<\/li>\n<\/ul>\n<\/li>\n<\/ul>\n<p>Athugasemd. Vi\u00f0auki vi\u00f0 k\u00e6ruey\u00f0ubla\u00f0i\u00f0 er a\u00f0eins \u00e6tla\u00f0ur fyrir vi\u00f0b\u00f3taruppl\u00fdsingar og sk\u00fdringar umfram \u00fea\u00f0 sem \u00e1 a\u00f0 koma fram \u00ed li\u00f0um E, F og G. \u00dear m\u00e1 setja fram n\u00e1nari uppl\u00fdsingar um innlenda m\u00e1lsme\u00f0fer\u00f0 og hvernig innlend yfirv\u00f6ld t\u00f3ku til sko\u00f0unar \u00feau r\u00f6k sem l\u00f6g\u00f0 voru fyrir \u00feau. Vi\u00f0aukinn m\u00e1 einnig innihalda n\u00e1nari atvik og r\u00f6k var\u00f0andi meint brot sem \u00feegar hafa veri\u00f0 sett fram \u00ed sj\u00e1lfu k\u00e6ruey\u00f0ubla\u00f0inu.<\/p>\n<p class=\"checking-item-heading\">14. Mist\u00f6k vi\u00f0 endursendingu k\u00e6ruey\u00f0ubla\u00f0s til Mannr\u00e9ttindad\u00f3mst\u00f3lsins<\/p>\n<ul class=\"vlist\">\n<li class=\"vitem\">Ef k\u00e6ruey\u00f0ubla\u00f0i\u00f0 er sent aftur eftir a\u00f0 Mannr\u00e9ttindad\u00f3mst\u00f3llinn hefur neita\u00f0 a\u00f0 taka k\u00e6runa til sko\u00f0unar, fylgja ekki afrit af \u00f6llum skj\u00f6lum sem v\u00edsa\u00f0 er til \u00ed n\u00fdju sendingunni. \u00deess \u00ed sta\u00f0 eru skj\u00f6l e\u00f0a uppl\u00fdsingar sem vantar send s\u00e9rstaklega, e\u00f0a afrit af skj\u00f6lum sem \u00feegar hafa veri\u00f0 send Mannr\u00e9ttindad\u00f3mst\u00f3lnum eru ekki l\u00f6g\u00f0 fram aftur.<\/li>\n<\/ul>\n<p>Athugasemd. \u00de\u00f3tt \u00feessar uppl\u00fdsingar vanti lei\u00f0ir \u00fea\u00f0 ekki endilega til \u00feess a\u00f0 k\u00e6ran ver\u00f0i ekki tekin til sko\u00f0unar, en \u00e9g r\u00e1\u00f0legg samt eindregi\u00f0 eftirfarandi. Ef k\u00e6randi hefur \u00e1\u00f0ur leita\u00f0 til Mannr\u00e9ttindad\u00f3mst\u00f3lsins vegna sama k\u00e6ruefnis og fengi\u00f0 merkimi\u00f0a me\u00f0 strikamerki skal setja einn sl\u00edkan merkimi\u00f0a \u00ed vi\u00f0eigandi reit efst til vinstri \u00e1 fyrstu s\u00ed\u00f0u k\u00e6ruey\u00f0ubla\u00f0sins. Ef sl\u00edkir merkimi\u00f0ar eru ekki til skal a\u00f0 minnsta kosti tilgreina n\u00fameri\u00f0 \u00ed br\u00e9fi fr\u00e1 Mannr\u00e9ttindad\u00f3mst\u00f3lnum \u00ed reitnum fyrir k\u00e6run\u00famer efst til h\u00e6gri \u00e1 fyrstu s\u00ed\u00f0u k\u00e6ruey\u00f0ubla\u00f0sins.<\/p>\n<p class=\"checking-group-heading\">II. Mist\u00f6k sem auka h\u00e6ttuna \u00e1 a\u00f0 k\u00e6ra e\u00f0a hluti hennar ver\u00f0i l\u00fdst \u00f3t\u00e6k<\/p>\n<p class=\"checking-item-heading\">15. Efnisleg mist\u00f6k vi\u00f0 l\u00fdsingu \u00e1 meintum brotum<\/p>\n<ul class=\"vlist\">\n<li class=\"vitem\">L\u00fdsingin \u00e1 meintu broti er verulega m\u00f3tsagnakennd. Ef fleiri en eitt meint brot er sett fram \u00ed li\u00f0 F \u00e1 k\u00e6ruey\u00f0ubla\u00f0inu er verulega m\u00f3tsagnakennd framsetning samkv\u00e6mt li\u00f0um 15\u201317 metin s\u00e9rstaklega fyrir hvert \u00feeirra. H\u00e9r og h\u00e9r \u00e1 eftir merkir \u201everulega m\u00f3tsagnakennd\u201c a\u00f0 \u00ed atri\u00f0i sem skiptir m\u00e1li fyrir ni\u00f0urst\u00f6\u00f0ur Mannr\u00e9ttindad\u00f3mst\u00f3lsins:\n<ul class=\"vlist\">\n<li class=\"vitem\">l\u00fdsing \u00e1 m\u00e1lav\u00f6xtum var\u00f0andi vi\u00f0komandi atri\u00f0i:\n<ul class=\"vlist\">\n<li class=\"vitem\">er innbyr\u00f0is m\u00f3tsagnakennd; e\u00f0a<\/li>\n<li class=\"vitem\">samr\u00e6mist ekki efni fylgiskjalanna me\u00f0 k\u00e6ruey\u00f0ubla\u00f0inu; e\u00f0a<\/li>\n<\/ul>\n<\/li>\n<li class=\"vitem\">l\u00fdsing \u00e1 meintu broti e\u00f0a uppl\u00fdsingar um a\u00f0 vi\u00f0komandi skilyr\u00f0i me\u00f0fer\u00f0arh\u00e6fis s\u00e9 uppfyllt samr\u00e6mast ekki:\n<ul class=\"vlist\">\n<li class=\"vitem\">l\u00fdsingu \u00e1 m\u00e1lav\u00f6xtum; e\u00f0a<\/li>\n<li class=\"vitem\">d\u00f3maframkv\u00e6md Mannr\u00e9ttindad\u00f3mst\u00f3lsins.<\/li>\n<\/ul>\n<\/li>\n<\/ul>\n<\/li>\n<\/ul>\n<p>Athugasemd. \u00de\u00f3tt \u00feetta lei\u00f0i ekki endilega til \u00feess a\u00f0 k\u00e6ran ver\u00f0i ekki tekin til sko\u00f0unar, r\u00e1\u00f0legg \u00e9g eindregi\u00f0 a\u00f0 for\u00f0ast skammstafanir, t\u00e1kn og merki sem geta valdi\u00f0 misskilningi \u00e1 \u00fev\u00ed sem stendur \u00ed k\u00e6ruey\u00f0ubla\u00f0inu.<\/p>\n<p class=\"checking-item-heading\">16. Efnisleg mist\u00f6k vi\u00f0 framsetningu uppl\u00fdsinga um r\u00e9ttar\u00farr\u00e6\u00f0i og frest til a\u00f0 leita til Mannr\u00e9ttindad\u00f3mst\u00f3lsins<\/p>\n<ul class=\"vlist\">\n<li class=\"vitem\">Eftirfarandi er verulega m\u00f3tsagnakennt:\n<ul class=\"vlist\">\n<li class=\"vitem\">uppl\u00fdsingar um n\u00fdtingu r\u00e9ttar\u00farr\u00e6\u00f0a e\u00f0a \u00e1st\u00e6\u00f0ur \u00feess a\u00f0 \u00feau voru ekki n\u00fdtt; e\u00f0a<\/li>\n<li class=\"vitem\">uppl\u00fdsingar um a\u00f0 frestur til a\u00f0 leita til Mannr\u00e9ttindad\u00f3mst\u00f3lsins hafi veri\u00f0 virtur.<\/li>\n<\/ul>\n<\/li>\n<\/ul>\n<p class=\"checking-item-heading\">17. Efnisleg mist\u00f6k vi\u00f0 framsetningu uppl\u00fdsinga um \u00f6nnur skilyr\u00f0i me\u00f0fer\u00f0arh\u00e6fis<\/p>\n<ul class=\"vlist\">\n<li class=\"vitem\">\u00cd k\u00e6ruey\u00f0ubla\u00f0inu er \u00fev\u00ed haldi\u00f0 fram a\u00f0 broti\u00f0 hafi veri\u00f0 gegn samningsvi\u00f0auka sem r\u00edki\u00f0 sem k\u00e6ran beinist gegn hefur ekki fullgilt.<\/li>\n<li class=\"vitem\">\u00cd k\u00e6ruey\u00f0ubla\u00f0inu er \u00fev\u00ed haldi\u00f0 fram a\u00f0 brot hafi or\u00f0i\u00f0 af h\u00e1lfu r\u00edkis sem er ekki a\u00f0ili a\u00f0 mannr\u00e9ttindas\u00e1ttm\u00e1lanum.<\/li>\n<li class=\"vitem\">Ef r\u00f6kstuddar efasemdir vakna um a\u00f0 einhverju eftirfarandi skilyr\u00f0a me\u00f0fer\u00f0arh\u00e6fis s\u00e9 fulln\u00e6gt vantar \u00ed k\u00e6ruey\u00f0ubla\u00f0i\u00f0 uppl\u00fdsingar um a\u00f0 vi\u00f0komandi skilyr\u00f0i s\u00e9 fulln\u00e6gt e\u00f0a \u00fe\u00e6r uppl\u00fdsingar sem eru fyrir hendi eru verulega m\u00f3tsagnakenndar:\n<ul class=\"vlist\">\n<li class=\"vitem\">r\u00edki\u00f0 sem k\u00e6ran beinist gegn getur bori\u00f0 \u00e1byrg\u00f0 \u00e1 hinu meinta broti;<\/li>\n<li class=\"vitem\">k\u00e6randi \u00e1 r\u00e9tt \u00e1 a\u00f0 leita til Mannr\u00e9ttindad\u00f3mst\u00f3lsins samkv\u00e6mt 34. gr. mannr\u00e9ttindas\u00e1ttm\u00e1lans;<\/li>\n<li class=\"vitem\">fyrirsvarsma\u00f0urinn hefur heimild til a\u00f0 koma fram \u00e1n umbo\u00f0s ef k\u00e6ruey\u00f0ubla\u00f0i\u00f0 er undirrita\u00f0 af fyrirsvarsmanni og k\u00e6randi hefur hvorki undirrita\u00f0 \u00fea\u00f0 \u00ed reit 73 n\u00e9 \u00ed li\u00f0num \u201eUmbo\u00f0\u201c;<\/li>\n<li class=\"vitem\">k\u00e6randi var innan l\u00f6gs\u00f6gu r\u00edkisins sem k\u00e6ran beinist gegn;<\/li>\n<li class=\"vitem\">hi\u00f0 meinta brot \u00e1tti s\u00e9r sta\u00f0 \u00e1 \u00feeim t\u00edma sem mannr\u00e9ttindas\u00e1ttm\u00e1linn var \u00ed gildi gagnvart r\u00edkinu sem k\u00e6ran beinist gegn og, ef r\u00e9ttindin og frelsi\u00f0 eru trygg\u00f0 \u00ed samningsvi\u00f0auka, \u00e1 gildist\u00edma vi\u00f0komandi samningsvi\u00f0auka gagnvart \u00fev\u00ed r\u00edki;<\/li>\n<li class=\"vitem\">k\u00e6randi haf\u00f0i og hefur enn st\u00f6\u00f0u brota\u00feola;<\/li>\n<li class=\"vitem\">k\u00e6randi hefur or\u00f0i\u00f0 fyrir umtalsver\u00f0u \u00f3hagr\u00e6\u00f0i;<\/li>\n<li class=\"vitem\">k\u00e6ran er efnislega ekki s\u00fa sama og m\u00e1l sem Mannr\u00e9ttindad\u00f3mst\u00f3llinn hefur \u00feegar rannsaka\u00f0 og er ekki til ranns\u00f3knar e\u00f0a \u00farskur\u00f0ar \u00ed annarri m\u00e1lsme\u00f0fer\u00f0 \u00e1 al\u00fej\u00f3\u00f0avettvangi.<\/li>\n<\/ul>\n<\/li>\n<li class=\"vitem\">K\u00e6ran ber me\u00f0 s\u00e9r merki um misnotkun \u00e1 k\u00e6rur\u00e9tti til Mannr\u00e9ttindad\u00f3mst\u00f3lsins.<\/li>\n<\/ul>\n<\/div>\n<\/div>\n<div class=\"mywpcf7cf\">A\u00f0 lokinni yfirfer\u00f0 sendi \u00e9g \u00fe\u00e9r lista yfir \u00feau mist\u00f6k sem \u00e9g finn \u00e1samt sk\u00fdringum.<\/div>\n<div class=\"mywpcf7cf\">Sk\u00fdringar m\u00ednar gera \u00fe\u00e9r kleift a\u00f0 lei\u00f0r\u00e9tta n\u00e1nast \u00f6ll \u00feau mist\u00f6k sem valda \u00fev\u00ed a\u00f0 Mannr\u00e9ttindad\u00f3mst\u00f3llinn hafnar \u00e1 hverju \u00e1ri meira en 8.000 k\u00e6rum. Reynsla m\u00edn s\u00fdnir a\u00f0 h\u00e6gt er a\u00f0 komast hj\u00e1 sl\u00edkum mist\u00f6kum: \u00e1 22 \u00e1rum hefur d\u00f3mst\u00f3llinn teki\u00f0 vi\u00f0 hverri einustu af \u00feeim r\u00famlega 170 k\u00e6rum sem \u00e9g hef undirb\u00fai\u00f0. Ef sl\u00edk mist\u00f6k eru \u00feegar \u00ed k\u00e6ruey\u00f0ubla\u00f0inu \u00fe\u00ednu get \u00e9g \u00fev\u00ed greint \u00feau, og \u00fe\u00e1 getur\u00f0u sent Mannr\u00e9ttindad\u00f3mst\u00f3lnum ey\u00f0ubla\u00f0 \u00e1n \u00feeirra og auki\u00f0 \u00feannig eins og kostur er l\u00edkurnar \u00e1 a\u00f0 k\u00e6ran ver\u00f0i tekin vi\u00f0. Ef k\u00e6ra er ekki tekin vi\u00f0 fjallar d\u00f3mst\u00f3llinn ekki um hana. \u00dea\u00f0 er l\u00edka mikilv\u00e6gt a\u00f0 skilja a\u00f0 ef \u00fe\u00fa b\u00ed\u00f0ur eftir synjun og lei\u00f0r\u00e9ttir k\u00e6ruey\u00f0ubla\u00f0i\u00f0 fyrst eftir \u00fea\u00f0 er n\u00e6stum alltaf or\u00f0i\u00f0 of seint. Sending k\u00e6ruey\u00f0ubla\u00f0s til Mannr\u00e9ttindad\u00f3mst\u00f3lsins st\u00f6\u00f0var ekki stutta frestinn til a\u00f0 leita til d\u00f3mst\u00f3lsins. \u00deegar ey\u00f0ubla\u00f0i\u00f0 er sent er hluti frestsins venjulega \u00feegar li\u00f0inn, og s\u00e1 t\u00edmi sem eftir er rennur n\u00e6stum alltaf \u00fat \u00e1 me\u00f0an ey\u00f0ubla\u00f0i\u00f0 er \u00e1 lei\u00f0 til d\u00f3mst\u00f3lsins, me\u00f0an d\u00f3mst\u00f3llinn fer yfir \u00fea\u00f0 og \u00e1\u00f0ur en synjunartilkynningin berst \u00fe\u00e9r me\u00f0 venjulegum p\u00f3sti. \u00de\u00f3tt \u00fev\u00ed s\u00e9 fr\u00e6\u00f0ilega h\u00e6gt a\u00f0 lei\u00f0r\u00e9tta k\u00e6ruey\u00f0ubla\u00f0i\u00f0 og senda \u00fea\u00f0 aftur eftir a\u00f0 synjun berst er \u00fea\u00f0 \u00ed reynd n\u00e6stum alltaf tilgangslaust: k\u00e6ran ver\u00f0ur \u00fe\u00e1 hvort sem er l\u00fdst \u00f3t\u00e6k vegna \u00feess a\u00f0 h\u00fan var l\u00f6g\u00f0 fram eftir a\u00f0 fresturinn rann \u00fat, jafnvel \u00fe\u00f3tt d\u00f3mst\u00f3llinn taki hana vi\u00f0.<\/div>\n<div class=\"mywpcf7cf\">A\u00f0 k\u00e6ra hafi veri\u00f0 tekin vi\u00f0 \u00fe\u00fd\u00f0ir ekki a\u00f0 b\u00fai\u00f0 s\u00e9 a\u00f0 leysa \u00far \u00fev\u00ed hvort h\u00fan s\u00e9 me\u00f0fer\u00f0arh\u00e6f. Um 70% af k\u00e6rum til Mannr\u00e9ttindad\u00f3mst\u00f3lsins eru l\u00fdstar a\u00f0 \u00f6llu leyti \u00f3t\u00e6kar sk\u00f6mmu eftir a\u00f0 \u00fe\u00e6r berast. N\u00e6stum allar a\u00f0rar k\u00e6rur eru a\u00f0 minnsta kosti a\u00f0 hluta l\u00fdstar \u00f3t\u00e6kar, stundum einmitt \u00ed \u00feeim hluta sem skiptir k\u00e6randa mestu m\u00e1li. \u00cd m\u00f6rgum tilvikum r\u00e6\u00f0ur e\u00f0li m\u00e1lsins \u00fev\u00ed, en ekki alltaf. \u00cd k\u00e6ruey\u00f0ubla\u00f0inu geta vanta\u00f0 mikilv\u00e6ga m\u00e1lavexti, fulln\u00e6gjandi uppl\u00fdsingar um a\u00f0 skilyr\u00f0i me\u00f0fer\u00f0arh\u00e6fis s\u00e9u uppfyllt e\u00f0a fulla l\u00fdsingu \u00e1 meintum brotum. M\u00e1lavextirnir, uppl\u00fdsingarnar um skilyr\u00f0i me\u00f0fer\u00f0arh\u00e6fis og l\u00fdsingin \u00e1 meintum brotum geta l\u00edka ekki samr\u00fdmst d\u00f3maframkv\u00e6md Mannr\u00e9ttindad\u00f3mst\u00f3lsins, veri\u00f0 \u00f3lj\u00f3s e\u00f0a \u00f3samfelld, e\u00f0a fari\u00f0 \u00ed b\u00e1ga vi\u00f0 fylgiskj\u00f6lin. Sl\u00edk mist\u00f6k geta au\u00f0veldlega leitt til \u00feess a\u00f0 k\u00e6ra s\u00e9 l\u00fdst \u00f3t\u00e6k. Sk\u00fdringar m\u00ednar hj\u00e1lpa \u00fe\u00e9r a\u00f0 koma auga \u00e1 \u00feau og skilja hva\u00f0a hluta k\u00e6runnar \u00feau stofna \u00ed h\u00e6ttu. Stundum er h\u00e6gt a\u00f0 lei\u00f0r\u00e9tta \u00feau beint \u00fat fr\u00e1 sk\u00fdringum m\u00ednum. Ef \u00feau eru m\u00f6rg, e\u00f0a ef sum \u00feeirra kalla \u00e1 \u00edtarlegar sk\u00fdringar, geta \u00fe\u00f3 \u00fe\u00e6r \u00ferj\u00e1r klukkustundir sem eru innifaldar \u00ed fasta ver\u00f0inu fyrir yfirfer\u00f0 \u00e1 einu k\u00e6ruey\u00f0ubla\u00f0i reynst of stuttar til \u00edtarlegrar sk\u00fdringar \u00e1 hverju \u00feeirra. \u00de\u00fa f\u00e6r\u00f0 samt a\u00f0 minnsta kosti stutta sk\u00fdringu \u00e1 hverju mistaki sem \u00e9g finn.<\/div>\n<div class=\"mywpcf7cf\">Yfirfer\u00f0in kostar 600 evrur og tekur a\u00f0 jafna\u00f0i ekki lengri t\u00edma en eina viku.<\/div>\n<div class=\"mywpcf7cf\">Ef \u00fe\u00fa \u00fearft ni\u00f0urst\u00f6\u00f0urnar fyrr, <a href=\"mailto:oleg.anishchik@europeancourt.org?subject=Yfirfer\u00f0 \u00e1 \u00fatfylltum k\u00e6ruey\u00f0ubl\u00f6\u00f0um til Mannr\u00e9ttindad\u00f3mst\u00f3ls Evr\u00f3pu: br\u00fdn yfirfer\u00f0&amp;body=Getur \u00fe\u00fa fari\u00f0 br\u00fdnt yfir k\u00e6ruey\u00f0ubla\u00f0i\u00f0?\">sendu m\u00e9r t\u00f6lvup\u00f3st<\/a> og spur\u00f0u hvort br\u00fdn yfirfer\u00f0 s\u00e9 m\u00f6guleg. \u00c9g lofa a\u00f0 svara sl\u00edkum t\u00f6lvup\u00f3sti innan 24 klukkustunda. Ef \u00e9g svara j\u00e1tandi og \u00fe\u00fa sendir k\u00e6ruey\u00f0ubla\u00f0i\u00f0 strax til yfirfer\u00f0ar lofa \u00e9g a\u00f0 lj\u00faka yfirfer\u00f0inni innan n\u00e6stu 24 klukkustunda.<\/div>\n<div class=\"mywpcf7cf\">\u00deessi yfirfer\u00f0 er greinilega ekki fyrir \u00feig ef eitthva\u00f0 af eftirfarandi \u00e1 vi\u00f0 um \u00feig:<\/div>\n<ul class=\"checking-blocklist\">\n<li><label><input type=\"checkbox\" class=\"ec-checking-blocker\" \/><span>\u00c9g get fundi\u00f0 \u00f6ll mist\u00f6k \u00ed k\u00e6ruey\u00f0ubla\u00f0inu \u00e1n a\u00f0sto\u00f0ar.<\/span><\/label><\/li>\n<li>\u00c9g b\u00fdst vi\u00f0 a\u00f0 f\u00e1 lei\u00f0r\u00e9tt k\u00e6ruey\u00f0ubla\u00f0 e\u00f0a \u00edtarlegar lei\u00f0beiningar um hvernig eigi a\u00f0 laga hvert mistakanna sem finnast.<\/li>\n<li>\u00c9g vil ekki \u00fatb\u00faa sk\u00fdrar skannanir e\u00f0a taka sk\u00fdrar lj\u00f3smyndir af fylgiskj\u00f6lum \u00e1 papp\u00edr til a\u00f0 senda me\u00f0 k\u00e6ruey\u00f0ubla\u00f0inu til yfirfer\u00f0ar.<\/li>\n<li>\u00c9g vil a\u00f0eins l\u00e1ta fara yfir hluta mistakanna, ekki \u00feau \u00f6ll.<\/li>\n<li><label><input type=\"checkbox\" class=\"ec-checking-blocker\" \/><span>N\u00fana skiptir mig meira m\u00e1li a\u00f0 spara kostna\u00f0inn vi\u00f0 yfirfer\u00f0ina en a\u00f0 gefa k\u00e6ru minni sem besta m\u00f6gulega m\u00f6guleika \u00e1 a\u00f0 ver\u00f0a tekin vi\u00f0 og draga \u00far h\u00e6ttunni \u00e1 a\u00f0 h\u00fan ver\u00f0i l\u00fdst \u00f3t\u00e6k.<\/span><\/label><\/li>\n<\/ul>\n<div class=\"checking-load-wrap\">\n<div class=\"checking-load-button-row\"><button type=\"button\" class=\"mybutton blue\" id=\"ec-checking-load-form\">Senda k\u00e6ruey\u00f0ubla\u00f0i\u00f0 til yfirfer\u00f0ar<\/button><\/div>\n<div id=\"ec-checking-load-status\" class=\"checking-load-status\" role=\"status\" aria-live=\"polite\"><\/div>\n<\/div>\n<div class=\"mywpcf7cf mywpcf7cf-utility checking-utility-row\">\n<div class=\"mybutton red not-in-text-button is-disabled\" aria-disabled=\"true\">Byrja upp \u00e1 n\u00fdtt<\/div>\n<div class=\"mybutton red not-in-text-button\" onclick=\"window.location.href='mailto:oleg.anishchik@europeancourt.org?subject=Yfirfer\u00f0 \u00e1 \u00fatfylltum k\u00e6ruey\u00f0ubl\u00f6\u00f0um til Mannr\u00e9ttindad\u00f3mst\u00f3ls Evr\u00f3pu: villa&amp;body=L\u00fdsing \u00e1 villu:';\">Tilkynna villu<\/div>\n<\/div>\n<\/div>\n<div class=\"checking-form-shell\" id=\"ec-checking-form-shell\">\n<div id=\"ajax_content\" class=\"checking-ajax-content\" data-loaded=\"0\"><\/div>\n<\/div>\n<\/div>","protected":false},"excerpt":{"rendered":"Ef \u00fe\u00fa bi\u00f0ur mig a\u00f0 fara yfir k\u00e6ruey\u00f0ubla\u00f0i\u00f0 kanna \u00e9g hvort \u00fear s\u00e9 a\u00f0 finna einhver af mist\u00f6kunum sem talin eru upp h\u00e9r fyrir ne\u00f0an. Listinn byggist \u00e1 kr\u00f6fum Mannr\u00e9ttindad\u00f3mst\u00f3lsins og reynslu minni af&#46;&#46;&#46;","protected":false},"author":0,"featured_media":0,"parent":222214,"menu_order":0,"comment_status":"closed","ping_status":"closed","template":"","meta":{"footnotes":""},"categories":[],"tags":[],"class_list":["post-225347","page","type-page","status-publish","hentry"],"_links":{"self":[{"href":"https:\/\/europeancourt.org\/is\/wp-json\/wp\/v2\/pages\/225347","targetHints":{"allow":["GET"]}}],"collection":[{"href":"https:\/\/europeancourt.org\/is\/wp-json\/wp\/v2\/pages"}],"about":[{"href":"https:\/\/europeancourt.org\/is\/wp-json\/wp\/v2\/types\/page"}],"replies":[{"embeddable":true,"href":"https:\/\/europeancourt.org\/is\/wp-json\/wp\/v2\/comments?post=225347"}],"version-history":[{"count":0,"href":"https:\/\/europeancourt.org\/is\/wp-json\/wp\/v2\/pages\/225347\/revisions"}],"up":[{"embeddable":true,"href":"https:\/\/europeancourt.org\/is\/wp-json\/wp\/v2\/pages\/222214"}],"wp:attachment":[{"href":"https:\/\/europeancourt.org\/is\/wp-json\/wp\/v2\/media?parent=225347"}],"wp:term":[{"taxonomy":"category","embeddable":true,"href":"https:\/\/europeancourt.org\/is\/wp-json\/wp\/v2\/categories?post=225347"},{"taxonomy":"post_tag","embeddable":true,"href":"https:\/\/europeancourt.org\/is\/wp-json\/wp\/v2\/tags?post=225347"}],"curies":[{"name":"wp","href":"https:\/\/api.w.org\/{rel}","templated":true}]}}