{"id":225351,"date":"2026-04-26T14:48:59","date_gmt":"2026-04-26T12:48:59","guid":{"rendered":"https:\/\/europeancourt.org\/l%c3%b6gfr%c3%a6%c3%b0ir%c3%a1%c3%b0gj%c3%b6f-og-tengili%c3%b0ir\/"},"modified":"2026-04-26T17:10:09","modified_gmt":"2026-04-26T15:10:09","slug":"l%c3%b6gfr%c3%a6%c3%b0ir%c3%a1%c3%b0gj%c3%b6f-og-tengili%c3%b0ir","status":"publish","type":"page","link":"https:\/\/europeancourt.org\/is\/l%c3%b6gfr%c3%a6%c3%b0ir%c3%a1%c3%b0gj%c3%b6f-og-tengili%c3%b0ir\/","title":{"rendered":"L\u00f6gfr\u00e6\u00f0ir\u00e1\u00f0gj\u00f6f og tengili\u00f0ir"},"content":{"rendered":"<div class=\"mywpcf7cf myshow myhide\">\u00c9g \u00fearf a\u00f0:<\/div>\n\n<div class=\"myshow myhide\"><span class=\"wpcf7-radio\"><span class=\"wpcf7-list-item\"><label><span class=\"wpcf7-list-item-label\">undirb\u00faa k\u00e6ru til Mannr\u00e9ttindad\u00f3mst\u00f3ls Evr\u00f3pu<\/span><\/label><\/span><\/span><\/div>\n\n<div class=\"myshow myhide\"><span class=\"wpcf7-radio\"><span class=\"wpcf7-list-item\"><label><span class=\"wpcf7-list-item-label\">l\u00e1ta fara yfir k\u00e6ruey\u00f0ubla\u00f0 \u00e1\u00f0ur en \u00fea\u00f0 er sent til Mannr\u00e9ttindad\u00f3mst\u00f3ls Evr\u00f3pu<\/span><\/label><\/span><\/span><\/div>\n\n<div class=\"myshow myhide\"><span class=\"wpcf7-radio\"><span class=\"wpcf7-list-item\"><label><span class=\"wpcf7-list-item-label\">f\u00e1 fyrirsvar fyrir k\u00e6randa fyrir Mannr\u00e9ttindad\u00f3mst\u00f3li Evr\u00f3pu eftir a\u00f0 Mannr\u00e9ttindad\u00f3mst\u00f3llinn hefur tilkynnt k\u00e6runa vi\u00f0komandi stj\u00f3rnv\u00f6ldum<\/span><\/label><\/span><\/span><\/div>\n\n<div class=\"myshow myhide\"><span class=\"wpcf7-radio\"><span class=\"wpcf7-list-item\"><label><span class=\"wpcf7-list-item-label\">f\u00e1 uppl\u00fdsingar um st\u00f6\u00f0u k\u00e6ru til Mannr\u00e9ttindad\u00f3mst\u00f3ls Evr\u00f3pu<\/span><\/label><\/span><\/span><\/div>\n\n<div class=\"myshow myhide\"><span class=\"wpcf7-radio\"><span class=\"wpcf7-list-item\"><label><span class=\"wpcf7-list-item-label\">hala ni\u00f0ur k\u00e6ruey\u00f0ubla\u00f0i til Mannr\u00e9ttindad\u00f3mst\u00f3ls Evr\u00f3pu<\/span><\/label><\/span><\/span><\/div>\n\n<div class=\"myshow myhide\"><span class=\"wpcf7-radio\"><span class=\"wpcf7-list-item\"><label><span class=\"wpcf7-list-item-label\">bi\u00f0ja um r\u00e1\u00f0gj\u00f6f<\/span><\/label><\/span><\/span><\/div>\n\n<div class=\"myshow myhide\"><span class=\"wpcf7-radio\"><span class=\"wpcf7-list-item\"><label><span class=\"wpcf7-list-item-label\">s\u00fdna samskiptauppl\u00fdsingar<\/span><\/label><\/span><\/span><\/div>\n<div id=\"ajax_content\"><\/div>","protected":false},"excerpt":{"rendered":"\u00c9g \u00fearf a\u00f0: undirb\u00faa k\u00e6ru til Mannr\u00e9ttindad\u00f3mst\u00f3ls Evr\u00f3pu l\u00e1ta fara yfir k\u00e6ruey\u00f0ubla\u00f0 \u00e1\u00f0ur en \u00fea\u00f0 er sent til Mannr\u00e9ttindad\u00f3mst\u00f3ls Evr\u00f3pu f\u00e1 fyrirsvar fyrir k\u00e6randa fyrir Mannr\u00e9ttindad\u00f3mst\u00f3li Evr\u00f3pu eftir a\u00f0 Mannr\u00e9ttindad\u00f3mst\u00f3llinn hefur tilkynnt k\u00e6runa vi\u00f0komandi&#46;&#46;&#46;","protected":false},"author":0,"featured_media":0,"parent":0,"menu_order":0,"comment_status":"closed","ping_status":"closed","template":"","meta":{"footnotes":""},"categories":[],"tags":[],"class_list":["post-225351","page","type-page","status-publish","hentry"],"_links":{"self":[{"href":"https:\/\/europeancourt.org\/is\/wp-json\/wp\/v2\/pages\/225351","targetHints":{"allow":["GET"]}}],"collection":[{"href":"https:\/\/europeancourt.org\/is\/wp-json\/wp\/v2\/pages"}],"about":[{"href":"https:\/\/europeancourt.org\/is\/wp-json\/wp\/v2\/types\/page"}],"replies":[{"embeddable":true,"href":"https:\/\/europeancourt.org\/is\/wp-json\/wp\/v2\/comments?post=225351"}],"version-history":[{"count":1,"href":"https:\/\/europeancourt.org\/is\/wp-json\/wp\/v2\/pages\/225351\/revisions"}],"predecessor-version":[{"id":225605,"href":"https:\/\/europeancourt.org\/is\/wp-json\/wp\/v2\/pages\/225351\/revisions\/225605"}],"wp:attachment":[{"href":"https:\/\/europeancourt.org\/is\/wp-json\/wp\/v2\/media?parent=225351"}],"wp:term":[{"taxonomy":"category","embeddable":true,"href":"https:\/\/europeancourt.org\/is\/wp-json\/wp\/v2\/categories?post=225351"},{"taxonomy":"post_tag","embeddable":true,"href":"https:\/\/europeancourt.org\/is\/wp-json\/wp\/v2\/tags?post=225351"}],"curies":[{"name":"wp","href":"https:\/\/api.w.org\/{rel}","templated":true}]}}