{"id":225383,"date":"2026-04-26T14:48:59","date_gmt":"2026-04-26T12:48:59","guid":{"rendered":"https:\/\/europeancourt.org\/juridisk%c4%81s-konsult%c4%81cijas-un-kontakti\/"},"modified":"2026-04-26T17:20:32","modified_gmt":"2026-04-26T15:20:32","slug":"juridisk%c4%81s-konsult%c4%81cijas-un-kontakti","status":"publish","type":"page","link":"https:\/\/europeancourt.org\/lv\/juridisk%c4%81s-konsult%c4%81cijas-un-kontakti\/","title":{"rendered":"Juridisk\u0101s konsult\u0101cijas un kontakti"},"content":{"rendered":"<div class=\"mywpcf7cf myshow myhide\">Man ir nepiecie\u0161ams:<\/div>\n\n<div class=\"myshow myhide\"><span class=\"wpcf7-radio\"><span class=\"wpcf7-list-item\"><label><span class=\"wpcf7-list-item-label\">sagatavot s\u016bdz\u012bbu ECT<\/span><\/label><\/span><\/span><\/div>\n\n<div class=\"myshow myhide\"><span class=\"wpcf7-radio\"><span class=\"wpcf7-list-item\"><label><span class=\"wpcf7-list-item-label\">p\u0101rbaud\u012bt, vai s\u016bdz\u012bbas veidlap\u0101 nav k\u013c\u016bdu, pirms t\u0101s nos\u016bt\u012b\u0161anas ECT<\/span><\/label><\/span><\/span><\/div>\n\n<div class=\"myshow myhide\"><span class=\"wpcf7-radio\"><span class=\"wpcf7-list-item\"><label><span class=\"wpcf7-list-item-label\">s\u016bdz\u012bbas iesniedz\u0113ja p\u0101rst\u0101v\u012bba ECT p\u0113c tam, kad Tiesa ir piepras\u012bjusi atbild\u0113t\u0101jvalsts vald\u012bbai sniegt rakstveida paskaidrojumus par s\u016bdz\u012bbu<\/span><\/label><\/span><\/span><\/div>\n\n<div class=\"myshow myhide\"><span class=\"wpcf7-radio\"><span class=\"wpcf7-list-item\"><label><span class=\"wpcf7-list-item-label\">uzzin\u0101t ECT s\u016bdz\u012bbas statusu<\/span><\/label><\/span><\/span><\/div>\n\n<div class=\"myshow myhide\"><span class=\"wpcf7-radio\"><span class=\"wpcf7-list-item\"><label><span class=\"wpcf7-list-item-label\">lejupiel\u0101d\u0113t ECT s\u016bdz\u012bbas veidlapu<\/span><\/label><\/span><\/span><\/div>\n\n<div class=\"myshow myhide\"><span class=\"wpcf7-radio\"><span class=\"wpcf7-list-item\"><label><span class=\"wpcf7-list-item-label\">piepras\u012bt konsult\u0101ciju<\/span><\/label><\/span><\/span><\/div>\n\n<div class=\"myshow myhide\"><span class=\"wpcf7-radio\"><span class=\"wpcf7-list-item\"><label><span class=\"wpcf7-list-item-label\">par\u0101d\u012bt kontaktinform\u0101ciju<\/span><\/label><\/span><\/span><\/div>\n<div id=\"ajax_content\"><\/div>","protected":false},"excerpt":{"rendered":"Man ir nepiecie\u0161ams: sagatavot s\u016bdz\u012bbu ECT p\u0101rbaud\u012bt, vai s\u016bdz\u012bbas veidlap\u0101 nav k\u013c\u016bdu, pirms t\u0101s nos\u016bt\u012b\u0161anas ECT s\u016bdz\u012bbas iesniedz\u0113ja p\u0101rst\u0101v\u012bba ECT p\u0113c tam, kad Tiesa ir piepras\u012bjusi atbild\u0113t\u0101jvalsts vald\u012bbai sniegt rakstveida paskaidrojumus par s\u016bdz\u012bbu uzzin\u0101t&#46;&#46;&#46;","protected":false},"author":0,"featured_media":0,"parent":0,"menu_order":0,"comment_status":"closed","ping_status":"closed","template":"","meta":{"footnotes":""},"categories":[],"tags":[],"class_list":["post-225383","page","type-page","status-publish","hentry"],"_links":{"self":[{"href":"https:\/\/europeancourt.org\/lv\/wp-json\/wp\/v2\/pages\/225383","targetHints":{"allow":["GET"]}}],"collection":[{"href":"https:\/\/europeancourt.org\/lv\/wp-json\/wp\/v2\/pages"}],"about":[{"href":"https:\/\/europeancourt.org\/lv\/wp-json\/wp\/v2\/types\/page"}],"replies":[{"embeddable":true,"href":"https:\/\/europeancourt.org\/lv\/wp-json\/wp\/v2\/comments?post=225383"}],"version-history":[{"count":1,"href":"https:\/\/europeancourt.org\/lv\/wp-json\/wp\/v2\/pages\/225383\/revisions"}],"predecessor-version":[{"id":225617,"href":"https:\/\/europeancourt.org\/lv\/wp-json\/wp\/v2\/pages\/225383\/revisions\/225617"}],"wp:attachment":[{"href":"https:\/\/europeancourt.org\/lv\/wp-json\/wp\/v2\/media?parent=225383"}],"wp:term":[{"taxonomy":"category","embeddable":true,"href":"https:\/\/europeancourt.org\/lv\/wp-json\/wp\/v2\/categories?post=225383"},{"taxonomy":"post_tag","embeddable":true,"href":"https:\/\/europeancourt.org\/lv\/wp-json\/wp\/v2\/tags?post=225383"}],"curies":[{"name":"wp","href":"https:\/\/api.w.org\/{rel}","templated":true}]}}