{"id":225417,"date":"2026-04-26T14:47:47","date_gmt":"2026-04-26T12:47:47","guid":{"rendered":"https:\/\/europeancourt.org\/tjenester\/emd\/forberedelse-av-klager-til-emd\/"},"modified":"2026-04-26T17:25:34","modified_gmt":"2026-04-26T15:25:34","slug":"forberedelse-av-klager-til-emd","status":"publish","type":"page","link":"https:\/\/europeancourt.org\/no\/tjenester\/emd\/forberedelse-av-klager-til-emd\/","title":{"rendered":"Forberedelse av klager til EMD"},"content":{"rendered":"<div id=\"ec-preparation-page\" class=\"ec-service-page ec-service-preparation\" data-service=\"preparation\">\n<div class=\"ec-service-screen ec-service-screen-1\">\n<div class=\"mywpcf7cf myshow myhide\">Prisen for \u00e5 utarbeide en klage til EMD avhenger av hvor mye tid arbeidet krever. Spennet er sv\u00e6rt stort: fra noen hundre euro n\u00e5r alt kan gj\u00f8res p\u00e5 to\u2013tre timer, til 10 000 euro eller mer n\u00e5r arbeidet tar flere titalls timer. Tiden g\u00e5r med til \u00e5 gjennomg\u00e5 dokumentene, skille ut de sentrale faktiske forholdene, finne og analysere all aktuell EMD-praksis om sakens realitet og vilk\u00e5rene for realitetsbehandling for hver mulig anf\u00f8rsel, formulere anf\u00f8rslene p\u00e5 dette grunnlaget, begrunne hver p\u00e5st\u00e5tte krenkelse og vise at vilk\u00e5rene for realitetsbehandling er oppfylt for hver av dem, og deretter fremstille alt dette kort, klart og uten motsigelser i klageskjemaet.<\/div>\n<div class=\"mywpcf7cf myshow myhide\">Hvor mye tid som trengs i din sak, og dermed hva det vil koste \u00e5 utarbeide klagen, kan jeg bare avgj\u00f8re p\u00e5 grunnlag av dokumentene. Send inn alle avgj\u00f8relser du vil klage over, andre dokumenter som viser tiltak du vil klage over, alle henvendelser til nasjonale myndigheter, ogs\u00e5 domstoler, der disse anf\u00f8rslene i realiteten ble gjort gjeldende, og alle avgj\u00f8relser etter slike henvendelser. Hvis du allerede har hele saksmaterialet elektronisk, er det best \u00e5 sende inn alt med \u00e9n gang. Ikke v\u00e6r redd for \u00e5 sende inn for mange dokumenter, og ikke v\u00e6r redd for \u00e5 utelate noe: Hvis jeg etter \u00e5 ha g\u00e5tt gjennom det du har sendt, trenger flere dokumenter, ber jeg deg om dem.<\/div>\n<div class=\"mywpcf7cf myshow myhide\">Vanligvis svarer jeg p\u00e5 en prisforesp\u00f8rsel om utarbeidelse av klage innen \u00e9n uke etter at jeg har mottatt alle n\u00f8dvendige dokumenter og opplysninger. Hvis fristen for \u00e5 bringe saken inn for EMD l\u00f8per ut i l\u00f8pet av de n\u00e6rmeste dagene, m\u00e5 du skrive til meg og sp\u00f8rre om jeg kan behandle foresp\u00f8rselen din som hastesak. En slik e-post lover jeg \u00e5 svare p\u00e5 innen 24 timer. Hvis jeg bekrefter at jeg kan gj\u00f8re det, og du straks sender inn n\u00f8dvendige dokumenter og opplysninger, lover jeg \u00e5 gi deg konklusjonen min om prisforesp\u00f8rselen innen de neste 48 timene.<\/div>\n<div class=\"mywpcf7cf myshow myhide\">Hvis jeg kommer til at det foreligger rimelige utsikter for en klage til EMD, oppgir jeg den n\u00f8yaktige prisen for \u00e5 utarbeide klagen, basert p\u00e5 de anf\u00f8rslene det er grunn til \u00e5 ta med, og skriver helt kort hva det ikke er noen grunn til \u00e5 klage over. Samtidig sender jeg deg en avtale om utarbeidelse av klagen. Betaling kan skje ved bankoverf\u00f8ring til kontoen min i Sveits eller p\u00e5 andre m\u00e5ter, avhengig av betalingslandet. Fristen for \u00e5 utarbeide klagen vil alltid v\u00e6re slik at den kan sendes til EMD innen klagefristen. N\u00e5r arbeidet er ferdig, f\u00e5r du per e-post et utfylt klageskjema, ferdig ordnede vedlegg og forklaringer om hvordan alt skal skrives ut, underskrives og sendes til EMD p\u00e5 riktig m\u00e5te. Representasjon overfor EMD og annet arbeid med saken inng\u00e5r ikke i prisen for \u00e5 utarbeide klagen. Hvis jeg kommer til at det ikke foreligger rimelige utsikter for en klage til EMD, gir jeg deg bare beskjed om det.<\/div>\n<div class=\"mywpcf7cf myshow myhide\">Denne tjenesten er ikke for deg hvis du trygt kan stille deg bak ett av disse utsagnene:<\/div>\n<ul class=\"myshow myhide ec-service-blocker-list\"><li><label><input type=\"checkbox\" class=\"ec-service-blocker\" \/><span>Jeg har allerede et utfylt klageskjema og trenger bare at det kontrolleres for feil.<\/span><\/label><\/li>\n<li><label><input type=\"checkbox\" class=\"ec-service-blocker\" \/><span>Jeg er ikke villig til \u00e5 sende inn alle n\u00f8dvendige dokumenter i saken.<\/span><\/label><\/li>\n<li><label><input type=\"checkbox\" class=\"ec-service-blocker\" \/><span>Jeg forventer \u00e5 f\u00e5 detaljerte forklaringer om hver enkelt anf\u00f8rsel, ogs\u00e5 n\u00e5r det ikke ser ut til \u00e5 foreligge rimelige utsikter for en klage til EMD.<\/span><\/label><\/li>\n<li><label><input type=\"checkbox\" class=\"ec-service-blocker\" \/><span>Jeg regner med at klagen blir utarbeidet selv om det ikke ser ut til \u00e5 foreligge rimelige utsikter for en klage til EMD.<\/span><\/label><\/li>\n<li><label><input type=\"checkbox\" class=\"ec-service-blocker\" \/><span>Ut fra antallet anf\u00f8rsler jeg har, og mengden dokumenter som allerede finnes i saken, er det \u00e5penbart for meg at det vil ta vesentlig mer tid \u00e5 utarbeide klagen enn jeg er villig til \u00e5 betale for.<\/span><\/label><\/li>\n<li><label><input type=\"checkbox\" class=\"ec-service-blocker\" \/><span>Jeg kan selv fylle ut klageskjemaet i samsvar med alle EMDs krav, angi alle sentrale faktiske forhold, krenkelser og opplysninger om oppfyllelse av vilk\u00e5rene for realitetsbehandling for hver krenkelse, og gj\u00f8re det i n\u00f8yaktig samsvar med sakens dokumenter og aktuell EMD-praksis for min sak.<\/span><\/label><\/li><\/ul>\n<div class=\"mywpcf7cf myshow myhide\"><button type=\"button\" class=\"mybutton blue\" id=\"load_ajax_form\" data-ec-service-load=\"preparation\" data-blocked-message=\"Du kan ikke g\u00e5 videre s\u00e5 lenge ett av utsagnene er krysset av. Fjern krysset hvis du satte det ved en feil.\">Send inn dokumenter<\/button><\/div>\n<div class=\"mywpcf7cf myshow myhide\"><a class=\"mybutton blue not-in-text-button\" href=\"mailto:oleg.anishchik@europeancourt.org?subject=Jeg vil gjerne avklare vilk\u00e5rene\">Jeg vil gjerne avklare vilk\u00e5rene<\/a><\/div>\n<div id=\"ec-service-load-status\" class=\"ec-service-load-status\" aria-live=\"polite\"><\/div>\n<\/div>\n<div id=\"ajax_content\"><\/div>\n<\/div>\n<script>\n(function(){\n  if (window.ecServiceBlockerGuardReady) return;\n  window.ecServiceBlockerGuardReady = true;\n  document.addEventListener('click', function(event) {\n    var button = event.target && event.target.closest ? event.target.closest('[data-ec-service-load]') : null;\n    if (!button) return;\n    var root = button.closest('.ec-service-page');\n    if (!root || !root.querySelector('.ec-service-blocker:checked')) return;\n    event.preventDefault();\n    event.stopPropagation();\n    if (event.stopImmediatePropagation) event.stopImmediatePropagation();\n    var status = root.querySelector('.ec-service-load-status');\n    if (status) status.textContent = button.getAttribute('data-blocked-message') || '';\n  }, true);\n})();\n<\/script>","protected":false},"excerpt":{"rendered":"Prisen for \u00e5 utarbeide en klage til EMD avhenger av hvor mye tid arbeidet krever. Spennet er sv\u00e6rt stort: fra noen hundre euro n\u00e5r alt kan gj\u00f8res p\u00e5 to\u2013tre timer, til 10 000 euro&#46;&#46;&#46;","protected":false},"author":0,"featured_media":0,"parent":222218,"menu_order":0,"comment_status":"closed","ping_status":"closed","template":"","meta":{"footnotes":""},"categories":[],"tags":[],"class_list":["post-225417","page","type-page","status-publish","hentry"],"_links":{"self":[{"href":"https:\/\/europeancourt.org\/no\/wp-json\/wp\/v2\/pages\/225417","targetHints":{"allow":["GET"]}}],"collection":[{"href":"https:\/\/europeancourt.org\/no\/wp-json\/wp\/v2\/pages"}],"about":[{"href":"https:\/\/europeancourt.org\/no\/wp-json\/wp\/v2\/types\/page"}],"replies":[{"embeddable":true,"href":"https:\/\/europeancourt.org\/no\/wp-json\/wp\/v2\/comments?post=225417"}],"version-history":[{"count":1,"href":"https:\/\/europeancourt.org\/no\/wp-json\/wp\/v2\/pages\/225417\/revisions"}],"predecessor-version":[{"id":225630,"href":"https:\/\/europeancourt.org\/no\/wp-json\/wp\/v2\/pages\/225417\/revisions\/225630"}],"up":[{"embeddable":true,"href":"https:\/\/europeancourt.org\/no\/wp-json\/wp\/v2\/pages\/222218"}],"wp:attachment":[{"href":"https:\/\/europeancourt.org\/no\/wp-json\/wp\/v2\/media?parent=225417"}],"wp:term":[{"taxonomy":"category","embeddable":true,"href":"https:\/\/europeancourt.org\/no\/wp-json\/wp\/v2\/categories?post=225417"},{"taxonomy":"post_tag","embeddable":true,"href":"https:\/\/europeancourt.org\/no\/wp-json\/wp\/v2\/tags?post=225417"}],"curies":[{"name":"wp","href":"https:\/\/api.w.org\/{rel}","templated":true}]}}