{"id":225419,"date":"2026-04-26T14:47:57","date_gmt":"2026-04-26T12:47:57","guid":{"rendered":"https:\/\/europeancourt.org\/tjenester\/emd\/verifisering-av-utfylte-emd-klageskjemaer\/"},"modified":"2026-04-26T14:44:00","modified_gmt":"2026-04-26T12:44:00","slug":"verifisering-av-utfylte-emd-klageskjemaer","status":"publish","type":"page","link":"https:\/\/europeancourt.org\/no\/tjenester\/emd\/verifisering-av-utfylte-emd-klageskjemaer\/","title":{"rendered":"Verifisering av utfylte EMD-klageskjemaer"},"content":{"rendered":"<div id=\"ec-checking-page\" class=\"checking-page\">\n<div class=\"checking-screen checking-screen-1\" id=\"ec-checking-screen-1\">\n<div class=\"mywpcf7cf\">Hvis du ber meg gjennomg\u00e5 skjemaet, avdekker jeg hvilke av feilene nedenfor som finnes i det. Listen bygger p\u00e5 EMDs krav og min erfaring med \u00e5 utarbeide og gjennomg\u00e5 klager.<\/div>\n<div class=\"checking-errors-frame\">\n<div class=\"checking-errors-scroll checking-richtext\">\n<p class=\"checking-group-heading\">I. Feil som f\u00f8rer til at EMD ikke tar klagen opp til behandling<\/p>\n<p class=\"checking-item-heading\">1. Feil ved bruk av klageskjemaet<\/p>\n<ul class=\"vlist\">\n<li class=\"vitem\">Det er brukt en utdatert versjon av skjemaet; eller<\/li>\n<li class=\"vitem\">klagen er sendt inn uten bruk av klageskjemaet.<\/li>\n<\/ul>\n<p>Det kan likevel finnes unntak. EMD kan bare i helt s\u00e6rlige tilfeller ta en klage uten klageskjema til behandling, s\u00e6rlig der det i stedet for et utfylt, gjeldende skjema er sendt inn en anmodning om midlertidige tiltak som i det minste ved f\u00f8rste \u00f8yekast fremst\u00e5r som begrunnet. Dette beror likevel fullt ut p\u00e5 EMDs skj\u00f8nn, og jeg anbefaler derfor p\u00e5 det sterkeste at du ikke regner med dette unntaket.<\/p>\n<p class=\"checking-item-heading\">2. Feil ved utfylling av avsnitt \u00abA. Klageren\u00bb<\/p>\n<ul class=\"vlist\">\n<li class=\"vitem\">Hvis klageren er en privatperson: feltene 1\u20139 er ikke fylt ut eller er fylt ut feil.<\/li>\n<li class=\"vitem\">Hvis klageren er en organisasjon: feltene 10\u201316 er ikke fylt ut eller er fylt ut feil.<\/li>\n<li class=\"vitem\">Hvis det er flere klagere:\n<ul class=\"vlist\">\n<li class=\"vitem\">opplysninger om den andre og hver etterf\u00f8lgende klager er ikke gitt p\u00e5 et eget ark, med nummerering av klagerne;<\/li>\n<li class=\"vitem\">hvis klagene deres bygger p\u00e5 ulike faktiske forhold: det er sendt inn ett felles skjema i stedet for egne skjemaer for hver klager.<\/li>\n<\/ul>\n<\/li>\n<li class=\"vitem\">Hvis det er mer enn ti klagere:\n<ul class=\"vlist\">\n<li class=\"vitem\">det er ikke lagt ved en tabell med opplysninger om alle klagerne;<\/li>\n<li class=\"vitem\">hvis det er oppnevnt en advokat som representant: den elektroniske versjonen av tabellen er ikke lagt ved skjemaet.<\/li>\n<\/ul>\n<\/li>\n<\/ul>\n<p class=\"checking-item-heading\">3. Feil ved utfylling av avsnitt \u00abB. Stat(er) klagen er rettet mot\u00bb<\/p>\n<ul class=\"vlist\">\n<li class=\"vitem\">I felt 17 er det ikke satt kryss ved navnet p\u00e5 hver stat klagen er rettet mot.<\/li>\n<\/ul>\n<p class=\"checking-item-heading\">4. Feil ved utfylling av avsnitt \u00abC. Representant(er) for privatperson\u00bb<\/p>\n<ul class=\"vlist\">\n<li class=\"vitem\">Hvis klageren er en privatperson og har oppnevnt representant:\n<ul class=\"vlist\">\n<li class=\"vitem\">feltene 34 og 36 er ikke fylt ut eller er fylt ut feil; eller<\/li>\n<li class=\"vitem\">klagerens originale underskrift mangler i felt 33; eller<\/li>\n<li class=\"vitem\">representantens originale underskrift mangler i felt 35;<\/li>\n<li class=\"vitem\">hvis representanten ikke er advokat: feltene 18\u201325 er ikke fylt ut eller er fylt ut feil;<\/li>\n<li class=\"vitem\">hvis representanten er advokat: feltene 26\u201332 er ikke fylt ut eller er fylt ut feil.<\/li>\n<\/ul>\n<\/li>\n<\/ul>\n<p>Unntak kan likevel forekomme. En separat fullmakt kan godtas dersom det gis en overbevisende forklaring p\u00e5 uoverkommelige praktiske hindringer som gjorde det umulig \u00e5 fylle ut og underskrive avsnittet \u00abFullmakt\u00bb i selve klageskjemaet. N\u00e5r klageren er en organisasjon, kan en separat fullmakt ogs\u00e5 godtas for feltene 53\u201356 dersom det gis en overbevisende forklaring p\u00e5 uoverkommelige praktiske hindringer.<\/p>\n<p class=\"checking-item-heading\">5. Feil ved utfylling av avsnitt \u00abD. Representant(er) for en organisasjon\u00bb<\/p>\n<ul class=\"vlist\">\n<li class=\"vitem\">Uavhengig av om avsnitt D.2 er fylt ut, er feltene 38\u201345 ikke fylt ut eller fylt ut feil.<\/li>\n<li class=\"vitem\">\u0415\u0441\u043b\u0438 \u0437\u0430\u044f\u0432\u0438\u0442\u0435\u043b\u044c &ndash; \u043e\u0440\u0433\u0430\u043d\u0438\u0437\u0430\u0446\u0438\u044f \u0438 \u043d\u0430\u0437\u043d\u0430\u0447\u0438\u043b \u043f\u0440\u0435\u0434\u0441\u0442\u0430\u0432\u0438\u0442\u0435\u043b\u044f &ndash; \u0430\u0434\u0432\u043e\u043a\u0430\u0442\u0430 \u0438\u043b\u0438 \u044e\u0440\u0438\u0441\u0442\u0430:\n<ul class=\"vlist\">\n<li class=\"vitem\">feltene 46\u201352 er ikke fylt ut eller er fylt ut feil;<\/li>\n<li class=\"vitem\">\u0435\u0441\u043b\u0438 \u043f\u0440\u0435\u0434\u0441\u0442\u0430\u0432\u0438\u0442\u0435\u043b\u044c \u043f\u0440\u0438 \u044d\u0442\u043e\u043c \u043d\u0435 \u044f\u0432\u043b\u044f\u0435\u0442\u0441\u044f \u0434\u043e\u043b\u0436\u043d\u043e\u0441\u0442\u043d\u044b\u043c \u043b\u0438\u0446\u043e\u043c \u043e\u0440\u0433\u0430\u043d\u0438\u0437\u0430\u0446\u0438\u0438:\n<ul class=\"vlist\">\n<li class=\"vitem\">feltene 54 og 56 er ikke fylt ut eller er fylt ut feil; eller<\/li>\n<li class=\"vitem\">den offisielle representantens originale underskrift mangler i felt 53; eller<\/li>\n<li class=\"vitem\">representantens originale underskrift mangler i felt 55.<\/li>\n<\/ul>\n<\/li>\n<\/ul>\n<\/li>\n<\/ul>\n<p class=\"checking-item-heading\">6. Feil ved utfylling av avsnitt \u00abE. Redegj\u00f8relse for sakens faktiske omstendigheter\u00bb<\/p>\n<ul class=\"vlist\">\n<li class=\"vitem\">I feltene 58\u201360 er de faktiske omstendighetene som er sentrale for den p\u00e5st\u00e5tte krenkelsen, ikke redegjort for fullt ut, ogs\u00e5 n\u00e5r redegj\u00f8relsen fortsetter utenfor disse feltene.<\/li>\n<\/ul>\n<p>Hvis det er redegjort for flere p\u00e5st\u00e5tte krenkelser i avsnitt F i skjemaet, kontrolleres kravene i punktene 6\u20138 s\u00e6rskilt for hver av dem.<\/p>\n<p>Merknad. Sentrale faktiske omstendigheter avdekkes som regel gjennom en systematisk analyse av EMDs praksis. Her og nedenfor betyr EMDs praksis den gjeldende praksisen i det aktuelle sp\u00f8rsm\u00e5let. Analysen begynner vanligvis med saker som er merket som \u00abkey cases\u00bb i HUDOC, og deretter med saker som har h\u00f8y eller middels viktighetsgrad i EMDs praksisdatabase. I tillegg kan det v\u00e6re nyttig \u00e5 se p\u00e5 saker med lav viktighetsgrad, s\u00e6rlig mot den innklagede staten, for ikke \u00e5 overse viktige nyanser. Den fullstendige databasen over EMDs praksis finnes bare p\u00e5 engelsk og fransk; oversettelser til andre spr\u00e5k er alltid ufullstendige og ofte un\u00f8yaktige.<\/p>\n<p class=\"checking-item-heading\">7. Feil ved utfylling av avsnitt \u00abF. Angi hvilke krenkelser av konvensjonen og\/eller protokollene du p\u00e5beroper deg, samt anf\u00f8rsler\u00bb<\/p>\n<ul class=\"vlist\">\n<li class=\"vitem\">I feltene 61\u201362:\n<ul class=\"vlist\">\n<li class=\"vitem\">artiklene i konvensjonen eller protokollene som klageren p\u00e5beroper seg, er ikke angitt i venstre kolonne; eller<\/li>\n<li class=\"vitem\">det er ikke forklart i h\u00f8yre kolonne hvorfor de faktiske omstendighetene som er redegjort for, viser at disse artiklene er krenket.<\/li>\n<\/ul>\n<\/li>\n<\/ul>\n<p>Merknad. En p\u00e5st\u00e5tt krenkelse som ikke er redegjort for p\u00e5 riktig m\u00e5te i feltene 61\u201362, kan bli ansett som ikke p\u00e5beropt. Forklaringer har bare verdi dersom de samsvarer med EMDs praksis.<\/p>\n<p class=\"checking-item-heading\">8. Feil ved utfylling av avsnitt \u00abG. Oppfyllelse av vilk\u00e5rene for realitetsbehandling etter konvensjonens artikkel 35 \u00a7 1\u00bb<\/p>\n<ul class=\"vlist\">\n<li class=\"vitem\">Bortsett fra tilfeller der klageren uttrykkelig har opplyst at ingen rettsmidler mot krenkelsen er benyttet, mangler felt 63 opplysninger:\n<ul class=\"vlist\">\n<li class=\"vitem\">om rettsmidlene som er benyttet; eller<\/li>\n<li class=\"vitem\">om avgj\u00f8relsene som ble truffet etter at de ble benyttet, herunder datoene for den endelige avgj\u00f8relsen og for forkynnelse eller mottak, saksnumre, organene som traff avgj\u00f8relsene, og typen avgj\u00f8relser.<\/li>\n<\/ul>\n<\/li>\n<li class=\"vitem\">I felt 64 er verken \u00abJa\u00bb eller \u00abNei\u00bb krysset av.<\/li>\n<li class=\"vitem\">Hvis \u00abJa\u00bb er krysset av i felt 64, er det i felt 65:\n<ul class=\"vlist\">\n<li class=\"vitem\">ikke angitt hvilke rettsmidler klageren ikke har benyttet; eller<\/li>\n<li class=\"vitem\">ikke forklart hvorfor klageren ikke benyttet dem.<\/li>\n<\/ul>\n<\/li>\n<\/ul>\n<p>Merknad. Sp\u00f8rsm\u00e5let om hvilke rettsmidler som m\u00e5tte benyttes, og hvilke som kunne unnlates, krever som hovedregel en gjennomgang av EMDs praksis.<\/p>\n<p class=\"checking-item-heading\">9. Feil ved utfylling av avsnitt \u00abH. Andre internasjonale unders\u00f8kelser eller avgj\u00f8relser\u00bb<\/p>\n<ul class=\"vlist\">\n<li class=\"vitem\">Hvis klagen ikke har v\u00e6rt gjenstand for annen internasjonal unders\u00f8kelse eller avgj\u00f8relse, og klageren ikke tidligere har hatt klager til behandling for EMD: feltene 66 og 68 er ikke krysset av med \u00abNei\u00bb.<\/li>\n<li class=\"vitem\">Hvis klagen har v\u00e6rt gjenstand for en slik annen internasjonal unders\u00f8kelse eller avgj\u00f8relse:\n<ul class=\"vlist\">\n<li class=\"vitem\">felt 66 er ikke krysset av med \u00abJa\u00bb; eller<\/li>\n<li class=\"vitem\">det er ikke beskrevet i felt 67 hvilke klager som ble brakt inn, hvor de ble brakt inn, n\u00e5r det skjedde, og hvilken avgj\u00f8relse som ble truffet.<\/li>\n<\/ul>\n<\/li>\n<li class=\"vitem\">Hvis klageren tidligere har hatt klager til behandling for EMD:\n<ul class=\"vlist\">\n<li class=\"vitem\">felt 68 er ikke krysset av med \u00abJa\u00bb; eller<\/li>\n<li class=\"vitem\">numrene p\u00e5 disse klagene mangler i felt 69.<\/li>\n<\/ul>\n<\/li>\n<\/ul>\n<p class=\"checking-item-heading\">10. Feil ved utfylling av avsnitt \u00abI. Liste over vedlagte dokumenter\u00bb<\/p>\n<ul class=\"vlist\">\n<li class=\"vitem\">Minst ett vedlegg er ikke oppf\u00f8rt:\n<ul class=\"vlist\">\n<li class=\"vitem\">i felt 70; eller<\/li>\n<li class=\"vitem\">hvis det ikke er nok plass der: p\u00e5 et eget ark med videref\u00f8ring av nummereringen som begynte i felt 70.<\/li>\n<\/ul>\n<\/li>\n<li class=\"vitem\">Kopi, skann eller foto av f\u00f8lgende avgj\u00f8relser og andre dokumenter mangler, er ufullstendig eller er uleselig:\n<ul class=\"vlist\">\n<li class=\"vitem\">alle avgj\u00f8relser og dokumenter som viser de tiltakene det klages over;<\/li>\n<li class=\"vitem\">hvis klageren har benyttet rettsmidler:\n<ul class=\"vlist\">\n<li class=\"vitem\">alle avgj\u00f8relser som ble truffet ved bruken av dem, herunder egne dokumenter med begrunnelse dersom de ble gitt separat;<\/li>\n<li class=\"vitem\">alle henvendelser til nasjonale myndigheter som er n\u00f8dvendige for \u00e5 vise at innholdet i hver konvensjonsklage som er redegjort for i skjemaet, ble lagt frem p\u00e5 nasjonalt niv\u00e5;<\/li>\n<\/ul>\n<\/li>\n<li class=\"vitem\">hvis klageren beregner fristen for \u00e5 bringe saken inn for EMD fra datoen for forkynnelse eller mottak av den endelige avgj\u00f8relsen: dokumenter som bekrefter denne datoen;<\/li>\n<li class=\"vitem\">ved bruk av andre internasjonale unders\u00f8kelses- eller avgj\u00f8relsesprosedyrer: de aktuelle dokumentene;<\/li>\n<li class=\"vitem\">hvis klageren er en organisasjon: dokumenter som viser at personen som opptrer p\u00e5 vegne av organisasjonen, har kompetanse eller er bemyndiget til \u00e5 representere den.<\/li>\n<\/ul>\n<\/li>\n<\/ul>\n<p>Unntak kan likevel forekomme. Kopi av en avgj\u00f8relse eller et annet dokument trenger ikke legges ved dersom det i skjemaet forklares at det var praktisk umulig \u00e5 f\u00e5 tak i dokumentet.<\/p>\n<p>Merknad. Jeg anbefaler p\u00e5 det sterkeste:<\/p>\n<ul class=\"vlist\">\n<li class=\"vitem\">ikke \u00e5 legge ved lagringsmedier som CD-ROM, minnekort og lignende med lyd- eller videoopptak eller andre filer. Sentrale faktiske omstendigheter som bygger p\u00e5 slikt materiale, m\u00e5 beskrives med ord, med opplysning om at materialet finnes. EMD vil be om materialet dersom det er n\u00f8dvendig. Et lagringsmedium med den elektroniske versjonen av tabellen, se punkt 2 ovenfor, kan derimot legges ved.<\/li>\n<li class=\"vitem\">\u00e5 ordne vedleggene kronologisk, eller etter de enkelte saksforl\u00f8pene hvis det er flere, og innenfor hvert av dem kronologisk;<\/li>\n<li class=\"vitem\">\u00e5 nummerere alle sidene i vedleggene fortl\u00f8pende og angi, p\u00e5 h\u00f8yre side av felt 70 og p\u00e5 et eventuelt tilleggsark, hvilke sider hvert vedlegg finnes p\u00e5 etter denne nummereringen.<\/li>\n<\/ul>\n<p class=\"checking-item-heading\">11. Feil ved utfylling av avsnittet \u00abErkl\u00e6ring og underskrift\u00bb<\/p>\n<ul class=\"vlist\">\n<li class=\"vitem\">Datoen mangler i felt 72; eller<\/li>\n<li class=\"vitem\">i felt 73 mangler:\n<ul class=\"vlist\">\n<li class=\"vitem\">for hver klager som selv underskriver skjemaet: klagerens originale underskrift; eller<\/li>\n<li class=\"vitem\">for hver klager der skjemaet underskrives av en representant: representantens originale underskrift.<\/li>\n<\/ul>\n<\/li>\n<\/ul>\n<p class=\"checking-item-heading\">12. Feil ved utfylling av avsnittet \u00abBekreftelse av korrespondent\u00bb<\/p>\n<ul class=\"vlist\">\n<li class=\"vitem\">Hvis det er flere klagere:\n<ul class=\"vlist\">\n<li class=\"vitem\">felt 74 angir ikke etternavn, fornavn og adresse til \u00e9n kontaktperson for korrespondanse;<\/li>\n<li class=\"vitem\">hvis det er oppnevnt representant: felt 74 angir klagerens opplysninger i stedet for representantens.<\/li>\n<\/ul>\n<\/li>\n<\/ul>\n<p class=\"checking-item-heading\">13. Feil ved utfylling av tillegget til klageskjemaet<\/p>\n<ul class=\"vlist\">\n<li class=\"vitem\">Hvis det er lagt ved et tillegg til klageskjemaet:\n<ul class=\"vlist\">\n<li class=\"vitem\">det er p\u00e5 mer enn 20 sider; eller<\/li>\n<li class=\"vitem\">det oppfyller ikke formkravene: A4-ark, marger p\u00e5 minst 3,5 cm, skriftst\u00f8rrelse p\u00e5 minst 12 punkt i hovedteksten og 10 punkt i fotnoter, og fortl\u00f8pende nummererte sider og avsnitt; eller<\/li>\n<li class=\"vitem\">det inneholder sentrale faktiske omstendigheter, en redegj\u00f8relse for p\u00e5st\u00e5tte krenkelser eller opplysninger om utt\u00f8mming av rettsmidler som mangler i avsnittene E, F og G.<\/li>\n<\/ul>\n<\/li>\n<\/ul>\n<p>Merknad. Tillegget til klageskjemaet er bare ment for tilleggsopplysninger og forklaringer ut over det som m\u00e5 st\u00e5 i avsnittene E, F og G. Det kan inneholde mer detaljerte opplysninger om den nasjonale behandlingen og om hvordan de nasjonale myndighetene behandlet anf\u00f8rslene som ble lagt frem for dem. Tillegget kan ogs\u00e5 inneholde presiseringer av omstendigheter og anf\u00f8rsler knyttet til krenkelser som allerede er redegjort for i selve skjemaet.<\/p>\n<p class=\"checking-item-heading\">14. Feil ved ny innsending av klageskjemaet til EMD<\/p>\n<ul class=\"vlist\">\n<li class=\"vitem\">Etter at EMD har nektet \u00e5 ta klagen opp til behandling, sendes det nye eksemplaret av skjemaet inn uten kopier av alle dokumentene som den nye innsendingen viser til. I stedet sendes manglende dokumenter eller opplysninger separat, eller kopier av dokumenter som allerede er sendt til EMD, legges ikke ved p\u00e5 nytt.<\/li>\n<\/ul>\n<p>Merknad. Selv om dette ikke n\u00f8dvendigvis f\u00f8rer til at klagen ikke blir tatt opp til behandling, anbefaler jeg p\u00e5 det sterkeste f\u00f8lgende: Hvis klageren allerede har henvendt seg til EMD om samme sp\u00f8rsm\u00e5l og har f\u00e5tt strekkodeetiketter, sett en slik etikett i det aktuelle feltet \u00f8verst til venstre p\u00e5 f\u00f8rste side av skjemaet. Hvis du ikke har slike etiketter, oppgi i det minste nummeret fra brevet fra EMD i feltet for klagenummer \u00f8verst til h\u00f8yre p\u00e5 f\u00f8rste side av skjemaet.<\/p>\n<p class=\"checking-group-heading\">II. Feil som \u00f8ker risikoen for at klagen eller en del av den blir avvist<\/p>\n<p class=\"checking-item-heading\">15. Innholdsmessige feil i redegj\u00f8relsen for p\u00e5st\u00e5tte krenkelser<\/p>\n<ul class=\"vlist\">\n<li class=\"vitem\">Redegj\u00f8relsen for en p\u00e5st\u00e5tt krenkelse er kritisk selvmotsigende. Hvis det i avsnitt F i skjemaet er redegjort for flere p\u00e5st\u00e5tte krenkelser, vurderes kritisk selvmotsigelse etter punktene 15\u201317 s\u00e6rskilt for hver av dem. Her og nedenfor betyr \u00abkritisk selvmotsigende\u00bb at f\u00f8lgende, i en del som er vesentlig for EMDs konklusjoner:\n<ul class=\"vlist\">\n<li class=\"vitem\">redegj\u00f8relsen for de faktiske omstendighetene i det aktuelle sp\u00f8rsm\u00e5let:\n<ul class=\"vlist\">\n<li class=\"vitem\">er selvmotsigende; eller<\/li>\n<li class=\"vitem\">ikke stemmer med innholdet i vedleggene til skjemaet; eller<\/li>\n<\/ul>\n<\/li>\n<li class=\"vitem\">redegj\u00f8relsen for den p\u00e5st\u00e5tte krenkelsen eller opplysningene om oppfyllelse av det aktuelle vilk\u00e5ret for realitetsbehandling ikke stemmer med:\n<ul class=\"vlist\">\n<li class=\"vitem\">redegj\u00f8relsen for de faktiske omstendighetene; eller<\/li>\n<li class=\"vitem\">EMDs praksis.<\/li>\n<\/ul>\n<\/li>\n<\/ul>\n<\/li>\n<\/ul>\n<p>Merknad. Selv om dette ikke n\u00f8dvendigvis f\u00f8rer til at klagen ikke blir tatt opp til behandling, anbefaler jeg p\u00e5 det sterkeste \u00e5 unng\u00e5 forkortelser, symboler og tegn som kan gj\u00f8re teksten i skjemaet vanskelig \u00e5 forst\u00e5.<\/p>\n<p class=\"checking-item-heading\">16. Innholdsmessige feil i opplysninger om rettsmidler og fristen for \u00e5 bringe saken inn for EMD<\/p>\n<ul class=\"vlist\">\n<li class=\"vitem\">F\u00f8lgende er kritisk selvmotsigende:\n<ul class=\"vlist\">\n<li class=\"vitem\">opplysningene om bruk av rettsmidler eller om hvorfor de ikke ble brukt; eller<\/li>\n<li class=\"vitem\">opplysningene om overholdelse av fristen for \u00e5 bringe saken inn for EMD.<\/li>\n<\/ul>\n<\/li>\n<\/ul>\n<p class=\"checking-item-heading\">17. Innholdsmessige feil i opplysninger om de \u00f8vrige vilk\u00e5rene for realitetsbehandling<\/p>\n<ul class=\"vlist\">\n<li class=\"vitem\">Det er i skjemaet p\u00e5beropt en krenkelse av en protokoll til konvensjonen som den innklagede staten ikke har ratifisert.<\/li>\n<li class=\"vitem\">Det er i skjemaet p\u00e5beropt en krenkelse beg\u00e5tt av en stat som ikke er part i konvensjonen.<\/li>\n<li class=\"vitem\">Hvis det oppst\u00e5r rimelig tvil om at ett av f\u00f8lgende vilk\u00e5r for realitetsbehandling er oppfylt, mangler skjemaet opplysninger om dette vilk\u00e5ret, eller opplysningene som finnes, er kritisk selvmotsigende:\n<ul class=\"vlist\">\n<li class=\"vitem\">den innklagede staten kan holdes ansvarlig for den p\u00e5st\u00e5tte krenkelsen;<\/li>\n<li class=\"vitem\">klageren har rett til \u00e5 bringe en klage inn for EMD etter konvensjonens artikkel 34;<\/li>\n<li class=\"vitem\">representanten kan opptre uten fullmakt dersom skjemaet er underskrevet av representanten og klageren ikke har underskrevet det verken i felt 73 eller i avsnittet \u00abFullmakt\u00bb;<\/li>\n<li class=\"vitem\">klageren var under den innklagede statens jurisdiksjon;<\/li>\n<li class=\"vitem\">den p\u00e5st\u00e5tte krenkelsen fant sted mens konvensjonen gjaldt for den innklagede staten, og, dersom rettighetene og frihetene er fastsatt i en protokoll, mens den aktuelle protokollen gjaldt for staten;<\/li>\n<li class=\"vitem\">klageren hadde og har fortsatt status som offer for den p\u00e5st\u00e5tte krenkelsen;<\/li>\n<li class=\"vitem\">klageren er p\u00e5f\u00f8rt en betydelig ulempe;<\/li>\n<li class=\"vitem\">klagen er i hovedsak ikke identisk med en klage som EMD allerede har behandlet, og er ikke gjenstand for en annen internasjonal unders\u00f8kelse eller avgj\u00f8relse.<\/li>\n<\/ul>\n<\/li>\n<li class=\"vitem\">Klagen har preg av misbruk av retten til \u00e5 klage til EMD.<\/li>\n<\/ul>\n<\/div>\n<\/div>\n<div class=\"mywpcf7cf\">Etter gjennomgangen sender jeg deg en liste over feilene jeg har funnet, med forklaringer.<\/div>\n<div class=\"mywpcf7cf\">Mine forklaringer vil gj\u00f8re det mulig for deg \u00e5 rette opp praktisk talt alle feilene som hvert \u00e5r f\u00f8rer til at EMD ikke aksepterer mer enn 8 000 klager. Erfaringen min viser at slike feil kan unng\u00e5s: I l\u00f8pet av 22 \u00e5r har EMD akseptert hver eneste av de mer enn 170 klagene jeg har utarbeidet. Dersom slike feil allerede finnes i skjemaet ditt, vil jeg kunne avdekke dem, og du vil kunne sende EMD et skjema uten disse feilene og dermed gi klagen din best mulig sjanse til \u00e5 bli akseptert. Hvis klagen ikke blir akseptert, vil EMD ikke behandle den, og den vil dermed ikke kunne f\u00f8re fram. Det er ogs\u00e5 viktig \u00e5 forst\u00e5 f\u00f8lgende: Hvis du venter p\u00e5 et avslag og f\u00f8rst da retter skjemaet, vil det nesten alltid allerede v\u00e6re for sent. \u00c5 sende klageskjemaet til EMD stanser ikke den korte fristen for \u00e5 bringe saken inn for Domstolen. N\u00e5r skjemaet sendes, har vanligvis en del av fristen allerede l\u00f8pt, og resten vil nesten alltid l\u00f8pe ut mens skjemaet er p\u00e5 vei til EMD, blir kontrollert av Domstolen og du venter p\u00e5 \u00e5 motta avslagsbrevet med ordin\u00e6r post. Selv om skjemaet i teorien kan rettes og sendes inn p\u00e5 nytt etter at du har mottatt avslaget, er dette i praksis nesten alltid meningsl\u00f8st: klagen vil uansett bli avvist som for sent innbrakt, selv om Domstolen aksepterer den.<\/div>\n<div class=\"mywpcf7cf\">At klagen blir akseptert, betyr ikke at det allerede er avgjort at den oppfyller vilk\u00e5rene for realitetsbehandling. Kort tid etter at EMD mottar klagene, blir omtrent 70 % av dem avvist i sin helhet. Nesten alle de \u00f8vrige blir avvist i det minste delvis, noen ganger nettopp i den delen som er viktigst for klageren. I mange tilfeller skyldes dette sakens omstendigheter. Men ikke alltid. Skjemaet kan mangle viktige faktiske opplysninger, tilstrekkelige opplysninger om oppfyllelse av vilk\u00e5rene for realitetsbehandling eller en fullgod redegj\u00f8relse for de p\u00e5st\u00e5tte krenkelsene. Redegj\u00f8relsen for de faktiske omstendighetene, opplysningene om oppfyllelse av vilk\u00e5rene for realitetsbehandling og redegj\u00f8relsen for de p\u00e5st\u00e5tte krenkelsene kan dessuten v\u00e6re i strid med EMDs praksis, v\u00e6re uklare, inkonsekvente eller motsi vedleggene. Slike feil kan lett f\u00f8re til at EMD avviser klagen. Forklaringene mine hjelper deg \u00e5 se slike feil og forst\u00e5 hvilken del av klagen de kan ramme. Noen ganger kan feilene rettes direkte ut fra forklaringene mine. Er det mange feil, eller krever noen av dem omfattende forklaringer, kan de tre timene som inng\u00e5r i den faste prisen for gjennomgang av ett skjema, likevel ikke v\u00e6re nok til detaljerte forklaringer om hver enkelt. Du f\u00e5r uansett minst en kort forklaring om hver feil jeg avdekker.<\/div>\n<div class=\"mywpcf7cf\">Prisen for gjennomgangen er 600 euro, og gjennomgangen tar vanligvis ikke mer enn \u00e9n uke.<\/div>\n<div class=\"mywpcf7cf\">Hvis du trenger resultatene raskere, <a href=\"mailto:oleg.anishchik@europeancourt.org?subject=Gjennomgang av klageskjemaet til EMD: hastegjennomgang&amp;body=Kan du foreta en hastegjennomgang av klageskjemaet?\">send meg en e-post<\/a> og sp\u00f8r om en hastegjennomgang er mulig. Jeg lover \u00e5 svare p\u00e5 en slik e-post innen 24 timer. Hvis svaret mitt er positivt og du straks sender skjemaet til gjennomgang, lover jeg \u00e5 gjennomf\u00f8re den i l\u00f8pet av de neste 24 timene.<\/div>\n<div class=\"mywpcf7cf\">Denne gjennomgangen er klart ikke for deg hvis minst ett av disse utsagnene gjelder deg:<\/div>\n<ul class=\"checking-blocklist\">\n<li><label><input type=\"checkbox\" class=\"ec-checking-blocker\" \/><span>Jeg kan selv finne alle feilene i skjemaet.<\/span><\/label><\/li>\n<li>Jeg forventer \u00e5 f\u00e5 et rettet skjema etter gjennomgangen, eller detaljerte forklaringer om hvordan hver feil som blir funnet, skal rettes.<\/li>\n<li>Jeg er ikke villig til \u00e5 lage tydelige skann eller bilder av papirvedleggene for \u00e5 sende dem inn til gjennomgang sammen med skjemaet.<\/li>\n<li>Jeg vil bare ha gjennomg\u00e5tt noen av feilene, ikke alle.<\/li>\n<li><label><input type=\"checkbox\" class=\"ec-checking-blocker\" \/><span>Akkurat n\u00e5 er det viktigere for meg \u00e5 spare det gjennomgangen koster enn \u00e5 gi klagen min best mulig sjanse til \u00e5 bli akseptert og redusere risikoen for at den blir avvist.<\/span><\/label><\/li>\n<\/ul>\n<div class=\"checking-load-wrap\">\n<div class=\"checking-load-button-row\"><button type=\"button\" class=\"mybutton blue\" id=\"ec-checking-load-form\">Send skjemaet til gjennomgang<\/button><\/div>\n<div id=\"ec-checking-load-status\" class=\"checking-load-status\" role=\"status\" aria-live=\"polite\"><\/div>\n<\/div>\n<div class=\"mywpcf7cf mywpcf7cf-utility checking-utility-row\">\n<div class=\"mybutton red not-in-text-button is-disabled\" aria-disabled=\"true\">Start p\u00e5 nytt<\/div>\n<div class=\"mybutton red not-in-text-button\" onclick=\"window.location.href='mailto:oleg.anishchik@europeancourt.org?subject=Gjennomgang av klageskjemaet til EMD: feil&amp;body=Feilbeskrivelse:';\">Rapporter en feil<\/div>\n<\/div>\n<\/div>\n<div class=\"checking-form-shell\" id=\"ec-checking-form-shell\">\n<div id=\"ajax_content\" class=\"checking-ajax-content\" data-loaded=\"0\"><\/div>\n<\/div>\n<\/div>","protected":false},"excerpt":{"rendered":"Hvis du ber meg gjennomg\u00e5 skjemaet, avdekker jeg hvilke av feilene nedenfor som finnes i det. Listen bygger p\u00e5 EMDs krav og min erfaring med \u00e5 utarbeide og gjennomg\u00e5 klager. I. Feil som f\u00f8rer&#46;&#46;&#46;","protected":false},"author":0,"featured_media":0,"parent":222218,"menu_order":0,"comment_status":"closed","ping_status":"closed","template":"","meta":{"footnotes":""},"categories":[],"tags":[],"class_list":["post-225419","page","type-page","status-publish","hentry"],"_links":{"self":[{"href":"https:\/\/europeancourt.org\/no\/wp-json\/wp\/v2\/pages\/225419","targetHints":{"allow":["GET"]}}],"collection":[{"href":"https:\/\/europeancourt.org\/no\/wp-json\/wp\/v2\/pages"}],"about":[{"href":"https:\/\/europeancourt.org\/no\/wp-json\/wp\/v2\/types\/page"}],"replies":[{"embeddable":true,"href":"https:\/\/europeancourt.org\/no\/wp-json\/wp\/v2\/comments?post=225419"}],"version-history":[{"count":0,"href":"https:\/\/europeancourt.org\/no\/wp-json\/wp\/v2\/pages\/225419\/revisions"}],"up":[{"embeddable":true,"href":"https:\/\/europeancourt.org\/no\/wp-json\/wp\/v2\/pages\/222218"}],"wp:attachment":[{"href":"https:\/\/europeancourt.org\/no\/wp-json\/wp\/v2\/media?parent=225419"}],"wp:term":[{"taxonomy":"category","embeddable":true,"href":"https:\/\/europeancourt.org\/no\/wp-json\/wp\/v2\/categories?post=225419"},{"taxonomy":"post_tag","embeddable":true,"href":"https:\/\/europeancourt.org\/no\/wp-json\/wp\/v2\/tags?post=225419"}],"curies":[{"name":"wp","href":"https:\/\/api.w.org\/{rel}","templated":true}]}}