{"id":225423,"date":"2026-04-26T14:48:59","date_gmt":"2026-04-26T12:48:59","guid":{"rendered":"https:\/\/europeancourt.org\/juridisk-r%c3%a5dgivning-og-kontakter\/"},"modified":"2026-04-26T17:25:53","modified_gmt":"2026-04-26T15:25:53","slug":"juridisk-r%c3%a5dgivning-og-kontakter","status":"publish","type":"page","link":"https:\/\/europeancourt.org\/no\/juridisk-r%c3%a5dgivning-og-kontakter\/","title":{"rendered":"Juridisk r\u00e5dgivning og kontakter"},"content":{"rendered":"<div class=\"mywpcf7cf myshow myhide\">Jeg trenger:<\/div>\n\n<div class=\"myshow myhide\"><span class=\"wpcf7-radio\"><span class=\"wpcf7-list-item\"><label><span class=\"wpcf7-list-item-label\">\u00e5 f\u00e5 utarbeidet en klage til EMD<\/span><\/label><\/span><\/span><\/div>\n\n<div class=\"myshow myhide\"><span class=\"wpcf7-radio\"><span class=\"wpcf7-list-item\"><label><span class=\"wpcf7-list-item-label\">\u00e5 f\u00e5 klageskjemaet gjennomg\u00e5tt for feil f\u00f8r det sendes til EMD<\/span><\/label><\/span><\/span><\/div>\n\n<div class=\"myshow myhide\"><span class=\"wpcf7-radio\"><span class=\"wpcf7-list-item\"><label><span class=\"wpcf7-list-item-label\">representasjon overfor EMD etter at klagen er oversendt regjeringen til uttalelse<\/span><\/label><\/span><\/span><\/div>\n\n<div class=\"myshow myhide\"><span class=\"wpcf7-radio\"><span class=\"wpcf7-list-item\"><label><span class=\"wpcf7-list-item-label\">\u00e5 finne ut hva som har skjedd med klagen til EMD<\/span><\/label><\/span><\/span><\/div>\n\n<div class=\"myshow myhide\"><span class=\"wpcf7-radio\"><span class=\"wpcf7-list-item\"><label><span class=\"wpcf7-list-item-label\">\u00e5 laste ned klageskjemaet til EMD<\/span><\/label><\/span><\/span><\/div>\n\n<div class=\"myshow myhide\"><span class=\"wpcf7-radio\"><span class=\"wpcf7-list-item\"><label><span class=\"wpcf7-list-item-label\">be om skriftlig konsultasjon<\/span><\/label><\/span><\/span><\/div>\n\n<div class=\"myshow myhide\"><span class=\"wpcf7-radio\"><span class=\"wpcf7-list-item\"><label><span class=\"wpcf7-list-item-label\">vise kontaktinformasjon<\/span><\/label><\/span><\/span><\/div>\n<div id=\"ajax_content\"><\/div>","protected":false},"excerpt":{"rendered":"Jeg trenger: \u00e5 f\u00e5 utarbeidet en klage til EMD \u00e5 f\u00e5 klageskjemaet gjennomg\u00e5tt for feil f\u00f8r det sendes til EMD representasjon overfor EMD etter at klagen er oversendt regjeringen til uttalelse \u00e5 finne ut&#46;&#46;&#46;","protected":false},"author":0,"featured_media":0,"parent":0,"menu_order":0,"comment_status":"closed","ping_status":"closed","template":"","meta":{"footnotes":""},"categories":[],"tags":[],"class_list":["post-225423","page","type-page","status-publish","hentry"],"_links":{"self":[{"href":"https:\/\/europeancourt.org\/no\/wp-json\/wp\/v2\/pages\/225423","targetHints":{"allow":["GET"]}}],"collection":[{"href":"https:\/\/europeancourt.org\/no\/wp-json\/wp\/v2\/pages"}],"about":[{"href":"https:\/\/europeancourt.org\/no\/wp-json\/wp\/v2\/types\/page"}],"replies":[{"embeddable":true,"href":"https:\/\/europeancourt.org\/no\/wp-json\/wp\/v2\/comments?post=225423"}],"version-history":[{"count":1,"href":"https:\/\/europeancourt.org\/no\/wp-json\/wp\/v2\/pages\/225423\/revisions"}],"predecessor-version":[{"id":225632,"href":"https:\/\/europeancourt.org\/no\/wp-json\/wp\/v2\/pages\/225423\/revisions\/225632"}],"wp:attachment":[{"href":"https:\/\/europeancourt.org\/no\/wp-json\/wp\/v2\/media?parent=225423"}],"wp:term":[{"taxonomy":"category","embeddable":true,"href":"https:\/\/europeancourt.org\/no\/wp-json\/wp\/v2\/categories?post=225423"},{"taxonomy":"post_tag","embeddable":true,"href":"https:\/\/europeancourt.org\/no\/wp-json\/wp\/v2\/tags?post=225423"}],"curies":[{"name":"wp","href":"https:\/\/api.w.org\/{rel}","templated":true}]}}