{"id":225443,"date":"2026-04-26T14:47:57","date_gmt":"2026-04-26T12:47:57","guid":{"rendered":"https:\/\/europeancourt.org\/servicii\/cedo\/verificarea-formularelor-de-cerere-la-cedo-completate\/"},"modified":"2026-04-26T14:46:39","modified_gmt":"2026-04-26T12:46:39","slug":"verificarea-formularelor-de-cerere-la-cedo-completate","status":"publish","type":"page","link":"https:\/\/europeancourt.org\/ro\/servicii\/cedo\/verificarea-formularelor-de-cerere-la-cedo-completate\/","title":{"rendered":"Verificarea formularelor de cerere la CEDO completate"},"content":{"rendered":"<div id=\"ec-checking-page\" class=\"checking-page\">\n<div class=\"checking-screen checking-screen-1\" id=\"ec-checking-screen-1\">\n<div class=\"mywpcf7cf\">Dac\u0103 \u00eemi cere\u021bi s\u0103 verific formularul, voi identifica \u00een el gre\u0219elile din lista de mai jos. Lista se bazeaz\u0103 pe cerin\u021bele CEDO \u0219i pe practica mea de preg\u0103tire \u0219i verificare a cererilor.<\/div>\n<div class=\"checking-errors-frame\">\n<div class=\"checking-errors-scroll checking-richtext\">\n<p class=\"checking-group-heading\">I. Gre\u0219eli din cauza c\u0103rora cererea nu este acceptat\u0103 de Curte<\/p>\n<p class=\"checking-item-heading\">1. Gre\u0219eli la folosirea formularului de cerere<\/p>\n<ul class=\"vlist\">\n<li class=\"vitem\">A fost folosit\u0103 o versiune veche a formularului; sau<\/li>\n<li class=\"vitem\">cererea a fost introdus\u0103 f\u0103r\u0103 folosirea formularului.<\/li>\n<\/ul>\n<p>Totu\u0219i, exist\u0103 excep\u021bii. O cerere introdus\u0103 f\u0103r\u0103 formular poate fi acceptat\u0103 de CEDO numai \u00een situa\u021bii excep\u021bionale, mai ales atunci c\u00e2nd, \u00een locul formularului valabil completat, a fost depus\u0103 o cerere de m\u0103suri provizorii urgente care pare \u00eentemeiat\u0103 cel pu\u021bin la prima vedere. Decizia r\u0103m\u00e2ne \u00eens\u0103 \u00een \u00eentregime la aprecierea CEDO, de aceea v\u0103 recomand ferm s\u0103 nu v\u0103 baza\u021bi pe aceast\u0103 excep\u021bie.<\/p>\n<p class=\"checking-item-heading\">2. Gre\u0219eli la completarea rubricii \u201eA. Reclamant\u201d<\/p>\n<ul class=\"vlist\">\n<li class=\"vitem\">Dac\u0103 reclamantul este persoan\u0103 fizic\u0103: rubricile 1\u20139 nu sunt completate sau sunt completate gre\u0219it.<\/li>\n<li class=\"vitem\">Dac\u0103 reclamantul este o organiza\u021bie: rubricile 10\u201316 nu sunt completate sau sunt completate gre\u0219it.<\/li>\n<li class=\"vitem\">Dac\u0103 sunt mai mul\u021bi reclaman\u021bi:\n<ul class=\"vlist\">\n<li class=\"vitem\">informa\u021biile despre al doilea reclamant \u0219i despre fiecare reclamant urm\u0103tor nu sunt prezentate pe o foaie separat\u0103, cu numerotarea reclaman\u021bilor;<\/li>\n<li class=\"vitem\">dac\u0103 cererile reclaman\u021bilor se \u00eentemeiaz\u0103 pe fapte diferite: se depune un singur formular comun, \u00een loc de c\u00e2te un formular separat pentru fiecare reclamant.<\/li>\n<\/ul>\n<\/li>\n<li class=\"vitem\">Dac\u0103 sunt mai mult de zece reclaman\u021bi:\n<ul class=\"vlist\">\n<li class=\"vitem\">formularul nu este \u00eenso\u021bit de un tabel cu informa\u021bii despre to\u021bi reclaman\u021bii;<\/li>\n<li class=\"vitem\">dac\u0103 a fost desemnat un reprezentant avocat: formularul nu este \u00eenso\u021bit de versiunea electronic\u0103 a tabelului.<\/li>\n<\/ul>\n<\/li>\n<\/ul>\n<p class=\"checking-item-heading\">3. Gre\u0219eli la completarea rubricii \u201eB. Statul (Statele) \u00eempotriva c\u0103ruia (c\u0103rora) introduce\u021bi cererea\u201d<\/p>\n<ul class=\"vlist\">\n<li class=\"vitem\">La rubrica 17 nu a fost bifat numele fiec\u0103rui stat \u00eempotriva c\u0103ruia este introdus\u0103 cererea.<\/li>\n<\/ul>\n<p class=\"checking-item-heading\">4. Gre\u0219eli la completarea rubricii \u201eC. Reprezentantul (Reprezentan\u021bii) persoanei fizice\u201d<\/p>\n<ul class=\"vlist\">\n<li class=\"vitem\">Dac\u0103 reclamantul este persoan\u0103 fizic\u0103 \u0219i a desemnat un reprezentant:\n<ul class=\"vlist\">\n<li class=\"vitem\">rubricile 34 \u0219i 36 nu sunt completate sau sunt completate gre\u0219it; sau<\/li>\n<li class=\"vitem\">la rubrica 33 lipse\u0219te semn\u0103tura olograf\u0103 a reclamantului; sau<\/li>\n<li class=\"vitem\">la rubrica 35 lipse\u0219te semn\u0103tura olograf\u0103 a reprezentantului;<\/li>\n<li class=\"vitem\">dac\u0103 reprezentantul nu este avocat: rubricile 18\u201325 nu sunt completate sau sunt completate gre\u0219it;<\/li>\n<li class=\"vitem\">dac\u0103 reprezentantul este avocat: rubricile 26\u201332 nu sunt completate sau sunt completate gre\u0219it.<\/li>\n<\/ul>\n<\/li>\n<\/ul>\n<p>Totu\u0219i, exist\u0103 excep\u021bii. O procur\u0103 separat\u0103 poate fi acceptat\u0103 dac\u0103 exist\u0103 o explica\u021bie conving\u0103toare a unor dificult\u0103\u021bi practice insurmontabile care au \u00eempiedicat completarea \u0219i semnarea rubricii \u201eProcur\u0103\u201d \u00een formularul de cerere. \u00cen cazul rubricilor 53\u201356, dac\u0103 reclamantul este o organiza\u021bie, o procur\u0103 separat\u0103 poate fi, de asemenea, acceptat\u0103 dac\u0103 exist\u0103 o explica\u021bie conving\u0103toare a unor dificult\u0103\u021bi practice insurmontabile.<\/p>\n<p class=\"checking-item-heading\">5. Gre\u0219eli la completarea rubricii \u201eD. Reprezentantul (Reprezentan\u021bii) organiza\u021biei reclamante\u201d<\/p>\n<ul class=\"vlist\">\n<li class=\"vitem\">Indiferent dac\u0103 rubrica D.2 a fost completat\u0103, rubricile 38\u201345 nu sunt completate sau sunt completate gre\u0219it.<\/li>\n<li class=\"vitem\">\u0415\u0441\u043b\u0438 \u0437\u0430\u044f\u0432\u0438\u0442\u0435\u043b\u044c &ndash; \u043e\u0440\u0433\u0430\u043d\u0438\u0437\u0430\u0446\u0438\u044f \u0438 \u043d\u0430\u0437\u043d\u0430\u0447\u0438\u043b \u043f\u0440\u0435\u0434\u0441\u0442\u0430\u0432\u0438\u0442\u0435\u043b\u044f &ndash; \u0430\u0434\u0432\u043e\u043a\u0430\u0442\u0430 \u0438\u043b\u0438 \u044e\u0440\u0438\u0441\u0442\u0430:\n<ul class=\"vlist\">\n<li class=\"vitem\">rubricile 46\u201352 nu sunt completate sau sunt completate gre\u0219it;<\/li>\n<li class=\"vitem\">\u0435\u0441\u043b\u0438 \u043f\u0440\u0435\u0434\u0441\u0442\u0430\u0432\u0438\u0442\u0435\u043b\u044c \u043f\u0440\u0438 \u044d\u0442\u043e\u043c \u043d\u0435 \u044f\u0432\u043b\u044f\u0435\u0442\u0441\u044f \u0434\u043e\u043b\u0436\u043d\u043e\u0441\u0442\u043d\u044b\u043c \u043b\u0438\u0446\u043e\u043c \u043e\u0440\u0433\u0430\u043d\u0438\u0437\u0430\u0446\u0438\u0438:\n<ul class=\"vlist\">\n<li class=\"vitem\">rubricile 54 \u0219i 56 nu sunt completate sau sunt completate gre\u0219it; sau<\/li>\n<li class=\"vitem\">la rubrica 53 lipse\u0219te semn\u0103tura olograf\u0103 a persoanei autorizate s\u0103 ac\u021bioneze \u00een numele organiza\u021biei; sau<\/li>\n<li class=\"vitem\">la rubrica 55 lipse\u0219te semn\u0103tura olograf\u0103 a reprezentantului.<\/li>\n<\/ul>\n<\/li>\n<\/ul>\n<\/li>\n<\/ul>\n<p class=\"checking-item-heading\">6. Gre\u0219eli la completarea rubricii \u201eE. Expunerea faptelor\u201d<\/p>\n<ul class=\"vlist\">\n<li class=\"vitem\">La rubricile 58\u201360, faptele esen\u021biale pentru pretinsa \u00eenc\u0103lcare nu sunt expuse complet, inclusiv atunci c\u00e2nd expunerea continu\u0103 \u00een afara acestor rubrici.<\/li>\n<\/ul>\n<p>Dac\u0103 \u00een rubrica F a formularului sunt expuse mai multe pretinse \u00eenc\u0103lc\u0103ri, respectarea cerin\u021belor de la punctele 6\u20138 se verific\u0103 separat pentru fiecare dintre ele.<\/p>\n<p>Not\u0103. Faptele esen\u021biale se identific\u0103, de regul\u0103, printr-o analiz\u0103 sistematic\u0103 a jurispruden\u021bei CEDO. Aici \u0219i mai jos, prin jurispruden\u021ba CEDO se \u00een\u021belege jurispruden\u021ba actual\u0103 a CEDO cu privire la problema relevant\u0103. De obicei, analiza \u00eencepe cu cauzele din categoria HUDOC \u201eCauze-cheie\u201d, apoi continu\u0103 cu cauzele \u00eencadrate la nivelurile 1 (\u201eImportan\u021b\u0103 ridicat\u0103\u201d) \u0219i 2 (\u201eImportan\u021b\u0103 medie\u201d) din filtrul HUDOC \u201eNivel de importan\u021b\u0103\u201d. \u00cen plus, poate fi util s\u0103 studia\u021bi \u0219i cauzele \u00eencadrate la nivelul 3 (\u201eImportan\u021b\u0103 sc\u0103zut\u0103\u201d), mai ales \u00een privin\u021ba statului p\u00e2r\u00e2t, pentru a nu omite nuan\u021be importante. Baza complet\u0103 a jurispruden\u021bei CEDO este disponibil\u0103 numai \u00een limbile englez\u0103 \u0219i francez\u0103, iar traducerile \u00een alte limbi sunt \u00eentotdeauna incomplete \u0219i adesea inexacte.<\/p>\n<p class=\"checking-item-heading\">7. Gre\u0219eli la completarea rubricii \u201eF. Expunerea pretinselor \u00eenc\u0103lc\u0103ri ale Conven\u021biei \u0219i\/sau ale Protocoalelor, precum \u0219i a motivelor \u00een sprijinul acestor afirma\u021bii\u201d<\/p>\n<ul class=\"vlist\">\n<li class=\"vitem\">La rubricile 61\u201362:\n<ul class=\"vlist\">\n<li class=\"vitem\">\u00een coloana din st\u00e2nga nu sunt indicate articolele din Conven\u021bie sau din Protocoale pe care reclamantul le invoc\u0103; sau<\/li>\n<li class=\"vitem\">\u00een coloana din dreapta nu se explic\u0103 de ce faptele expuse indic\u0103 o \u00eenc\u0103lcare a acestor articole.<\/li>\n<\/ul>\n<\/li>\n<\/ul>\n<p>Not\u0103. Un cap\u0103t de cerere privind o pretins\u0103 \u00eenc\u0103lcare, dac\u0103 nu este expus corespunz\u0103tor la rubricile 61\u201362, poate fi considerat neinvocat. Explica\u021biile sunt utile numai dac\u0103 sunt conforme cu jurispruden\u021ba CEDO.<\/p>\n<p class=\"checking-item-heading\">8. Gre\u0219eli la completarea rubricii \u201eG. Respectarea criteriilor de admisibilitate stabilite la articolul 35 \u00a7 1 din Conven\u021bie\u201d<\/p>\n<ul class=\"vlist\">\n<li class=\"vitem\">Cu excep\u021bia cazului \u00een care reclamantul a ar\u0103tat \u00een mod expres c\u0103 nu a exercitat nicio cale de recurs \u00een leg\u0103tur\u0103 cu pretinsa \u00eenc\u0103lcare, la rubrica 63 lipsesc informa\u021bii:\n<ul class=\"vlist\">\n<li class=\"vitem\">despre c\u0103ile de recurs exercitate; sau<\/li>\n<li class=\"vitem\">despre deciziile pronun\u021bate \u00een urma exercit\u0103rii lor, inclusiv datele pronun\u021b\u0103rii deciziei definitive\/irevocabile, precum \u0219i ale comunic\u0103rii sau primirii acesteia, numerele dosarelor, organele care au pronun\u021bat deciziile \u0219i tipurile de decizii.<\/li>\n<\/ul>\n<\/li>\n<li class=\"vitem\">La rubrica 64 nu este bifat nici \u201eDa\u201d, nici \u201eNu\u201d.<\/li>\n<li class=\"vitem\">Dac\u0103 la rubrica 64 este bifat \u201eDa\u201d, la rubrica 65:\n<ul class=\"vlist\">\n<li class=\"vitem\">nu se indic\u0103 ce c\u0103i de recurs nu a exercitat reclamantul; sau<\/li>\n<li class=\"vitem\">nu se explic\u0103 de ce reclamantul nu le-a exercitat.<\/li>\n<\/ul>\n<\/li>\n<\/ul>\n<p>Not\u0103. \u00centrebarea ce c\u0103i de recurs trebuiau exercitate \u0219i ce c\u0103i puteau fi omise necesit\u0103, de regul\u0103, studierea jurispruden\u021bei CEDO.<\/p>\n<p class=\"checking-item-heading\">9. Gre\u0219eli la completarea rubricii \u201eH. Alte proceduri interna\u021bionale\u201d<\/p>\n<ul class=\"vlist\">\n<li class=\"vitem\">Dac\u0103 pl\u00e2ngerea nu a fost transmis\u0103 unei alte instan\u021be interna\u021bionale de anchet\u0103 sau de reglementare a diferendelor, iar reclamantul nu a mai introdus cereri la CEDO: la rubricile 66 \u0219i 68 nu este bifat \u201eNu\u201d.<\/li>\n<li class=\"vitem\">Dac\u0103 pl\u00e2ngerea a fost transmis\u0103 unei asemenea alte instan\u021be:\n<ul class=\"vlist\">\n<li class=\"vitem\">la rubrica 66 nu este bifat \u201eDa\u201d; sau<\/li>\n<li class=\"vitem\">la rubrica 67 nu se descrie ce pl\u00e2ngeri au fost transmise, unde au fost transmise, ce decizie a fost pronun\u021bat\u0103 \u0219i c\u00e2nd.<\/li>\n<\/ul>\n<\/li>\n<li class=\"vitem\">Dac\u0103 reclamantul a mai introdus cereri la CEDO:\n<ul class=\"vlist\">\n<li class=\"vitem\">la rubrica 68 nu este bifat \u201eDa\u201d; sau<\/li>\n<li class=\"vitem\">la rubrica 69 lipsesc numerele acestor cereri.<\/li>\n<\/ul>\n<\/li>\n<\/ul>\n<p class=\"checking-item-heading\">10. Gre\u0219eli la completarea rubricii \u201eI. Lista documentelor anexate\u201d<\/p>\n<ul class=\"vlist\">\n<li class=\"vitem\">Cel pu\u021bin un document anexat nu este indicat:\n<ul class=\"vlist\">\n<li class=\"vitem\">la rubrica 70; sau<\/li>\n<li class=\"vitem\">dac\u0103 spa\u021biul nu este suficient: pe o foaie separat\u0103, continu\u00e2nd numerotarea \u00eenceput\u0103 la rubrica 70.<\/li>\n<\/ul>\n<\/li>\n<li class=\"vitem\">Copiile, scan\u0103rile sau fotografiile urm\u0103toarelor decizii \u0219i ale altor documente lipsesc, sunt incomplete sau sunt ilizibile:\n<ul class=\"vlist\">\n<li class=\"vitem\">toate deciziile \u0219i documentele \u00een care sunt reflectate m\u0103surile contestate;<\/li>\n<li class=\"vitem\">dac\u0103 reclamantul a exercitat c\u0103i de recurs:\n<ul class=\"vlist\">\n<li class=\"vitem\">toate deciziile pronun\u021bate \u00een urma exercit\u0103rii lor, inclusiv documentele separate care con\u021bin motivarea, dac\u0103 acestea au fost emise separat;<\/li>\n<li class=\"vitem\">toate solicit\u0103rile, cererile \u0219i motivele prezentate autorit\u0103\u021bilor na\u021bionale care sunt necesare pentru a ar\u0103ta c\u0103 esen\u021ba fiec\u0103rei pretinse \u00eenc\u0103lc\u0103ri expuse \u00een formular a fost invocat\u0103 la nivel na\u021bional;<\/li>\n<\/ul>\n<\/li>\n<li class=\"vitem\">dac\u0103 reclamantul calculeaz\u0103 termenul de sesizare a CEDO de la data comunic\u0103rii sau primirii deciziei definitive\/irevocabile: documentele care dovedesc aceast\u0103 dat\u0103;<\/li>\n<li class=\"vitem\">\u00een cazul recurgerii la alte proceduri interna\u021bionale de anchet\u0103 sau de reglementare a diferendelor: documentele corespunz\u0103toare;<\/li>\n<li class=\"vitem\">dac\u0103 reclamantul este o organiza\u021bie: documente care atest\u0103 calitatea persoanei autorizate s\u0103 ac\u021bioneze \u00een numele organiza\u021biei.<\/li>\n<\/ul>\n<\/li>\n<\/ul>\n<p>Totu\u0219i, exist\u0103 excep\u021bii. O copie a unei decizii sau a unui alt document poate s\u0103 nu fie anexat\u0103 dac\u0103 \u00een formular se explic\u0103 faptul c\u0103 ob\u021binerea documentului a fost practic imposibil\u0103.<\/p>\n<p>Not\u0103. Recomand ferm:<\/p>\n<ul class=\"vlist\">\n<li class=\"vitem\">s\u0103 nu anexa\u021bi la formular suporturi de date (CD-ROM, stickuri USB etc.) cu \u00eenregistr\u0103ri audio \u0219i\/sau video ori cu alte fi\u0219iere. Faptele esen\u021biale bazate pe asemenea materiale trebuie expuse \u00een cuvinte, cu men\u021bionarea existen\u021bei materialelor. Dac\u0103 va fi necesar, CEDO le va solicita. Suportul care con\u021bine versiunea electronic\u0103 a tabelului (a se vedea punctul 2 de mai sus) poate fi \u00eens\u0103 anexat.<\/li>\n<li class=\"vitem\">s\u0103 aranja\u021bi documentele anexate \u00een ordine cronologic\u0103 sau pe proceduri separate, dac\u0103 sunt mai multe, iar \u00een cadrul fiec\u0103reia dintre ele, \u00een ordine cronologic\u0103;<\/li>\n<li class=\"vitem\">s\u0103 numerota\u021bi consecutiv toate paginile documentelor anexate, iar \u00een partea dreapt\u0103 a rubricii 70 \u0219i, dac\u0103 exist\u0103, pe foaia suplimentar\u0103, s\u0103 indica\u021bi paginile pe care se afl\u0103 fiecare document anexat, potrivit acestei numerot\u0103ri.<\/li>\n<\/ul>\n<p class=\"checking-item-heading\">11. Gre\u0219eli la completarea rubricii \u201eDeclara\u021bie \u0219i semn\u0103tur\u0103\u201d<\/p>\n<ul class=\"vlist\">\n<li class=\"vitem\">La rubrica 72 lipse\u0219te data; sau<\/li>\n<li class=\"vitem\">la rubrica 73 lipse\u0219te:\n<ul class=\"vlist\">\n<li class=\"vitem\">pentru fiecare reclamant care semneaz\u0103 personal formularul: semn\u0103tura olograf\u0103 a reclamantului; sau<\/li>\n<li class=\"vitem\">pentru fiecare reclamant pentru care formularul este semnat de reprezentant: semn\u0103tura olograf\u0103 a reprezentantului.<\/li>\n<\/ul>\n<\/li>\n<\/ul>\n<p class=\"checking-item-heading\">12. Gre\u0219eli la completarea rubricii \u201eDesemnarea persoanei cu care se poart\u0103 coresponden\u021ba\u201d<\/p>\n<ul class=\"vlist\">\n<li class=\"vitem\">Dac\u0103 sunt mai mul\u021bi reclaman\u021bi:\n<ul class=\"vlist\">\n<li class=\"vitem\">la rubrica 74 nu sunt indicate numele, prenumele \u0219i, dac\u0103 exist\u0103, patronimicul, precum \u0219i adresa unei singure persoane cu care se poart\u0103 coresponden\u021ba;<\/li>\n<li class=\"vitem\">dac\u0103 a fost desemnat un reprezentant: la rubrica 74 sunt indicate datele reclamantului, nu ale reprezentantului.<\/li>\n<\/ul>\n<\/li>\n<\/ul>\n<p class=\"checking-item-heading\">13. Gre\u0219eli la documentul suplimentar anexat formularului<\/p>\n<ul class=\"vlist\">\n<li class=\"vitem\">Dac\u0103 formularului \u00eei este anexat un document suplimentar, acesta:\n<ul class=\"vlist\">\n<li class=\"vitem\">dep\u0103\u0219e\u0219te 20 de pagini; sau<\/li>\n<li class=\"vitem\">nu respect\u0103 cerin\u021bele de form\u0103: pagini format A4, margini de cel pu\u021bin 3,5 centimetri l\u0103\u021bime, caractere de cel pu\u021bin 12 puncte \u00een textul principal \u0219i 10 puncte \u00een notele de subsol, pagini \u0219i paragrafe numerotate consecutiv; sau<\/li>\n<li class=\"vitem\">con\u021bine fapte esen\u021biale, expunerea pretinselor \u00eenc\u0103lc\u0103ri sau informa\u021bii privind epuizarea c\u0103ilor de recurs interne care lipsesc din rubricile E, F \u0219i G.<\/li>\n<\/ul>\n<\/li>\n<\/ul>\n<p>Not\u0103. Documentul suplimentar anexat formularului este destinat doar informa\u021biilor \u0219i explica\u021biilor care completeaz\u0103 ceea ce trebuie expus \u00een rubricile E, F \u0219i G. Acesta poate con\u021bine detalii mai ample despre procedura intern\u0103 \u0219i despre modul \u00een care autorit\u0103\u021bile na\u021bionale au examinat argumentele prezentate lor. De asemenea, poate include circumstan\u021be \u0219i argumente suplimentare cu privire la pretinse \u00eenc\u0103lc\u0103ri deja expuse \u00een formular.<\/p>\n<p class=\"checking-item-heading\">14. Gre\u0219eli la retrimiterea formularului la CEDO<\/p>\n<ul class=\"vlist\">\n<li class=\"vitem\">Dac\u0103, dup\u0103 ce CEDO refuz\u0103 s\u0103 accepte cererea, formularul este retrimis, noul exemplar nu este \u00eenso\u021bit de copiile tuturor documentelor men\u021bionate \u00een retrimitere. \u00cen schimb, documentele sau informa\u021biile lips\u0103 sunt trimise separat ori copiile documentelor deja trimise la CEDO nu sunt anexate din nou.<\/li>\n<\/ul>\n<p>Not\u0103. De\u0219i lipsa acestei informa\u021bii nu \u00eenseamn\u0103 neap\u0103rat c\u0103 cererea nu va fi acceptat\u0103, recomand ferm urm\u0103toarele. Dac\u0103 reclamantul s-a mai adresat CEDO \u00een aceea\u0219i chestiune \u0219i a primit etichete cu cod de bare, lipi\u021bi o astfel de etichet\u0103 \u00een rubrica corespunz\u0103toare din partea st\u00e2ng\u0103 sus a primei pagini a formularului. Dac\u0103 nu ave\u021bi asemenea etichete, indica\u021bi cel pu\u021bin num\u0103rul men\u021bionat \u00een scrisoarea de la CEDO, \u00een rubrica pentru num\u0103rul cererii din partea dreapt\u0103 sus a primei pagini a formularului.<\/p>\n<p class=\"checking-group-heading\">II. Gre\u0219eli care sporesc riscul ca cererea sau o parte a acesteia s\u0103 fie declarat\u0103 inadmisibil\u0103<\/p>\n<p class=\"checking-item-heading\">15. Gre\u0219eli de fond \u00een expunerea pretinselor \u00eenc\u0103lc\u0103ri<\/p>\n<ul class=\"vlist\">\n<li class=\"vitem\">Expunerea pretinsei \u00eenc\u0103lc\u0103ri con\u021bine contradic\u021bii esen\u021biale. Dac\u0103 \u00een rubrica F a formularului sunt expuse mai multe pretinse \u00eenc\u0103lc\u0103ri, contradic\u021biile esen\u021biale de la punctele 15\u201317 se evalueaz\u0103 separat pentru fiecare dintre ele. Aici \u0219i mai jos, expresia \u201econtradic\u021bii esen\u021biale\u201d \u00eenseamn\u0103 c\u0103, \u00eentr-o parte esen\u021bial\u0103 pentru concluziile CEDO:\n<ul class=\"vlist\">\n<li class=\"vitem\">expunerea faptelor cu privire la chestiunea relevant\u0103:\n<ul class=\"vlist\">\n<li class=\"vitem\">este contradictorie \u00een sine; sau<\/li>\n<li class=\"vitem\">nu corespunde con\u021binutului documentelor anexate formularului; sau<\/li>\n<\/ul>\n<\/li>\n<li class=\"vitem\">expunerea pretinsei \u00eenc\u0103lc\u0103ri sau informa\u021biile privind respectarea condi\u021biei de admisibilitate relevante nu corespund:\n<ul class=\"vlist\">\n<li class=\"vitem\">expunerii faptelor; sau<\/li>\n<li class=\"vitem\">jurispruden\u021bei CEDO.<\/li>\n<\/ul>\n<\/li>\n<\/ul>\n<\/li>\n<\/ul>\n<p>Not\u0103. De\u0219i acest lucru nu \u00eenseamn\u0103 neap\u0103rat c\u0103 cererea nu va fi acceptat\u0103, recomand ferm s\u0103 evita\u021bi abrevierile, simbolurile \u0219i semnele care pot face textul din formular greu de \u00een\u021beles.<\/p>\n<p class=\"checking-item-heading\">16. Gre\u0219eli de fond \u00een prezentarea informa\u021biilor privind c\u0103ile de recurs \u0219i termenul de sesizare a CEDO<\/p>\n<ul class=\"vlist\">\n<li class=\"vitem\">Con\u021bin contradic\u021bii esen\u021biale:\n<ul class=\"vlist\">\n<li class=\"vitem\">informa\u021biile privind exercitarea c\u0103ilor de recurs sau motivele neexercit\u0103rii lor; sau<\/li>\n<li class=\"vitem\">informa\u021biile privind respectarea termenului de sesizare a CEDO.<\/li>\n<\/ul>\n<\/li>\n<\/ul>\n<p class=\"checking-item-heading\">17. Gre\u0219eli de fond \u00een prezentarea informa\u021biilor privind celelalte condi\u021bii de admisibilitate<\/p>\n<ul class=\"vlist\">\n<li class=\"vitem\">\u00cen formular este invocat\u0103 \u00eenc\u0103lcarea unui Protocol la Conven\u021bie pe care statul p\u00e2r\u00e2t nu l-a ratificat.<\/li>\n<li class=\"vitem\">\u00cen formular este invocat\u0103 o \u00eenc\u0103lcare din partea unui stat care nu este parte la Conven\u021bie.<\/li>\n<li class=\"vitem\">Dac\u0103 exist\u0103 \u00eendoieli rezonabile cu privire la respectarea oric\u0103reia dintre urm\u0103toarele condi\u021bii de admisibilitate, \u00een formular lipsesc informa\u021bii despre respectarea acelei condi\u021bii sau informa\u021biile existente con\u021bin contradic\u021bii esen\u021biale:\n<ul class=\"vlist\">\n<li class=\"vitem\">statul p\u00e2r\u00e2t poate fi \u021binut r\u0103spunz\u0103tor pentru pretinsa \u00eenc\u0103lcare expus\u0103;<\/li>\n<li class=\"vitem\">reclamantul are dreptul s\u0103 sesizeze CEDO \u00een temeiul articolului 34 din Conven\u021bie;<\/li>\n<li class=\"vitem\">reprezentantul are dreptul s\u0103 ac\u021bioneze f\u0103r\u0103 procur\u0103 dac\u0103 formularul este semnat de reprezentant, iar reclamantul nu l-a semnat nici la rubrica 73, nici la rubrica \u201eProcur\u0103\u201d;<\/li>\n<li class=\"vitem\">reclamantul s-a aflat sub jurisdic\u021bia statului p\u00e2r\u00e2t;<\/li>\n<li class=\"vitem\">pretinsa \u00eenc\u0103lcare a avut loc \u00een perioada \u00een care Conven\u021bia era \u00een vigoare fa\u021b\u0103 de statul p\u00e2r\u00e2t \u0219i, dac\u0103 drepturile \u0219i libert\u0103\u021bile sunt prev\u0103zute \u00eentr-un Protocol, \u00een perioada \u00een care acel Protocol era \u00een vigoare fa\u021b\u0103 de statul respectiv;<\/li>\n<li class=\"vitem\">reclamantul avea \u0219i p\u0103streaz\u0103 calitatea de victim\u0103 a \u00eenc\u0103lc\u0103rii;<\/li>\n<li class=\"vitem\">reclamantul a suferit un prejudiciu important;<\/li>\n<li class=\"vitem\">cererea nu este \u00een mod esen\u021bial aceea\u0219i cu o cerere examinat\u0103 deja de CEDO \u0219i nu face obiectul unei alte proceduri interna\u021bionale de anchet\u0103 sau de reglementare a diferendelor.<\/li>\n<\/ul>\n<\/li>\n<li class=\"vitem\">Cererea prezint\u0103 semne de abuz al dreptului de sesizare a CEDO.<\/li>\n<\/ul>\n<\/div>\n<\/div>\n<div class=\"mywpcf7cf\">Dup\u0103 verificare, v\u0103 voi trimite lista gre\u0219elilor identificate, cu explica\u021bii.<\/div>\n<div class=\"mywpcf7cf\">Explica\u021biile mele v\u0103 ajut\u0103 s\u0103 corecta\u021bi aproape toate gre\u0219elile din cauza c\u0103rora, \u00een fiecare an, peste 8.000 de cereri nu sunt acceptate de Curte. Experien\u021ba mea arat\u0103 c\u0103 aceste gre\u0219eli pot fi evitate: \u00een 22 de ani, CEDO a acceptat toate cele peste 170 de cereri pe care le-am preg\u0103tit. Dac\u0103 asemenea gre\u0219eli exist\u0103 deja \u00een formularul dumneavoastr\u0103, le voi putea identifica, iar dumneavoastr\u0103 ve\u021bi putea trimite la CEDO un formular f\u0103r\u0103 ele, m\u0103rind c\u00e2t mai mult \u0219ansele ca cererea dumneavoastr\u0103 s\u0103 fie acceptat\u0103. Dac\u0103 cererea nu este acceptat\u0103, Curtea nu o va examina; f\u0103r\u0103 aceast\u0103 examinare, cererea nu mai poate avea niciun efect practic pentru dumneavoastr\u0103. Mai este esen\u021bial de \u00een\u021beles c\u0103, dac\u0103 a\u0219tepta\u021bi refuzul \u0219i corecta\u021bi formularul abia dup\u0103 aceea, aproape \u00eentotdeauna va fi prea t\u00e2rziu. Trimiterea formularului la CEDO nu opre\u0219te curgerea termenului scurt de sesizare a Cur\u021bii. De obicei, o parte din termen a trecut deja p\u00e2n\u0103 la trimitere, iar partea r\u0103mas\u0103 se epuizeaz\u0103 aproape \u00eentotdeauna c\u00e2t timp formularul ajunge la CEDO, este verificat de Curte \u0219i primi\u021bi prin po\u0219t\u0103 obi\u0219nuit\u0103 notificarea refuzului. De aceea, chiar dac\u0103, \u00een teorie, formularul poate fi corectat \u0219i retrimis dup\u0103 primirea refuzului, \u00een practic\u0103 acest lucru este aproape \u00eentotdeauna inutil: cererea va fi oricum declarat\u0103 inadmisibil\u0103 ca introdus\u0103 dup\u0103 expirarea termenului de sesizare a CEDO, chiar dac\u0103 Curtea o accept\u0103.<\/div>\n<div class=\"mywpcf7cf\">Faptul c\u0103 o cerere a fost acceptat\u0103 nu \u00eenseamn\u0103 c\u0103 s-a decis deja asupra admisibilit\u0103\u021bii ei. Aproximativ 70% dintre cereri sunt declarate de CEDO inadmisibile \u00een \u00eentregime la scurt timp dup\u0103 primire. Aproape toate celelalte sunt declarate de Curte inadmisibile cel pu\u021bin \u00een parte, uneori chiar \u00een partea cea mai important\u0103 pentru reclamant. \u00cen multe cauze, acest rezultat \u021bine de \u00eemprejur\u0103rile cauzei. \u00cen altele \u00eens\u0103, problema porne\u0219te din formular: pot lipsi fapte importante, informa\u021bii complete despre respectarea condi\u021biilor de admisibilitate sau o expunere complet\u0103 a pretinselor \u00eenc\u0103lc\u0103ri. De asemenea, faptele expuse, informa\u021biile despre respectarea condi\u021biilor de admisibilitate \u0219i expunerea pretinselor \u00eenc\u0103lc\u0103ri pot s\u0103 nu corespund\u0103 jurispruden\u021bei CEDO, pot fi neclare, inconsecvente sau contrazise de documentele anexate. Gre\u0219eli de acest fel pot duce u\u0219or la declararea cererii inadmisibile. Explica\u021biile mele v\u0103 ajut\u0103 s\u0103 vede\u021bi aceste gre\u0219eli \u0219i s\u0103 \u00een\u021belege\u021bi ce parte a cererii este pus\u0103 \u00een pericol de ele. Uneori, ele pot fi corectate chiar pe baza explica\u021biilor mele. Dac\u0103 \u00eens\u0103 sunt multe sau dac\u0103 unele cer explica\u021bii ample, cele trei ore incluse \u00een pre\u021bul fix al verific\u0103rii unui formular pot s\u0103 nu fie suficiente pentru explica\u021bii detaliate pentru fiecare gre\u0219eal\u0103. Ve\u021bi primi totu\u0219i cel pu\u021bin o explica\u021bie scurt\u0103 pentru fiecare gre\u0219eal\u0103 pe care o identific.<\/div>\n<div class=\"mywpcf7cf\">Pre\u021bul verific\u0103rii este de 600 de euro, iar durata ei nu dep\u0103\u0219e\u0219te, de regul\u0103, o s\u0103pt\u0103m\u00e2n\u0103.<\/div>\n<div class=\"mywpcf7cf\">Dac\u0103 ave\u021bi nevoie de rezultate mai repede, <a href=\"mailto:oleg.anishchik@europeancourt.org?subject=Examinarea formularului de cerere c\u0103tre CEDO: verificare urgent\u0103&amp;body=Pute\u021bi face o verificare urgent\u0103 a formularului de cerere?\">scrie\u021bi-mi<\/a> \u0219i \u00eentreba\u021bi dac\u0103 este posibil\u0103 o verificare urgent\u0103. V\u0103 promit c\u0103 voi r\u0103spunde la un astfel de mesaj \u00een termen de 24 de ore. Dac\u0103 r\u0103spunsul meu este pozitiv \u0219i \u00eemi trimite\u021bi imediat formularul pentru verificare, promit s\u0103 efectuez verificarea \u00een urm\u0103toarele 24 de ore.<\/div>\n<div class=\"mywpcf7cf\">Aceast\u0103 verificare nu este pentru dumneavoastr\u0103 dac\u0103 oricare dintre afirma\u021biile de mai jos este adev\u0103rat\u0103 \u00een cazul dumneavoastr\u0103:<\/div>\n<ul class=\"checking-blocklist\">\n<li><label><input type=\"checkbox\" class=\"ec-checking-blocker\" \/><span>Pot identifica pe cont propriu toate gre\u0219elile din formular.<\/span><\/label><\/li>\n<li>M\u0103 a\u0219tept ca, dup\u0103 verificare, s\u0103 primesc fie formularul corectat, fie explica\u021bii detaliate pentru corectarea fiec\u0103rei gre\u0219eli identificate.<\/li>\n<li>Nu sunt preg\u0103tit s\u0103 fac scan\u0103ri sau fotografii clare ale documentelor anexate pe h\u00e2rtie pentru a le trimite la verificare \u00eempreun\u0103 cu formularul.<\/li>\n<li>Am nevoie s\u0103 fie verificate numai unele gre\u0219eli, nu toate.<\/li>\n<li><label><input type=\"checkbox\" class=\"ec-checking-blocker\" \/><span>\u00cen acest moment, pentru mine este mai important s\u0103 economisesc costul verific\u0103rii dec\u00e2t s\u0103 m\u0103resc c\u00e2t mai mult \u0219ansele ca cererea mea s\u0103 fie acceptat\u0103 \u0219i s\u0103 reduc riscul ca ea s\u0103 fie declarat\u0103 inadmisibil\u0103.<\/span><\/label><\/li>\n<\/ul>\n<div class=\"checking-load-wrap\">\n<div class=\"checking-load-button-row\"><button type=\"button\" class=\"mybutton blue\" id=\"ec-checking-load-form\">Trimite\u021bi formularul pentru verificare<\/button><\/div>\n<div id=\"ec-checking-load-status\" class=\"checking-load-status\" role=\"status\" aria-live=\"polite\"><\/div>\n<\/div>\n<div class=\"mywpcf7cf mywpcf7cf-utility checking-utility-row\">\n<div class=\"mybutton red not-in-text-button is-disabled\" aria-disabled=\"true\">\u00cencepe din nou<\/div>\n<div class=\"mybutton red not-in-text-button\" onclick=\"window.location.href='mailto:oleg.anishchik@europeancourt.org?subject=Examinarea formularului de cerere c\u0103tre CEDO: eroare&amp;body=Descrierea erorii:';\">Raporteaz\u0103 o eroare<\/div>\n<\/div>\n<\/div>\n<div class=\"checking-form-shell\" id=\"ec-checking-form-shell\">\n<div id=\"ajax_content\" class=\"checking-ajax-content\" data-loaded=\"0\"><\/div>\n<\/div>\n<\/div>","protected":false},"excerpt":{"rendered":"Dac\u0103 \u00eemi cere\u021bi s\u0103 verific formularul, voi identifica \u00een el gre\u0219elile din lista de mai jos. Lista se bazeaz\u0103 pe cerin\u021bele CEDO \u0219i pe practica mea de preg\u0103tire \u0219i verificare a cererilor. I. Gre\u0219eli&#46;&#46;&#46;","protected":false},"author":0,"featured_media":0,"parent":222221,"menu_order":0,"comment_status":"closed","ping_status":"closed","template":"","meta":{"footnotes":""},"categories":[],"tags":[],"class_list":["post-225443","page","type-page","status-publish","hentry"],"_links":{"self":[{"href":"https:\/\/europeancourt.org\/ro\/wp-json\/wp\/v2\/pages\/225443","targetHints":{"allow":["GET"]}}],"collection":[{"href":"https:\/\/europeancourt.org\/ro\/wp-json\/wp\/v2\/pages"}],"about":[{"href":"https:\/\/europeancourt.org\/ro\/wp-json\/wp\/v2\/types\/page"}],"replies":[{"embeddable":true,"href":"https:\/\/europeancourt.org\/ro\/wp-json\/wp\/v2\/comments?post=225443"}],"version-history":[{"count":0,"href":"https:\/\/europeancourt.org\/ro\/wp-json\/wp\/v2\/pages\/225443\/revisions"}],"up":[{"embeddable":true,"href":"https:\/\/europeancourt.org\/ro\/wp-json\/wp\/v2\/pages\/222221"}],"wp:attachment":[{"href":"https:\/\/europeancourt.org\/ro\/wp-json\/wp\/v2\/media?parent=225443"}],"wp:term":[{"taxonomy":"category","embeddable":true,"href":"https:\/\/europeancourt.org\/ro\/wp-json\/wp\/v2\/categories?post=225443"},{"taxonomy":"post_tag","embeddable":true,"href":"https:\/\/europeancourt.org\/ro\/wp-json\/wp\/v2\/tags?post=225443"}],"curies":[{"name":"wp","href":"https:\/\/api.w.org\/{rel}","templated":true}]}}