{"id":225445,"date":"2026-04-26T14:48:47","date_gmt":"2026-04-26T12:48:47","guid":{"rendered":"https:\/\/europeancourt.org\/servicii\/cedo\/reprezentarea-reclaman%c8%9bilor-%c3%aen-fa%c8%9ba-cedo\/"},"modified":"2026-04-26T14:47:26","modified_gmt":"2026-04-26T12:47:26","slug":"reprezentarea-reclaman%c8%9bilor-%c3%aen-fa%c8%9ba-cedo","status":"publish","type":"page","link":"https:\/\/europeancourt.org\/ro\/servicii\/cedo\/reprezentarea-reclaman%c8%9bilor-%c3%aen-fa%c8%9ba-cedo\/","title":{"rendered":"Reprezentarea reclaman\u021bilor \u00een fa\u021ba CEDO"},"content":{"rendered":"<div id=\"ec-representation-page\" class=\"ec-service-page ec-service-representation\" data-service=\"representation\">\n<div class=\"ec-service-screen ec-service-screen-1\">\n<div class=\"mywpcf7cf myshow myhide\">Acest serviciu este oferit numai pentru cereri deja comunicate guvernului p\u00e2r\u00e2t, \u00een privin\u021ba c\u0103rora CEDO l-a informat pe reclamant c\u0103 trebuie s\u0103 prezinte observa\u021bii scrise.<\/div>\n<div class=\"mywpcf7cf myshow myhide\">Costul reprezent\u0103rii \u00een fa\u021ba CEDO depinde de timpul necesar pentru a preg\u0103ti r\u0103spunsurile la \u00eentreb\u0103rile CEDO \u0219i la argumentele guvernului p\u00e2r\u00e2t, precum \u0219i, dac\u0103 este necesar, preciz\u0103rile privind faptele \u0219i cererile de satisfac\u021bie echitabil\u0103. Diferen\u021ba poate fi foarte mare: de la c\u00e2teva sute de euro, c\u00e2nd totul se poate face \u00een dou\u0103-trei ore, p\u00e2n\u0103 la 10.000 de euro sau mai mult, c\u00e2nd sunt necesare zeci de ore.<\/div>\n<div class=\"mywpcf7cf myshow myhide\">Pot stabili timpul necesar \u00een cazul dumneavoastr\u0103 \u0219i, prin urmare, costul reprezent\u0103rii numai pe baza documentelor. Transmite\u021bi cererea cu toate anexele, precum \u0219i tot ce a fost trimis ulterior la CEDO \u00een leg\u0103tur\u0103 cu aceast\u0103 cerere \u0219i tot ce a\u021bi primit de la CEDO. Dac\u0103 voi avea nevoie de documente suplimentare, vi le voi cere.<\/div>\n<div class=\"mywpcf7cf myshow myhide\">De regul\u0103, r\u0103spund la solicitarea privind costul reprezent\u0103rii \u00een fa\u021ba CEDO \u00een termen de o s\u0103pt\u0103m\u00e2n\u0103 de la primirea tuturor documentelor \u0219i informa\u021biilor necesare. Dac\u0103 termenul stabilit de CEDO pentru prezentarea observa\u021biilor sau a altor materiale expir\u0103 \u00een urm\u0103toarele zile, scrie\u021bi-mi \u0219i \u00eentreba\u021bi-m\u0103 dac\u0103 pot examina solicitarea dumneavoastr\u0103 \u00een regim de urgen\u021b\u0103. Promit s\u0103 r\u0103spund la un asemenea mesaj \u00een termen de 24 de ore. Dac\u0103 confirm c\u0103 pot face acest lucru \u0219i \u00eemi transmite\u021bi imediat documentele \u0219i informa\u021biile necesare, promit s\u0103 v\u0103 comunic r\u0103spunsul meu la solicitare \u00een urm\u0103toarele 48 de ore.<\/div>\n<div class=\"mywpcf7cf myshow myhide\">Odat\u0103 cu r\u0103spunsul privind costul serviciului, pentru a nu pierde timp, v\u0103 voi trimite contractul \u0219i formularul de procur\u0103 pentru reprezentarea \u00een fa\u021ba CEDO, deja completat. Procura va trebui imprimat\u0103, semnat\u0103 \u0219i trimis\u0103 prin po\u0219t\u0103, pe h\u00e2rtie, la adresa mea din Fran\u021ba. Serviciul poate fi pl\u0103tit prin transfer bancar \u00een contul meu din Elve\u021bia sau, \u00een func\u021bie de \u021bara din care se face plata, prin alte modalit\u0103\u021bi, dup\u0103 preg\u0103tirea documentelor pentru CEDO. Totu\u0219i, este mai bine s\u0103 face\u021bi plata \u00eenainte ca documentele s\u0103 fie trimise la CEDO, pentru ca la cererile de satisfac\u021bie echitabil\u0103 s\u0103 poat\u0103 fi anexat un document care confirm\u0103 plata: cererea de rambursare a cheltuielilor deja suportate pentru reprezentarea intereselor reclamantului \u00een fa\u021ba Cur\u021bii este atunci mult mai u\u0219or de motivat.<\/div>\n<div class=\"mywpcf7cf myshow myhide\">Acest serviciu nu este, \u00een mod evident, potrivit pentru dumneavoastr\u0103 dac\u0103 pute\u021bi confirma f\u0103r\u0103 ezitare oricare dintre afirma\u021biile de mai jos:<\/div>\n<ul class=\"ec-service-blocker-list\"><li><label><input type=\"checkbox\" class=\"ec-service-blocker\" \/><span>\u2014 Cererea mea nu a fost \u00eenc\u0103 comunicat\u0103 de CEDO guvernului p\u00e2r\u00e2t sau a fost comunicat\u0103 f\u0103r\u0103 solicitarea de a prezenta observa\u021bii scrise.<\/span><\/label><\/li>\n<li><label><input type=\"checkbox\" class=\"ec-service-blocker\" \/><span>\u2014 Nu sunt preg\u0103tit s\u0103 transmit toate documentele necesare.<\/span><\/label><\/li>\n<li><label><input type=\"checkbox\" class=\"ec-service-blocker\" \/><span>\u2014 Nu sunt preg\u0103tit s\u0103 m\u0103 ocup de procur\u0103 \u0219i s\u0103 o trimit prin po\u0219t\u0103, pe h\u00e2rtie.<\/span><\/label><\/li>\n<li><label><input type=\"checkbox\" class=\"ec-service-blocker\" \/><span>\u2014 Nu sunt preg\u0103tit s\u0103 r\u0103spund, pe parcursul lucr\u0103rii, la \u00eentreb\u0103ri de clarificare \u0219i s\u0103 transmit documente suplimentare dac\u0103 acestea vor fi necesare.<\/span><\/label><\/li><\/ul>\n<div class=\"mywpcf7cf myshow myhide\"><button class=\"mybutton blue\" id=\"load_ajax_form\" data-ec-service-load=\"representation\" data-blocked-message=\"At\u00e2ta timp c\u00e2t este bifat\u0103 oricare dintre aceste afirma\u021bii, nu pute\u021bi trece mai departe. Dac\u0103 a\u021bi bifat-o din gre\u0219eal\u0103, debifa\u021bi-o.\">Trimite\u021bi documentele<\/button><\/div>\n<div class=\"mywpcf7cf myshow myhide\"><a class=\"mybutton blue not-in-text-button\" href=\"mailto:oleg.anishchik@europeancourt.org?subject=A\u0219 dori s\u0103 clarific condi\u021biile\">A\u0219 dori s\u0103 clarific condi\u021biile<\/a><\/div>\n<div id=\"ec-service-load-status\" class=\"ec-service-load-status\" aria-live=\"polite\"><\/div>\n<\/div>\n<div id=\"ajax_content\"><\/div>\n<\/div>","protected":false},"excerpt":{"rendered":"Acest serviciu este oferit numai pentru cereri deja comunicate guvernului p\u00e2r\u00e2t, \u00een privin\u021ba c\u0103rora CEDO l-a informat pe reclamant c\u0103 trebuie s\u0103 prezinte observa\u021bii scrise. Costul reprezent\u0103rii \u00een fa\u021ba CEDO depinde de timpul necesar&#46;&#46;&#46;","protected":false},"author":0,"featured_media":0,"parent":222221,"menu_order":0,"comment_status":"closed","ping_status":"closed","template":"","meta":{"footnotes":""},"categories":[],"tags":[],"class_list":["post-225445","page","type-page","status-publish","hentry"],"_links":{"self":[{"href":"https:\/\/europeancourt.org\/ro\/wp-json\/wp\/v2\/pages\/225445","targetHints":{"allow":["GET"]}}],"collection":[{"href":"https:\/\/europeancourt.org\/ro\/wp-json\/wp\/v2\/pages"}],"about":[{"href":"https:\/\/europeancourt.org\/ro\/wp-json\/wp\/v2\/types\/page"}],"replies":[{"embeddable":true,"href":"https:\/\/europeancourt.org\/ro\/wp-json\/wp\/v2\/comments?post=225445"}],"version-history":[{"count":0,"href":"https:\/\/europeancourt.org\/ro\/wp-json\/wp\/v2\/pages\/225445\/revisions"}],"up":[{"embeddable":true,"href":"https:\/\/europeancourt.org\/ro\/wp-json\/wp\/v2\/pages\/222221"}],"wp:attachment":[{"href":"https:\/\/europeancourt.org\/ro\/wp-json\/wp\/v2\/media?parent=225445"}],"wp:term":[{"taxonomy":"category","embeddable":true,"href":"https:\/\/europeancourt.org\/ro\/wp-json\/wp\/v2\/categories?post=225445"},{"taxonomy":"post_tag","embeddable":true,"href":"https:\/\/europeancourt.org\/ro\/wp-json\/wp\/v2\/tags?post=225445"}],"curies":[{"name":"wp","href":"https:\/\/api.w.org\/{rel}","templated":true}]}}