{"id":225473,"date":"2026-04-26T14:48:47","date_gmt":"2026-04-26T12:48:47","guid":{"rendered":"https:\/\/europeancourt.org\/sh%c3%abrbime\/gjednj\/p%c3%abrfaq%c3%absimi-i-k%c3%abrkuesve-para-gjednj\/"},"modified":"2026-04-26T17:29:22","modified_gmt":"2026-04-26T15:29:22","slug":"p%c3%abrfaq%c3%absimi-i-k%c3%abrkuesve-para-gjednj","status":"publish","type":"page","link":"https:\/\/europeancourt.org\/sq\/sh%c3%abrbime\/gjednj\/p%c3%abrfaq%c3%absimi-i-k%c3%abrkuesve-para-gjednj\/","title":{"rendered":"P\u00ebrfaq\u00ebsimi i k\u00ebrkuesve para GJEDNJ"},"content":{"rendered":"<div id=\"ec-representation-page\" class=\"ec-service-page ec-service-representation\" data-service=\"representation\">\n<div class=\"ec-service-screen ec-service-screen-1\">\n<div class=\"mywpcf7cf myshow myhide\">Ky sh\u00ebrbim ofrohet vet\u00ebm p\u00ebr ankime p\u00ebr t\u00eb cilat Gjykata e ka njoftuar tashm\u00eb Qeverin\u00eb dhe i ka k\u00ebrkuar ankuesit t\u00eb paraqes\u00eb v\u00ebzhgime me shkrim.<\/div>\n<div class=\"mywpcf7cf myshow myhide\">\u00c7mimi i p\u00ebrfaq\u00ebsimit para GJEDNJ-s\u00eb varet nga koha q\u00eb duhet p\u00ebr t\u00eb p\u00ebrgatitur p\u00ebrgjigjet ndaj pyetjeve t\u00eb GJEDNJ-s\u00eb, kund\u00ebrp\u00ebrgjigjet ndaj v\u00ebzhgimeve t\u00eb Qeveris\u00eb dhe, kur \u00ebsht\u00eb e nevojshme, sqarimet mbi faktet dhe k\u00ebrkesat p\u00ebr shp\u00ebrblim t\u00eb drejt\u00eb. Diapazoni \u00ebsht\u00eb shum\u00eb i gjer\u00eb: nga disa qindra euro, n\u00ebse gjith\u00e7ka mund t\u00eb p\u00ebrfundohet brenda dy a tre or\u00ebsh, deri n\u00eb 10 000 euro e m\u00eb shum\u00eb, n\u00ebse nevojiten dhjet\u00ebra or\u00eb.<\/div>\n<div class=\"mywpcf7cf myshow myhide\">Sa koh\u00eb do t\u00eb k\u00ebrkoj\u00eb \u00e7\u00ebshtja juaj dhe, rrjedhimisht, sa do t\u00eb kushtoj\u00eb p\u00ebrfaq\u00ebsimi, mund ta vler\u00ebsoj vet\u00ebm pasi t&#8217;i shoh dokumentet. Ju lutem m\u00eb d\u00ebrgoni ankimin me t\u00eb gjitha dokumentet shoq\u00ebruese, gjith\u00e7ka q\u00eb \u00ebsht\u00eb d\u00ebrguar m\u00eb pas n\u00eb GJEDNJ n\u00eb lidhje me t\u00eb dhe gjith\u00e7ka q\u00eb \u00ebsht\u00eb marr\u00eb nga GJEDNJ. N\u00ebse m\u00eb duhen dokumente shtes\u00eb, do t&#8217;jua k\u00ebrkoj.<\/div>\n<div class=\"mywpcf7cf myshow myhide\">Zakonisht i p\u00ebrgjigjem k\u00ebrkes\u00ebs p\u00ebr \u00e7mimin e p\u00ebrfaq\u00ebsimit para GJEDNJ-s\u00eb brenda nj\u00eb jave pasi t\u00eb kem marr\u00eb t\u00eb gjitha dokumentet dhe informacionin e nevojsh\u00ebm. N\u00ebse afati i caktuar nga GJEDNJ p\u00ebr paraqitjen e v\u00ebzhgimeve ose materialeve t\u00eb tjera mbaron n\u00eb dit\u00ebt e ardhshme, m\u00eb shkruani dhe m\u00eb pyesni n\u00ebse mund ta shqyrtoj k\u00ebrkes\u00ebn tuaj me urgjenc\u00eb. Premtoj t&#8217;i p\u00ebrgjigjem nj\u00eb emaili t\u00eb till\u00eb brenda 24 or\u00ebsh. N\u00ebse konfirmoj se mund ta b\u00ebj k\u00ebt\u00eb dhe ju menj\u00ebher\u00eb paraqitni dokumentet dhe informacionin e nevojsh\u00ebm, premtoj t&#8217;ju d\u00ebrgoj vler\u00ebsimin tim p\u00ebr k\u00ebrkes\u00ebn brenda 48 or\u00ebve pasuese.<\/div>\n<div class=\"mywpcf7cf myshow myhide\">S\u00eb bashku me njoftimin p\u00ebr \u00e7mimin e sh\u00ebrbimit, q\u00eb t\u00eb mos humbasim koh\u00eb, do t&#8217;ju d\u00ebrgoj edhe marr\u00ebveshjen dhe formularin e plot\u00ebsuar t\u00eb prokur\u00ebs p\u00ebr p\u00ebrfaq\u00ebsim para GJEDNJ-s\u00eb. Prokur\u00ebn do t\u00eb duhet ta printoni, ta n\u00ebnshkruani dhe ta d\u00ebrgoni me post\u00eb n\u00eb adres\u00ebn time n\u00eb Franc\u00eb. Pagesa mund t\u00eb kryhet pasi t\u00eb jen\u00eb p\u00ebrgatitur dokumentet p\u00ebr GJEDNJ, me transfert\u00eb bankare n\u00eb llogarin\u00eb time n\u00eb Zvic\u00ebr ose n\u00eb m\u00ebnyra t\u00eb tjera, n\u00eb var\u00ebsi t\u00eb vendit nga i cili b\u00ebhet pagesa. Megjithat\u00eb, \u00ebsht\u00eb m\u00eb mir\u00eb ta b\u00ebni k\u00ebt\u00eb para se dokumentet t\u00eb d\u00ebrgohen n\u00eb GJEDNJ, q\u00eb k\u00ebrkesave p\u00ebr shp\u00ebrblim t\u00eb drejt\u00eb t&#8217;u bashk\u00ebngjitet dokumenti q\u00eb provon pages\u00ebn: at\u00ebher\u00eb \u00ebsht\u00eb shum\u00eb m\u00eb e leht\u00eb t\u00eb arsyetohet k\u00ebrkesa p\u00ebr rimbursimin e shpenzimeve t\u00eb b\u00ebra tashm\u00eb p\u00ebr p\u00ebrfaq\u00ebsimin e ankuesit para Gjykat\u00ebs.<\/div>\n<div class=\"mywpcf7cf myshow myhide\">Ky sh\u00ebrbim qartazi nuk \u00ebsht\u00eb p\u00ebr ju n\u00ebse mund t\u00eb pajtoheni me bindje me cil\u00ebndo nga pohimet e m\u00ebposhtme:<\/div>\n<ul class=\"myshow myhide ec-service-blocker-list\"><li><label><input type=\"checkbox\" class=\"ec-service-blocker\" \/><span>Gjykata ende nuk e ka njoftuar Qeverin\u00eb p\u00ebr ankimin tim ose nuk m\u00eb ka k\u00ebrkuar t\u00eb paraqes v\u00ebzhgime me shkrim.<\/span><\/label><\/li>\n<li><label><input type=\"checkbox\" class=\"ec-service-blocker\" \/><span>Nuk jam gati t\u00eb paraqes t\u00eb gjitha dokumentet e nevojshme.<\/span><\/label><\/li>\n<li><label><input type=\"checkbox\" class=\"ec-service-blocker\" \/><span>Nuk jam gati t\u00eb merrem me prokur\u00ebn dhe ta d\u00ebrgoj at\u00eb me post\u00eb.<\/span><\/label><\/li>\n<li><label><input type=\"checkbox\" class=\"ec-service-blocker\" \/><span>Nuk jam gati t&#8217;u p\u00ebrgjigjem pyetjeve sqaruese gjat\u00eb pun\u00ebs dhe t\u00eb paraqes dokumente shtes\u00eb, n\u00ebse do t\u00eb nevojiten.<\/span><\/label><\/li><\/ul>\n<div class=\"mywpcf7cf myshow myhide\"><button type=\"button\" class=\"mybutton blue\" id=\"load_ajax_form\" data-ec-service-load=\"representation\" data-blocked-message=\"Nuk mund t\u00eb vazhdoni p\u00ebr sa koh\u00eb q\u00eb \u00ebsht\u00eb sh\u00ebnuar cilado prej k\u00ebtyre pohimeve. N\u00ebse e keni sh\u00ebnuar di\u00e7ka gabimisht, hiqeni shenj\u00ebn.\">Paraqitni dokumentet<\/button><\/div>\n<div class=\"mywpcf7cf myshow myhide\"><a class=\"mybutton blue not-in-text-button\" href=\"mailto:oleg.anishchik@europeancourt.org?subject=Do t\u00eb doja t\u00eb sqaroja kushtet\">Do t\u00eb doja t\u00eb sqaroja kushtet<\/a><\/div>\n<div id=\"ec-service-load-status\" class=\"ec-service-load-status\" aria-live=\"polite\"><\/div>\n<\/div>\n<div id=\"ajax_content\"><\/div>\n<\/div>\n<script>\n(function(){\n  if (window.ecServiceBlockerGuardReady) return;\n  window.ecServiceBlockerGuardReady = true;\n  document.addEventListener('click', function(event) {\n    var button = event.target && event.target.closest ? event.target.closest('[data-ec-service-load]') : null;\n    if (!button) return;\n    var root = button.closest('.ec-service-page');\n    if (!root || !root.querySelector('.ec-service-blocker:checked')) return;\n    event.preventDefault();\n    event.stopPropagation();\n    if (event.stopImmediatePropagation) event.stopImmediatePropagation();\n    var status = root.querySelector('.ec-service-load-status');\n    if (status) status.textContent = button.getAttribute('data-blocked-message') || '';\n  }, true);\n})();\n<\/script>","protected":false},"excerpt":{"rendered":"Ky sh\u00ebrbim ofrohet vet\u00ebm p\u00ebr ankime p\u00ebr t\u00eb cilat Gjykata e ka njoftuar tashm\u00eb Qeverin\u00eb dhe i ka k\u00ebrkuar ankuesit t\u00eb paraqes\u00eb v\u00ebzhgime me shkrim. \u00c7mimi i p\u00ebrfaq\u00ebsimit para GJEDNJ-s\u00eb varet nga koha q\u00eb&#46;&#46;&#46;","protected":false},"author":0,"featured_media":0,"parent":222199,"menu_order":0,"comment_status":"closed","ping_status":"closed","template":"","meta":{"footnotes":""},"categories":[],"tags":[],"class_list":["post-225473","page","type-page","status-publish","hentry"],"_links":{"self":[{"href":"https:\/\/europeancourt.org\/sq\/wp-json\/wp\/v2\/pages\/225473","targetHints":{"allow":["GET"]}}],"collection":[{"href":"https:\/\/europeancourt.org\/sq\/wp-json\/wp\/v2\/pages"}],"about":[{"href":"https:\/\/europeancourt.org\/sq\/wp-json\/wp\/v2\/types\/page"}],"replies":[{"embeddable":true,"href":"https:\/\/europeancourt.org\/sq\/wp-json\/wp\/v2\/comments?post=225473"}],"version-history":[{"count":1,"href":"https:\/\/europeancourt.org\/sq\/wp-json\/wp\/v2\/pages\/225473\/revisions"}],"predecessor-version":[{"id":225652,"href":"https:\/\/europeancourt.org\/sq\/wp-json\/wp\/v2\/pages\/225473\/revisions\/225652"}],"up":[{"embeddable":true,"href":"https:\/\/europeancourt.org\/sq\/wp-json\/wp\/v2\/pages\/222199"}],"wp:attachment":[{"href":"https:\/\/europeancourt.org\/sq\/wp-json\/wp\/v2\/media?parent=225473"}],"wp:term":[{"taxonomy":"category","embeddable":true,"href":"https:\/\/europeancourt.org\/sq\/wp-json\/wp\/v2\/categories?post=225473"},{"taxonomy":"post_tag","embeddable":true,"href":"https:\/\/europeancourt.org\/sq\/wp-json\/wp\/v2\/tags?post=225473"}],"curies":[{"name":"wp","href":"https:\/\/api.w.org\/{rel}","templated":true}]}}