{"id":225487,"date":"2026-04-26T18:55:54","date_gmt":"2026-04-26T16:55:54","guid":{"rendered":"https:\/\/europeancourt.org\/tj%c3%a4nster\/edmr\/verifiering-av-ifyllda-klagoformul%c3%a4r-f%c3%b6r-europadomstolen\/"},"modified":"2026-04-27T16:45:42","modified_gmt":"2026-04-27T14:45:42","slug":"verifiering-av-ifyllda-klagoformul%c3%a4r-f%c3%b6r-europadomstolen","status":"publish","type":"page","link":"https:\/\/europeancourt.org\/sv\/tj%c3%a4nster\/edmr\/verifiering-av-ifyllda-klagoformul%c3%a4r-f%c3%b6r-europadomstolen\/","title":{"rendered":"Verifiering av ifyllda klagoformul\u00e4r f\u00f6r Europadomstolen"},"content":{"rendered":"<div id=\"ec-checking-page\" class=\"checking-page\">\r\n<div class=\"checking-screen checking-screen-1\" id=\"ec-checking-screen-1\">\r\n<div class=\"mywpcf7cf\">Om du ber mig granska formul\u00e4ret g\u00e5r jag igenom det och identifierar vilka av felen nedan som finns i det. Listan bygger p\u00e5 Europadomstolens krav och p\u00e5 min erfarenhet av att f\u00f6rbereda och granska klagom\u00e5l.<\/div>\r\n<div class=\"checking-errors-frame\">\r\n<div class=\"checking-errors-scroll checking-richtext\">\r\n<p class=\"checking-group-heading\">I. Fel som g\u00f6r att Europadomstolen inte godtar ett klagom\u00e5l<\/p>\r\n<p class=\"checking-item-heading\">1. Fel vid anv\u00e4ndning av klagoformul\u00e4ret<\/p>\r\n<ul class=\"vlist\">\r\n<li class=\"vitem\">En f\u00f6r\u00e5ldrad version av formul\u00e4ret har anv\u00e4nts; eller<\/li>\r\n<li class=\"vitem\">klagom\u00e5let har l\u00e4mnats in utan klagoformul\u00e4r.<\/li>\r\n<\/ul>\r\n<p>Det finns dock undantag. Europadomstolen kan i undantagsfall godta ett klagom\u00e5l utan formul\u00e4r, framf\u00f6r allt om en beg\u00e4ran om interimistiska \u00e5tg\u00e4rder har l\u00e4mnats in i st\u00e4llet f\u00f6r ett ifyllt aktuellt formul\u00e4r och beg\u00e4ran \u00e5tminstone vid f\u00f6rsta anblicken framst\u00e5r som v\u00e4lgrundad. Det \u00e4r dock helt upp till Europadomstolen att avg\u00f6ra detta, och jag rekommenderar d\u00e4rf\u00f6r starkt att du inte r\u00e4knar med undantaget.<\/p>\r\n<p class=\"checking-item-heading\">2. Fel vid ifyllandet av avsnitt \u201dA. Klagande\u201d<\/p>\r\n<ul class=\"vlist\">\r\n<li class=\"vitem\">Om klaganden \u00e4r en fysisk person: f\u00e4lten 1\u20139 \u00e4r inte ifyllda eller \u00e4r felaktigt ifyllda.<\/li>\r\n<li class=\"vitem\">Om klaganden \u00e4r en juridisk person: f\u00e4lten 10\u201316 \u00e4r inte ifyllda eller \u00e4r felaktigt ifyllda.<\/li>\r\n<li class=\"vitem\">Om det finns flera klagande:\r\n<ul class=\"vlist\">\r\n<li class=\"vitem\">uppgifter om den andra och varje ytterligare klagande l\u00e4mnas inte p\u00e5 ett separat blad, med l\u00f6pande numrering av klagandena;<\/li>\r\n<li class=\"vitem\">om de olika klagom\u00e5len bygger p\u00e5 olika fakta: ett gemensamt formul\u00e4r har l\u00e4mnats in i st\u00e4llet f\u00f6r separata formul\u00e4r f\u00f6r varje klagande.<\/li>\r\n<\/ul>\r\n<\/li>\r\n<li class=\"vitem\">Om det finns fler \u00e4n tio klagande:\r\n<ul class=\"vlist\">\r\n<li class=\"vitem\">en tabell med uppgifter om samtliga klagande har inte bifogats formul\u00e4ret;<\/li>\r\n<li class=\"vitem\">om ett ombud som \u00e4r jurist har utsetts: den elektroniska versionen av tabellen har inte bifogats formul\u00e4ret.<\/li>\r\n<\/ul>\r\n<\/li>\r\n<\/ul>\r\n<p class=\"checking-item-heading\">3. Fel vid ifyllandet av avsnitt \u201dB. Stat(er) mot vilken\/vilka klagom\u00e5let riktar sig\u201d<\/p>\r\n<ul class=\"vlist\">\r\n<li class=\"vitem\">I f\u00e4lt 17 har rutan inte kryssats i bredvid varje stat som klagom\u00e5let riktar sig mot.<\/li>\r\n<\/ul>\r\n<p class=\"checking-item-heading\">4. Fel vid ifyllandet av avsnitt \u201dC. Ombud f\u00f6r fysisk person\u201d<\/p>\r\n<ul class=\"vlist\">\r\n<li class=\"vitem\">Om klaganden \u00e4r en fysisk person och har utsett ett ombud:\r\n<ul class=\"vlist\">\r\n<li class=\"vitem\">f\u00e4lten 34 och 36 \u00e4r inte ifyllda eller \u00e4r felaktigt ifyllda; eller<\/li>\r\n<li class=\"vitem\">klagandens egenh\u00e4ndiga underskrift saknas i f\u00e4lt 33; eller<\/li>\r\n<li class=\"vitem\">ombudets egenh\u00e4ndiga underskrift saknas i f\u00e4lt 35;<\/li>\r\n<li class=\"vitem\">om ombudet inte \u00e4r jurist: f\u00e4lten 18\u201325 \u00e4r inte ifyllda eller \u00e4r felaktigt ifyllda;<\/li>\r\n<li class=\"vitem\">om ombudet \u00e4r jurist: f\u00e4lten 26\u201332 \u00e4r inte ifyllda eller \u00e4r felaktigt ifyllda.<\/li>\r\n<\/ul>\r\n<\/li>\r\n<\/ul>\r\n<p>Undantag kan dock f\u00f6rekomma. Ett separat fullmaktsformul\u00e4r kan godtas om det finns en \u00f6vertygande f\u00f6rklaring till de o\u00f6verstigliga praktiska hinder som gjorde det om\u00f6jligt att fylla i och underteckna fullmaktsavsnittet i sj\u00e4lva klagoformul\u00e4ret. F\u00f6r f\u00e4lten 53\u201356, n\u00e4r klaganden \u00e4r en juridisk person, kan ett separat fullmaktsformul\u00e4r ocks\u00e5 godtas om en \u00f6vertygande f\u00f6rklaring till s\u00e5dana o\u00f6verstigliga praktiska hinder l\u00e4mnas.<\/p>\r\n<p class=\"checking-item-heading\">5. Fel vid ifyllandet av avsnitt \u201dD. Ombud f\u00f6r juridisk person\u201d<\/p>\r\n<ul class=\"vlist\">\r\n<li class=\"vitem\">Oavsett om avsnitt D.2 har fyllts i eller inte \u00e4r f\u00e4lten 38\u201345 inte ifyllda eller felaktigt ifyllda.<\/li>\r\n<li class=\"vitem\">\u0415\u0441\u043b\u0438 \u0437\u0430\u044f\u0432\u0438\u0442\u0435\u043b\u044c \u2013 \u043e\u0440\u0433\u0430\u043d\u0438\u0437\u0430\u0446\u0438\u044f \u0438 \u043d\u0430\u0437\u043d\u0430\u0447\u0438\u043b \u043f\u0440\u0435\u0434\u0441\u0442\u0430\u0432\u0438\u0442\u0435\u043b\u044f \u2013 \u0430\u0434\u0432\u043e\u043a\u0430\u0442\u0430 \u0438\u043b\u0438 \u044e\u0440\u0438\u0441\u0442\u0430:\r\n<ul class=\"vlist\">\r\n<li class=\"vitem\">f\u00e4lten 46\u201352 \u00e4r inte ifyllda eller \u00e4r felaktigt ifyllda;<\/li>\r\n<li class=\"vitem\">\u0435\u0441\u043b\u0438 \u043f\u0440\u0435\u0434\u0441\u0442\u0430\u0432\u0438\u0442\u0435\u043b\u044c \u043f\u0440\u0438 \u044d\u0442\u043e\u043c \u043d\u0435 \u044f\u0432\u043b\u044f\u0435\u0442\u0441\u044f \u0434\u043e\u043b\u0436\u043d\u043e\u0441\u0442\u043d\u044b\u043c \u043b\u0438\u0446\u043e\u043c \u043e\u0440\u0433\u0430\u043d\u0438\u0437\u0430\u0446\u0438\u0438:\r\n<ul class=\"vlist\">\r\n<li class=\"vitem\">f\u00e4lten 54 och 56 \u00e4r inte ifyllda eller \u00e4r felaktigt ifyllda; eller<\/li>\r\n<li class=\"vitem\">den beh\u00f6riga f\u00f6retr\u00e4darens egenh\u00e4ndiga underskrift saknas i f\u00e4lt 53; eller<\/li>\r\n<li class=\"vitem\">ombudets egenh\u00e4ndiga underskrift saknas i f\u00e4lt 55.<\/li>\r\n<\/ul>\r\n<\/li>\r\n<\/ul>\r\n<\/li>\r\n<\/ul>\r\n<p class=\"checking-item-heading\">6. Fel vid ifyllandet av avsnitt \u201dE. Redog\u00f6relse f\u00f6r fakta\u201d<\/p>\r\n<ul class=\"vlist\">\r\n<li class=\"vitem\">I f\u00e4lten 58\u201360 redovisas inte de fakta som \u00e4r centrala f\u00f6r kr\u00e4nkningen fullst\u00e4ndigt, \u00e4ven n\u00e4r redog\u00f6relsen forts\u00e4tter utanf\u00f6r dessa f\u00e4lt.<\/li>\r\n<\/ul>\r\n<p>Om flera p\u00e5st\u00e5dda kr\u00e4nkningar redovisas i avsnitt F i formul\u00e4ret kontrolleras kraven i punkterna 6\u20138 separat f\u00f6r var och en av dem.<\/p>\r\n<p>Notera. Centrala fakta identifieras som regel genom en systematisk analys av Europadomstolens praxis. H\u00e4r och nedan avses med Europadomstolens praxis den aktuella praxis som \u00e4r relevant f\u00f6r den ber\u00f6rda fr\u00e5gan. Analysen b\u00f6rjar normalt med s\u00e4rskilt v\u00e4gledande avg\u00f6randen och forts\u00e4tter sedan med m\u00e5l som i Europadomstolens praxisdatabas har h\u00f6g eller medelh\u00f6g betydelse. Det kan dessutom vara v\u00e4rdefullt att granska m\u00e5l med l\u00e5g betydelse, s\u00e4rskilt s\u00e5dana som r\u00f6r svarandestaten, s\u00e5 att viktiga nyanser inte f\u00f6rbises. Europadomstolens fullst\u00e4ndiga praxisdatabas finns endast p\u00e5 engelska och franska; \u00f6vers\u00e4ttningar till andra spr\u00e5k \u00e4r alltid ofullst\u00e4ndiga och ofta op\u00e5litliga.<\/p>\r\n<p class=\"checking-item-heading\">7. Fel vid ifyllandet av avsnitt \u201dF. Redog\u00f6relse f\u00f6r p\u00e5st\u00e5dda kr\u00e4nkningar av konventionen eller protokollen samt argumenten d\u00e4rf\u00f6r\u201d<\/p>\r\n<ul class=\"vlist\">\r\n<li class=\"vitem\">I f\u00e4lten 61\u201362:\r\n<ul class=\"vlist\">\r\n<li class=\"vitem\">i den v\u00e4nstra kolumnen anges inte de artiklar i konventionen eller protokollen som klaganden \u00e5beropar; eller<\/li>\r\n<li class=\"vitem\">i den h\u00f6gra kolumnen f\u00f6rklaras inte varf\u00f6r de redovisade fakta visar att dessa artiklar har kr\u00e4nkts.<\/li>\r\n<\/ul>\r\n<\/li>\r\n<\/ul>\r\n<p>Notera. En p\u00e5st\u00e5dd kr\u00e4nkning som inte redovisas p\u00e5 r\u00e4tt s\u00e4tt i f\u00e4lten 61\u201362 kan bed\u00f6mas som inte \u00e5beropad. F\u00f6rklaringar \u00e4r meningsfulla bara om de st\u00e4mmer \u00f6verens med Europadomstolens praxis.<\/p>\r\n<p class=\"checking-item-heading\">8. Fel vid ifyllandet av avsnitt \u201dG. Hur klagom\u00e5let uppfyller villkoren f\u00f6r sakpr\u00f6vning enligt artikel 35 (1) i konventionen\u201d<\/p>\r\n<ul class=\"vlist\">\r\n<li class=\"vitem\">Utom n\u00e4r klaganden uttryckligen har angett att inget r\u00e4ttsmedel mot kr\u00e4nkningen har anv\u00e4nts saknas f\u00f6ljande information i f\u00e4lt 63:\r\n<ul class=\"vlist\">\r\n<li class=\"vitem\">vilka r\u00e4ttsmedel som har anv\u00e4nts; eller<\/li>\r\n<li class=\"vitem\">vilka avg\u00f6randen som fattades n\u00e4r de anv\u00e4ndes, inklusive datum f\u00f6r det slutliga avg\u00f6randet och f\u00f6r delgivning eller mottagande av det, m\u00e5lnummer, beslutande organ och avg\u00f6randenas art.<\/li>\r\n<\/ul>\r\n<\/li>\r\n<li class=\"vitem\">I f\u00e4lt 64 har varken \u201dJa\u201d eller \u201dNej\u201d markerats.<\/li>\r\n<li class=\"vitem\">Om \u201dJa\u201d har markerats i f\u00e4lt 64, i f\u00e4lt 65:\r\n<ul class=\"vlist\">\r\n<li class=\"vitem\">anges inte vilka r\u00e4ttsmedel klaganden inte har anv\u00e4nt; eller<\/li>\r\n<li class=\"vitem\">f\u00f6rklaras inte varf\u00f6r klaganden inte har anv\u00e4nt dem.<\/li>\r\n<\/ul>\r\n<\/li>\r\n<\/ul>\r\n<p>Notera. Fr\u00e5gan om vilka r\u00e4ttsmedel som m\u00e5ste anv\u00e4ndas och vilka som kan l\u00e4mnas oanv\u00e4nda kr\u00e4ver som huvudregel en genomg\u00e5ng av Europadomstolens praxis.<\/p>\r\n<p class=\"checking-item-heading\">9. Fel vid ifyllandet av avsnitt \u201dH. Andra internationella f\u00f6rfaranden f\u00f6r pr\u00f6vning eller f\u00f6rlikning\u201d<\/p>\r\n<ul class=\"vlist\">\r\n<li class=\"vitem\">Om klagom\u00e5let inte har tagits upp inom n\u00e5got annat internationellt f\u00f6rfarande f\u00f6r pr\u00f6vning eller f\u00f6rlikning och klaganden inte tidigare har haft klagom\u00e5l vid Europadomstolen: \u201dNej\u201d har inte markerats i f\u00e4lten 66 och 68.<\/li>\r\n<li class=\"vitem\">Om klagom\u00e5let har tagits upp inom ett s\u00e5dant annat internationellt f\u00f6rfarande:\r\n<ul class=\"vlist\">\r\n<li class=\"vitem\">\u201dJa\u201d har inte markerats i f\u00e4lt 66; eller<\/li>\r\n<li class=\"vitem\">i f\u00e4lt 67 beskrivs inte vilka klagom\u00e5l som har tagits upp, hos vilket organ, n\u00e4r detta skedde och vilket avg\u00f6rande som fattades.<\/li>\r\n<\/ul>\r\n<\/li>\r\n<li class=\"vitem\">Om klaganden tidigare har haft klagom\u00e5l vid Europadomstolen:\r\n<ul class=\"vlist\">\r\n<li class=\"vitem\">\u201dJa\u201d har inte markerats i f\u00e4lt 68; eller<\/li>\r\n<li class=\"vitem\">m\u00e5lnumren f\u00f6r dessa klagom\u00e5l saknas i f\u00e4lt 69.<\/li>\r\n<\/ul>\r\n<\/li>\r\n<\/ul>\r\n<p class=\"checking-item-heading\">10. Fel vid ifyllandet av avsnitt \u201dI. F\u00f6rteckning \u00f6ver bifogade handlingar\u201d<\/p>\r\n<ul class=\"vlist\">\r\n<li class=\"vitem\">Minst en bilaga har inte tagits upp:\r\n<ul class=\"vlist\">\r\n<li class=\"vitem\">i f\u00e4lt 70; eller<\/li>\r\n<li class=\"vitem\">om det inte finns tillr\u00e4ckligt utrymme d\u00e4r: p\u00e5 ett separat blad med fortsatt numrering fr\u00e5n f\u00e4lt 70.<\/li>\r\n<\/ul>\r\n<\/li>\r\n<li class=\"vitem\">Kopia, skanning eller foto av f\u00f6ljande avg\u00f6randen och andra handlingar saknas, \u00e4r ofullst\u00e4ndig eller \u00e4r ol\u00e4slig:\r\n<ul class=\"vlist\">\r\n<li class=\"vitem\">alla avg\u00f6randen och handlingar som avser de \u00e5tg\u00e4rder som klagom\u00e5let riktar sig mot;<\/li>\r\n<li class=\"vitem\">om klaganden har anv\u00e4nt r\u00e4ttsmedel:\r\n<ul class=\"vlist\">\r\n<li class=\"vitem\">alla avg\u00f6randen som fattades n\u00e4r r\u00e4ttsmedlen anv\u00e4ndes, inklusive separata handlingar med motivering om s\u00e5dana meddelades separat;<\/li>\r\n<li class=\"vitem\">alla \u00f6verklaganden, ans\u00f6kningar eller andra inlagor till nationella myndigheter som beh\u00f6vs f\u00f6r att visa att k\u00e4rnan i varje kr\u00e4nkning som redovisas i formul\u00e4ret har tagits upp p\u00e5 nationell niv\u00e5;<\/li>\r\n<\/ul>\r\n<\/li>\r\n<li class=\"vitem\">om klaganden ber\u00e4knar fristen f\u00f6r att klaga till Europadomstolen fr\u00e5n den dag d\u00e5 det slutliga avg\u00f6randet delgavs eller togs emot: handlingar som styrker detta datum;<\/li>\r\n<li class=\"vitem\">vid anv\u00e4ndning av andra internationella f\u00f6rfaranden f\u00f6r pr\u00f6vning eller f\u00f6rlikning: relevanta handlingar;<\/li>\r\n<li class=\"vitem\">om klaganden \u00e4r en juridisk person: handlingar som styrker beh\u00f6righeten f\u00f6r den juridiska personens f\u00f6retr\u00e4dare.<\/li>\r\n<\/ul>\r\n<\/li>\r\n<\/ul>\r\n<p>Undantag kan dock f\u00f6rekomma. En kopia av ett avg\u00f6rande eller en annan handling beh\u00f6ver inte bifogas om det i formul\u00e4ret f\u00f6rklaras att det var praktiskt om\u00f6jligt att f\u00e5 tag p\u00e5 handlingen.<\/p>\r\n<p>Notera. Jag rekommenderar starkt f\u00f6ljande:<\/p>\r\n<ul class=\"vlist\">\r\n<li class=\"vitem\">bifoga inte lagringsmedier, till exempel CD-ROM-skivor eller USB-minnen, med ljud- eller videoinspelningar eller andra filer till formul\u00e4ret. Centrala fakta som bygger p\u00e5 s\u00e5dant material ska beskrivas med ord, med en uppgift om att materialet finns. Vid behov kommer Europadomstolen att beg\u00e4ra in det. Ett lagringsmedium med den elektroniska versionen av tabellen, se punkt 2 ovan, f\u00e5r d\u00e4remot bifogas.<\/li>\r\n<li class=\"vitem\">ordna bilagorna kronologiskt, eller efter separata f\u00f6rfaranden om det finns flera s\u00e5dana och d\u00e4refter kronologiskt inom varje f\u00f6rfarande;<\/li>\r\n<li class=\"vitem\">sidnumrera samtliga sidor i bilagorna l\u00f6pande och ange, i h\u00f6gra delen av f\u00e4lt 70 och p\u00e5 ett eventuellt separat forts\u00e4ttningsblad, p\u00e5 vilka sidor varje bilaga finns enligt denna numrering.<\/li>\r\n<\/ul>\r\n<p class=\"checking-item-heading\">11. Fel vid ifyllandet av avsnitt \u201dF\u00f6rklaring och underskrift\u201d<\/p>\r\n<ul class=\"vlist\">\r\n<li class=\"vitem\">Datum saknas i f\u00e4lt 72; eller<\/li>\r\n<li class=\"vitem\">i f\u00e4lt 73 saknas:\r\n<ul class=\"vlist\">\r\n<li class=\"vitem\">f\u00f6r varje klagande som undertecknar formul\u00e4ret personligen: klagandens egenh\u00e4ndiga underskrift; eller<\/li>\r\n<li class=\"vitem\">f\u00f6r varje klagande vars formul\u00e4r undertecknas av ett ombud: ombudets egenh\u00e4ndiga underskrift.<\/li>\r\n<\/ul>\r\n<\/li>\r\n<\/ul>\r\n<p class=\"checking-item-heading\">12. Fel vid ifyllandet av avsnitt \u201dKontaktperson\u201d<\/p>\r\n<ul class=\"vlist\">\r\n<li class=\"vitem\">Om det finns flera klagande:\r\n<ul class=\"vlist\">\r\n<li class=\"vitem\">i f\u00e4lt 74 anges inte efternamn, f\u00f6rnamn, eventuellt mellannamn och adress f\u00f6r en enda kontaktperson;<\/li>\r\n<li class=\"vitem\">om ett ombud har utsetts: i f\u00e4lt 74 anges klagandens uppgifter i st\u00e4llet f\u00f6r ombudets.<\/li>\r\n<\/ul>\r\n<\/li>\r\n<\/ul>\r\n<p class=\"checking-item-heading\">13. Fel vid ifyllandet av bilagan till formul\u00e4ret<\/p>\r\n<ul class=\"vlist\">\r\n<li class=\"vitem\">Om en bilaga har fogats till formul\u00e4ret:\r\n<ul class=\"vlist\">\r\n<li class=\"vitem\">\u00f6verstiger den 20 sidor; eller<\/li>\r\n<li class=\"vitem\">uppfyller den inte formkraven: A4-ark, marginaler p\u00e5 minst 3,5 centimeter, teckenstorlek minst 12 punkter i br\u00f6dtexten och 10 punkter i fotnoter samt l\u00f6pande numrerade sidor och stycken; eller<\/li>\r\n<li class=\"vitem\">inneh\u00e5ller centrala fakta, en redog\u00f6relse f\u00f6r p\u00e5st\u00e5dda kr\u00e4nkningar eller information om utt\u00f6mmande av r\u00e4ttsmedel som saknas i avsnitten E, F och G.<\/li>\r\n<\/ul>\r\n<\/li>\r\n<\/ul>\r\n<p>Notera. Bilagan till formul\u00e4ret \u00e4r endast avsedd f\u00f6r ytterligare uppgifter och f\u00f6rklaringar ut\u00f6ver det som ska anges i avsnitten E, F och G. Den kan inneh\u00e5lla mer detaljerade uppgifter om de inhemska f\u00f6rfarandena och om hur de nationella myndigheterna behandlade de argument som lagts fram f\u00f6r dem. Bilagan kan ocks\u00e5 inneh\u00e5lla kompletterande omst\u00e4ndigheter och argument som r\u00f6r de p\u00e5st\u00e5dda kr\u00e4nkningar som redan har redovisats i sj\u00e4lva formul\u00e4ret.<\/p>\r\n<p class=\"checking-item-heading\">14. Fel vid en ny inl\u00e4mning av formul\u00e4ret till Europadomstolen<\/p>\r\n<ul class=\"vlist\">\r\n<li class=\"vitem\">Om formul\u00e4ret skickas in p\u00e5 nytt efter att Europadomstolen inte har godtagit klagom\u00e5let m\u00e5ste den nya inl\u00e4mningen omfatta kopior av alla handlingar som den h\u00e4nvisar till. Det \u00e4r allts\u00e5 ett fel att skicka saknade handlingar eller uppgifter separat, eller att inte p\u00e5 nytt bifoga kopior av handlingar som redan har skickats till Europadomstolen.<\/li>\r\n<\/ul>\r\n<p>Notera. \u00c4ven om avsaknaden av denna information inte n\u00f6dv\u00e4ndigtvis leder till att klagom\u00e5let inte godtas, rekommenderar jag starkt f\u00f6ljande. Om klaganden redan har v\u00e4nt sig till Europadomstolen i samma fr\u00e5ga och har f\u00e5tt streckkodsetiketter, placera en s\u00e5dan etikett i det relevanta f\u00e4ltet l\u00e4ngst upp till v\u00e4nster p\u00e5 formul\u00e4rets f\u00f6rsta sida. Om det inte finns n\u00e5gra s\u00e5dana etiketter, ange \u00e5tminstone det nummer som st\u00e5r i brevet fr\u00e5n Europadomstolen i f\u00e4ltet f\u00f6r klagom\u00e5lets m\u00e5lnummer l\u00e4ngst upp till h\u00f6ger p\u00e5 formul\u00e4rets f\u00f6rsta sida.<\/p>\r\n<p class=\"checking-group-heading\">II. Fel som \u00f6kar risken f\u00f6r att klagom\u00e5let eller en del av det avvisas<\/p>\r\n<p class=\"checking-item-heading\">15. Inneh\u00e5llsm\u00e4ssiga fel i redog\u00f6relsen f\u00f6r p\u00e5st\u00e5dda kr\u00e4nkningar<\/p>\r\n<ul class=\"vlist\">\r\n<li class=\"vitem\">Redog\u00f6relsen f\u00f6r den p\u00e5st\u00e5dda kr\u00e4nkningen \u00e4r avg\u00f6rande mots\u00e4gelsefull. Om flera p\u00e5st\u00e5dda kr\u00e4nkningar redovisas i avsnitt F i formul\u00e4ret bed\u00f6ms avg\u00f6rande mots\u00e4gelsefullhet enligt punkterna 15\u201317 separat f\u00f6r var och en av dem. H\u00e4r och nedan betyder \u201davg\u00f6rande mots\u00e4gelsefull\u201d att det i en del som \u00e4r v\u00e4sentlig f\u00f6r Europadomstolens slutsatser g\u00e4ller att:\r\n<ul class=\"vlist\">\r\n<li class=\"vitem\">redog\u00f6relsen f\u00f6r fakta i den aktuella fr\u00e5gan:\r\n<ul class=\"vlist\">\r\n<li class=\"vitem\">\u00e4r internt mots\u00e4gelsefull; eller<\/li>\r\n<li class=\"vitem\">st\u00e4mmer inte \u00f6verens med inneh\u00e5llet i bilagorna till formul\u00e4ret; eller<\/li>\r\n<\/ul>\r\n<\/li>\r\n<li class=\"vitem\">redog\u00f6relsen f\u00f6r den p\u00e5st\u00e5dda kr\u00e4nkningen eller informationen om uppfyllandet av det relevanta pr\u00f6vningsvillkoret st\u00e4mmer inte \u00f6verens med:\r\n<ul class=\"vlist\">\r\n<li class=\"vitem\">redog\u00f6relsen f\u00f6r fakta; eller<\/li>\r\n<li class=\"vitem\">Europadomstolens praxis.<\/li>\r\n<\/ul>\r\n<\/li>\r\n<\/ul>\r\n<\/li>\r\n<\/ul>\r\n<p>Notera. \u00c4ven om detta inte n\u00f6dv\u00e4ndigtvis leder till att klagom\u00e5let inte godtas, rekommenderar jag starkt att du undviker f\u00f6rkortningar, symboler och tecken som kan g\u00f6ra det sv\u00e5rt att f\u00f6rst\u00e5 det som st\u00e5r i formul\u00e4ret.<\/p>\r\n<p class=\"checking-item-heading\">16. Inneh\u00e5llsm\u00e4ssiga fel i redog\u00f6relsen f\u00f6r r\u00e4ttsmedel och tidsfristen f\u00f6r att klaga till Europadomstolen<\/p>\r\n<ul class=\"vlist\">\r\n<li class=\"vitem\">F\u00f6ljande uppgifter \u00e4r avg\u00f6rande mots\u00e4gelsefulla:\r\n<ul class=\"vlist\">\r\n<li class=\"vitem\">informationen om anv\u00e4ndningen av r\u00e4ttsmedel eller sk\u00e4len till att de inte anv\u00e4ndes; eller<\/li>\r\n<li class=\"vitem\">informationen om iakttagandet av tidsfristen f\u00f6r att klaga till Europadomstolen.<\/li>\r\n<\/ul>\r\n<\/li>\r\n<\/ul>\r\n<p class=\"checking-item-heading\">17. Inneh\u00e5llsm\u00e4ssiga fel i redog\u00f6relsen f\u00f6r \u00f6vriga pr\u00f6vningsvillkor<\/p>\r\n<ul class=\"vlist\">\r\n<li class=\"vitem\">I formul\u00e4ret \u00e5beropas en kr\u00e4nkning av ett protokoll till konventionen som svarandestaten inte har ratificerat.<\/li>\r\n<li class=\"vitem\">I formul\u00e4ret \u00e5beropas en kr\u00e4nkning som tillskrivs en stat som inte \u00e4r part i konventionen.<\/li>\r\n<li class=\"vitem\">Om det finns rimliga tvivel om n\u00e5got av f\u00f6ljande pr\u00f6vningsvillkor \u00e4r uppfyllt saknas information om det relevanta villkoret i formul\u00e4ret, eller s\u00e5 \u00e4r den information som finns avg\u00f6rande mots\u00e4gelsefull:\r\n<ul class=\"vlist\">\r\n<li class=\"vitem\">svarandestaten kan b\u00e4ra ansvar f\u00f6r den redovisade kr\u00e4nkningen;<\/li>\r\n<li class=\"vitem\">klaganden har r\u00e4tt att klaga till Europadomstolen enligt artikel 34 i konventionen;<\/li>\r\n<li class=\"vitem\">ombudet har r\u00e4tt att agera utan fullmakt, om formul\u00e4ret har undertecknats av ombudet och klaganden inte har undertecknat det vare sig i f\u00e4lt 73 eller i avsnittet \u201dFullmakt\u201d;<\/li>\r\n<li class=\"vitem\">klaganden befann sig under svarandestatens jurisdiktion;<\/li>\r\n<li class=\"vitem\">den redovisade kr\u00e4nkningen intr\u00e4ffade under den tid d\u00e5 konventionen g\u00e4llde f\u00f6r svarandestaten och, om r\u00e4ttigheterna och friheterna f\u00f6ljer av ett protokoll, under den tid d\u00e5 det relevanta protokollet g\u00e4llde f\u00f6r staten;<\/li>\r\n<li class=\"vitem\">klaganden hade och har fortfarande st\u00e4llning som offer f\u00f6r kr\u00e4nkningen;<\/li>\r\n<li class=\"vitem\">klaganden har lidit ett avsev\u00e4rt men;<\/li>\r\n<li class=\"vitem\">klagom\u00e5let \u00e4r i sak inte detsamma som ett klagom\u00e5l som redan har pr\u00f6vats av Europadomstolen och \u00e4r inte f\u00f6rem\u00e5l f\u00f6r n\u00e5got annat internationellt f\u00f6rfarande f\u00f6r pr\u00f6vning eller f\u00f6rlikning.<\/li>\r\n<\/ul>\r\n<\/li>\r\n<li class=\"vitem\">Klagom\u00e5let visar tecken p\u00e5 missbruk av r\u00e4tten att klaga till Europadomstolen.<\/li>\r\n<\/ul>\r\n<\/div>\r\n<\/div>\r\n<div class=\"mywpcf7cf\">Efter granskningen skickar jag dig en lista \u00f6ver de fel jag har hittat, med f\u00f6rklaringar.<\/div>\r\n<div class=\"mywpcf7cf\">Mina f\u00f6rklaringar g\u00f6r det m\u00f6jligt f\u00f6r dig att r\u00e4tta n\u00e4stan alla de fel som leder till att mer \u00e4n 8 000 klagom\u00e5l varje \u00e5r inte godtas av Europadomstolen. Min erfarenhet visar att s\u00e5dana fel g\u00e5r att undvika: under 22 \u00e5r har Europadomstolen godtagit vart och ett av de mer \u00e4n 170 klagom\u00e5l som jag har f\u00f6rberett. Om s\u00e5dana fel redan finns i ditt formul\u00e4r kan jag allts\u00e5 hitta dem, s\u00e5 att du kan skicka formul\u00e4ret till Europadomstolen utan dem och ge ditt klagom\u00e5l b\u00e4sta m\u00f6jliga chans att godtas. Om klagom\u00e5let inte godtas kommer Europadomstolen inte att pr\u00f6va det. Det \u00e4r ocks\u00e5 viktigt att f\u00f6rst\u00e5 att det n\u00e4stan alltid \u00e4r f\u00f6r sent att v\u00e4nta p\u00e5 ett avslag och r\u00e4tta formul\u00e4ret f\u00f6rst d\u00e4refter. N\u00e4r du skickar formul\u00e4ret till Europadomstolen forts\u00e4tter den korta fristen f\u00f6r att klaga till domstolen att l\u00f6pa. En del av fristen har normalt redan g\u00e5tt n\u00e4r formul\u00e4ret skickas, och \u00e5terstoden hinner n\u00e4stan alltid l\u00f6pa ut medan formul\u00e4ret levereras till Europadomstolen, kontrolleras av domstolen och beskedet om avslaget n\u00e5r dig med vanlig post. \u00c4ven om det i teorin g\u00e5r att r\u00e4tta formul\u00e4ret och skicka in det p\u00e5 nytt efter ett avslag \u00e4r det d\u00e4rf\u00f6r i praktiken n\u00e4stan alltid meningsl\u00f6st: klagom\u00e5let kommer \u00e4nd\u00e5 att avvisas som f\u00f6r sent inkommet, \u00e4ven om domstolen skulle godta det.<\/div>\r\n<div class=\"mywpcf7cf\">Att ett klagom\u00e5l har godtagits inneb\u00e4r inte att fr\u00e5gan om det kan tas upp till pr\u00f6vning redan \u00e4r avgjord. Omkring 70 % av klagom\u00e5len till Europadomstolen avvisas i sin helhet kort efter att de har kommit in. N\u00e4stan alla \u00f6vriga klagom\u00e5l avvisas \u00e5tminstone delvis, ibland i just den del som \u00e4r viktigast f\u00f6r klaganden. I m\u00e5nga fall beror det p\u00e5 omst\u00e4ndigheterna i \u00e4rendet. Men inte alltid. I formul\u00e4ret kan det saknas viktiga fakta, fullst\u00e4ndiga uppgifter om hur pr\u00f6vningsvillkoren \u00e4r uppfyllda eller en fullst\u00e4ndig redog\u00f6relse f\u00f6r p\u00e5st\u00e5dda kr\u00e4nkningar. De redovisade fakta, uppgifterna om pr\u00f6vningsvillkoren och redog\u00f6relsen f\u00f6r de p\u00e5st\u00e5dda kr\u00e4nkningarna kan dessutom avvika fr\u00e5n Europadomstolens praxis, vara oklara eller osammanh\u00e4ngande eller mots\u00e4gas av bilagorna. S\u00e5dana fel kan l\u00e4tt leda till att Europadomstolen avvisar klagom\u00e5let. Mina f\u00f6rklaringar hj\u00e4lper dig att se felen och f\u00f6rst\u00e5 vilken del av klagom\u00e5let de hotar. Ibland kan felen r\u00e4ttas direkt med st\u00f6d av f\u00f6rklaringarna. Men om felen \u00e4r m\u00e5nga, eller om n\u00e5gra av dem kr\u00e4ver omfattande f\u00f6rklaringar, kan de tre timmar som ing\u00e5r i det fasta priset f\u00f6r granskningen av ett formul\u00e4r inte r\u00e4cka f\u00f6r en utf\u00f6rlig f\u00f6rklaring av varje fel. Du f\u00e5r \u00e4nd\u00e5 minst en kort f\u00f6rklaring till varje fel som jag hittar.<\/div>\r\n<div class=\"mywpcf7cf\">Granskningen kostar 600 euro och tar normalt h\u00f6gst en vecka.<\/div>\r\n<div class=\"mywpcf7cf\">Om du beh\u00f6ver resultatet snabbare, <a href=\"mailto:oleg.anishchik@europeancourt.org?subject=Granskning av klagoformul\u00e4ret till Europadomstolen: br\u00e5dskande granskning&amp;body=Kan du g\u00f6ra en br\u00e5dskande granskning av klagoformul\u00e4ret?\">skriv till mig<\/a> och fr\u00e5ga om en br\u00e5dskande granskning \u00e4r m\u00f6jlig. Jag lovar att svara p\u00e5 ett s\u00e5dant mejl inom 24 timmar. Om jag svarar ja och du omedelbart skickar formul\u00e4ret f\u00f6r granskning lovar jag att utf\u00f6ra granskningen inom de f\u00f6ljande 24 timmarna.<\/div>\r\n<div class=\"mywpcf7cf\">Den h\u00e4r granskningen passar inte dig om n\u00e5got av f\u00f6ljande p\u00e5st\u00e5enden st\u00e4mmer in p\u00e5 dig:<\/div>\r\n<ul class=\"checking-blocklist\">\r\n<li><label><input type=\"checkbox\" class=\"ec-checking-blocker\" \/><span>Jag kan sj\u00e4lv hitta alla fel i formul\u00e4ret.<\/span><\/label><\/li>\r\n<li><label><input type=\"checkbox\" class=\"ec-checking-blocker\" \/><span>Jag r\u00e4knar med att f\u00e5 tillbaka ett r\u00e4ttat formul\u00e4r efter granskningen, eller detaljerade f\u00f6rklaringar av hur varje uppt\u00e4ckt fel ska r\u00e4ttas.<\/span><\/label><\/li>\r\n<li><label><input type=\"checkbox\" class=\"ec-checking-blocker\" \/><span>Jag \u00e4r inte beredd att g\u00f6ra tydliga skanningar eller fotografier av pappersbilagor f\u00f6r att skicka dem tillsammans med formul\u00e4ret f\u00f6r granskning.<\/span><\/label><\/li>\r\n<li><label><input type=\"checkbox\" class=\"ec-checking-blocker\" \/><span>Jag vill bara f\u00e5 vissa fel granskade, inte alla.<\/span><\/label><\/li>\r\n<li><label><input type=\"checkbox\" class=\"ec-checking-blocker\" \/><span>F\u00f6r mig \u00e4r det just nu viktigare att spara in kostnaden f\u00f6r granskningen \u00e4n att ge mitt klagom\u00e5l b\u00e4sta m\u00f6jliga chans att godtas och minska risken f\u00f6r att det avvisas.<\/span><\/label><\/li>\r\n<\/ul>\r\n<div class=\"checking-load-wrap\">\r\n<div class=\"checking-load-button-row\"><button type=\"button\" class=\"mybutton blue\" id=\"ec-checking-load-form\">Skicka formul\u00e4ret f\u00f6r granskning<\/button><\/div>\r\n<div id=\"ec-checking-load-status\" class=\"checking-load-status\" role=\"status\" aria-live=\"polite\"><\/div>\r\n<\/div>\r\n<div class=\"mywpcf7cf mywpcf7cf-utility checking-utility-row\">\r\n<div class=\"mybutton red not-in-text-button is-disabled\" aria-disabled=\"true\">B\u00f6rja om<\/div>\r\n<div class=\"mybutton red not-in-text-button\" onclick=\"window.location.href='mailto:oleg.anishchik@europeancourt.org?subject=Granskning av klagoformul\u00e4ret till Europadomstolen: fel&amp;body=Felbeskrivning:';\">Rapportera ett fel<\/div>\r\n<\/div>\r\n<\/div>\r\n<div class=\"checking-form-shell\" id=\"ec-checking-form-shell\">\r\n<div id=\"ajax_content\" class=\"checking-ajax-content\" data-loaded=\"0\"><\/div>\r\n<\/div>\r\n<\/div>","protected":false},"excerpt":{"rendered":"Om du ber mig granska formul\u00e4ret g\u00e5r jag igenom det och identifierar vilka av felen nedan som finns i det. Listan bygger p\u00e5 Europadomstolens krav och p\u00e5 min erfarenhet av att f\u00f6rbereda och granska&#46;&#46;&#46;","protected":false},"author":6,"featured_media":226112,"parent":222230,"menu_order":0,"comment_status":"closed","ping_status":"closed","template":"","meta":{"footnotes":""},"categories":[],"tags":[],"class_list":["post-225487","page","type-page","status-publish","has-post-thumbnail","hentry"],"_links":{"self":[{"href":"https:\/\/europeancourt.org\/sv\/wp-json\/wp\/v2\/pages\/225487","targetHints":{"allow":["GET"]}}],"collection":[{"href":"https:\/\/europeancourt.org\/sv\/wp-json\/wp\/v2\/pages"}],"about":[{"href":"https:\/\/europeancourt.org\/sv\/wp-json\/wp\/v2\/types\/page"}],"author":[{"embeddable":true,"href":"https:\/\/europeancourt.org\/sv\/wp-json\/wp\/v2\/users\/6"}],"replies":[{"embeddable":true,"href":"https:\/\/europeancourt.org\/sv\/wp-json\/wp\/v2\/comments?post=225487"}],"version-history":[{"count":3,"href":"https:\/\/europeancourt.org\/sv\/wp-json\/wp\/v2\/pages\/225487\/revisions"}],"predecessor-version":[{"id":226188,"href":"https:\/\/europeancourt.org\/sv\/wp-json\/wp\/v2\/pages\/225487\/revisions\/226188"}],"up":[{"embeddable":true,"href":"https:\/\/europeancourt.org\/sv\/wp-json\/wp\/v2\/pages\/222230"}],"wp:featuredmedia":[{"embeddable":true,"href":"https:\/\/europeancourt.org\/sv\/wp-json\/wp\/v2\/media\/226112"}],"wp:attachment":[{"href":"https:\/\/europeancourt.org\/sv\/wp-json\/wp\/v2\/media?parent=225487"}],"wp:term":[{"taxonomy":"category","embeddable":true,"href":"https:\/\/europeancourt.org\/sv\/wp-json\/wp\/v2\/categories?post=225487"},{"taxonomy":"post_tag","embeddable":true,"href":"https:\/\/europeancourt.org\/sv\/wp-json\/wp\/v2\/tags?post=225487"}],"curies":[{"name":"wp","href":"https:\/\/api.w.org\/{rel}","templated":true}]}}