{"id":225491,"date":"2026-04-26T14:48:59","date_gmt":"2026-04-26T12:48:59","guid":{"rendered":"https:\/\/europeancourt.org\/juridisk-r%c3%a5dgivning-och-kontakter\/"},"modified":"2026-04-26T17:32:12","modified_gmt":"2026-04-26T15:32:12","slug":"juridisk-r%c3%a5dgivning-och-kontakter","status":"publish","type":"page","link":"https:\/\/europeancourt.org\/sv\/juridisk-r%c3%a5dgivning-och-kontakter\/","title":{"rendered":"Juridisk r\u00e5dgivning och kontakter"},"content":{"rendered":"<div class=\"mywpcf7cf myshow myhide\">Jag beh\u00f6ver:<\/div>\n\n<div class=\"myshow myhide\"><span class=\"wpcf7-radio\"><span class=\"wpcf7-list-item\"><label><span class=\"wpcf7-list-item-label\">f\u00f6rbereda ett klagom\u00e5l till Europadomstolen<\/span><\/label><\/span><\/span><\/div>\n\n<div class=\"myshow myhide\"><span class=\"wpcf7-radio\"><span class=\"wpcf7-list-item\"><label><span class=\"wpcf7-list-item-label\">granska klagoformul\u00e4ret f\u00f6r fel innan det skickas till Europadomstolen<\/span><\/label><\/span><\/span><\/div>\n\n<div class=\"myshow myhide\"><span class=\"wpcf7-radio\"><span class=\"wpcf7-list-item\"><label><span class=\"wpcf7-list-item-label\">f\u00f6retr\u00e4dande av klagande inf\u00f6r Europadomstolen efter att Europadomstolen har underr\u00e4ttat den ber\u00f6rda regeringen om klagom\u00e5let<\/span><\/label><\/span><\/span><\/div>\n\n<div class=\"myshow myhide\"><span class=\"wpcf7-radio\"><span class=\"wpcf7-list-item\"><label><span class=\"wpcf7-list-item-label\">f\u00e5 veta vad som har h\u00e4nt med ett klagom\u00e5l hos Europadomstolen<\/span><\/label><\/span><\/span><\/div>\n\n<div class=\"myshow myhide\"><span class=\"wpcf7-radio\"><span class=\"wpcf7-list-item\"><label><span class=\"wpcf7-list-item-label\">ladda ner klagoformul\u00e4ret till Europadomstolen<\/span><\/label><\/span><\/span><\/div>\n\n<div class=\"myshow myhide\"><span class=\"wpcf7-radio\"><span class=\"wpcf7-list-item\"><label><span class=\"wpcf7-list-item-label\">beg\u00e4ra skriftlig konsultation<\/span><\/label><\/span><\/span><\/div>\n\n<div class=\"myshow myhide\"><span class=\"wpcf7-radio\"><span class=\"wpcf7-list-item\"><label><span class=\"wpcf7-list-item-label\">visa kontaktuppgifter<\/span><\/label><\/span><\/span><\/div>\n<div id=\"ajax_content\"><\/div>","protected":false},"excerpt":{"rendered":"Jag beh\u00f6ver: f\u00f6rbereda ett klagom\u00e5l till Europadomstolen granska klagoformul\u00e4ret f\u00f6r fel innan det skickas till Europadomstolen f\u00f6retr\u00e4dande av klagande inf\u00f6r Europadomstolen efter att Europadomstolen har underr\u00e4ttat den ber\u00f6rda regeringen om klagom\u00e5let f\u00e5 veta vad&#46;&#46;&#46;","protected":false},"author":0,"featured_media":0,"parent":0,"menu_order":0,"comment_status":"closed","ping_status":"closed","template":"","meta":{"footnotes":""},"categories":[],"tags":[],"class_list":["post-225491","page","type-page","status-publish","hentry"],"_links":{"self":[{"href":"https:\/\/europeancourt.org\/sv\/wp-json\/wp\/v2\/pages\/225491","targetHints":{"allow":["GET"]}}],"collection":[{"href":"https:\/\/europeancourt.org\/sv\/wp-json\/wp\/v2\/pages"}],"about":[{"href":"https:\/\/europeancourt.org\/sv\/wp-json\/wp\/v2\/types\/page"}],"replies":[{"embeddable":true,"href":"https:\/\/europeancourt.org\/sv\/wp-json\/wp\/v2\/comments?post=225491"}],"version-history":[{"count":1,"href":"https:\/\/europeancourt.org\/sv\/wp-json\/wp\/v2\/pages\/225491\/revisions"}],"predecessor-version":[{"id":225659,"href":"https:\/\/europeancourt.org\/sv\/wp-json\/wp\/v2\/pages\/225491\/revisions\/225659"}],"wp:attachment":[{"href":"https:\/\/europeancourt.org\/sv\/wp-json\/wp\/v2\/media?parent=225491"}],"wp:term":[{"taxonomy":"category","embeddable":true,"href":"https:\/\/europeancourt.org\/sv\/wp-json\/wp\/v2\/categories?post=225491"},{"taxonomy":"post_tag","embeddable":true,"href":"https:\/\/europeancourt.org\/sv\/wp-json\/wp\/v2\/tags?post=225491"}],"curies":[{"name":"wp","href":"https:\/\/api.w.org\/{rel}","templated":true}]}}