{"id":225497,"date":"2026-04-26T14:48:47","date_gmt":"2026-04-26T12:48:47","guid":{"rendered":"https:\/\/europeancourt.org\/hizmetler\/aihm\/ba%c5%9fvuranlar%c4%b1n-a%c4%b0hmde-temsil-edilmesi\/"},"modified":"2026-04-26T17:32:32","modified_gmt":"2026-04-26T15:32:32","slug":"ba%c5%9fvuranlar%c4%b1n-a%c4%b0hmde-temsil-edilmesi","status":"publish","type":"page","link":"https:\/\/europeancourt.org\/tr\/hizmetler\/aihm\/ba%c5%9fvuranlar%c4%b1n-a%c4%b0hmde-temsil-edilmesi\/","title":{"rendered":"Ba\u015fvuranlar\u0131n A\u0130HM\u2019de temsil edilmesi"},"content":{"rendered":"<div id=\"ec-representation-page\" class=\"ec-service-page ec-service-representation\" data-service=\"representation\">\n<div class=\"ec-service-screen ec-service-screen-1\">\n<div class=\"mywpcf7cf myshow myhide\">Bu hizmet yaln\u0131zca A\u0130HM\u2019in ba\u015fvuruyu ilgili H\u00fck\u00fcmete bildirdi\u011fi ve ba\u015fvurucudan yaz\u0131l\u0131 g\u00f6r\u00fc\u015f sunmas\u0131n\u0131 istedi\u011fi dosyalar i\u00e7in sunulur.<\/div>\n<div class=\"mywpcf7cf myshow myhide\">A\u0130HM\u2019de temsilin \u00fccreti, A\u0130HM\u2019in sorular\u0131na verilecek cevaplar\u0131n, ilgili H\u00fck\u00fcmetin ileri s\u00fcrd\u00fc\u011f\u00fc g\u00f6r\u00fc\u015flere verilecek yan\u0131t\u0131n, gerekti\u011finde olaylara ili\u015fkin a\u00e7\u0131klamalar\u0131n ve adil tazmin taleplerinin haz\u0131rlanmas\u0131 i\u00e7in ne kadar zaman gerekece\u011fine ba\u011fl\u0131d\u0131r. \u00dccret aral\u0131\u011f\u0131 \u00e7ok geni\u015ftir: \u00e7al\u0131\u015fma iki-\u00fc\u00e7 saatle s\u0131n\u0131rl\u0131 kald\u0131\u011f\u0131nda birka\u00e7 y\u00fcz avrodan, onlarca saat gerekti\u011finde 10 bin avroya, hatta daha fazlas\u0131na kadar \u00e7\u0131kabilir.<\/div>\n<div class=\"mywpcf7cf myshow myhide\">Sizin durumunuzda ne kadar zaman gerekece\u011fini ve buna ba\u011fl\u0131 olarak temsilin ne kadara mal olaca\u011f\u0131n\u0131 ancak belgeleri g\u00f6rd\u00fckten sonra belirleyebilirim. Ba\u015fvuruyu t\u00fcm ekleriyle birlikte, bu ba\u015fvuruyla ilgili olarak A\u0130HM\u2019e ayr\u0131ca g\u00f6nderilen ve A\u0130HM\u2019den al\u0131nan t\u00fcm belge ve yaz\u0131\u015fmalar\u0131 sunun. Ek belgelere ihtiya\u00e7 duyarsam sizden isterim.<\/div>\n<div class=\"mywpcf7cf myshow myhide\">Gerekli t\u00fcm belge ve bilgileri ald\u0131ktan sonra A\u0130HM\u2019de temsil \u00fccretine ili\u015fkin talebinize genellikle bir hafta i\u00e7inde cevap veririm. A\u0130HM\u2019in yaz\u0131l\u0131 g\u00f6r\u00fc\u015fler veya ba\u015fka materyaller sunulmas\u0131 i\u00e7in belirledi\u011fi s\u00fcre \u00f6n\u00fcm\u00fczdeki birka\u00e7 g\u00fcn i\u00e7inde doluyorsa, bana yaz\u0131p talebinizi acil olarak inceleyip inceleyemeyece\u011fimi sorun. Bu e-postaya 24 saat i\u00e7inde cevap vermeyi taahh\u00fct ederim. Acil inceleme yapabilece\u011fimi teyit edersem ve gerekli belge ve bilgileri hemen sunarsan\u0131z, talebinizle ilgili de\u011ferlendirmemi sonraki 48 saat i\u00e7inde bildirmeyi taahh\u00fct ederim.<\/div>\n<div class=\"mywpcf7cf myshow myhide\">Zaman kaybetmemek i\u00e7in, hizmetin \u00fccretini bildirirken s\u00f6zle\u015fmeyi ve A\u0130HM\u2019de temsil i\u00e7in doldurulmu\u015f yetki belgesi formunu da ayn\u0131 anda g\u00f6nderirim. Yetki belgesinin \u00e7\u0131kt\u0131s\u0131n\u0131 alman\u0131z, imzalaman\u0131z ve Fransa\u2019daki adresime posta yoluyla g\u00f6ndermeniz gerekir. A\u0130HM i\u00e7in belgeler haz\u0131rland\u0131ktan sonra hizmet \u00fccretini \u0130svi\u00e7re\u2019deki banka hesab\u0131ma banka havalesiyle veya \u00f6demenin yap\u0131ld\u0131\u011f\u0131 \u00fclkeye g\u00f6re ba\u015fka y\u00f6ntemlerle \u00f6deyebilirsiniz. Ancak \u00f6demenin belgeler A\u0130HM\u2019e g\u00f6nderilmeden \u00f6nce yap\u0131lmas\u0131 daha iyidir: b\u00f6ylece \u00f6deme yap\u0131ld\u0131\u011f\u0131n\u0131 g\u00f6steren belge adil tazmin taleplerine eklenebilir ve Mahkeme\u2019de ba\u015fvurucunun temsili i\u00e7in daha \u00f6nce yap\u0131lm\u0131\u015f giderlerin geri \u00f6denmesi talebini gerek\u00e7elendirmek \u00e7ok daha kolay olur.<\/div>\n<div class=\"mywpcf7cf myshow myhide\">Bu hizmet, a\u015fa\u011f\u0131daki ifadelerden herhangi birine teredd\u00fcts\u00fcz kat\u0131labiliyorsan\u0131z a\u00e7\u0131k\u00e7a size g\u00f6re de\u011fildir:<\/div>\n<ul class=\"myshow myhide ec-service-blocker-list\"><li><label><input type=\"checkbox\" class=\"ec-service-blocker\" \/><span>Ba\u015fvurum hen\u00fcz A\u0130HM taraf\u0131ndan ilgili H\u00fck\u00fcmete bildirilmedi veya yaz\u0131l\u0131 g\u00f6r\u00fc\u015f istenmeden bildirildi.<\/span><\/label><\/li>\n<li><label><input type=\"checkbox\" class=\"ec-service-blocker\" \/><span>Gerekli t\u00fcm belgeleri sunmaya haz\u0131r de\u011filim.<\/span><\/label><\/li>\n<li><label><input type=\"checkbox\" class=\"ec-service-blocker\" \/><span>Yetki belgesinin \u00e7\u0131kt\u0131s\u0131n\u0131 al\u0131p imzalamaya ve posta yoluyla g\u00f6ndermeye haz\u0131r de\u011filim.<\/span><\/label><\/li>\n<li><label><input type=\"checkbox\" class=\"ec-service-blocker\" \/><span>\u00c7al\u0131\u015fma s\u0131ras\u0131nda ek a\u00e7\u0131klama isteyen sorulara cevap vermeye ve ihtiya\u00e7 duyulursa ek belgeler sunmaya haz\u0131r de\u011filim.<\/span><\/label><\/li><\/ul>\n<div class=\"mywpcf7cf myshow myhide\"><button type=\"button\" class=\"mybutton blue\" id=\"load_ajax_form\" data-ec-service-load=\"representation\" data-blocked-message=\"Bu ifadelerden herhangi biri i\u015faretliyken devam edemezsiniz. Yanl\u0131\u015fl\u0131kla i\u015faretlediyseniz i\u015fareti kald\u0131r\u0131n.\">Belgeleri g\u00f6nder<\/button><\/div>\n<div class=\"mywpcf7cf myshow myhide\"><a class=\"mybutton blue not-in-text-button\" href=\"mailto:oleg.anishchik@europeancourt.org?subject=Ko\u015fullar\u0131 netle\u015ftirmek istiyorum\">Ko\u015fullar\u0131 netle\u015ftirmek istiyorum<\/a><\/div>\n<div id=\"ec-service-load-status\" class=\"ec-service-load-status\" aria-live=\"polite\"><\/div>\n<\/div>\n<div id=\"ajax_content\"><\/div>\n<\/div>\n<script>\n(function(){\n  if (window.ecServiceBlockerGuardReady) return;\n  window.ecServiceBlockerGuardReady = true;\n  document.addEventListener('click', function(event) {\n    var button = event.target && event.target.closest ? event.target.closest('[data-ec-service-load]') : null;\n    if (!button) return;\n    var root = button.closest('.ec-service-page');\n    if (!root || !root.querySelector('.ec-service-blocker:checked')) return;\n    event.preventDefault();\n    event.stopPropagation();\n    if (event.stopImmediatePropagation) event.stopImmediatePropagation();\n    var status = root.querySelector('.ec-service-load-status');\n    if (status) status.textContent = button.getAttribute('data-blocked-message') || '';\n  }, true);\n})();\n<\/script>","protected":false},"excerpt":{"rendered":"Bu hizmet yaln\u0131zca A\u0130HM\u2019in ba\u015fvuruyu ilgili H\u00fck\u00fcmete bildirdi\u011fi ve ba\u015fvurucudan yaz\u0131l\u0131 g\u00f6r\u00fc\u015f sunmas\u0131n\u0131 istedi\u011fi dosyalar i\u00e7in sunulur. A\u0130HM\u2019de temsilin \u00fccreti, A\u0130HM\u2019in sorular\u0131na verilecek cevaplar\u0131n, ilgili H\u00fck\u00fcmetin ileri s\u00fcrd\u00fc\u011f\u00fc g\u00f6r\u00fc\u015flere verilecek yan\u0131t\u0131n, gerekti\u011finde olaylara ili\u015fkin&#46;&#46;&#46;","protected":false},"author":0,"featured_media":0,"parent":222231,"menu_order":0,"comment_status":"closed","ping_status":"closed","template":"","meta":{"footnotes":""},"categories":[],"tags":[],"class_list":["post-225497","page","type-page","status-publish","hentry"],"_links":{"self":[{"href":"https:\/\/europeancourt.org\/tr\/wp-json\/wp\/v2\/pages\/225497","targetHints":{"allow":["GET"]}}],"collection":[{"href":"https:\/\/europeancourt.org\/tr\/wp-json\/wp\/v2\/pages"}],"about":[{"href":"https:\/\/europeancourt.org\/tr\/wp-json\/wp\/v2\/types\/page"}],"replies":[{"embeddable":true,"href":"https:\/\/europeancourt.org\/tr\/wp-json\/wp\/v2\/comments?post=225497"}],"version-history":[{"count":1,"href":"https:\/\/europeancourt.org\/tr\/wp-json\/wp\/v2\/pages\/225497\/revisions"}],"predecessor-version":[{"id":225661,"href":"https:\/\/europeancourt.org\/tr\/wp-json\/wp\/v2\/pages\/225497\/revisions\/225661"}],"up":[{"embeddable":true,"href":"https:\/\/europeancourt.org\/tr\/wp-json\/wp\/v2\/pages\/222231"}],"wp:attachment":[{"href":"https:\/\/europeancourt.org\/tr\/wp-json\/wp\/v2\/media?parent=225497"}],"wp:term":[{"taxonomy":"category","embeddable":true,"href":"https:\/\/europeancourt.org\/tr\/wp-json\/wp\/v2\/categories?post=225497"},{"taxonomy":"post_tag","embeddable":true,"href":"https:\/\/europeancourt.org\/tr\/wp-json\/wp\/v2\/tags?post=225497"}],"curies":[{"name":"wp","href":"https:\/\/api.w.org\/{rel}","templated":true}]}}